{"id":1546,"date":"2022-03-04T21:36:48","date_gmt":"2022-03-04T21:36:48","guid":{"rendered":"https:\/\/revistacienciaecultura.org.br\/?page_id=1546"},"modified":"2025-11-10T19:03:54","modified_gmt":"2025-11-10T19:03:54","slug":"artigos","status":"publish","type":"page","link":"https:\/\/revistacienciaecultura.org.br\/?page_id=1546","title":{"rendered":"Artigos"},"content":{"rendered":"\t\t<div data-elementor-type=\"wp-page\" data-elementor-id=\"1546\" class=\"elementor elementor-1546\" data-elementor-settings=\"[]\">\n\t\t\t\t\t\t\t<div class=\"elementor-section-wrap\">\n\t\t\t\t\t\t\t<section class=\"elementor-section elementor-top-section elementor-element elementor-element-78268763 elementor-section-boxed elementor-section-height-default elementor-section-height-default\" data-id=\"78268763\" data-element_type=\"section\">\n\t\t\t\t\t\t<div class=\"elementor-container elementor-column-gap-default\">\n\t\t\t\t\t<div class=\"elementor-column elementor-col-100 elementor-top-column elementor-element elementor-element-31d14778\" data-id=\"31d14778\" data-element_type=\"column\">\n\t\t\t<div class=\"elementor-widget-wrap elementor-element-populated\">\n\t\t\t\t\t\t\t\t<div class=\"elementor-element elementor-element-0c0dd11 elementor-widget elementor-widget-heading\" data-id=\"0c0dd11\" data-element_type=\"widget\" data-widget_type=\"heading.default\">\n\t\t\t\t<div class=\"elementor-widget-container\">\n\t\t\t<style>\/*! elementor - v3.5.5 - 03-02-2022 *\/\n.elementor-heading-title{padding:0;margin:0;line-height:1}.elementor-widget-heading .elementor-heading-title[class*=elementor-size-]>a{color:inherit;font-size:inherit;line-height:inherit}.elementor-widget-heading .elementor-heading-title.elementor-size-small{font-size:15px}.elementor-widget-heading .elementor-heading-title.elementor-size-medium{font-size:19px}.elementor-widget-heading .elementor-heading-title.elementor-size-large{font-size:29px}.elementor-widget-heading .elementor-heading-title.elementor-size-xl{font-size:39px}.elementor-widget-heading .elementor-heading-title.elementor-size-xxl{font-size:59px}<\/style><h2 id=\"artigos\" class=\"elementor-heading-title elementor-size-default\">Artigos<\/h2>\t\t<\/div>\n\t\t\t\t<\/div>\n\t\t\t\t\t<\/div>\n\t\t<\/div>\n\t\t\t\t\t\t\t<\/div>\n\t\t<\/section>\n\t\t\t\t<section class=\"elementor-section elementor-top-section elementor-element elementor-element-1d650a35 elementor-section-boxed elementor-section-height-default elementor-section-height-default\" data-id=\"1d650a35\" data-element_type=\"section\">\n\t\t\t\t\t\t<div class=\"elementor-container elementor-column-gap-default\">\n\t\t\t\t\t<div class=\"elementor-column elementor-col-100 elementor-top-column elementor-element elementor-element-3c6a5f84\" data-id=\"3c6a5f84\" data-element_type=\"column\">\n\t\t\t<div class=\"elementor-widget-wrap elementor-element-populated\">\n\t\t\t\t\t\t\t\t<div class=\"elementor-element elementor-element-62d6796 elementor-grid-3 elementor-grid-tablet-2 elementor-grid-mobile-1 elementor-posts--thumbnail-top elementor-card-shadow-yes elementor-posts__hover-gradient elementor-widget elementor-widget-posts\" data-id=\"62d6796\" data-element_type=\"widget\" data-settings=\"{&quot;pagination_type&quot;:&quot;numbers_and_prev_next&quot;,&quot;cards_columns&quot;:&quot;3&quot;,&quot;cards_columns_tablet&quot;:&quot;2&quot;,&quot;cards_columns_mobile&quot;:&quot;1&quot;,&quot;cards_row_gap&quot;:{&quot;unit&quot;:&quot;px&quot;,&quot;size&quot;:35,&quot;sizes&quot;:[]},&quot;cards_row_gap_tablet&quot;:{&quot;unit&quot;:&quot;px&quot;,&quot;size&quot;:&quot;&quot;,&quot;sizes&quot;:[]},&quot;cards_row_gap_mobile&quot;:{&quot;unit&quot;:&quot;px&quot;,&quot;size&quot;:&quot;&quot;,&quot;sizes&quot;:[]}}\" data-widget_type=\"posts.cards\">\n\t\t\t\t<div class=\"elementor-widget-container\">\n\t\t\t<link rel=\"stylesheet\" href=\"https:\/\/revistacienciaecultura.org.br\/wp-content\/plugins\/elementor-pro\/assets\/css\/widget-posts.min.css\">\t\t<div class=\"elementor-posts-container elementor-posts elementor-posts--skin-cards elementor-grid\">\n\t\t\t\t<article class=\"elementor-post elementor-grid-item post-9915 artigos type-artigos status-publish has-post-thumbnail category-blog\">\n\t\t\t<div class=\"elementor-post__card\">\n\t\t\t\t<a class=\"elementor-post__thumbnail__link\" href=\"https:\/\/revistacienciaecultura.org.br\/?artigos=uma-introducao-a-matematica-e-a-fisica-das-escalas-musicais\" ><div class=\"elementor-post__thumbnail\"><img width=\"1200\" height=\"500\" src=\"https:\/\/revistacienciaecultura.org.br\/wp-content\/uploads\/2026\/03\/CC-1E26-artigo-A-matema\u0301tica-e-a-fi\u0301sica-da-escala-musical-capa-site.jpg\" class=\"attachment-full size-full\" alt=\"\" loading=\"lazy\" srcset=\"https:\/\/revistacienciaecultura.org.br\/wp-content\/uploads\/2026\/03\/CC-1E26-artigo-A-matema\u0301tica-e-a-fi\u0301sica-da-escala-musical-capa-site.jpg 1200w, https:\/\/revistacienciaecultura.org.br\/wp-content\/uploads\/2026\/03\/CC-1E26-artigo-A-matema\u0301tica-e-a-fi\u0301sica-da-escala-musical-capa-site-300x125.jpg 300w, https:\/\/revistacienciaecultura.org.br\/wp-content\/uploads\/2026\/03\/CC-1E26-artigo-A-matema\u0301tica-e-a-fi\u0301sica-da-escala-musical-capa-site-1024x427.jpg 1024w, https:\/\/revistacienciaecultura.org.br\/wp-content\/uploads\/2026\/03\/CC-1E26-artigo-A-matema\u0301tica-e-a-fi\u0301sica-da-escala-musical-capa-site-768x320.jpg 768w, https:\/\/revistacienciaecultura.org.br\/wp-content\/uploads\/2026\/03\/CC-1E26-artigo-A-matema\u0301tica-e-a-fi\u0301sica-da-escala-musical-capa-site-18x8.jpg 18w, https:\/\/revistacienciaecultura.org.br\/wp-content\/uploads\/2026\/03\/CC-1E26-artigo-A-matema\u0301tica-e-a-fi\u0301sica-da-escala-musical-capa-site-800x333.jpg 800w, https:\/\/revistacienciaecultura.org.br\/wp-content\/uploads\/2026\/03\/CC-1E26-artigo-A-matema\u0301tica-e-a-fi\u0301sica-da-escala-musical-capa-site-1160x483.jpg 1160w\" sizes=\"(max-width: 1200px) 100vw, 1200px\" \/><\/div><\/a>\n\t\t\t\t<div class=\"elementor-post__text\">\n\t\t\t\t<h3 id=\"uma-introducao-a-matematica-e-a-fisica-das-escalas-musicais\" class=\"elementor-post__title\">\n\t\t\t<a href=\"https:\/\/revistacienciaecultura.org.br\/?artigos=uma-introducao-a-matematica-e-a-fisica-das-escalas-musicais\" >\n\t\t\t\tUma introdu\u00e7\u00e3o \u00e0 matem\u00e1tica e \u00e0 f\u00edsica das escalas musicais\t\t\t<\/a>\n\t\t<\/h3>\n\t\t\t\t<div class=\"elementor-post__excerpt\">\n\t\t\tIntrodu\u00e7\u00e3o Uma escala musical \u00e9 uma sequ\u00eancia de notas com rela\u00e7\u00f5es intervalares\n\t\t<\/div>\n\t\t\t\t\t<a class=\"elementor-post__read-more\" href=\"https:\/\/revistacienciaecultura.org.br\/?artigos=uma-introducao-a-matematica-e-a-fisica-das-escalas-musicais\" >\n\t\t\t\tLeia mais \u00bb\t\t\t<\/a>\n\t\t\t\t<\/div>\n\t\t\t\t\t<\/div>\n\t\t<\/article>\n\t\t\t\t<article class=\"elementor-post elementor-grid-item post-9924 artigos type-artigos status-publish has-post-thumbnail category-blog\">\n\t\t\t<div class=\"elementor-post__card\">\n\t\t\t\t<a class=\"elementor-post__thumbnail__link\" href=\"https:\/\/revistacienciaecultura.org.br\/?artigos=a-ciencia-nas-letras-da-musica-popular-brasileira\" ><div class=\"elementor-post__thumbnail\"><img width=\"1200\" height=\"501\" src=\"https:\/\/revistacienciaecultura.org.br\/wp-content\/uploads\/2026\/03\/CC-1E26-artigo-A-ciencia-nas-letras-de-MPB-capa-site2.jpg\" class=\"attachment-full size-full\" alt=\"\" loading=\"lazy\" srcset=\"https:\/\/revistacienciaecultura.org.br\/wp-content\/uploads\/2026\/03\/CC-1E26-artigo-A-ciencia-nas-letras-de-MPB-capa-site2.jpg 1200w, https:\/\/revistacienciaecultura.org.br\/wp-content\/uploads\/2026\/03\/CC-1E26-artigo-A-ciencia-nas-letras-de-MPB-capa-site2-300x125.jpg 300w, https:\/\/revistacienciaecultura.org.br\/wp-content\/uploads\/2026\/03\/CC-1E26-artigo-A-ciencia-nas-letras-de-MPB-capa-site2-1024x428.jpg 1024w, https:\/\/revistacienciaecultura.org.br\/wp-content\/uploads\/2026\/03\/CC-1E26-artigo-A-ciencia-nas-letras-de-MPB-capa-site2-768x321.jpg 768w, https:\/\/revistacienciaecultura.org.br\/wp-content\/uploads\/2026\/03\/CC-1E26-artigo-A-ciencia-nas-letras-de-MPB-capa-site2-18x8.jpg 18w, https:\/\/revistacienciaecultura.org.br\/wp-content\/uploads\/2026\/03\/CC-1E26-artigo-A-ciencia-nas-letras-de-MPB-capa-site2-800x334.jpg 800w, https:\/\/revistacienciaecultura.org.br\/wp-content\/uploads\/2026\/03\/CC-1E26-artigo-A-ciencia-nas-letras-de-MPB-capa-site2-1160x484.jpg 1160w\" sizes=\"(max-width: 1200px) 100vw, 1200px\" \/><\/div><\/a>\n\t\t\t\t<div class=\"elementor-post__text\">\n\t\t\t\t<h3 id=\"a-ciencia-nas-letras-da-musica-popular-brasileira\" class=\"elementor-post__title\">\n\t\t\t<a href=\"https:\/\/revistacienciaecultura.org.br\/?artigos=a-ciencia-nas-letras-da-musica-popular-brasileira\" >\n\t\t\t\tA ci\u00eancia nas letras da M\u00fasica Popular Brasileira\t\t\t<\/a>\n\t\t<\/h3>\n\t\t\t\t<div class=\"elementor-post__excerpt\">\n\t\t\tIntrodu\u00e7\u00e3o Em 2023 o jornalista Franklin Martins demonstrou em seu livro \u201cQuem\n\t\t<\/div>\n\t\t\t\t\t<a class=\"elementor-post__read-more\" href=\"https:\/\/revistacienciaecultura.org.br\/?artigos=a-ciencia-nas-letras-da-musica-popular-brasileira\" >\n\t\t\t\tLeia mais \u00bb\t\t\t<\/a>\n\t\t\t\t<\/div>\n\t\t\t\t\t<\/div>\n\t\t<\/article>\n\t\t\t\t<article class=\"elementor-post elementor-grid-item post-9789 artigos type-artigos status-publish has-post-thumbnail\">\n\t\t\t<div class=\"elementor-post__card\">\n\t\t\t\t<a class=\"elementor-post__thumbnail__link\" href=\"https:\/\/revistacienciaecultura.org.br\/?artigos=musicas-indigenas-no-brasil-sonoridades-escuta-e-modos-de-existir\" ><div class=\"elementor-post__thumbnail\"><img width=\"1200\" height=\"501\" src=\"https:\/\/revistacienciaecultura.org.br\/wp-content\/uploads\/2026\/03\/CC-1E26-artigo-musica-indigena-capa2-site.jpg\" class=\"attachment-full size-full\" alt=\"\" loading=\"lazy\" srcset=\"https:\/\/revistacienciaecultura.org.br\/wp-content\/uploads\/2026\/03\/CC-1E26-artigo-musica-indigena-capa2-site.jpg 1200w, https:\/\/revistacienciaecultura.org.br\/wp-content\/uploads\/2026\/03\/CC-1E26-artigo-musica-indigena-capa2-site-300x125.jpg 300w, https:\/\/revistacienciaecultura.org.br\/wp-content\/uploads\/2026\/03\/CC-1E26-artigo-musica-indigena-capa2-site-1024x428.jpg 1024w, https:\/\/revistacienciaecultura.org.br\/wp-content\/uploads\/2026\/03\/CC-1E26-artigo-musica-indigena-capa2-site-768x321.jpg 768w, https:\/\/revistacienciaecultura.org.br\/wp-content\/uploads\/2026\/03\/CC-1E26-artigo-musica-indigena-capa2-site-18x8.jpg 18w, https:\/\/revistacienciaecultura.org.br\/wp-content\/uploads\/2026\/03\/CC-1E26-artigo-musica-indigena-capa2-site-800x334.jpg 800w, https:\/\/revistacienciaecultura.org.br\/wp-content\/uploads\/2026\/03\/CC-1E26-artigo-musica-indigena-capa2-site-1160x484.jpg 1160w\" sizes=\"(max-width: 1200px) 100vw, 1200px\" \/><\/div><\/a>\n\t\t\t\t<div class=\"elementor-post__text\">\n\t\t\t\t<h3 id=\"musicas-indigenas-no-brasil-sonoridades-escuta-e-modos-de-existir\" class=\"elementor-post__title\">\n\t\t\t<a href=\"https:\/\/revistacienciaecultura.org.br\/?artigos=musicas-indigenas-no-brasil-sonoridades-escuta-e-modos-de-existir\" >\n\t\t\t\tM\u00fasicas ind\u00edgenas no Brasil: sonoridades, escuta e modos de existir\t\t\t<\/a>\n\t\t<\/h3>\n\t\t\t\t<div class=\"elementor-post__excerpt\">\n\t\t\tIntrodu\u00e7\u00e3o Em muitas culturas ind\u00edgenas, o som n\u00e3o \u00e9 apenas um fen\u00f4meno\n\t\t<\/div>\n\t\t\t\t\t<a class=\"elementor-post__read-more\" href=\"https:\/\/revistacienciaecultura.org.br\/?artigos=musicas-indigenas-no-brasil-sonoridades-escuta-e-modos-de-existir\" >\n\t\t\t\tLeia mais \u00bb\t\t\t<\/a>\n\t\t\t\t<\/div>\n\t\t\t\t\t<\/div>\n\t\t<\/article>\n\t\t\t\t<article class=\"elementor-post elementor-grid-item post-9800 artigos type-artigos status-publish has-post-thumbnail\">\n\t\t\t<div class=\"elementor-post__card\">\n\t\t\t\t<a class=\"elementor-post__thumbnail__link\" href=\"https:\/\/revistacienciaecultura.org.br\/?artigos=o-ritmo-como-fenomeno-multidimensional-relacoes-e-permanencia-de-elementos-musicais-africanos-no-brasil\" ><div class=\"elementor-post__thumbnail\"><img width=\"1200\" height=\"501\" src=\"https:\/\/revistacienciaecultura.org.br\/wp-content\/uploads\/2026\/03\/CC-1E26-artigo-O-ritmo-como-fenomeno-multidimensional-capa2-site.jpg\" class=\"attachment-full size-full\" alt=\"\" loading=\"lazy\" srcset=\"https:\/\/revistacienciaecultura.org.br\/wp-content\/uploads\/2026\/03\/CC-1E26-artigo-O-ritmo-como-fenomeno-multidimensional-capa2-site.jpg 1200w, https:\/\/revistacienciaecultura.org.br\/wp-content\/uploads\/2026\/03\/CC-1E26-artigo-O-ritmo-como-fenomeno-multidimensional-capa2-site-300x125.jpg 300w, https:\/\/revistacienciaecultura.org.br\/wp-content\/uploads\/2026\/03\/CC-1E26-artigo-O-ritmo-como-fenomeno-multidimensional-capa2-site-1024x428.jpg 1024w, https:\/\/revistacienciaecultura.org.br\/wp-content\/uploads\/2026\/03\/CC-1E26-artigo-O-ritmo-como-fenomeno-multidimensional-capa2-site-768x321.jpg 768w, https:\/\/revistacienciaecultura.org.br\/wp-content\/uploads\/2026\/03\/CC-1E26-artigo-O-ritmo-como-fenomeno-multidimensional-capa2-site-18x8.jpg 18w, https:\/\/revistacienciaecultura.org.br\/wp-content\/uploads\/2026\/03\/CC-1E26-artigo-O-ritmo-como-fenomeno-multidimensional-capa2-site-800x334.jpg 800w, https:\/\/revistacienciaecultura.org.br\/wp-content\/uploads\/2026\/03\/CC-1E26-artigo-O-ritmo-como-fenomeno-multidimensional-capa2-site-1160x484.jpg 1160w\" sizes=\"(max-width: 1200px) 100vw, 1200px\" \/><\/div><\/a>\n\t\t\t\t<div class=\"elementor-post__text\">\n\t\t\t\t<h3 id=\"o-ritmo-como-fenomeno-multidimensional-relacoes-e-permanencia-de-elementos-musicais-africanos-no-brasil\" class=\"elementor-post__title\">\n\t\t\t<a href=\"https:\/\/revistacienciaecultura.org.br\/?artigos=o-ritmo-como-fenomeno-multidimensional-relacoes-e-permanencia-de-elementos-musicais-africanos-no-brasil\" >\n\t\t\t\tO ritmo como fen\u00f4meno multidimensional: rela\u00e7\u00f5es e perman\u00eancia de elementos musicais africanos no Brasil\t\t\t<\/a>\n\t\t<\/h3>\n\t\t\t\t<div class=\"elementor-post__excerpt\">\n\t\t\tIntrodu\u00e7\u00e3o H\u00e1 um amplo saber ancestral em pr\u00e1ticas percussivas oriundas de povos\n\t\t<\/div>\n\t\t\t\t\t<a class=\"elementor-post__read-more\" href=\"https:\/\/revistacienciaecultura.org.br\/?artigos=o-ritmo-como-fenomeno-multidimensional-relacoes-e-permanencia-de-elementos-musicais-africanos-no-brasil\" >\n\t\t\t\tLeia mais \u00bb\t\t\t<\/a>\n\t\t\t\t<\/div>\n\t\t\t\t\t<\/div>\n\t\t<\/article>\n\t\t\t\t<article class=\"elementor-post elementor-grid-item post-9806 artigos type-artigos status-publish has-post-thumbnail\">\n\t\t\t<div class=\"elementor-post__card\">\n\t\t\t\t<a class=\"elementor-post__thumbnail__link\" href=\"https:\/\/revistacienciaecultura.org.br\/?artigos=instrumentos-musicais-aumentados-conceitos-e-possibilidades-de-aplicacoes-interativas\" ><div class=\"elementor-post__thumbnail\"><img width=\"1200\" height=\"500\" src=\"https:\/\/revistacienciaecultura.org.br\/wp-content\/uploads\/2026\/03\/CC-1E26-artigo-instrumentos-musicais-aumentados-capa3-site.jpg\" class=\"attachment-full size-full\" alt=\"\" loading=\"lazy\" srcset=\"https:\/\/revistacienciaecultura.org.br\/wp-content\/uploads\/2026\/03\/CC-1E26-artigo-instrumentos-musicais-aumentados-capa3-site.jpg 1200w, https:\/\/revistacienciaecultura.org.br\/wp-content\/uploads\/2026\/03\/CC-1E26-artigo-instrumentos-musicais-aumentados-capa3-site-300x125.jpg 300w, https:\/\/revistacienciaecultura.org.br\/wp-content\/uploads\/2026\/03\/CC-1E26-artigo-instrumentos-musicais-aumentados-capa3-site-1024x427.jpg 1024w, https:\/\/revistacienciaecultura.org.br\/wp-content\/uploads\/2026\/03\/CC-1E26-artigo-instrumentos-musicais-aumentados-capa3-site-768x320.jpg 768w, https:\/\/revistacienciaecultura.org.br\/wp-content\/uploads\/2026\/03\/CC-1E26-artigo-instrumentos-musicais-aumentados-capa3-site-18x8.jpg 18w, https:\/\/revistacienciaecultura.org.br\/wp-content\/uploads\/2026\/03\/CC-1E26-artigo-instrumentos-musicais-aumentados-capa3-site-800x333.jpg 800w, https:\/\/revistacienciaecultura.org.br\/wp-content\/uploads\/2026\/03\/CC-1E26-artigo-instrumentos-musicais-aumentados-capa3-site-1160x483.jpg 1160w\" sizes=\"(max-width: 1200px) 100vw, 1200px\" \/><\/div><\/a>\n\t\t\t\t<div class=\"elementor-post__text\">\n\t\t\t\t<h3 id=\"instrumentos-musicais-aumentados-conceitos-e-possibilidades-de-aplicacoes-interativas\" class=\"elementor-post__title\">\n\t\t\t<a href=\"https:\/\/revistacienciaecultura.org.br\/?artigos=instrumentos-musicais-aumentados-conceitos-e-possibilidades-de-aplicacoes-interativas\" >\n\t\t\t\tInstrumentos musicais aumentados: conceitos e possibilidades de aplica\u00e7\u00f5es interativas\t\t\t<\/a>\n\t\t<\/h3>\n\t\t\t\t<div class=\"elementor-post__excerpt\">\n\t\t\tIntrodu\u00e7\u00e3o Instrumentos musicais est\u00e3o presentes nas diferentes culturas do mundo, mesmo quando\n\t\t<\/div>\n\t\t\t\t\t<a class=\"elementor-post__read-more\" href=\"https:\/\/revistacienciaecultura.org.br\/?artigos=instrumentos-musicais-aumentados-conceitos-e-possibilidades-de-aplicacoes-interativas\" >\n\t\t\t\tLeia mais \u00bb\t\t\t<\/a>\n\t\t\t\t<\/div>\n\t\t\t\t\t<\/div>\n\t\t<\/article>\n\t\t\t\t<article class=\"elementor-post elementor-grid-item post-9670 artigos type-artigos status-publish has-post-thumbnail\">\n\t\t\t<div class=\"elementor-post__card\">\n\t\t\t\t<a class=\"elementor-post__thumbnail__link\" href=\"https:\/\/revistacienciaecultura.org.br\/?artigos=neurociencia-e-musica-caminhos-possiveis\" ><div class=\"elementor-post__thumbnail\"><img width=\"1200\" height=\"502\" src=\"https:\/\/revistacienciaecultura.org.br\/wp-content\/uploads\/2026\/02\/CC-1E26-artigo-neurociencia-e-musica-capa-site2.jpg\" class=\"attachment-full size-full\" alt=\"\" loading=\"lazy\" srcset=\"https:\/\/revistacienciaecultura.org.br\/wp-content\/uploads\/2026\/02\/CC-1E26-artigo-neurociencia-e-musica-capa-site2.jpg 1200w, https:\/\/revistacienciaecultura.org.br\/wp-content\/uploads\/2026\/02\/CC-1E26-artigo-neurociencia-e-musica-capa-site2-300x126.jpg 300w, https:\/\/revistacienciaecultura.org.br\/wp-content\/uploads\/2026\/02\/CC-1E26-artigo-neurociencia-e-musica-capa-site2-1024x428.jpg 1024w, https:\/\/revistacienciaecultura.org.br\/wp-content\/uploads\/2026\/02\/CC-1E26-artigo-neurociencia-e-musica-capa-site2-768x321.jpg 768w, https:\/\/revistacienciaecultura.org.br\/wp-content\/uploads\/2026\/02\/CC-1E26-artigo-neurociencia-e-musica-capa-site2-18x8.jpg 18w, https:\/\/revistacienciaecultura.org.br\/wp-content\/uploads\/2026\/02\/CC-1E26-artigo-neurociencia-e-musica-capa-site2-800x335.jpg 800w, https:\/\/revistacienciaecultura.org.br\/wp-content\/uploads\/2026\/02\/CC-1E26-artigo-neurociencia-e-musica-capa-site2-1160x485.jpg 1160w\" sizes=\"(max-width: 1200px) 100vw, 1200px\" \/><\/div><\/a>\n\t\t\t\t<div class=\"elementor-post__text\">\n\t\t\t\t<h3 id=\"neurociencia-e-musica-caminhos-possiveis\" class=\"elementor-post__title\">\n\t\t\t<a href=\"https:\/\/revistacienciaecultura.org.br\/?artigos=neurociencia-e-musica-caminhos-possiveis\" >\n\t\t\t\tNeuroci\u00eancia e m\u00fasica: caminhos poss\u00edveis\t\t\t<\/a>\n\t\t<\/h3>\n\t\t\t\t<div class=\"elementor-post__excerpt\">\n\t\t\tO c\u00e9rebro musical: recurso adaptativo ou subproduto da evolu\u00e7\u00e3o humana? A m\u00fasica\n\t\t<\/div>\n\t\t\t\t\t<a class=\"elementor-post__read-more\" href=\"https:\/\/revistacienciaecultura.org.br\/?artigos=neurociencia-e-musica-caminhos-possiveis\" >\n\t\t\t\tLeia mais \u00bb\t\t\t<\/a>\n\t\t\t\t<\/div>\n\t\t\t\t\t<\/div>\n\t\t<\/article>\n\t\t\t\t<\/div>\n\n\n\t\t\n\t\t\t\t<div class=\"e-load-more-anchor\" data-page=\"1\" data-max-page=\"28\" data-next-page=\"https:\/\/revistacienciaecultura.org.br\/index.php?rest_route=%2Fwp%2Fv2%2Fpages%2F1546&#038;paged=2\"><\/div>\n\t\t\t\t<nav class=\"elementor-pagination\" role=\"navigation\" aria-label=\"Pagination\">\n\t\t\t<span class=\"page-numbers prev\">&laquo; Anterior <\/span>\n<span aria-current=\"page\" class=\"page-numbers current\"><span class=\"elementor-screen-only\">Page<\/span>1<\/span>\n<a class=\"page-numbers\" href=\"https:\/\/revistacienciaecultura.org.br\/index.php\/?paged=2&#038;rest_route=%2Fwp%2Fv2%2Fpages%2F1546\"><span class=\"elementor-screen-only\">Page<\/span>2<\/a>\n<a class=\"page-numbers\" href=\"https:\/\/revistacienciaecultura.org.br\/index.php\/?paged=3&#038;rest_route=%2Fwp%2Fv2%2Fpages%2F1546\"><span class=\"elementor-screen-only\">Page<\/span>3<\/a>\n<a class=\"page-numbers\" href=\"https:\/\/revistacienciaecultura.org.br\/index.php\/?paged=4&#038;rest_route=%2Fwp%2Fv2%2Fpages%2F1546\"><span class=\"elementor-screen-only\">Page<\/span>4<\/a>\n<a class=\"page-numbers\" href=\"https:\/\/revistacienciaecultura.org.br\/index.php\/?paged=5&#038;rest_route=%2Fwp%2Fv2%2Fpages%2F1546\"><span class=\"elementor-screen-only\">Page<\/span>5<\/a>\n<a class=\"page-numbers next\" href=\"https:\/\/revistacienciaecultura.org.br\/index.php?rest_route=%2Fwp%2Fv2%2Fpages%2F1546&#038;paged=2\">Pr\u00f3ximo &raquo;<\/a>\t\t<\/nav>\n\t\t\t\t<\/div>\n\t\t\t\t<\/div>\n\t\t\t\t\t<\/div>\n\t\t<\/div>\n\t\t\t\t\t\t\t<\/div>\n\t\t<\/section>\n\t\t\t\t\t\t<\/div>\n\t\t\t\t\t<\/div>\n\t\t","protected":false},"excerpt":{"rendered":"Artigos\n","protected":false},"author":1,"featured_media":0,"parent":0,"menu_order":0,"comment_status":"closed","ping_status":"closed","template":"elementor_header_footer","meta":[],"acf":[],"_links":{"self":[{"href":"https:\/\/revistacienciaecultura.org.br\/index.php?rest_route=\/wp\/v2\/pages\/1546"}],"collection":[{"href":"https:\/\/revistacienciaecultura.org.br\/index.php?rest_route=\/wp\/v2\/pages"}],"about":[{"href":"https:\/\/revistacienciaecultura.org.br\/index.php?rest_route=\/wp\/v2\/types\/page"}],"author":[{"embeddable":true,"href":"https:\/\/revistacienciaecultura.org.br\/index.php?rest_route=\/wp\/v2\/users\/1"}],"replies":[{"embeddable":true,"href":"https:\/\/revistacienciaecultura.org.br\/index.php?rest_route=%2Fwp%2Fv2%2Fcomments&post=1546"}],"version-history":[{"count":22,"href":"https:\/\/revistacienciaecultura.org.br\/index.php?rest_route=\/wp\/v2\/pages\/1546\/revisions"}],"predecessor-version":[{"id":9241,"href":"https:\/\/revistacienciaecultura.org.br\/index.php?rest_route=\/wp\/v2\/pages\/1546\/revisions\/9241"}],"wp:attachment":[{"href":"https:\/\/revistacienciaecultura.org.br\/index.php?rest_route=%2Fwp%2Fv2%2Fmedia&parent=1546"}],"curies":[{"name":"wp","href":"https:\/\/api.w.org\/{rel}","templated":true}]}}