{"id":2735,"date":"2022-07-04T15:04:00","date_gmt":"2022-07-04T15:04:00","guid":{"rendered":"https:\/\/revistacienciaecultura.org.br\/?page_id=2735"},"modified":"2023-01-12T20:17:10","modified_gmt":"2023-01-12T20:17:10","slug":"primeira-edicao","status":"publish","type":"page","link":"https:\/\/revistacienciaecultura.org.br\/?page_id=2735","title":{"rendered":"Primeira edi\u00e7\u00e3o 2022"},"content":{"rendered":"\t\t<div data-elementor-type=\"wp-page\" data-elementor-id=\"2735\" class=\"elementor elementor-2735\" data-elementor-settings=\"[]\">\n\t\t\t\t\t\t\t<div class=\"elementor-section-wrap\">\n\t\t\t\t\t\t\t<section class=\"elementor-section elementor-top-section elementor-element elementor-element-7d3e309 elementor-section-boxed elementor-section-height-default elementor-section-height-default\" data-id=\"7d3e309\" data-element_type=\"section\">\n\t\t\t\t\t\t<div class=\"elementor-container elementor-column-gap-default\">\n\t\t\t\t\t<div class=\"elementor-column elementor-col-100 elementor-top-column elementor-element elementor-element-1378de2\" data-id=\"1378de2\" data-element_type=\"column\">\n\t\t\t<div class=\"elementor-widget-wrap elementor-element-populated\">\n\t\t\t\t\t\t\t\t<div class=\"elementor-element elementor-element-342f36b elementor--h-position-center elementor--v-position-middle elementor-arrows-position-inside elementor-pagination-position-inside elementor-widget elementor-widget-slides\" data-id=\"342f36b\" data-element_type=\"widget\" data-settings=\"{&quot;navigation&quot;:&quot;both&quot;,&quot;autoplay&quot;:&quot;yes&quot;,&quot;pause_on_hover&quot;:&quot;yes&quot;,&quot;pause_on_interaction&quot;:&quot;yes&quot;,&quot;autoplay_speed&quot;:5000,&quot;infinite&quot;:&quot;yes&quot;,&quot;transition&quot;:&quot;slide&quot;,&quot;transition_speed&quot;:500}\" data-widget_type=\"slides.default\">\n\t\t\t\t<div class=\"elementor-widget-container\">\n\t\t\t<style>\/*! elementor-pro - v3.6.2 - 14-02-2022 *\/\n.elementor-slides .swiper-slide-bg{background-size:cover;background-position:50%;background-repeat:no-repeat;min-width:100%;min-height:100%}.elementor-slides .swiper-slide-inner{background-repeat:no-repeat;background-position:50%;position:absolute;top:0;left:0;bottom:0;right:0;padding:50px;margin:auto}.elementor-slides .swiper-slide-inner,.elementor-slides .swiper-slide-inner:hover{color:#fff;display:-webkit-box;display:-ms-flexbox;display:flex}.elementor-slides .swiper-slide-inner .elementor-background-overlay{position:absolute;z-index:0;top:0;bottom:0;left:0;right:0}.elementor-slides .swiper-slide-inner .elementor-slide-content{position:relative;z-index:1;width:100%}.elementor-slides .swiper-slide-inner .elementor-slide-heading{font-size:35px;font-weight:700;line-height:1}.elementor-slides .swiper-slide-inner .elementor-slide-description{font-size:17px;line-height:1.4}.elementor-slides .swiper-slide-inner .elementor-slide-description:not(:last-child),.elementor-slides .swiper-slide-inner .elementor-slide-heading:not(:last-child){margin-bottom:30px}.elementor-slides .swiper-slide-inner .elementor-slide-button{border:2px solid #fff;color:#fff;background:transparent;display:inline-block}.elementor-slides .swiper-slide-inner .elementor-slide-button,.elementor-slides .swiper-slide-inner .elementor-slide-button:hover{background:transparent;color:inherit;text-decoration:none}.elementor--v-position-top .swiper-slide-inner{-webkit-box-align:start;-ms-flex-align:start;align-items:flex-start}.elementor--v-position-bottom .swiper-slide-inner{-webkit-box-align:end;-ms-flex-align:end;align-items:flex-end}.elementor--v-position-middle .swiper-slide-inner{-webkit-box-align:center;-ms-flex-align:center;align-items:center}.elementor--h-position-left .swiper-slide-inner{-webkit-box-pack:start;-ms-flex-pack:start;justify-content:flex-start}.elementor--h-position-right .swiper-slide-inner{-webkit-box-pack:end;-ms-flex-pack:end;justify-content:flex-end}.elementor--h-position-center .swiper-slide-inner{-webkit-box-pack:center;-ms-flex-pack:center;justify-content:center}body.rtl .elementor-widget-slides .elementor-swiper-button-next{left:10px;right:auto}body.rtl .elementor-widget-slides .elementor-swiper-button-prev{right:10px;left:auto}.elementor-slides-wrapper div:not(.swiper-slide)>.swiper-slide-inner{display:none}@media (max-width:767px){.elementor-slides .swiper-slide-inner{padding:30px}.elementor-slides .swiper-slide-inner .elementor-slide-heading{font-size:23px;line-height:1;margin-bottom:15px}.elementor-slides .swiper-slide-inner .elementor-slide-description{font-size:13px;line-height:1.4;margin-bottom:15px}}<\/style>\t\t<div class=\"elementor-swiper\">\n\t\t\t<div class=\"elementor-slides-wrapper elementor-main-swiper swiper-container\" dir=\"ltr\" data-animation=\"fadeInUp\">\n\t\t\t\t<div class=\"swiper-wrapper elementor-slides\">\n\t\t\t\t\t\t\t\t\t\t<div class=\"elementor-repeater-item-9f37bd8 swiper-slide\"><div class=\"swiper-slide-bg\"><\/div><div class=\"swiper-slide-inner\" ><div class=\"swiper-slide-contents\"><div class=\"elementor-slide-heading\">Bicenten\u00e1rio da Independ\u00eancia - Povos e Lutas<\/div><div class=\"elementor-slide-description\">Primeira edi\u00e7\u00e3o 2022<\/div><\/div><\/div><\/div>\t\t\t\t<\/div>\n\t\t\t\t\t\t\t<\/div>\n\t\t<\/div>\n\t\t\t\t<\/div>\n\t\t\t\t<\/div>\n\t\t\t\t<div class=\"elementor-element elementor-element-c534cfd elementor-widget__width-auto elementor-widget elementor-widget-heading\" data-id=\"c534cfd\" data-element_type=\"widget\" data-widget_type=\"heading.default\">\n\t\t\t\t<div class=\"elementor-widget-container\">\n\t\t\t<style>\/*! elementor - v3.5.5 - 03-02-2022 *\/\n.elementor-heading-title{padding:0;margin:0;line-height:1}.elementor-widget-heading .elementor-heading-title[class*=elementor-size-]>a{color:inherit;font-size:inherit;line-height:inherit}.elementor-widget-heading .elementor-heading-title.elementor-size-small{font-size:15px}.elementor-widget-heading .elementor-heading-title.elementor-size-medium{font-size:19px}.elementor-widget-heading .elementor-heading-title.elementor-size-large{font-size:29px}.elementor-widget-heading .elementor-heading-title.elementor-size-xl{font-size:39px}.elementor-widget-heading .elementor-heading-title.elementor-size-xxl{font-size:59px}<\/style><h6 id=\"artigos\" class=\"elementor-heading-title elementor-size-default\">Artigos  <\/h6>\t\t<\/div>\n\t\t\t\t<\/div>\n\t\t\t\t\t<\/div>\n\t\t<\/div>\n\t\t\t\t\t\t\t<\/div>\n\t\t<\/section>\n\t\t\t\t<section class=\"elementor-section elementor-top-section elementor-element elementor-element-e8b0da1 elementor-section-boxed elementor-section-height-default elementor-section-height-default\" data-id=\"e8b0da1\" data-element_type=\"section\">\n\t\t\t\t\t\t<div class=\"elementor-container elementor-column-gap-default\">\n\t\t\t\t\t<div class=\"elementor-column elementor-col-33 elementor-top-column elementor-element elementor-element-0339f0e\" data-id=\"0339f0e\" data-element_type=\"column\">\n\t\t\t<div class=\"elementor-widget-wrap elementor-element-populated\">\n\t\t\t\t\t\t\t\t<div class=\"elementor-element elementor-element-d4cfe3d elementor-widget elementor-widget-image\" data-id=\"d4cfe3d\" data-element_type=\"widget\" data-widget_type=\"image.default\">\n\t\t\t\t<div class=\"elementor-widget-container\">\n\t\t\t<style>\/*! elementor - v3.5.5 - 03-02-2022 *\/\n.elementor-widget-image{text-align:center}.elementor-widget-image a{display:inline-block}.elementor-widget-image a img[src$=\".svg\"]{width:48px}.elementor-widget-image img{vertical-align:middle;display:inline-block}<\/style>\t\t\t\t\t\t\t\t\t\t\t\t\t<a href=\"https:\/\/revistacienciaecultura.org.br\/?artigos=a-desagregacao-do-reino-unido-de-brasil-angola-e-benguela-no-processo-de-independencia-brasileiro\">\n\t\t\t\t\t\t\t<img src=\"https:\/\/revistacienciaecultura.org.br\/wp-content\/uploads\/elementor\/thumbs\/C_C-angola-e-o-reconhecimento-do-brasil-figura-1-pjbcse8vhffdzvf5rlz8kp1pkou8pz40rgtgue8x3c.jpeg\" title=\"C_C-angola e o reconhecimento do brasil-figura 1\" alt=\"C_C-angola e o reconhecimento do brasil-figura 1\" \/>\t\t\t\t\t\t\t\t<\/a>\n\t\t\t\t\t\t\t\t\t\t\t\t\t\t\t<\/div>\n\t\t\t\t<\/div>\n\t\t\t\t<div class=\"elementor-element elementor-element-0b40edd elementor-widget elementor-widget-heading\" data-id=\"0b40edd\" data-element_type=\"widget\" data-widget_type=\"heading.default\">\n\t\t\t\t<div class=\"elementor-widget-container\">\n\t\t\t<h2 id=\"a-desagregacao-do-reino-unido-de-brasil-angola-e-benguela-na-independencia-brasileira\" class=\"elementor-heading-title elementor-size-medium\"><a href=\"https:\/\/revistacienciaecultura.org.br\/?artigos=a-desagregacao-do-reino-unido-de-brasil-angola-e-benguela-no-processo-de-independencia-brasileiro\">A desagrega\u00e7\u00e3o do \u201cReino Unido de Brasil, Angola e Benguela\u201d na independ\u00eancia brasileira<\/a><\/h2>\t\t<\/div>\n\t\t\t\t<\/div>\n\t\t\t\t\t<\/div>\n\t\t<\/div>\n\t\t\t\t<div class=\"elementor-column elementor-col-33 elementor-top-column elementor-element elementor-element-4f5cff4\" data-id=\"4f5cff4\" data-element_type=\"column\">\n\t\t\t<div class=\"elementor-widget-wrap elementor-element-populated\">\n\t\t\t\t\t\t\t\t<div class=\"elementor-element elementor-element-32681a0 elementor-widget elementor-widget-image\" data-id=\"32681a0\" data-element_type=\"widget\" data-widget_type=\"image.default\">\n\t\t\t\t<div class=\"elementor-widget-container\">\n\t\t\t\t\t\t\t\t\t\t\t\t\t\t\t\t<a href=\"https:\/\/revistacienciaecultura.org.br\/?artigos=a-longa-viagem-da-ideia-de-independencia-de-fins-do-periodo-colonial-aos-inicios-de-1822\">\n\t\t\t\t\t\t\t<img width=\"1024\" height=\"427\" src=\"https:\/\/revistacienciaecultura.org.br\/wp-content\/uploads\/2022\/02\/palavra-destacada-1024x427.jpg\" class=\"attachment-large size-large\" alt=\"\" loading=\"lazy\" srcset=\"https:\/\/revistacienciaecultura.org.br\/wp-content\/uploads\/2022\/02\/palavra-destacada-1024x427.jpg 1024w, https:\/\/revistacienciaecultura.org.br\/wp-content\/uploads\/2022\/02\/palavra-destacada-300x125.jpg 300w, https:\/\/revistacienciaecultura.org.br\/wp-content\/uploads\/2022\/02\/palavra-destacada-768x320.jpg 768w, https:\/\/revistacienciaecultura.org.br\/wp-content\/uploads\/2022\/02\/palavra-destacada-18x8.jpg 18w, https:\/\/revistacienciaecultura.org.br\/wp-content\/uploads\/2022\/02\/palavra-destacada-800x333.jpg 800w, https:\/\/revistacienciaecultura.org.br\/wp-content\/uploads\/2022\/02\/palavra-destacada-1160x483.jpg 1160w, https:\/\/revistacienciaecultura.org.br\/wp-content\/uploads\/2022\/02\/palavra-destacada.jpg 1200w\" sizes=\"(max-width: 1024px) 100vw, 1024px\" \/>\t\t\t\t\t\t\t\t<\/a>\n\t\t\t\t\t\t\t\t\t\t\t\t\t\t\t<\/div>\n\t\t\t\t<\/div>\n\t\t\t\t<div class=\"elementor-element elementor-element-669e43e elementor-widget elementor-widget-heading\" data-id=\"669e43e\" data-element_type=\"widget\" data-widget_type=\"heading.default\">\n\t\t\t\t<div class=\"elementor-widget-container\">\n\t\t\t<h2 id=\"a-longa-viagem-da-ideia-de-independencia-de-fins-do-periodo-colonial-aos-inicios-de-1822\" class=\"elementor-heading-title elementor-size-medium\"><a href=\"https:\/\/revistacienciaecultura.org.br\/?artigos=a-longa-viagem-da-ideia-de-independencia-de-fins-do-periodo-colonial-aos-inicios-de-1822\">A longa viagem da ideia de independ\u00eancia: de fins do per\u00edodo colonial aos in\u00edcios de 1822<\/a><\/h2>\t\t<\/div>\n\t\t\t\t<\/div>\n\t\t\t\t\t<\/div>\n\t\t<\/div>\n\t\t\t\t<div class=\"elementor-column elementor-col-33 elementor-top-column elementor-element elementor-element-5037683\" data-id=\"5037683\" data-element_type=\"column\">\n\t\t\t<div class=\"elementor-widget-wrap elementor-element-populated\">\n\t\t\t\t\t\t\t\t<div class=\"elementor-element elementor-element-cb54f36 elementor-widget elementor-widget-image\" data-id=\"cb54f36\" data-element_type=\"widget\" data-widget_type=\"image.default\">\n\t\t\t\t<div class=\"elementor-widget-container\">\n\t\t\t\t\t\t\t\t\t\t\t\t\t\t\t\t<a href=\"https:\/\/revistacienciaecultura.org.br\/?artigos=agitacao-revolucionaria-em-pernambuco-durante-o-processo-de-independencia\">\n\t\t\t\t\t\t\t<img width=\"1024\" height=\"427\" src=\"https:\/\/revistacienciaecultura.org.br\/wp-content\/uploads\/2022\/03\/pernambuco-destacada-1024x427.jpg\" class=\"attachment-large size-large\" alt=\"\" loading=\"lazy\" srcset=\"https:\/\/revistacienciaecultura.org.br\/wp-content\/uploads\/2022\/03\/pernambuco-destacada-1024x427.jpg 1024w, https:\/\/revistacienciaecultura.org.br\/wp-content\/uploads\/2022\/03\/pernambuco-destacada-300x125.jpg 300w, https:\/\/revistacienciaecultura.org.br\/wp-content\/uploads\/2022\/03\/pernambuco-destacada-768x320.jpg 768w, https:\/\/revistacienciaecultura.org.br\/wp-content\/uploads\/2022\/03\/pernambuco-destacada-18x8.jpg 18w, https:\/\/revistacienciaecultura.org.br\/wp-content\/uploads\/2022\/03\/pernambuco-destacada-800x333.jpg 800w, https:\/\/revistacienciaecultura.org.br\/wp-content\/uploads\/2022\/03\/pernambuco-destacada-1160x483.jpg 1160w, https:\/\/revistacienciaecultura.org.br\/wp-content\/uploads\/2022\/03\/pernambuco-destacada.jpg 1200w\" sizes=\"(max-width: 1024px) 100vw, 1024px\" \/>\t\t\t\t\t\t\t\t<\/a>\n\t\t\t\t\t\t\t\t\t\t\t\t\t\t\t<\/div>\n\t\t\t\t<\/div>\n\t\t\t\t<div class=\"elementor-element elementor-element-c61bf88 elementor-widget elementor-widget-heading\" data-id=\"c61bf88\" data-element_type=\"widget\" data-widget_type=\"heading.default\">\n\t\t\t\t<div class=\"elementor-widget-container\">\n\t\t\t<h2 id=\"agitacao-revolucionaria-em-pernambuco-durante-o-processo-de-independencia\" class=\"elementor-heading-title elementor-size-medium\"><a href=\"https:\/\/revistacienciaecultura.org.br\/?artigos=agitacao-revolucionaria-em-pernambuco-durante-o-processo-de-independencia\">Agita\u00e7\u00e3o revolucion\u00e1ria em Pernambuco durante o processo de Independ\u00eancia<\/a><\/h2>\t\t<\/div>\n\t\t\t\t<\/div>\n\t\t\t\t\t<\/div>\n\t\t<\/div>\n\t\t\t\t\t\t\t<\/div>\n\t\t<\/section>\n\t\t\t\t<section class=\"elementor-section elementor-top-section elementor-element elementor-element-0f03cfc elementor-section-boxed elementor-section-height-default elementor-section-height-default\" data-id=\"0f03cfc\" data-element_type=\"section\">\n\t\t\t\t\t\t<div class=\"elementor-container elementor-column-gap-default\">\n\t\t\t\t\t<div class=\"elementor-column elementor-col-33 elementor-top-column elementor-element elementor-element-fa82eae\" data-id=\"fa82eae\" data-element_type=\"column\">\n\t\t\t<div class=\"elementor-widget-wrap elementor-element-populated\">\n\t\t\t\t\t\t\t\t<div class=\"elementor-element elementor-element-e156f3c elementor-widget elementor-widget-image\" data-id=\"e156f3c\" data-element_type=\"widget\" data-widget_type=\"image.default\">\n\t\t\t\t<div class=\"elementor-widget-container\">\n\t\t\t\t\t\t\t\t\t\t\t\t\t\t\t\t<a href=\"https:\/\/revistacienciaecultura.org.br\/?artigos=sete-de-setembro-200-anos-de-comemoracoes-da-independencia\">\n\t\t\t\t\t\t\t<img width=\"1024\" height=\"427\" src=\"https:\/\/revistacienciaecultura.org.br\/wp-content\/uploads\/2022\/03\/comemoracoes-destacada-1024x427.jpg\" class=\"attachment-large size-large\" alt=\"\" loading=\"lazy\" srcset=\"https:\/\/revistacienciaecultura.org.br\/wp-content\/uploads\/2022\/03\/comemoracoes-destacada-1024x427.jpg 1024w, https:\/\/revistacienciaecultura.org.br\/wp-content\/uploads\/2022\/03\/comemoracoes-destacada-300x125.jpg 300w, https:\/\/revistacienciaecultura.org.br\/wp-content\/uploads\/2022\/03\/comemoracoes-destacada-768x320.jpg 768w, https:\/\/revistacienciaecultura.org.br\/wp-content\/uploads\/2022\/03\/comemoracoes-destacada-18x8.jpg 18w, https:\/\/revistacienciaecultura.org.br\/wp-content\/uploads\/2022\/03\/comemoracoes-destacada-800x333.jpg 800w, https:\/\/revistacienciaecultura.org.br\/wp-content\/uploads\/2022\/03\/comemoracoes-destacada-1160x483.jpg 1160w, https:\/\/revistacienciaecultura.org.br\/wp-content\/uploads\/2022\/03\/comemoracoes-destacada.jpg 1200w\" sizes=\"(max-width: 1024px) 100vw, 1024px\" \/>\t\t\t\t\t\t\t\t<\/a>\n\t\t\t\t\t\t\t\t\t\t\t\t\t\t\t<\/div>\n\t\t\t\t<\/div>\n\t\t\t\t<div class=\"elementor-element elementor-element-a268ccd elementor-widget elementor-widget-heading\" data-id=\"a268ccd\" data-element_type=\"widget\" data-widget_type=\"heading.default\">\n\t\t\t\t<div class=\"elementor-widget-container\">\n\t\t\t<h2 id=\"sete-de-setembro-200-anos-de-comemoracoes-da-independencia\" class=\"elementor-heading-title elementor-size-medium\"><a href=\"https:\/\/revistacienciaecultura.org.br\/?artigos=sete-de-setembro-200-anos-de-comemoracoes-da-independencia\">Sete de Setembro: 200 Anos de Comemora\u00e7\u00f5es da Independ\u00eancia<\/a><\/h2>\t\t<\/div>\n\t\t\t\t<\/div>\n\t\t\t\t\t<\/div>\n\t\t<\/div>\n\t\t\t\t<div class=\"elementor-column elementor-col-33 elementor-top-column elementor-element elementor-element-f817821\" data-id=\"f817821\" data-element_type=\"column\">\n\t\t\t<div class=\"elementor-widget-wrap elementor-element-populated\">\n\t\t\t\t\t\t\t\t<div class=\"elementor-element elementor-element-1dfda47 elementor-widget elementor-widget-image\" data-id=\"1dfda47\" data-element_type=\"widget\" data-widget_type=\"image.default\">\n\t\t\t\t<div class=\"elementor-widget-container\">\n\t\t\t\t\t\t\t\t\t\t\t\t\t\t\t\t<a href=\"https:\/\/revistacienciaecultura.org.br\/?artigos=o-sul-em-armas-as-guerras-que-ajudaram-a-formar-o-brasil-e-o-uruguai\">\n\t\t\t\t\t\t\t<img width=\"1024\" height=\"427\" src=\"https:\/\/revistacienciaecultura.org.br\/wp-content\/uploads\/2022\/03\/cisplatinha-destacada-1024x427.jpg\" class=\"attachment-large size-large\" alt=\"\" loading=\"lazy\" srcset=\"https:\/\/revistacienciaecultura.org.br\/wp-content\/uploads\/2022\/03\/cisplatinha-destacada-1024x427.jpg 1024w, https:\/\/revistacienciaecultura.org.br\/wp-content\/uploads\/2022\/03\/cisplatinha-destacada-300x125.jpg 300w, https:\/\/revistacienciaecultura.org.br\/wp-content\/uploads\/2022\/03\/cisplatinha-destacada-768x320.jpg 768w, https:\/\/revistacienciaecultura.org.br\/wp-content\/uploads\/2022\/03\/cisplatinha-destacada-18x8.jpg 18w, https:\/\/revistacienciaecultura.org.br\/wp-content\/uploads\/2022\/03\/cisplatinha-destacada-800x333.jpg 800w, https:\/\/revistacienciaecultura.org.br\/wp-content\/uploads\/2022\/03\/cisplatinha-destacada-1160x483.jpg 1160w, https:\/\/revistacienciaecultura.org.br\/wp-content\/uploads\/2022\/03\/cisplatinha-destacada.jpg 1200w\" sizes=\"(max-width: 1024px) 100vw, 1024px\" \/>\t\t\t\t\t\t\t\t<\/a>\n\t\t\t\t\t\t\t\t\t\t\t\t\t\t\t<\/div>\n\t\t\t\t<\/div>\n\t\t\t\t<div class=\"elementor-element elementor-element-1a71b0e elementor-widget elementor-widget-heading\" data-id=\"1a71b0e\" data-element_type=\"widget\" data-widget_type=\"heading.default\">\n\t\t\t\t<div class=\"elementor-widget-container\">\n\t\t\t<h2 id=\"as-guerras-que-ajudaram-a-formar-o-brasil-e-o-uruguai\" class=\"elementor-heading-title elementor-size-medium\"><a href=\"https:\/\/revistacienciaecultura.org.br\/?artigos=o-sul-em-armas-as-guerras-que-ajudaram-a-formar-o-brasil-e-o-uruguai\">As guerras que ajudaram a formar o Brasil e o Uruguai<\/a><\/h2>\t\t<\/div>\n\t\t\t\t<\/div>\n\t\t\t\t\t<\/div>\n\t\t<\/div>\n\t\t\t\t<div class=\"elementor-column elementor-col-33 elementor-top-column elementor-element elementor-element-f89eb5f\" data-id=\"f89eb5f\" data-element_type=\"column\">\n\t\t\t<div class=\"elementor-widget-wrap elementor-element-populated\">\n\t\t\t\t\t\t\t\t<div class=\"elementor-element elementor-element-7b99814 elementor-widget elementor-widget-image\" data-id=\"7b99814\" data-element_type=\"widget\" data-widget_type=\"image.default\">\n\t\t\t\t<div class=\"elementor-widget-container\">\n\t\t\t\t\t\t\t\t\t\t\t\t\t\t\t\t<a href=\"https:\/\/revistacienciaecultura.org.br\/?artigos=o-combate-que-decidiu-o-futuro-do-brasil\">\n\t\t\t\t\t\t\t<img width=\"1024\" height=\"427\" src=\"https:\/\/revistacienciaecultura.org.br\/wp-content\/uploads\/2022\/03\/jenipapo-destacada-1024x427.jpg\" class=\"attachment-large size-large\" alt=\"\" loading=\"lazy\" srcset=\"https:\/\/revistacienciaecultura.org.br\/wp-content\/uploads\/2022\/03\/jenipapo-destacada-1024x427.jpg 1024w, https:\/\/revistacienciaecultura.org.br\/wp-content\/uploads\/2022\/03\/jenipapo-destacada-300x125.jpg 300w, https:\/\/revistacienciaecultura.org.br\/wp-content\/uploads\/2022\/03\/jenipapo-destacada-768x320.jpg 768w, https:\/\/revistacienciaecultura.org.br\/wp-content\/uploads\/2022\/03\/jenipapo-destacada-18x8.jpg 18w, https:\/\/revistacienciaecultura.org.br\/wp-content\/uploads\/2022\/03\/jenipapo-destacada-800x333.jpg 800w, https:\/\/revistacienciaecultura.org.br\/wp-content\/uploads\/2022\/03\/jenipapo-destacada-1160x483.jpg 1160w, https:\/\/revistacienciaecultura.org.br\/wp-content\/uploads\/2022\/03\/jenipapo-destacada.jpg 1200w\" sizes=\"(max-width: 1024px) 100vw, 1024px\" \/>\t\t\t\t\t\t\t\t<\/a>\n\t\t\t\t\t\t\t\t\t\t\t\t\t\t\t<\/div>\n\t\t\t\t<\/div>\n\t\t\t\t<div class=\"elementor-element elementor-element-5c3aae7 elementor-widget elementor-widget-heading\" data-id=\"5c3aae7\" data-element_type=\"widget\" data-widget_type=\"heading.default\">\n\t\t\t\t<div class=\"elementor-widget-container\">\n\t\t\t<h2 id=\"o-combate-que-decidiu-o-futuro-do-brasil\" class=\"elementor-heading-title elementor-size-medium\"><a href=\"https:\/\/revistacienciaecultura.org.br\/?artigos=o-combate-que-decidiu-o-futuro-do-brasil\">O combate que decidiu o futuro do Brasil<\/a><\/h2>\t\t<\/div>\n\t\t\t\t<\/div>\n\t\t\t\t\t<\/div>\n\t\t<\/div>\n\t\t\t\t\t\t\t<\/div>\n\t\t<\/section>\n\t\t\t\t<section class=\"elementor-section elementor-top-section elementor-element elementor-element-93fc524 elementor-section-boxed elementor-section-height-default elementor-section-height-default\" data-id=\"93fc524\" data-element_type=\"section\">\n\t\t\t\t\t\t<div class=\"elementor-container elementor-column-gap-default\">\n\t\t\t\t\t<div class=\"elementor-column elementor-col-33 elementor-top-column elementor-element elementor-element-f87181f\" data-id=\"f87181f\" data-element_type=\"column\">\n\t\t\t<div class=\"elementor-widget-wrap elementor-element-populated\">\n\t\t\t\t\t\t\t\t<div class=\"elementor-element elementor-element-8f234c5 elementor-widget elementor-widget-image\" data-id=\"8f234c5\" data-element_type=\"widget\" data-widget_type=\"image.default\">\n\t\t\t\t<div class=\"elementor-widget-container\">\n\t\t\t\t\t\t\t\t\t\t\t\t\t\t\t\t<a href=\"https:\/\/revistacienciaecultura.org.br\/?artigos=as-mulheres-a-imprensa-e-a-independencia-do-brasil\">\n\t\t\t\t\t\t\t<img width=\"1024\" height=\"427\" src=\"https:\/\/revistacienciaecultura.org.br\/wp-content\/uploads\/2022\/04\/mulheres-destacada-1024x427.jpg\" class=\"attachment-large size-large\" alt=\"\" loading=\"lazy\" srcset=\"https:\/\/revistacienciaecultura.org.br\/wp-content\/uploads\/2022\/04\/mulheres-destacada-1024x427.jpg 1024w, https:\/\/revistacienciaecultura.org.br\/wp-content\/uploads\/2022\/04\/mulheres-destacada-300x125.jpg 300w, https:\/\/revistacienciaecultura.org.br\/wp-content\/uploads\/2022\/04\/mulheres-destacada-768x320.jpg 768w, https:\/\/revistacienciaecultura.org.br\/wp-content\/uploads\/2022\/04\/mulheres-destacada-18x8.jpg 18w, https:\/\/revistacienciaecultura.org.br\/wp-content\/uploads\/2022\/04\/mulheres-destacada-800x333.jpg 800w, https:\/\/revistacienciaecultura.org.br\/wp-content\/uploads\/2022\/04\/mulheres-destacada-1160x483.jpg 1160w, https:\/\/revistacienciaecultura.org.br\/wp-content\/uploads\/2022\/04\/mulheres-destacada.jpg 1200w\" sizes=\"(max-width: 1024px) 100vw, 1024px\" \/>\t\t\t\t\t\t\t\t<\/a>\n\t\t\t\t\t\t\t\t\t\t\t\t\t\t\t<\/div>\n\t\t\t\t<\/div>\n\t\t\t\t<div class=\"elementor-element elementor-element-280aa20 elementor-widget elementor-widget-heading\" data-id=\"280aa20\" data-element_type=\"widget\" data-widget_type=\"heading.default\">\n\t\t\t\t<div class=\"elementor-widget-container\">\n\t\t\t<h2 id=\"as-mulheres-a-imprensa-e-a-independencia-do-brasil\" class=\"elementor-heading-title elementor-size-medium\"><a href=\"https:\/\/revistacienciaecultura.org.br\/?artigos=as-mulheres-a-imprensa-e-a-independencia-do-brasil\">As mulheres, a imprensa e a Independ\u00eancia do Brasil<\/a><\/h2>\t\t<\/div>\n\t\t\t\t<\/div>\n\t\t\t\t<div class=\"elementor-element elementor-element-a4d21ae elementor-widget__width-auto elementor-widget elementor-widget-heading\" data-id=\"a4d21ae\" data-element_type=\"widget\" data-widget_type=\"heading.default\">\n\t\t\t\t<div class=\"elementor-widget-container\">\n\t\t\t<h6 id=\"opiniao\" class=\"elementor-heading-title elementor-size-default\">Opini\u00e3o  <\/h6>\t\t<\/div>\n\t\t\t\t<\/div>\n\t\t\t\t\t<\/div>\n\t\t<\/div>\n\t\t\t\t<div class=\"elementor-column elementor-col-33 elementor-top-column elementor-element elementor-element-917509f\" data-id=\"917509f\" data-element_type=\"column\">\n\t\t\t<div class=\"elementor-widget-wrap elementor-element-populated\">\n\t\t\t\t\t\t\t\t<div class=\"elementor-element elementor-element-a87146b elementor-widget elementor-widget-image\" data-id=\"a87146b\" data-element_type=\"widget\" data-widget_type=\"image.default\">\n\t\t\t\t<div class=\"elementor-widget-container\">\n\t\t\t\t\t\t\t\t\t\t\t\t\t\t\t\t<a href=\"https:\/\/revistacienciaecultura.org.br\/?artigos=os-confins-a-vista-nos-mapas-do-brasil\">\n\t\t\t\t\t\t\t<img width=\"1024\" height=\"427\" src=\"https:\/\/revistacienciaecultura.org.br\/wp-content\/uploads\/2022\/03\/cartografica-destacada-1024x427.jpg\" class=\"attachment-large size-large\" alt=\"\" loading=\"lazy\" srcset=\"https:\/\/revistacienciaecultura.org.br\/wp-content\/uploads\/2022\/03\/cartografica-destacada-1024x427.jpg 1024w, https:\/\/revistacienciaecultura.org.br\/wp-content\/uploads\/2022\/03\/cartografica-destacada-300x125.jpg 300w, https:\/\/revistacienciaecultura.org.br\/wp-content\/uploads\/2022\/03\/cartografica-destacada-768x320.jpg 768w, https:\/\/revistacienciaecultura.org.br\/wp-content\/uploads\/2022\/03\/cartografica-destacada-18x8.jpg 18w, https:\/\/revistacienciaecultura.org.br\/wp-content\/uploads\/2022\/03\/cartografica-destacada-800x333.jpg 800w, https:\/\/revistacienciaecultura.org.br\/wp-content\/uploads\/2022\/03\/cartografica-destacada-1160x483.jpg 1160w, https:\/\/revistacienciaecultura.org.br\/wp-content\/uploads\/2022\/03\/cartografica-destacada.jpg 1200w\" sizes=\"(max-width: 1024px) 100vw, 1024px\" \/>\t\t\t\t\t\t\t\t<\/a>\n\t\t\t\t\t\t\t\t\t\t\t\t\t\t\t<\/div>\n\t\t\t\t<\/div>\n\t\t\t\t<div class=\"elementor-element elementor-element-15887c6 elementor-widget elementor-widget-heading\" data-id=\"15887c6\" data-element_type=\"widget\" data-widget_type=\"heading.default\">\n\t\t\t\t<div class=\"elementor-widget-container\">\n\t\t\t<h2 id=\"os-confins-a-vista-nos-mapas-do-brasil\" class=\"elementor-heading-title elementor-size-medium\"><a href=\"https:\/\/revistacienciaecultura.org.br\/?artigos=os-confins-a-vista-nos-mapas-do-brasil\">Os confins \u00e0 vista nos mapas do Brasil<\/a><\/h2>\t\t<\/div>\n\t\t\t\t<\/div>\n\t\t\t\t\t<\/div>\n\t\t<\/div>\n\t\t\t\t<div class=\"elementor-column elementor-col-33 elementor-top-column elementor-element elementor-element-79595e2\" data-id=\"79595e2\" data-element_type=\"column\">\n\t\t\t<div class=\"elementor-widget-wrap\">\n\t\t\t\t\t\t\t\t\t<\/div>\n\t\t<\/div>\n\t\t\t\t\t\t\t<\/div>\n\t\t<\/section>\n\t\t\t\t<section class=\"elementor-section elementor-top-section elementor-element elementor-element-2ff6f11 elementor-section-boxed elementor-section-height-default elementor-section-height-default\" data-id=\"2ff6f11\" data-element_type=\"section\">\n\t\t\t\t\t\t<div class=\"elementor-container elementor-column-gap-default\">\n\t\t\t\t\t<div class=\"elementor-column elementor-col-33 elementor-top-column elementor-element elementor-element-8d4cdcf\" data-id=\"8d4cdcf\" data-element_type=\"column\">\n\t\t\t<div class=\"elementor-widget-wrap elementor-element-populated\">\n\t\t\t\t\t\t\t\t<div class=\"elementor-element elementor-element-2d66483 elementor-widget elementor-widget-image\" data-id=\"2d66483\" data-element_type=\"widget\" data-widget_type=\"image.default\">\n\t\t\t\t<div class=\"elementor-widget-container\">\n\t\t\t\t\t\t\t\t\t\t\t\t\t\t\t\t<a href=\"https:\/\/revistacienciaecultura.org.br\/?p=2002\">\n\t\t\t\t\t\t\t<img width=\"1024\" height=\"427\" src=\"https:\/\/revistacienciaecultura.org.br\/wp-content\/uploads\/2022\/04\/reuniao-1024x427.jpg\" class=\"attachment-large size-large\" alt=\"\" loading=\"lazy\" srcset=\"https:\/\/revistacienciaecultura.org.br\/wp-content\/uploads\/2022\/04\/reuniao-1024x427.jpg 1024w, https:\/\/revistacienciaecultura.org.br\/wp-content\/uploads\/2022\/04\/reuniao-300x125.jpg 300w, https:\/\/revistacienciaecultura.org.br\/wp-content\/uploads\/2022\/04\/reuniao-768x320.jpg 768w, https:\/\/revistacienciaecultura.org.br\/wp-content\/uploads\/2022\/04\/reuniao-18x8.jpg 18w, https:\/\/revistacienciaecultura.org.br\/wp-content\/uploads\/2022\/04\/reuniao-800x333.jpg 800w, https:\/\/revistacienciaecultura.org.br\/wp-content\/uploads\/2022\/04\/reuniao-1160x483.jpg 1160w, https:\/\/revistacienciaecultura.org.br\/wp-content\/uploads\/2022\/04\/reuniao.jpg 1200w\" sizes=\"(max-width: 1024px) 100vw, 1024px\" \/>\t\t\t\t\t\t\t\t<\/a>\n\t\t\t\t\t\t\t\t\t\t\t\t\t\t\t<\/div>\n\t\t\t\t<\/div>\n\t\t\t\t<div class=\"elementor-element elementor-element-2ae04b9 elementor-widget elementor-widget-heading\" data-id=\"2ae04b9\" data-element_type=\"widget\" data-widget_type=\"heading.default\">\n\t\t\t\t<div class=\"elementor-widget-container\">\n\t\t\t<h2 id=\"povos-e-lutas-em-revista\" class=\"elementor-heading-title elementor-size-medium\"><a href=\"https:\/\/revistacienciaecultura.org.br\/?p=2002\">Povos e lutas em revista<\/a><\/h2>\t\t<\/div>\n\t\t\t\t<\/div>\n\t\t\t\t\t<\/div>\n\t\t<\/div>\n\t\t\t\t<div class=\"elementor-column elementor-col-33 elementor-top-column elementor-element elementor-element-7c9da5b\" data-id=\"7c9da5b\" data-element_type=\"column\">\n\t\t\t<div class=\"elementor-widget-wrap elementor-element-populated\">\n\t\t\t\t\t\t\t\t<div class=\"elementor-element elementor-element-39a433b elementor-widget elementor-widget-image\" data-id=\"39a433b\" data-element_type=\"widget\" data-widget_type=\"image.default\">\n\t\t\t\t<div class=\"elementor-widget-container\">\n\t\t\t\t\t\t\t\t\t\t\t\t\t\t\t\t<a href=\"https:\/\/revistacienciaecultura.org.br\/?p=1713\">\n\t\t\t\t\t\t\t<img width=\"1024\" height=\"427\" src=\"https:\/\/revistacienciaecultura.org.br\/wp-content\/uploads\/2022\/03\/liberdade-destacada-1024x427.png\" class=\"attachment-large size-large\" alt=\"\" loading=\"lazy\" srcset=\"https:\/\/revistacienciaecultura.org.br\/wp-content\/uploads\/2022\/03\/liberdade-destacada-1024x427.png 1024w, https:\/\/revistacienciaecultura.org.br\/wp-content\/uploads\/2022\/03\/liberdade-destacada-300x125.png 300w, https:\/\/revistacienciaecultura.org.br\/wp-content\/uploads\/2022\/03\/liberdade-destacada-768x320.png 768w, https:\/\/revistacienciaecultura.org.br\/wp-content\/uploads\/2022\/03\/liberdade-destacada-18x8.png 18w, https:\/\/revistacienciaecultura.org.br\/wp-content\/uploads\/2022\/03\/liberdade-destacada-800x333.png 800w, https:\/\/revistacienciaecultura.org.br\/wp-content\/uploads\/2022\/03\/liberdade-destacada-1160x483.png 1160w, https:\/\/revistacienciaecultura.org.br\/wp-content\/uploads\/2022\/03\/liberdade-destacada.png 1200w\" sizes=\"(max-width: 1024px) 100vw, 1024px\" \/>\t\t\t\t\t\t\t\t<\/a>\n\t\t\t\t\t\t\t\t\t\t\t\t\t\t\t<\/div>\n\t\t\t\t<\/div>\n\t\t\t\t<div class=\"elementor-element elementor-element-c91ec90 elementor-widget elementor-widget-heading\" data-id=\"c91ec90\" data-element_type=\"widget\" data-widget_type=\"heading.default\">\n\t\t\t\t<div class=\"elementor-widget-container\">\n\t\t\t<h2 id=\"liberdade-para-quem\" class=\"elementor-heading-title elementor-size-medium\"><a href=\"https:\/\/revistacienciaecultura.org.br\/?p=1713\">Liberdade para Quem?<\/a><\/h2>\t\t<\/div>\n\t\t\t\t<\/div>\n\t\t\t\t\t<\/div>\n\t\t<\/div>\n\t\t\t\t<div class=\"elementor-column elementor-col-33 elementor-top-column elementor-element elementor-element-3920819\" data-id=\"3920819\" data-element_type=\"column\">\n\t\t\t<div class=\"elementor-widget-wrap\">\n\t\t\t\t\t\t\t\t\t<\/div>\n\t\t<\/div>\n\t\t\t\t\t\t\t<\/div>\n\t\t<\/section>\n\t\t\t\t<section class=\"elementor-section elementor-top-section elementor-element elementor-element-377abf1 elementor-section-boxed elementor-section-height-default elementor-section-height-default\" data-id=\"377abf1\" data-element_type=\"section\">\n\t\t\t\t\t\t<div class=\"elementor-container elementor-column-gap-default\">\n\t\t\t\t\t<div class=\"elementor-column elementor-col-100 elementor-top-column elementor-element elementor-element-16d33cc\" data-id=\"16d33cc\" data-element_type=\"column\">\n\t\t\t<div class=\"elementor-widget-wrap elementor-element-populated\">\n\t\t\t\t\t\t\t\t<div class=\"elementor-element elementor-element-8e59674 elementor-widget__width-auto elementor-widget elementor-widget-heading\" data-id=\"8e59674\" data-element_type=\"widget\" data-widget_type=\"heading.default\">\n\t\t\t\t<div class=\"elementor-widget-container\">\n\t\t\t<h6 id=\"reportagens\" class=\"elementor-heading-title elementor-size-default\">Reportagens  <\/h6>\t\t<\/div>\n\t\t\t\t<\/div>\n\t\t\t\t\t<\/div>\n\t\t<\/div>\n\t\t\t\t\t\t\t<\/div>\n\t\t<\/section>\n\t\t\t\t<section class=\"elementor-section elementor-top-section elementor-element elementor-element-d39578c elementor-section-boxed elementor-section-height-default elementor-section-height-default\" data-id=\"d39578c\" data-element_type=\"section\">\n\t\t\t\t\t\t<div class=\"elementor-container elementor-column-gap-default\">\n\t\t\t\t\t<div class=\"elementor-column elementor-col-33 elementor-top-column elementor-element elementor-element-47ee003\" data-id=\"47ee003\" data-element_type=\"column\">\n\t\t\t<div class=\"elementor-widget-wrap elementor-element-populated\">\n\t\t\t\t\t\t\t\t<div class=\"elementor-element elementor-element-72e96e1 elementor-widget elementor-widget-image\" data-id=\"72e96e1\" data-element_type=\"widget\" data-widget_type=\"image.default\">\n\t\t\t\t<div class=\"elementor-widget-container\">\n\t\t\t\t\t\t\t\t\t\t\t\t\t\t\t\t<a href=\"https:\/\/revistacienciaecultura.org.br\/?p=1443\">\n\t\t\t\t\t\t\t<img width=\"1024\" height=\"427\" src=\"https:\/\/revistacienciaecultura.org.br\/wp-content\/uploads\/2022\/03\/americas-destacada-1024x427.jpg\" class=\"attachment-large size-large\" alt=\"\" loading=\"lazy\" srcset=\"https:\/\/revistacienciaecultura.org.br\/wp-content\/uploads\/2022\/03\/americas-destacada-1024x427.jpg 1024w, https:\/\/revistacienciaecultura.org.br\/wp-content\/uploads\/2022\/03\/americas-destacada-300x125.jpg 300w, https:\/\/revistacienciaecultura.org.br\/wp-content\/uploads\/2022\/03\/americas-destacada-768x320.jpg 768w, https:\/\/revistacienciaecultura.org.br\/wp-content\/uploads\/2022\/03\/americas-destacada-18x8.jpg 18w, https:\/\/revistacienciaecultura.org.br\/wp-content\/uploads\/2022\/03\/americas-destacada-800x333.jpg 800w, https:\/\/revistacienciaecultura.org.br\/wp-content\/uploads\/2022\/03\/americas-destacada-1160x483.jpg 1160w, https:\/\/revistacienciaecultura.org.br\/wp-content\/uploads\/2022\/03\/americas-destacada.jpg 1200w\" sizes=\"(max-width: 1024px) 100vw, 1024px\" \/>\t\t\t\t\t\t\t\t<\/a>\n\t\t\t\t\t\t\t\t\t\t\t\t\t\t\t<\/div>\n\t\t\t\t<\/div>\n\t\t\t\t<div class=\"elementor-element elementor-element-767dc0a elementor-widget elementor-widget-heading\" data-id=\"767dc0a\" data-element_type=\"widget\" data-widget_type=\"heading.default\">\n\t\t\t\t<div class=\"elementor-widget-container\">\n\t\t\t<h2 id=\"tudo-em-aberto-e-em-disputa\" class=\"elementor-heading-title elementor-size-medium\"><a href=\"https:\/\/revistacienciaecultura.org.br\/?p=1443\">Tudo em aberto e em disputa<\/a><\/h2>\t\t<\/div>\n\t\t\t\t<\/div>\n\t\t\t\t\t<\/div>\n\t\t<\/div>\n\t\t\t\t<div class=\"elementor-column elementor-col-33 elementor-top-column elementor-element elementor-element-645135e\" data-id=\"645135e\" data-element_type=\"column\">\n\t\t\t<div class=\"elementor-widget-wrap elementor-element-populated\">\n\t\t\t\t\t\t\t\t<div class=\"elementor-element elementor-element-b1f538d elementor-widget elementor-widget-image\" data-id=\"b1f538d\" data-element_type=\"widget\" data-widget_type=\"image.default\">\n\t\t\t\t<div class=\"elementor-widget-container\">\n\t\t\t\t\t\t\t\t\t\t\t\t\t\t\t\t<a href=\"https:\/\/revistacienciaecultura.org.br\/?p=1446\">\n\t\t\t\t\t\t\t<img width=\"1024\" height=\"427\" src=\"https:\/\/revistacienciaecultura.org.br\/wp-content\/uploads\/2022\/03\/fundadores-destacado-1024x427.jpg\" class=\"attachment-large size-large\" alt=\"\" loading=\"lazy\" srcset=\"https:\/\/revistacienciaecultura.org.br\/wp-content\/uploads\/2022\/03\/fundadores-destacado-1024x427.jpg 1024w, https:\/\/revistacienciaecultura.org.br\/wp-content\/uploads\/2022\/03\/fundadores-destacado-300x125.jpg 300w, https:\/\/revistacienciaecultura.org.br\/wp-content\/uploads\/2022\/03\/fundadores-destacado-768x320.jpg 768w, https:\/\/revistacienciaecultura.org.br\/wp-content\/uploads\/2022\/03\/fundadores-destacado-18x8.jpg 18w, https:\/\/revistacienciaecultura.org.br\/wp-content\/uploads\/2022\/03\/fundadores-destacado-800x333.jpg 800w, https:\/\/revistacienciaecultura.org.br\/wp-content\/uploads\/2022\/03\/fundadores-destacado-1160x483.jpg 1160w, https:\/\/revistacienciaecultura.org.br\/wp-content\/uploads\/2022\/03\/fundadores-destacado.jpg 1200w\" sizes=\"(max-width: 1024px) 100vw, 1024px\" \/>\t\t\t\t\t\t\t\t<\/a>\n\t\t\t\t\t\t\t\t\t\t\t\t\t\t\t<\/div>\n\t\t\t\t<\/div>\n\t\t\t\t<div class=\"elementor-element elementor-element-ecc1439 elementor-widget elementor-widget-heading\" data-id=\"ecc1439\" data-element_type=\"widget\" data-widget_type=\"heading.default\">\n\t\t\t\t<div class=\"elementor-widget-container\">\n\t\t\t<h2 id=\"os-protagonistas-da-independencia-do-brasil\" class=\"elementor-heading-title elementor-size-medium\"><a href=\"https:\/\/revistacienciaecultura.org.br\/?p=1446\">Os protagonistas da independ\u00eancia do Brasil<\/a><\/h2>\t\t<\/div>\n\t\t\t\t<\/div>\n\t\t\t\t\t<\/div>\n\t\t<\/div>\n\t\t\t\t<div class=\"elementor-column elementor-col-33 elementor-top-column elementor-element elementor-element-0aacf05\" data-id=\"0aacf05\" data-element_type=\"column\">\n\t\t\t<div class=\"elementor-widget-wrap elementor-element-populated\">\n\t\t\t\t\t\t\t\t<div class=\"elementor-element elementor-element-a65da60 elementor-widget elementor-widget-image\" data-id=\"a65da60\" data-element_type=\"widget\" data-widget_type=\"image.default\">\n\t\t\t\t<div class=\"elementor-widget-container\">\n\t\t\t\t\t\t\t\t\t\t\t\t\t\t\t\t<a href=\"https:\/\/revistacienciaecultura.org.br\/?p=1685\">\n\t\t\t\t\t\t\t<img width=\"1024\" height=\"427\" src=\"https:\/\/revistacienciaecultura.org.br\/wp-content\/uploads\/2022\/03\/batalha-destacada-1024x427.jpg\" class=\"attachment-large size-large\" alt=\"\" loading=\"lazy\" srcset=\"https:\/\/revistacienciaecultura.org.br\/wp-content\/uploads\/2022\/03\/batalha-destacada-1024x427.jpg 1024w, https:\/\/revistacienciaecultura.org.br\/wp-content\/uploads\/2022\/03\/batalha-destacada-300x125.jpg 300w, https:\/\/revistacienciaecultura.org.br\/wp-content\/uploads\/2022\/03\/batalha-destacada-768x320.jpg 768w, https:\/\/revistacienciaecultura.org.br\/wp-content\/uploads\/2022\/03\/batalha-destacada-18x8.jpg 18w, https:\/\/revistacienciaecultura.org.br\/wp-content\/uploads\/2022\/03\/batalha-destacada-800x333.jpg 800w, https:\/\/revistacienciaecultura.org.br\/wp-content\/uploads\/2022\/03\/batalha-destacada-1160x483.jpg 1160w, https:\/\/revistacienciaecultura.org.br\/wp-content\/uploads\/2022\/03\/batalha-destacada.jpg 1200w\" sizes=\"(max-width: 1024px) 100vw, 1024px\" \/>\t\t\t\t\t\t\t\t<\/a>\n\t\t\t\t\t\t\t\t\t\t\t\t\t\t\t<\/div>\n\t\t\t\t<\/div>\n\t\t\t\t<div class=\"elementor-element elementor-element-370e3ad elementor-widget elementor-widget-heading\" data-id=\"370e3ad\" data-element_type=\"widget\" data-widget_type=\"heading.default\">\n\t\t\t\t<div class=\"elementor-widget-container\">\n\t\t\t<h2 id=\"as-guerras-da-independencia\" class=\"elementor-heading-title elementor-size-medium\"><a href=\"https:\/\/revistacienciaecultura.org.br\/?p=1685\">As guerras da independ\u00eancia<\/a><\/h2>\t\t<\/div>\n\t\t\t\t<\/div>\n\t\t\t\t\t<\/div>\n\t\t<\/div>\n\t\t\t\t\t\t\t<\/div>\n\t\t<\/section>\n\t\t\t\t<section class=\"elementor-section elementor-top-section elementor-element elementor-element-5c09763 elementor-section-boxed elementor-section-height-default elementor-section-height-default\" data-id=\"5c09763\" data-element_type=\"section\">\n\t\t\t\t\t\t<div class=\"elementor-container elementor-column-gap-default\">\n\t\t\t\t\t<div class=\"elementor-column elementor-col-33 elementor-top-column elementor-element elementor-element-cfc456c\" data-id=\"cfc456c\" data-element_type=\"column\">\n\t\t\t<div class=\"elementor-widget-wrap elementor-element-populated\">\n\t\t\t\t\t\t\t\t<div class=\"elementor-element elementor-element-288668d elementor-widget elementor-widget-image\" data-id=\"288668d\" data-element_type=\"widget\" data-widget_type=\"image.default\">\n\t\t\t\t<div class=\"elementor-widget-container\">\n\t\t\t\t\t\t\t\t\t\t\t\t\t\t\t\t<a href=\"https:\/\/revistacienciaecultura.org.br\/?p=1698\">\n\t\t\t\t\t\t\t<img width=\"1024\" height=\"427\" src=\"https:\/\/revistacienciaecultura.org.br\/wp-content\/uploads\/2022\/04\/identitarias-destacada-1024x427.jpg\" class=\"attachment-large size-large\" alt=\"\" loading=\"lazy\" srcset=\"https:\/\/revistacienciaecultura.org.br\/wp-content\/uploads\/2022\/04\/identitarias-destacada-1024x427.jpg 1024w, https:\/\/revistacienciaecultura.org.br\/wp-content\/uploads\/2022\/04\/identitarias-destacada-300x125.jpg 300w, https:\/\/revistacienciaecultura.org.br\/wp-content\/uploads\/2022\/04\/identitarias-destacada-768x320.jpg 768w, https:\/\/revistacienciaecultura.org.br\/wp-content\/uploads\/2022\/04\/identitarias-destacada-18x8.jpg 18w, https:\/\/revistacienciaecultura.org.br\/wp-content\/uploads\/2022\/04\/identitarias-destacada-800x333.jpg 800w, https:\/\/revistacienciaecultura.org.br\/wp-content\/uploads\/2022\/04\/identitarias-destacada-1160x483.jpg 1160w, https:\/\/revistacienciaecultura.org.br\/wp-content\/uploads\/2022\/04\/identitarias-destacada.jpg 1200w\" sizes=\"(max-width: 1024px) 100vw, 1024px\" \/>\t\t\t\t\t\t\t\t<\/a>\n\t\t\t\t\t\t\t\t\t\t\t\t\t\t\t<\/div>\n\t\t\t\t<\/div>\n\t\t\t\t<div class=\"elementor-element elementor-element-a2ff34b elementor-widget elementor-widget-heading\" data-id=\"a2ff34b\" data-element_type=\"widget\" data-widget_type=\"heading.default\">\n\t\t\t\t<div class=\"elementor-widget-container\">\n\t\t\t<h2 id=\"independencia-entre-a-historia-dos-livros-e-a-verdade-dos-corpos\" class=\"elementor-heading-title elementor-size-medium\"><a href=\"https:\/\/revistacienciaecultura.org.br\/?p=1698\">Independ\u00eancia: entre a hist\u00f3ria dos livros e a verdade dos corpos<\/a><\/h2>\t\t<\/div>\n\t\t\t\t<\/div>\n\t\t\t\t\t<\/div>\n\t\t<\/div>\n\t\t\t\t<div class=\"elementor-column elementor-col-33 elementor-top-column elementor-element elementor-element-c5b188a\" data-id=\"c5b188a\" data-element_type=\"column\">\n\t\t\t<div class=\"elementor-widget-wrap elementor-element-populated\">\n\t\t\t\t\t\t\t\t<div class=\"elementor-element elementor-element-555056c elementor-widget elementor-widget-image\" data-id=\"555056c\" data-element_type=\"widget\" data-widget_type=\"image.default\">\n\t\t\t\t<div class=\"elementor-widget-container\">\n\t\t\t\t\t\t\t\t\t\t\t\t\t\t\t\t<a href=\"https:\/\/revistacienciaecultura.org.br\/?p=1704\">\n\t\t\t\t\t\t\t<img width=\"1024\" height=\"427\" src=\"https:\/\/revistacienciaecultura.org.br\/wp-content\/uploads\/2022\/04\/panfleto-destacada-1024x427.jpg\" class=\"attachment-large size-large\" alt=\"\" loading=\"lazy\" srcset=\"https:\/\/revistacienciaecultura.org.br\/wp-content\/uploads\/2022\/04\/panfleto-destacada-1024x427.jpg 1024w, https:\/\/revistacienciaecultura.org.br\/wp-content\/uploads\/2022\/04\/panfleto-destacada-300x125.jpg 300w, https:\/\/revistacienciaecultura.org.br\/wp-content\/uploads\/2022\/04\/panfleto-destacada-768x320.jpg 768w, https:\/\/revistacienciaecultura.org.br\/wp-content\/uploads\/2022\/04\/panfleto-destacada-18x8.jpg 18w, https:\/\/revistacienciaecultura.org.br\/wp-content\/uploads\/2022\/04\/panfleto-destacada-800x333.jpg 800w, https:\/\/revistacienciaecultura.org.br\/wp-content\/uploads\/2022\/04\/panfleto-destacada-1160x483.jpg 1160w, https:\/\/revistacienciaecultura.org.br\/wp-content\/uploads\/2022\/04\/panfleto-destacada.jpg 1200w\" sizes=\"(max-width: 1024px) 100vw, 1024px\" \/>\t\t\t\t\t\t\t\t<\/a>\n\t\t\t\t\t\t\t\t\t\t\t\t\t\t\t<\/div>\n\t\t\t\t<\/div>\n\t\t\t\t<div class=\"elementor-element elementor-element-6e8815a elementor-widget elementor-widget-heading\" data-id=\"6e8815a\" data-element_type=\"widget\" data-widget_type=\"heading.default\">\n\t\t\t\t<div class=\"elementor-widget-container\">\n\t\t\t<h2 id=\"a-voz-das-ruas-no-processo-de-independencia\" class=\"elementor-heading-title elementor-size-medium\"><a href=\"https:\/\/revistacienciaecultura.org.br\/?p=1704\">A voz das ruas no processo de independ\u00eancia<\/a><\/h2>\t\t<\/div>\n\t\t\t\t<\/div>\n\t\t\t\t\t<\/div>\n\t\t<\/div>\n\t\t\t\t<div class=\"elementor-column elementor-col-33 elementor-top-column elementor-element elementor-element-0025081\" data-id=\"0025081\" data-element_type=\"column\">\n\t\t\t<div class=\"elementor-widget-wrap elementor-element-populated\">\n\t\t\t\t\t\t\t\t<div class=\"elementor-element elementor-element-20f6dbc elementor-widget elementor-widget-image\" data-id=\"20f6dbc\" data-element_type=\"widget\" data-widget_type=\"image.default\">\n\t\t\t\t<div class=\"elementor-widget-container\">\n\t\t\t\t\t\t\t\t\t\t\t\t\t\t\t\t<a href=\"https:\/\/revistacienciaecultura.org.br\/?p=1691\">\n\t\t\t\t\t\t\t<img width=\"1024\" height=\"408\" src=\"https:\/\/revistacienciaecultura.org.br\/wp-content\/uploads\/2022\/03\/cruzeiro-1024x408.jpg\" class=\"attachment-large size-large\" alt=\"\" loading=\"lazy\" srcset=\"https:\/\/revistacienciaecultura.org.br\/wp-content\/uploads\/2022\/03\/cruzeiro-1024x408.jpg 1024w, https:\/\/revistacienciaecultura.org.br\/wp-content\/uploads\/2022\/03\/cruzeiro-300x120.jpg 300w, https:\/\/revistacienciaecultura.org.br\/wp-content\/uploads\/2022\/03\/cruzeiro-768x306.jpg 768w, https:\/\/revistacienciaecultura.org.br\/wp-content\/uploads\/2022\/03\/cruzeiro-18x7.jpg 18w, https:\/\/revistacienciaecultura.org.br\/wp-content\/uploads\/2022\/03\/cruzeiro-800x319.jpg 800w, https:\/\/revistacienciaecultura.org.br\/wp-content\/uploads\/2022\/03\/cruzeiro-1160x462.jpg 1160w, https:\/\/revistacienciaecultura.org.br\/wp-content\/uploads\/2022\/03\/cruzeiro.jpg 1200w\" sizes=\"(max-width: 1024px) 100vw, 1024px\" \/>\t\t\t\t\t\t\t\t<\/a>\n\t\t\t\t\t\t\t\t\t\t\t\t\t\t\t<\/div>\n\t\t\t\t<\/div>\n\t\t\t\t<div class=\"elementor-element elementor-element-5e6c527 elementor-widget elementor-widget-heading\" data-id=\"5e6c527\" data-element_type=\"widget\" data-widget_type=\"heading.default\">\n\t\t\t\t<div class=\"elementor-widget-container\">\n\t\t\t<h2 id=\"o-grito-que-custou-uma-divida\" class=\"elementor-heading-title elementor-size-medium\"><a href=\"https:\/\/revistacienciaecultura.org.br\/?p=1691\">O grito que custou uma d\u00edvida<\/a><\/h2>\t\t<\/div>\n\t\t\t\t<\/div>\n\t\t\t\t\t<\/div>\n\t\t<\/div>\n\t\t\t\t\t\t\t<\/div>\n\t\t<\/section>\n\t\t\t\t<section class=\"elementor-section elementor-top-section elementor-element elementor-element-f9b15f4 elementor-section-boxed elementor-section-height-default elementor-section-height-default\" data-id=\"f9b15f4\" data-element_type=\"section\">\n\t\t\t\t\t\t<div class=\"elementor-container elementor-column-gap-default\">\n\t\t\t\t\t<div class=\"elementor-column elementor-col-100 elementor-top-column elementor-element elementor-element-83551fd\" data-id=\"83551fd\" data-element_type=\"column\">\n\t\t\t<div class=\"elementor-widget-wrap elementor-element-populated\">\n\t\t\t\t\t\t\t\t<div class=\"elementor-element elementor-element-32870e3 elementor-widget__width-auto elementor-widget elementor-widget-heading\" data-id=\"32870e3\" data-element_type=\"widget\" data-widget_type=\"heading.default\">\n\t\t\t\t<div class=\"elementor-widget-container\">\n\t\t\t<h6 id=\"videos\" class=\"elementor-heading-title elementor-size-default\">V\u00eddeos  <\/h6>\t\t<\/div>\n\t\t\t\t<\/div>\n\t\t\t\t\t<\/div>\n\t\t<\/div>\n\t\t\t\t\t\t\t<\/div>\n\t\t<\/section>\n\t\t\t\t<section class=\"elementor-section elementor-top-section elementor-element elementor-element-43f94fb elementor-section-boxed elementor-section-height-default elementor-section-height-default\" data-id=\"43f94fb\" data-element_type=\"section\">\n\t\t\t\t\t\t<div class=\"elementor-container elementor-column-gap-default\">\n\t\t\t\t\t<div class=\"elementor-column elementor-col-33 elementor-top-column elementor-element elementor-element-9f5b13d\" data-id=\"9f5b13d\" data-element_type=\"column\">\n\t\t\t<div class=\"elementor-widget-wrap elementor-element-populated\">\n\t\t\t\t\t\t\t\t<div class=\"elementor-element elementor-element-b9ea51b elementor-widget elementor-widget-image\" data-id=\"b9ea51b\" data-element_type=\"widget\" data-widget_type=\"image.default\">\n\t\t\t\t<div class=\"elementor-widget-container\">\n\t\t\t\t\t\t\t\t\t\t\t\t\t\t\t\t<a href=\"https:\/\/revistacienciaecultura.org.br\/?p=1841\">\n\t\t\t\t\t\t\t<img width=\"1024\" height=\"427\" src=\"https:\/\/revistacienciaecultura.org.br\/wp-content\/uploads\/2022\/04\/video-1024x427.jpg\" class=\"attachment-large size-large\" alt=\"\" loading=\"lazy\" srcset=\"https:\/\/revistacienciaecultura.org.br\/wp-content\/uploads\/2022\/04\/video-1024x427.jpg 1024w, https:\/\/revistacienciaecultura.org.br\/wp-content\/uploads\/2022\/04\/video-300x125.jpg 300w, https:\/\/revistacienciaecultura.org.br\/wp-content\/uploads\/2022\/04\/video-768x320.jpg 768w, https:\/\/revistacienciaecultura.org.br\/wp-content\/uploads\/2022\/04\/video-18x8.jpg 18w, https:\/\/revistacienciaecultura.org.br\/wp-content\/uploads\/2022\/04\/video-800x333.jpg 800w, https:\/\/revistacienciaecultura.org.br\/wp-content\/uploads\/2022\/04\/video-1160x483.jpg 1160w, https:\/\/revistacienciaecultura.org.br\/wp-content\/uploads\/2022\/04\/video.jpg 1200w\" sizes=\"(max-width: 1024px) 100vw, 1024px\" \/>\t\t\t\t\t\t\t\t<\/a>\n\t\t\t\t\t\t\t\t\t\t\t\t\t\t\t<\/div>\n\t\t\t\t<\/div>\n\t\t\t\t<div class=\"elementor-element elementor-element-c95c916 elementor-widget elementor-widget-heading\" data-id=\"c95c916\" data-element_type=\"widget\" data-widget_type=\"heading.default\">\n\t\t\t\t<div class=\"elementor-widget-container\">\n\t\t\t<h2 id=\"os-povos-indigenas-e-a-independencia-do-brasil\" class=\"elementor-heading-title elementor-size-medium\"><a href=\"https:\/\/revistacienciaecultura.org.br\/?p=1841\">Os povos ind\u00edgenas e a Independ\u00eancia do Brasil<\/a><\/h2>\t\t<\/div>\n\t\t\t\t<\/div>\n\t\t\t\t\t<\/div>\n\t\t<\/div>\n\t\t\t\t<div class=\"elementor-column elementor-col-33 elementor-top-column elementor-element elementor-element-2edaa9e\" data-id=\"2edaa9e\" data-element_type=\"column\">\n\t\t\t<div class=\"elementor-widget-wrap elementor-element-populated\">\n\t\t\t\t\t\t\t\t<div class=\"elementor-element elementor-element-1cd61f4 elementor-widget elementor-widget-image\" data-id=\"1cd61f4\" data-element_type=\"widget\" data-widget_type=\"image.default\">\n\t\t\t\t<div class=\"elementor-widget-container\">\n\t\t\t\t\t\t\t\t\t\t\t\t\t\t\t\t<a href=\"https:\/\/revistacienciaecultura.org.br\/?p=712\">\n\t\t\t\t\t\t\t<img width=\"1024\" height=\"427\" src=\"https:\/\/revistacienciaecultura.org.br\/wp-content\/uploads\/2021\/12\/video-destacada-1024x427.jpg\" class=\"attachment-large size-large\" alt=\"\" loading=\"lazy\" srcset=\"https:\/\/revistacienciaecultura.org.br\/wp-content\/uploads\/2021\/12\/video-destacada-1024x427.jpg 1024w, https:\/\/revistacienciaecultura.org.br\/wp-content\/uploads\/2021\/12\/video-destacada-300x125.jpg 300w, https:\/\/revistacienciaecultura.org.br\/wp-content\/uploads\/2021\/12\/video-destacada-768x320.jpg 768w, https:\/\/revistacienciaecultura.org.br\/wp-content\/uploads\/2021\/12\/video-destacada-18x8.jpg 18w, https:\/\/revistacienciaecultura.org.br\/wp-content\/uploads\/2021\/12\/video-destacada-800x333.jpg 800w, https:\/\/revistacienciaecultura.org.br\/wp-content\/uploads\/2021\/12\/video-destacada-1160x483.jpg 1160w, https:\/\/revistacienciaecultura.org.br\/wp-content\/uploads\/2021\/12\/video-destacada.jpg 1200w\" sizes=\"(max-width: 1024px) 100vw, 1024px\" \/>\t\t\t\t\t\t\t\t<\/a>\n\t\t\t\t\t\t\t\t\t\t\t\t\t\t\t<\/div>\n\t\t\t\t<\/div>\n\t\t\t\t<div class=\"elementor-element elementor-element-7c0d1e7 elementor-widget elementor-widget-heading\" data-id=\"7c0d1e7\" data-element_type=\"widget\" data-widget_type=\"heading.default\">\n\t\t\t\t<div class=\"elementor-widget-container\">\n\t\t\t<h2 id=\"a-arte-a-natureza-e-a-culinaria-no-pos-independencia\" class=\"elementor-heading-title elementor-size-medium\"><a href=\"https:\/\/revistacienciaecultura.org.br\/?p=712\">A arte, a natureza e a culin\u00e1ria no p\u00f3s-independ\u00eancia<\/a><\/h2>\t\t<\/div>\n\t\t\t\t<\/div>\n\t\t\t\t\t<\/div>\n\t\t<\/div>\n\t\t\t\t<div class=\"elementor-column elementor-col-33 elementor-top-column elementor-element elementor-element-ad407a3\" data-id=\"ad407a3\" data-element_type=\"column\">\n\t\t\t<div class=\"elementor-widget-wrap elementor-element-populated\">\n\t\t\t\t\t\t\t\t<div class=\"elementor-element elementor-element-89109fd elementor-widget elementor-widget-image\" data-id=\"89109fd\" data-element_type=\"widget\" data-widget_type=\"image.default\">\n\t\t\t\t<div class=\"elementor-widget-container\">\n\t\t\t\t\t\t\t\t\t\t\t\t\t\t\t\t<a href=\"https:\/\/revistacienciaecultura.org.br\/?p=1985\">\n\t\t\t\t\t\t\t<img src=\"https:\/\/revistacienciaecultura.org.br\/wp-content\/uploads\/elementor\/thumbs\/thumbnail2-pnzazw3c3kcdr71rtuquy2jqpx6am43o1qtpe2ev7s.jpg\" title=\"thumbnail2\" alt=\"thumbnail2\" \/>\t\t\t\t\t\t\t\t<\/a>\n\t\t\t\t\t\t\t\t\t\t\t\t\t\t\t<\/div>\n\t\t\t\t<\/div>\n\t\t\t\t<div class=\"elementor-element elementor-element-0151079 elementor-widget elementor-widget-heading\" data-id=\"0151079\" data-element_type=\"widget\" data-widget_type=\"heading.default\">\n\t\t\t\t<div class=\"elementor-widget-container\">\n\t\t\t<h2 id=\"bicentenario-da-independencia-escravidao-trafico-e-abolicao\" class=\"elementor-heading-title elementor-size-medium\"><a href=\"https:\/\/revistacienciaecultura.org.br\/?p=1985\">Bicenten\u00e1rio da Independ\u00eancia: Escravid\u00e3o, tr\u00e1fico e aboli\u00e7\u00e3o<\/a><\/h2>\t\t<\/div>\n\t\t\t\t<\/div>\n\t\t\t\t\t<\/div>\n\t\t<\/div>\n\t\t\t\t\t\t\t<\/div>\n\t\t<\/section>\n\t\t\t\t<section class=\"elementor-section elementor-top-section elementor-element elementor-element-4f82d3f elementor-section-boxed elementor-section-height-default elementor-section-height-default\" data-id=\"4f82d3f\" data-element_type=\"section\">\n\t\t\t\t\t\t<div class=\"elementor-container elementor-column-gap-default\">\n\t\t\t\t\t<div class=\"elementor-column elementor-col-100 elementor-top-column elementor-element elementor-element-be0b979\" data-id=\"be0b979\" data-element_type=\"column\">\n\t\t\t<div class=\"elementor-widget-wrap elementor-element-populated\">\n\t\t\t\t\t\t\t\t<div class=\"elementor-element elementor-element-08b8d50 elementor-widget__width-auto elementor-widget elementor-widget-heading\" data-id=\"08b8d50\" data-element_type=\"widget\" data-widget_type=\"heading.default\">\n\t\t\t\t<div class=\"elementor-widget-container\">\n\t\t\t<h6 id=\"podcasts\" class=\"elementor-heading-title elementor-size-default\">Podcasts  <\/h6>\t\t<\/div>\n\t\t\t\t<\/div>\n\t\t\t\t\t<\/div>\n\t\t<\/div>\n\t\t\t\t\t\t\t<\/div>\n\t\t<\/section>\n\t\t\t\t<section class=\"elementor-section elementor-top-section elementor-element elementor-element-471e88f elementor-section-boxed elementor-section-height-default elementor-section-height-default\" data-id=\"471e88f\" data-element_type=\"section\">\n\t\t\t\t\t\t<div class=\"elementor-container elementor-column-gap-default\">\n\t\t\t\t\t<div class=\"elementor-column elementor-col-33 elementor-top-column elementor-element elementor-element-dc96a32\" data-id=\"dc96a32\" data-element_type=\"column\">\n\t\t\t<div class=\"elementor-widget-wrap elementor-element-populated\">\n\t\t\t\t\t\t\t\t<div class=\"elementor-element elementor-element-1c2c0e5 elementor-widget elementor-widget-image\" data-id=\"1c2c0e5\" data-element_type=\"widget\" data-widget_type=\"image.default\">\n\t\t\t\t<div class=\"elementor-widget-container\">\n\t\t\t\t\t\t\t\t\t\t\t\t\t\t\t\t<a href=\"https:\/\/revistacienciaecultura.org.br\/?p=1427\">\n\t\t\t\t\t\t\t<img width=\"1024\" height=\"427\" src=\"https:\/\/revistacienciaecultura.org.br\/wp-content\/uploads\/2022\/02\/CC-podcast-capa-1-site-1024x427.jpg\" class=\"attachment-large size-large\" alt=\"\" loading=\"lazy\" srcset=\"https:\/\/revistacienciaecultura.org.br\/wp-content\/uploads\/2022\/02\/CC-podcast-capa-1-site-1024x427.jpg 1024w, https:\/\/revistacienciaecultura.org.br\/wp-content\/uploads\/2022\/02\/CC-podcast-capa-1-site-300x125.jpg 300w, https:\/\/revistacienciaecultura.org.br\/wp-content\/uploads\/2022\/02\/CC-podcast-capa-1-site-768x320.jpg 768w, https:\/\/revistacienciaecultura.org.br\/wp-content\/uploads\/2022\/02\/CC-podcast-capa-1-site-18x8.jpg 18w, https:\/\/revistacienciaecultura.org.br\/wp-content\/uploads\/2022\/02\/CC-podcast-capa-1-site-800x333.jpg 800w, https:\/\/revistacienciaecultura.org.br\/wp-content\/uploads\/2022\/02\/CC-podcast-capa-1-site-1160x483.jpg 1160w, https:\/\/revistacienciaecultura.org.br\/wp-content\/uploads\/2022\/02\/CC-podcast-capa-1-site.jpg 1200w\" sizes=\"(max-width: 1024px) 100vw, 1024px\" \/>\t\t\t\t\t\t\t\t<\/a>\n\t\t\t\t\t\t\t\t\t\t\t\t\t\t\t<\/div>\n\t\t\t\t<\/div>\n\t\t\t\t<div class=\"elementor-element elementor-element-8368f86 elementor-widget elementor-widget-heading\" data-id=\"8368f86\" data-element_type=\"widget\" data-widget_type=\"heading.default\">\n\t\t\t\t<div class=\"elementor-widget-container\">\n\t\t\t<h2 id=\"sotaques-da-liberdade\" class=\"elementor-heading-title elementor-size-medium\"><a href=\"https:\/\/revistacienciaecultura.org.br\/?p=1427\">Sotaques da liberdade<\/a><\/h2>\t\t<\/div>\n\t\t\t\t<\/div>\n\t\t\t\t\t<\/div>\n\t\t<\/div>\n\t\t\t\t<div class=\"elementor-column elementor-col-33 elementor-top-column elementor-element elementor-element-6763c5f\" data-id=\"6763c5f\" data-element_type=\"column\">\n\t\t\t<div class=\"elementor-widget-wrap elementor-element-populated\">\n\t\t\t\t\t\t\t\t<div class=\"elementor-element elementor-element-1ca47f4 elementor-widget elementor-widget-image\" data-id=\"1ca47f4\" data-element_type=\"widget\" data-widget_type=\"image.default\">\n\t\t\t\t<div class=\"elementor-widget-container\">\n\t\t\t\t\t\t\t\t\t\t\t\t\t\t\t\t<a href=\"https:\/\/revistacienciaecultura.org.br\/?p=1779\">\n\t\t\t\t\t\t\t<img width=\"1024\" height=\"427\" src=\"https:\/\/revistacienciaecultura.org.br\/wp-content\/uploads\/2022\/03\/CC-capa-podcast-2-site-1024x427.jpg\" class=\"attachment-large size-large\" alt=\"\" loading=\"lazy\" srcset=\"https:\/\/revistacienciaecultura.org.br\/wp-content\/uploads\/2022\/03\/CC-capa-podcast-2-site-1024x427.jpg 1024w, https:\/\/revistacienciaecultura.org.br\/wp-content\/uploads\/2022\/03\/CC-capa-podcast-2-site-300x125.jpg 300w, https:\/\/revistacienciaecultura.org.br\/wp-content\/uploads\/2022\/03\/CC-capa-podcast-2-site-768x320.jpg 768w, https:\/\/revistacienciaecultura.org.br\/wp-content\/uploads\/2022\/03\/CC-capa-podcast-2-site-18x8.jpg 18w, https:\/\/revistacienciaecultura.org.br\/wp-content\/uploads\/2022\/03\/CC-capa-podcast-2-site-800x333.jpg 800w, https:\/\/revistacienciaecultura.org.br\/wp-content\/uploads\/2022\/03\/CC-capa-podcast-2-site-1160x483.jpg 1160w, https:\/\/revistacienciaecultura.org.br\/wp-content\/uploads\/2022\/03\/CC-capa-podcast-2-site.jpg 1200w\" sizes=\"(max-width: 1024px) 100vw, 1024px\" \/>\t\t\t\t\t\t\t\t<\/a>\n\t\t\t\t\t\t\t\t\t\t\t\t\t\t\t<\/div>\n\t\t\t\t<\/div>\n\t\t\t\t<div class=\"elementor-element elementor-element-1d8747d elementor-widget elementor-widget-heading\" data-id=\"1d8747d\" data-element_type=\"widget\" data-widget_type=\"heading.default\">\n\t\t\t\t<div class=\"elementor-widget-container\">\n\t\t\t<h2 id=\"laurentino-gomes-e-jurandir-malerba-o-brasil-de-1822-tinha-como-dar-certo-em-2022\" class=\"elementor-heading-title elementor-size-medium\"><a href=\"https:\/\/revistacienciaecultura.org.br\/?p=1779\">Laurentino Gomes e Jurandir Malerba: O Brasil de 1822 tinha como dar certo em 2022?<\/a><\/h2>\t\t<\/div>\n\t\t\t\t<\/div>\n\t\t\t\t\t<\/div>\n\t\t<\/div>\n\t\t\t\t<div class=\"elementor-column elementor-col-33 elementor-top-column elementor-element elementor-element-8750f67\" data-id=\"8750f67\" data-element_type=\"column\">\n\t\t\t<div class=\"elementor-widget-wrap elementor-element-populated\">\n\t\t\t\t\t\t\t\t<div class=\"elementor-element elementor-element-7790198 elementor-widget elementor-widget-image\" data-id=\"7790198\" data-element_type=\"widget\" data-widget_type=\"image.default\">\n\t\t\t\t<div class=\"elementor-widget-container\">\n\t\t\t\t\t\t\t\t\t\t\t\t\t\t\t\t<a href=\"https:\/\/revistacienciaecultura.org.br\/?p=1991\">\n\t\t\t\t\t\t\t<img width=\"1024\" height=\"427\" src=\"https:\/\/revistacienciaecultura.org.br\/wp-content\/uploads\/2022\/04\/CC-podcast-3-capa-site-1024x427.jpg\" class=\"attachment-large size-large\" alt=\"\" loading=\"lazy\" srcset=\"https:\/\/revistacienciaecultura.org.br\/wp-content\/uploads\/2022\/04\/CC-podcast-3-capa-site-1024x427.jpg 1024w, https:\/\/revistacienciaecultura.org.br\/wp-content\/uploads\/2022\/04\/CC-podcast-3-capa-site-300x125.jpg 300w, https:\/\/revistacienciaecultura.org.br\/wp-content\/uploads\/2022\/04\/CC-podcast-3-capa-site-768x320.jpg 768w, https:\/\/revistacienciaecultura.org.br\/wp-content\/uploads\/2022\/04\/CC-podcast-3-capa-site-18x8.jpg 18w, https:\/\/revistacienciaecultura.org.br\/wp-content\/uploads\/2022\/04\/CC-podcast-3-capa-site-800x333.jpg 800w, https:\/\/revistacienciaecultura.org.br\/wp-content\/uploads\/2022\/04\/CC-podcast-3-capa-site-1160x483.jpg 1160w, https:\/\/revistacienciaecultura.org.br\/wp-content\/uploads\/2022\/04\/CC-podcast-3-capa-site.jpg 1200w\" sizes=\"(max-width: 1024px) 100vw, 1024px\" \/>\t\t\t\t\t\t\t\t<\/a>\n\t\t\t\t\t\t\t\t\t\t\t\t\t\t\t<\/div>\n\t\t\t\t<\/div>\n\t\t\t\t<div class=\"elementor-element elementor-element-ff8c18c elementor-widget elementor-widget-heading\" data-id=\"ff8c18c\" data-element_type=\"widget\" data-widget_type=\"heading.default\">\n\t\t\t\t<div class=\"elementor-widget-container\">\n\t\t\t<h2 id=\"e-se-o-brasil-nao-tivesse-ficado-independente\" class=\"elementor-heading-title elementor-size-medium\"><a href=\"https:\/\/revistacienciaecultura.org.br\/?p=1991\">E se o Brasil n\u00e3o tivesse ficado independente?<\/a><\/h2>\t\t<\/div>\n\t\t\t\t<\/div>\n\t\t\t\t\t<\/div>\n\t\t<\/div>\n\t\t\t\t\t\t\t<\/div>\n\t\t<\/section>\n\t\t\t\t\t\t<\/div>\n\t\t\t\t\t<\/div>\n\t\t","protected":false},"excerpt":{"rendered":"Bicenten\u00e1rio da Independ\u00eancia &#8211; Povos e LutasPrimeira edi\u00e7\u00e3o 2022 Artigos A desagrega\u00e7\u00e3o&hellip;\n","protected":false},"author":11,"featured_media":0,"parent":0,"menu_order":0,"comment_status":"closed","ping_status":"closed","template":"","meta":[],"acf":[],"_links":{"self":[{"href":"https:\/\/revistacienciaecultura.org.br\/index.php?rest_route=\/wp\/v2\/pages\/2735"}],"collection":[{"href":"https:\/\/revistacienciaecultura.org.br\/index.php?rest_route=\/wp\/v2\/pages"}],"about":[{"href":"https:\/\/revistacienciaecultura.org.br\/index.php?rest_route=\/wp\/v2\/types\/page"}],"author":[{"embeddable":true,"href":"https:\/\/revistacienciaecultura.org.br\/index.php?rest_route=\/wp\/v2\/users\/11"}],"replies":[{"embeddable":true,"href":"https:\/\/revistacienciaecultura.org.br\/index.php?rest_route=%2Fwp%2Fv2%2Fcomments&post=2735"}],"version-history":[{"count":16,"href":"https:\/\/revistacienciaecultura.org.br\/index.php?rest_route=\/wp\/v2\/pages\/2735\/revisions"}],"predecessor-version":[{"id":3698,"href":"https:\/\/revistacienciaecultura.org.br\/index.php?rest_route=\/wp\/v2\/pages\/2735\/revisions\/3698"}],"wp:attachment":[{"href":"https:\/\/revistacienciaecultura.org.br\/index.php?rest_route=%2Fwp%2Fv2%2Fmedia&parent=2735"}],"curies":[{"name":"wp","href":"https:\/\/api.w.org\/{rel}","templated":true}]}}