{"id":2753,"date":"2022-07-04T19:12:43","date_gmt":"2022-07-04T19:12:43","guid":{"rendered":"https:\/\/revistacienciaecultura.org.br\/?page_id=2753"},"modified":"2023-01-12T20:16:19","modified_gmt":"2023-01-12T20:16:19","slug":"segunda-edicao","status":"publish","type":"page","link":"https:\/\/revistacienciaecultura.org.br\/?page_id=2753","title":{"rendered":"Segunda edi\u00e7\u00e3o 2022"},"content":{"rendered":"\t\t<div data-elementor-type=\"wp-page\" data-elementor-id=\"2753\" class=\"elementor elementor-2753\" data-elementor-settings=\"[]\">\n\t\t\t\t\t\t\t<div class=\"elementor-section-wrap\">\n\t\t\t\t\t\t\t<section class=\"elementor-section elementor-top-section elementor-element elementor-element-24cc788 elementor-section-boxed elementor-section-height-default elementor-section-height-default\" data-id=\"24cc788\" data-element_type=\"section\">\n\t\t\t\t\t\t<div class=\"elementor-container elementor-column-gap-default\">\n\t\t\t\t\t<div class=\"elementor-column elementor-col-100 elementor-top-column elementor-element elementor-element-257035e\" data-id=\"257035e\" data-element_type=\"column\">\n\t\t\t<div class=\"elementor-widget-wrap elementor-element-populated\">\n\t\t\t\t\t\t\t\t<div class=\"elementor-element elementor-element-37ca0cc elementor--h-position-center elementor--v-position-middle elementor-arrows-position-inside elementor-pagination-position-inside elementor-widget elementor-widget-slides\" data-id=\"37ca0cc\" data-element_type=\"widget\" data-settings=\"{&quot;navigation&quot;:&quot;both&quot;,&quot;autoplay&quot;:&quot;yes&quot;,&quot;pause_on_hover&quot;:&quot;yes&quot;,&quot;pause_on_interaction&quot;:&quot;yes&quot;,&quot;autoplay_speed&quot;:5000,&quot;infinite&quot;:&quot;yes&quot;,&quot;transition&quot;:&quot;slide&quot;,&quot;transition_speed&quot;:500}\" data-widget_type=\"slides.default\">\n\t\t\t\t<div class=\"elementor-widget-container\">\n\t\t\t<style>\/*! elementor-pro - v3.6.2 - 14-02-2022 *\/\n.elementor-slides .swiper-slide-bg{background-size:cover;background-position:50%;background-repeat:no-repeat;min-width:100%;min-height:100%}.elementor-slides .swiper-slide-inner{background-repeat:no-repeat;background-position:50%;position:absolute;top:0;left:0;bottom:0;right:0;padding:50px;margin:auto}.elementor-slides .swiper-slide-inner,.elementor-slides .swiper-slide-inner:hover{color:#fff;display:-webkit-box;display:-ms-flexbox;display:flex}.elementor-slides .swiper-slide-inner .elementor-background-overlay{position:absolute;z-index:0;top:0;bottom:0;left:0;right:0}.elementor-slides .swiper-slide-inner .elementor-slide-content{position:relative;z-index:1;width:100%}.elementor-slides .swiper-slide-inner .elementor-slide-heading{font-size:35px;font-weight:700;line-height:1}.elementor-slides .swiper-slide-inner .elementor-slide-description{font-size:17px;line-height:1.4}.elementor-slides .swiper-slide-inner .elementor-slide-description:not(:last-child),.elementor-slides .swiper-slide-inner .elementor-slide-heading:not(:last-child){margin-bottom:30px}.elementor-slides .swiper-slide-inner .elementor-slide-button{border:2px solid #fff;color:#fff;background:transparent;display:inline-block}.elementor-slides .swiper-slide-inner .elementor-slide-button,.elementor-slides .swiper-slide-inner .elementor-slide-button:hover{background:transparent;color:inherit;text-decoration:none}.elementor--v-position-top .swiper-slide-inner{-webkit-box-align:start;-ms-flex-align:start;align-items:flex-start}.elementor--v-position-bottom .swiper-slide-inner{-webkit-box-align:end;-ms-flex-align:end;align-items:flex-end}.elementor--v-position-middle .swiper-slide-inner{-webkit-box-align:center;-ms-flex-align:center;align-items:center}.elementor--h-position-left .swiper-slide-inner{-webkit-box-pack:start;-ms-flex-pack:start;justify-content:flex-start}.elementor--h-position-right .swiper-slide-inner{-webkit-box-pack:end;-ms-flex-pack:end;justify-content:flex-end}.elementor--h-position-center .swiper-slide-inner{-webkit-box-pack:center;-ms-flex-pack:center;justify-content:center}body.rtl .elementor-widget-slides .elementor-swiper-button-next{left:10px;right:auto}body.rtl .elementor-widget-slides .elementor-swiper-button-prev{right:10px;left:auto}.elementor-slides-wrapper div:not(.swiper-slide)>.swiper-slide-inner{display:none}@media (max-width:767px){.elementor-slides .swiper-slide-inner{padding:30px}.elementor-slides .swiper-slide-inner .elementor-slide-heading{font-size:23px;line-height:1;margin-bottom:15px}.elementor-slides .swiper-slide-inner .elementor-slide-description{font-size:13px;line-height:1.4;margin-bottom:15px}}<\/style>\t\t<div class=\"elementor-swiper\">\n\t\t\t<div class=\"elementor-slides-wrapper elementor-main-swiper swiper-container\" dir=\"ltr\" data-animation=\"fadeInUp\">\n\t\t\t\t<div class=\"swiper-wrapper elementor-slides\">\n\t\t\t\t\t\t\t\t\t\t<div class=\"elementor-repeater-item-9f37bd8 swiper-slide\"><div class=\"swiper-slide-bg\"><\/div><div class=\"swiper-slide-inner\" ><div class=\"swiper-slide-contents\"><div class=\"elementor-slide-heading\">A Semana de Arte Moderna e o S\u00e9culo Modernista - Extens\u00f5es<\/div><div class=\"elementor-slide-description\">Segunda edi\u00e7\u00e3o 2022<\/div><\/div><\/div><\/div>\t\t\t\t<\/div>\n\t\t\t\t\t\t\t<\/div>\n\t\t<\/div>\n\t\t\t\t<\/div>\n\t\t\t\t<\/div>\n\t\t\t\t<div class=\"elementor-element elementor-element-7881637 elementor-widget__width-auto elementor-widget elementor-widget-heading\" data-id=\"7881637\" data-element_type=\"widget\" data-widget_type=\"heading.default\">\n\t\t\t\t<div class=\"elementor-widget-container\">\n\t\t\t<style>\/*! elementor - v3.5.5 - 03-02-2022 *\/\n.elementor-heading-title{padding:0;margin:0;line-height:1}.elementor-widget-heading .elementor-heading-title[class*=elementor-size-]>a{color:inherit;font-size:inherit;line-height:inherit}.elementor-widget-heading .elementor-heading-title.elementor-size-small{font-size:15px}.elementor-widget-heading .elementor-heading-title.elementor-size-medium{font-size:19px}.elementor-widget-heading .elementor-heading-title.elementor-size-large{font-size:29px}.elementor-widget-heading .elementor-heading-title.elementor-size-xl{font-size:39px}.elementor-widget-heading .elementor-heading-title.elementor-size-xxl{font-size:59px}<\/style><h6 id=\"artigos\" class=\"elementor-heading-title elementor-size-default\">Artigos  <\/h6>\t\t<\/div>\n\t\t\t\t<\/div>\n\t\t\t\t\t<\/div>\n\t\t<\/div>\n\t\t\t\t\t\t\t<\/div>\n\t\t<\/section>\n\t\t\t\t<section class=\"elementor-section elementor-top-section elementor-element elementor-element-a9074bf elementor-section-boxed elementor-section-height-default elementor-section-height-default\" data-id=\"a9074bf\" data-element_type=\"section\">\n\t\t\t\t\t\t<div class=\"elementor-container elementor-column-gap-default\">\n\t\t\t\t\t<div class=\"elementor-column elementor-col-33 elementor-top-column elementor-element elementor-element-b21557a\" data-id=\"b21557a\" data-element_type=\"column\">\n\t\t\t<div class=\"elementor-widget-wrap elementor-element-populated\">\n\t\t\t\t\t\t\t\t<div class=\"elementor-element elementor-element-b4b4095 elementor-widget elementor-widget-image\" data-id=\"b4b4095\" data-element_type=\"widget\" data-widget_type=\"image.default\">\n\t\t\t\t<div class=\"elementor-widget-container\">\n\t\t\t<style>\/*! elementor - v3.5.5 - 03-02-2022 *\/\n.elementor-widget-image{text-align:center}.elementor-widget-image a{display:inline-block}.elementor-widget-image a img[src$=\".svg\"]{width:48px}.elementor-widget-image img{vertical-align:middle;display:inline-block}<\/style>\t\t\t\t\t\t\t\t\t\t\t\t\t<a href=\"https:\/\/revistacienciaecultura.org.br\/?artigos=a-semana-de-arte-moderna-de-1922\">\n\t\t\t\t\t\t\t<img src=\"https:\/\/revistacienciaecultura.org.br\/wp-content\/uploads\/elementor\/thumbs\/CC-2-edicao-artigo-A-Semana-de-Arte-Moderna-capa1-ppjxv58hqge0g8jcql2oriw10zlelh1vubljdalv9k.jpg\" title=\"C&#038;C 2 edicao-artigo-A Semana de Arte Moderna-capa1\" alt=\"C&amp;C 2 edicao-artigo-A Semana de Arte Moderna-capa1\" \/>\t\t\t\t\t\t\t\t<\/a>\n\t\t\t\t\t\t\t\t\t\t\t\t\t\t\t<\/div>\n\t\t\t\t<\/div>\n\t\t\t\t<div class=\"elementor-element elementor-element-d6017fa elementor-widget elementor-widget-heading\" data-id=\"d6017fa\" data-element_type=\"widget\" data-widget_type=\"heading.default\">\n\t\t\t\t<div class=\"elementor-widget-container\">\n\t\t\t<h2 id=\"a-semana-de-arte-moderna-de-1922\" class=\"elementor-heading-title elementor-size-medium\"><a href=\"https:\/\/revistacienciaecultura.org.br\/?artigos=a-semana-de-arte-moderna-de-1922\">A Semana de Arte Moderna de 1922<\/a><\/h2>\t\t<\/div>\n\t\t\t\t<\/div>\n\t\t\t\t\t<\/div>\n\t\t<\/div>\n\t\t\t\t<div class=\"elementor-column elementor-col-33 elementor-top-column elementor-element elementor-element-343676a\" data-id=\"343676a\" data-element_type=\"column\">\n\t\t\t<div class=\"elementor-widget-wrap elementor-element-populated\">\n\t\t\t\t\t\t\t\t<div class=\"elementor-element elementor-element-5262636 elementor-widget elementor-widget-image\" data-id=\"5262636\" data-element_type=\"widget\" data-widget_type=\"image.default\">\n\t\t\t\t<div class=\"elementor-widget-container\">\n\t\t\t\t\t\t\t\t\t\t\t\t\t\t\t\t<a href=\"https:\/\/revistacienciaecultura.org.br\/?artigos=o-escandalo-o-mito-e-o-nacionalismo\">\n\t\t\t\t\t\t\t<img width=\"1024\" height=\"427\" src=\"https:\/\/revistacienciaecultura.org.br\/wp-content\/uploads\/2022\/05\/CC-2-edicao-artigo-O-esca\u0302ndalo-o-mito-e-o-nacionalismo-capa-1024x427.png\" class=\"attachment-large size-large\" alt=\"\" loading=\"lazy\" srcset=\"https:\/\/revistacienciaecultura.org.br\/wp-content\/uploads\/2022\/05\/CC-2-edicao-artigo-O-esca\u0302ndalo-o-mito-e-o-nacionalismo-capa-1024x427.png 1024w, https:\/\/revistacienciaecultura.org.br\/wp-content\/uploads\/2022\/05\/CC-2-edicao-artigo-O-esca\u0302ndalo-o-mito-e-o-nacionalismo-capa-300x125.png 300w, https:\/\/revistacienciaecultura.org.br\/wp-content\/uploads\/2022\/05\/CC-2-edicao-artigo-O-esca\u0302ndalo-o-mito-e-o-nacionalismo-capa-768x320.png 768w, https:\/\/revistacienciaecultura.org.br\/wp-content\/uploads\/2022\/05\/CC-2-edicao-artigo-O-esca\u0302ndalo-o-mito-e-o-nacionalismo-capa-18x8.png 18w, https:\/\/revistacienciaecultura.org.br\/wp-content\/uploads\/2022\/05\/CC-2-edicao-artigo-O-esca\u0302ndalo-o-mito-e-o-nacionalismo-capa-800x333.png 800w, https:\/\/revistacienciaecultura.org.br\/wp-content\/uploads\/2022\/05\/CC-2-edicao-artigo-O-esca\u0302ndalo-o-mito-e-o-nacionalismo-capa-1160x483.png 1160w, https:\/\/revistacienciaecultura.org.br\/wp-content\/uploads\/2022\/05\/CC-2-edicao-artigo-O-esca\u0302ndalo-o-mito-e-o-nacionalismo-capa.png 1200w\" sizes=\"(max-width: 1024px) 100vw, 1024px\" \/>\t\t\t\t\t\t\t\t<\/a>\n\t\t\t\t\t\t\t\t\t\t\t\t\t\t\t<\/div>\n\t\t\t\t<\/div>\n\t\t\t\t<div class=\"elementor-element elementor-element-6e01fc1 elementor-widget elementor-widget-heading\" data-id=\"6e01fc1\" data-element_type=\"widget\" data-widget_type=\"heading.default\">\n\t\t\t\t<div class=\"elementor-widget-container\">\n\t\t\t<h2 id=\"o-escandalo-o-mito-e-o-nacionalismo\" class=\"elementor-heading-title elementor-size-medium\"><a href=\"https:\/\/revistacienciaecultura.org.br\/?artigos=o-escandalo-o-mito-e-o-nacionalismo\">O esc\u00e2ndalo, o mito e o nacionalismo<\/a><\/h2>\t\t<\/div>\n\t\t\t\t<\/div>\n\t\t\t\t\t<\/div>\n\t\t<\/div>\n\t\t\t\t<div class=\"elementor-column elementor-col-33 elementor-top-column elementor-element elementor-element-d48b69d\" data-id=\"d48b69d\" data-element_type=\"column\">\n\t\t\t<div class=\"elementor-widget-wrap elementor-element-populated\">\n\t\t\t\t\t\t\t\t<div class=\"elementor-element elementor-element-6c9b3ba elementor-widget elementor-widget-image\" data-id=\"6c9b3ba\" data-element_type=\"widget\" data-widget_type=\"image.default\">\n\t\t\t\t<div class=\"elementor-widget-container\">\n\t\t\t\t\t\t\t\t\t\t\t\t\t\t\t\t<a href=\"https:\/\/revistacienciaecultura.org.br\/?artigos=o-amor-ao-todo-digitais-marioandradianas\">\n\t\t\t\t\t\t\t<img width=\"1024\" height=\"427\" src=\"https:\/\/revistacienciaecultura.org.br\/wp-content\/uploads\/2022\/05\/CC-2-edicao-artigo-O-amor-ao-todo-capa1-1024x427.jpg\" class=\"attachment-large size-large\" alt=\"\" loading=\"lazy\" srcset=\"https:\/\/revistacienciaecultura.org.br\/wp-content\/uploads\/2022\/05\/CC-2-edicao-artigo-O-amor-ao-todo-capa1-1024x427.jpg 1024w, https:\/\/revistacienciaecultura.org.br\/wp-content\/uploads\/2022\/05\/CC-2-edicao-artigo-O-amor-ao-todo-capa1-300x125.jpg 300w, https:\/\/revistacienciaecultura.org.br\/wp-content\/uploads\/2022\/05\/CC-2-edicao-artigo-O-amor-ao-todo-capa1-768x320.jpg 768w, https:\/\/revistacienciaecultura.org.br\/wp-content\/uploads\/2022\/05\/CC-2-edicao-artigo-O-amor-ao-todo-capa1-18x8.jpg 18w, https:\/\/revistacienciaecultura.org.br\/wp-content\/uploads\/2022\/05\/CC-2-edicao-artigo-O-amor-ao-todo-capa1-800x333.jpg 800w, https:\/\/revistacienciaecultura.org.br\/wp-content\/uploads\/2022\/05\/CC-2-edicao-artigo-O-amor-ao-todo-capa1-1160x483.jpg 1160w, https:\/\/revistacienciaecultura.org.br\/wp-content\/uploads\/2022\/05\/CC-2-edicao-artigo-O-amor-ao-todo-capa1.jpg 1200w\" sizes=\"(max-width: 1024px) 100vw, 1024px\" \/>\t\t\t\t\t\t\t\t<\/a>\n\t\t\t\t\t\t\t\t\t\t\t\t\t\t\t<\/div>\n\t\t\t\t<\/div>\n\t\t\t\t<div class=\"elementor-element elementor-element-2485e93 elementor-widget elementor-widget-heading\" data-id=\"2485e93\" data-element_type=\"widget\" data-widget_type=\"heading.default\">\n\t\t\t\t<div class=\"elementor-widget-container\">\n\t\t\t<h2 id=\"o-amor-ao-todo-digitais-marioandradianas\" class=\"elementor-heading-title elementor-size-medium\"><a href=\"https:\/\/revistacienciaecultura.org.br\/?artigos=o-amor-ao-todo-digitais-marioandradianas\">O amor ao todo: digitais marioandradianas<\/a><\/h2>\t\t<\/div>\n\t\t\t\t<\/div>\n\t\t\t\t\t<\/div>\n\t\t<\/div>\n\t\t\t\t\t\t\t<\/div>\n\t\t<\/section>\n\t\t\t\t<section class=\"elementor-section elementor-top-section elementor-element elementor-element-c7b1087 elementor-section-boxed elementor-section-height-default elementor-section-height-default\" data-id=\"c7b1087\" data-element_type=\"section\">\n\t\t\t\t\t\t<div class=\"elementor-container elementor-column-gap-default\">\n\t\t\t\t\t<div class=\"elementor-column elementor-col-33 elementor-top-column elementor-element elementor-element-afd6796\" data-id=\"afd6796\" data-element_type=\"column\">\n\t\t\t<div class=\"elementor-widget-wrap elementor-element-populated\">\n\t\t\t\t\t\t\t\t<div class=\"elementor-element elementor-element-403da85 elementor-widget elementor-widget-image\" data-id=\"403da85\" data-element_type=\"widget\" data-widget_type=\"image.default\">\n\t\t\t\t<div class=\"elementor-widget-container\">\n\t\t\t\t\t\t\t\t\t\t\t\t\t\t\t\t<a href=\"https:\/\/revistacienciaecultura.org.br\/?artigos=nao-cairas-no-cubismo-mario-de-andrade-e-as-artes-visuais\">\n\t\t\t\t\t\t\t<img width=\"1024\" height=\"430\" src=\"https:\/\/revistacienciaecultura.org.br\/wp-content\/uploads\/2022\/05\/CC-2a-edicao-artigo-nao-cairas-no-cubismo-capa1-1024x430.jpg\" class=\"attachment-large size-large\" alt=\"\" loading=\"lazy\" srcset=\"https:\/\/revistacienciaecultura.org.br\/wp-content\/uploads\/2022\/05\/CC-2a-edicao-artigo-nao-cairas-no-cubismo-capa1-1024x430.jpg 1024w, https:\/\/revistacienciaecultura.org.br\/wp-content\/uploads\/2022\/05\/CC-2a-edicao-artigo-nao-cairas-no-cubismo-capa1-300x126.jpg 300w, https:\/\/revistacienciaecultura.org.br\/wp-content\/uploads\/2022\/05\/CC-2a-edicao-artigo-nao-cairas-no-cubismo-capa1-768x322.jpg 768w, https:\/\/revistacienciaecultura.org.br\/wp-content\/uploads\/2022\/05\/CC-2a-edicao-artigo-nao-cairas-no-cubismo-capa1-18x8.jpg 18w, https:\/\/revistacienciaecultura.org.br\/wp-content\/uploads\/2022\/05\/CC-2a-edicao-artigo-nao-cairas-no-cubismo-capa1-800x336.jpg 800w, https:\/\/revistacienciaecultura.org.br\/wp-content\/uploads\/2022\/05\/CC-2a-edicao-artigo-nao-cairas-no-cubismo-capa1-1160x487.jpg 1160w, https:\/\/revistacienciaecultura.org.br\/wp-content\/uploads\/2022\/05\/CC-2a-edicao-artigo-nao-cairas-no-cubismo-capa1.jpg 1196w\" sizes=\"(max-width: 1024px) 100vw, 1024px\" \/>\t\t\t\t\t\t\t\t<\/a>\n\t\t\t\t\t\t\t\t\t\t\t\t\t\t\t<\/div>\n\t\t\t\t<\/div>\n\t\t\t\t<div class=\"elementor-element elementor-element-f40f4e3 elementor-widget elementor-widget-heading\" data-id=\"f40f4e3\" data-element_type=\"widget\" data-widget_type=\"heading.default\">\n\t\t\t\t<div class=\"elementor-widget-container\">\n\t\t\t<h2 id=\"nao-cairas-no-cubismo-mario-de-andrade-e-as-artes-visuais\" class=\"elementor-heading-title elementor-size-medium\"><a href=\"https:\/\/revistacienciaecultura.org.br\/?artigos=nao-cairas-no-cubismo-mario-de-andrade-e-as-artes-visuais\">N\u00e3o cair\u00e1s no cubismo. M\u00e1rio de Andrade e as artes visuais<\/a><\/h2>\t\t<\/div>\n\t\t\t\t<\/div>\n\t\t\t\t\t<\/div>\n\t\t<\/div>\n\t\t\t\t<div class=\"elementor-column elementor-col-33 elementor-top-column elementor-element elementor-element-c9e180f\" data-id=\"c9e180f\" data-element_type=\"column\">\n\t\t\t<div class=\"elementor-widget-wrap elementor-element-populated\">\n\t\t\t\t\t\t\t\t<div class=\"elementor-element elementor-element-3173f61 elementor-widget elementor-widget-image\" data-id=\"3173f61\" data-element_type=\"widget\" data-widget_type=\"image.default\">\n\t\t\t\t<div class=\"elementor-widget-container\">\n\t\t\t\t\t\t\t\t\t\t\t\t\t\t\t\t<a href=\"https:\/\/revistacienciaecultura.org.br\/?artigos=o-modernismo-nas-ciencias-sociais\">\n\t\t\t\t\t\t\t<img width=\"1024\" height=\"427\" src=\"https:\/\/revistacienciaecultura.org.br\/wp-content\/uploads\/2022\/05\/CC-2a-edicao-artigo-O-Modernismo-nas-Cie\u0302ncias-Sociais-capa-1024x427.jpg\" class=\"attachment-large size-large\" alt=\"\" loading=\"lazy\" srcset=\"https:\/\/revistacienciaecultura.org.br\/wp-content\/uploads\/2022\/05\/CC-2a-edicao-artigo-O-Modernismo-nas-Cie\u0302ncias-Sociais-capa-1024x427.jpg 1024w, https:\/\/revistacienciaecultura.org.br\/wp-content\/uploads\/2022\/05\/CC-2a-edicao-artigo-O-Modernismo-nas-Cie\u0302ncias-Sociais-capa-300x125.jpg 300w, https:\/\/revistacienciaecultura.org.br\/wp-content\/uploads\/2022\/05\/CC-2a-edicao-artigo-O-Modernismo-nas-Cie\u0302ncias-Sociais-capa-768x320.jpg 768w, https:\/\/revistacienciaecultura.org.br\/wp-content\/uploads\/2022\/05\/CC-2a-edicao-artigo-O-Modernismo-nas-Cie\u0302ncias-Sociais-capa-18x8.jpg 18w, https:\/\/revistacienciaecultura.org.br\/wp-content\/uploads\/2022\/05\/CC-2a-edicao-artigo-O-Modernismo-nas-Cie\u0302ncias-Sociais-capa-800x333.jpg 800w, https:\/\/revistacienciaecultura.org.br\/wp-content\/uploads\/2022\/05\/CC-2a-edicao-artigo-O-Modernismo-nas-Cie\u0302ncias-Sociais-capa-1160x483.jpg 1160w, https:\/\/revistacienciaecultura.org.br\/wp-content\/uploads\/2022\/05\/CC-2a-edicao-artigo-O-Modernismo-nas-Cie\u0302ncias-Sociais-capa.jpg 1200w\" sizes=\"(max-width: 1024px) 100vw, 1024px\" \/>\t\t\t\t\t\t\t\t<\/a>\n\t\t\t\t\t\t\t\t\t\t\t\t\t\t\t<\/div>\n\t\t\t\t<\/div>\n\t\t\t\t<div class=\"elementor-element elementor-element-6631073 elementor-widget elementor-widget-heading\" data-id=\"6631073\" data-element_type=\"widget\" data-widget_type=\"heading.default\">\n\t\t\t\t<div class=\"elementor-widget-container\">\n\t\t\t<h2 id=\"o-modernismo-nas-ciencias-sociais\" class=\"elementor-heading-title elementor-size-medium\"><a href=\"https:\/\/revistacienciaecultura.org.br\/?artigos=o-modernismo-nas-ciencias-sociais\">O Modernismo nas Ci\u00eancias Sociais<\/a><\/h2>\t\t<\/div>\n\t\t\t\t<\/div>\n\t\t\t\t\t<\/div>\n\t\t<\/div>\n\t\t\t\t<div class=\"elementor-column elementor-col-33 elementor-top-column elementor-element elementor-element-3c1036d\" data-id=\"3c1036d\" data-element_type=\"column\">\n\t\t\t<div class=\"elementor-widget-wrap elementor-element-populated\">\n\t\t\t\t\t\t\t\t<div class=\"elementor-element elementor-element-74f869a elementor-widget elementor-widget-image\" data-id=\"74f869a\" data-element_type=\"widget\" data-widget_type=\"image.default\">\n\t\t\t\t<div class=\"elementor-widget-container\">\n\t\t\t\t\t\t\t\t\t\t\t\t\t\t\t\t<a href=\"https:\/\/revistacienciaecultura.org.br\/?artigos=a-sao-paulo-da-semana-barulho-dentro-e-fora-do-theatro\">\n\t\t\t\t\t\t\t<img width=\"1024\" height=\"427\" src=\"https:\/\/revistacienciaecultura.org.br\/wp-content\/uploads\/2022\/06\/CC-2-edicao-artigo-Sa\u0303o-Paulo-da-Semana-capa2-1024x427.jpg\" class=\"attachment-large size-large\" alt=\"\" loading=\"lazy\" srcset=\"https:\/\/revistacienciaecultura.org.br\/wp-content\/uploads\/2022\/06\/CC-2-edicao-artigo-Sa\u0303o-Paulo-da-Semana-capa2-1024x427.jpg 1024w, https:\/\/revistacienciaecultura.org.br\/wp-content\/uploads\/2022\/06\/CC-2-edicao-artigo-Sa\u0303o-Paulo-da-Semana-capa2-300x125.jpg 300w, https:\/\/revistacienciaecultura.org.br\/wp-content\/uploads\/2022\/06\/CC-2-edicao-artigo-Sa\u0303o-Paulo-da-Semana-capa2-768x320.jpg 768w, https:\/\/revistacienciaecultura.org.br\/wp-content\/uploads\/2022\/06\/CC-2-edicao-artigo-Sa\u0303o-Paulo-da-Semana-capa2-18x8.jpg 18w, https:\/\/revistacienciaecultura.org.br\/wp-content\/uploads\/2022\/06\/CC-2-edicao-artigo-Sa\u0303o-Paulo-da-Semana-capa2-800x333.jpg 800w, https:\/\/revistacienciaecultura.org.br\/wp-content\/uploads\/2022\/06\/CC-2-edicao-artigo-Sa\u0303o-Paulo-da-Semana-capa2-1160x483.jpg 1160w, https:\/\/revistacienciaecultura.org.br\/wp-content\/uploads\/2022\/06\/CC-2-edicao-artigo-Sa\u0303o-Paulo-da-Semana-capa2.jpg 1200w\" sizes=\"(max-width: 1024px) 100vw, 1024px\" \/>\t\t\t\t\t\t\t\t<\/a>\n\t\t\t\t\t\t\t\t\t\t\t\t\t\t\t<\/div>\n\t\t\t\t<\/div>\n\t\t\t\t<div class=\"elementor-element elementor-element-ff0f0bc elementor-widget elementor-widget-heading\" data-id=\"ff0f0bc\" data-element_type=\"widget\" data-widget_type=\"heading.default\">\n\t\t\t\t<div class=\"elementor-widget-container\">\n\t\t\t<h2 id=\"a-sao-paulo-da-semana-barulho-dentro-e-fora-do-theatro\" class=\"elementor-heading-title elementor-size-medium\"><a href=\"https:\/\/revistacienciaecultura.org.br\/?artigos=a-sao-paulo-da-semana-barulho-dentro-e-fora-do-theatro\">A S\u00e3o Paulo da Semana: barulho dentro e fora do Theatro<\/a><\/h2>\t\t<\/div>\n\t\t\t\t<\/div>\n\t\t\t\t\t<\/div>\n\t\t<\/div>\n\t\t\t\t\t\t\t<\/div>\n\t\t<\/section>\n\t\t\t\t<section class=\"elementor-section elementor-top-section elementor-element elementor-element-2797dad elementor-section-boxed elementor-section-height-default elementor-section-height-default\" data-id=\"2797dad\" data-element_type=\"section\">\n\t\t\t\t\t\t<div class=\"elementor-container elementor-column-gap-default\">\n\t\t\t\t\t<div class=\"elementor-column elementor-col-33 elementor-top-column elementor-element elementor-element-eee1b6f\" data-id=\"eee1b6f\" data-element_type=\"column\">\n\t\t\t<div class=\"elementor-widget-wrap elementor-element-populated\">\n\t\t\t\t\t\t\t\t<div class=\"elementor-element elementor-element-365247f elementor-widget elementor-widget-image\" data-id=\"365247f\" data-element_type=\"widget\" data-widget_type=\"image.default\">\n\t\t\t\t<div class=\"elementor-widget-container\">\n\t\t\t\t\t\t\t\t\t\t\t\t\t\t\t\t<a href=\"https:\/\/revistacienciaecultura.org.br\/?artigos=gregori-warchavchik-o-arquiteto-da-semana-de-arte-moderna-de-1922\">\n\t\t\t\t\t\t\t<img width=\"1024\" height=\"427\" src=\"https:\/\/revistacienciaecultura.org.br\/wp-content\/uploads\/2022\/07\/CC-2-edicao-artigo-Gregori-Warchavchik-capa1-1024x427.jpg\" class=\"attachment-large size-large\" alt=\"\" loading=\"lazy\" srcset=\"https:\/\/revistacienciaecultura.org.br\/wp-content\/uploads\/2022\/07\/CC-2-edicao-artigo-Gregori-Warchavchik-capa1-1024x427.jpg 1024w, https:\/\/revistacienciaecultura.org.br\/wp-content\/uploads\/2022\/07\/CC-2-edicao-artigo-Gregori-Warchavchik-capa1-300x125.jpg 300w, https:\/\/revistacienciaecultura.org.br\/wp-content\/uploads\/2022\/07\/CC-2-edicao-artigo-Gregori-Warchavchik-capa1-768x320.jpg 768w, https:\/\/revistacienciaecultura.org.br\/wp-content\/uploads\/2022\/07\/CC-2-edicao-artigo-Gregori-Warchavchik-capa1-18x8.jpg 18w, https:\/\/revistacienciaecultura.org.br\/wp-content\/uploads\/2022\/07\/CC-2-edicao-artigo-Gregori-Warchavchik-capa1-800x333.jpg 800w, https:\/\/revistacienciaecultura.org.br\/wp-content\/uploads\/2022\/07\/CC-2-edicao-artigo-Gregori-Warchavchik-capa1-1160x483.jpg 1160w, https:\/\/revistacienciaecultura.org.br\/wp-content\/uploads\/2022\/07\/CC-2-edicao-artigo-Gregori-Warchavchik-capa1.jpg 1200w\" sizes=\"(max-width: 1024px) 100vw, 1024px\" \/>\t\t\t\t\t\t\t\t<\/a>\n\t\t\t\t\t\t\t\t\t\t\t\t\t\t\t<\/div>\n\t\t\t\t<\/div>\n\t\t\t\t<div class=\"elementor-element elementor-element-716e715 elementor-widget elementor-widget-heading\" data-id=\"716e715\" data-element_type=\"widget\" data-widget_type=\"heading.default\">\n\t\t\t\t<div class=\"elementor-widget-container\">\n\t\t\t<h2 id=\"gregori-warchavchik-o-arquiteto-da-semana-de-arte-moderna-de-1922\" class=\"elementor-heading-title elementor-size-medium\"><a href=\"https:\/\/revistacienciaecultura.org.br\/?artigos=gregori-warchavchik-o-arquiteto-da-semana-de-arte-moderna-de-1922\">Gregori Warchavchik, o arquiteto da Semana de Arte Moderna de 1922<\/a><\/h2>\t\t<\/div>\n\t\t\t\t<\/div>\n\t\t\t\t\t<\/div>\n\t\t<\/div>\n\t\t\t\t<div class=\"elementor-column elementor-col-33 elementor-top-column elementor-element elementor-element-dee17e6\" data-id=\"dee17e6\" data-element_type=\"column\">\n\t\t\t<div class=\"elementor-widget-wrap elementor-element-populated\">\n\t\t\t\t\t\t\t\t<div class=\"elementor-element elementor-element-8715918 elementor-widget elementor-widget-image\" data-id=\"8715918\" data-element_type=\"widget\" data-widget_type=\"image.default\">\n\t\t\t\t<div class=\"elementor-widget-container\">\n\t\t\t\t\t\t\t\t\t\t\t\t\t\t\t\t<a href=\"https:\/\/revistacienciaecultura.org.br\/?artigos=tropico-pelo-avesso\">\n\t\t\t\t\t\t\t<img width=\"1024\" height=\"427\" src=\"https:\/\/revistacienciaecultura.org.br\/wp-content\/uploads\/2022\/07\/CC-2-edicao-artigo-Tropicos-pelo-Avesso-capa1-1024x427.jpg\" class=\"attachment-large size-large\" alt=\"\" loading=\"lazy\" srcset=\"https:\/\/revistacienciaecultura.org.br\/wp-content\/uploads\/2022\/07\/CC-2-edicao-artigo-Tropicos-pelo-Avesso-capa1-1024x427.jpg 1024w, https:\/\/revistacienciaecultura.org.br\/wp-content\/uploads\/2022\/07\/CC-2-edicao-artigo-Tropicos-pelo-Avesso-capa1-300x125.jpg 300w, https:\/\/revistacienciaecultura.org.br\/wp-content\/uploads\/2022\/07\/CC-2-edicao-artigo-Tropicos-pelo-Avesso-capa1-768x320.jpg 768w, https:\/\/revistacienciaecultura.org.br\/wp-content\/uploads\/2022\/07\/CC-2-edicao-artigo-Tropicos-pelo-Avesso-capa1-18x8.jpg 18w, https:\/\/revistacienciaecultura.org.br\/wp-content\/uploads\/2022\/07\/CC-2-edicao-artigo-Tropicos-pelo-Avesso-capa1-800x333.jpg 800w, https:\/\/revistacienciaecultura.org.br\/wp-content\/uploads\/2022\/07\/CC-2-edicao-artigo-Tropicos-pelo-Avesso-capa1-1160x483.jpg 1160w, https:\/\/revistacienciaecultura.org.br\/wp-content\/uploads\/2022\/07\/CC-2-edicao-artigo-Tropicos-pelo-Avesso-capa1.jpg 1200w\" sizes=\"(max-width: 1024px) 100vw, 1024px\" \/>\t\t\t\t\t\t\t\t<\/a>\n\t\t\t\t\t\t\t\t\t\t\t\t\t\t\t<\/div>\n\t\t\t\t<\/div>\n\t\t\t\t<div class=\"elementor-element elementor-element-b3ec8bd elementor-widget elementor-widget-heading\" data-id=\"b3ec8bd\" data-element_type=\"widget\" data-widget_type=\"heading.default\">\n\t\t\t\t<div class=\"elementor-widget-container\">\n\t\t\t<h2 id=\"tropico-pelo-avesso\" class=\"elementor-heading-title elementor-size-medium\"><a href=\"https:\/\/revistacienciaecultura.org.br\/?artigos=tropico-pelo-avesso\">Tr\u00f3pico pelo Avesso<\/a><\/h2>\t\t<\/div>\n\t\t\t\t<\/div>\n\t\t\t\t\t<\/div>\n\t\t<\/div>\n\t\t\t\t<div class=\"elementor-column elementor-col-33 elementor-top-column elementor-element elementor-element-8553676\" data-id=\"8553676\" data-element_type=\"column\">\n\t\t\t<div class=\"elementor-widget-wrap elementor-element-populated\">\n\t\t\t\t\t\t\t\t<div class=\"elementor-element elementor-element-db83444 elementor-widget elementor-widget-image\" data-id=\"db83444\" data-element_type=\"widget\" data-widget_type=\"image.default\">\n\t\t\t\t<div class=\"elementor-widget-container\">\n\t\t\t\t\t\t\t\t\t\t\t\t\t\t\t\t<a href=\"https:\/\/revistacienciaecultura.org.br\/?artigos=minas-gerais-modernidade-e-cosmopolitismo-mario-de-andrade-os-mineiros-e-a-reinvencao-do-brasil\">\n\t\t\t\t\t\t\t<img width=\"1024\" height=\"427\" src=\"https:\/\/revistacienciaecultura.org.br\/wp-content\/uploads\/2022\/07\/CC-2-ed-Minas-Gerais-modernidade-e-cosmopolitismo-capa1-1024x427.jpg\" class=\"attachment-large size-large\" alt=\"\" loading=\"lazy\" srcset=\"https:\/\/revistacienciaecultura.org.br\/wp-content\/uploads\/2022\/07\/CC-2-ed-Minas-Gerais-modernidade-e-cosmopolitismo-capa1-1024x427.jpg 1024w, https:\/\/revistacienciaecultura.org.br\/wp-content\/uploads\/2022\/07\/CC-2-ed-Minas-Gerais-modernidade-e-cosmopolitismo-capa1-300x125.jpg 300w, https:\/\/revistacienciaecultura.org.br\/wp-content\/uploads\/2022\/07\/CC-2-ed-Minas-Gerais-modernidade-e-cosmopolitismo-capa1-768x320.jpg 768w, https:\/\/revistacienciaecultura.org.br\/wp-content\/uploads\/2022\/07\/CC-2-ed-Minas-Gerais-modernidade-e-cosmopolitismo-capa1-18x8.jpg 18w, https:\/\/revistacienciaecultura.org.br\/wp-content\/uploads\/2022\/07\/CC-2-ed-Minas-Gerais-modernidade-e-cosmopolitismo-capa1-800x333.jpg 800w, https:\/\/revistacienciaecultura.org.br\/wp-content\/uploads\/2022\/07\/CC-2-ed-Minas-Gerais-modernidade-e-cosmopolitismo-capa1-1160x483.jpg 1160w, https:\/\/revistacienciaecultura.org.br\/wp-content\/uploads\/2022\/07\/CC-2-ed-Minas-Gerais-modernidade-e-cosmopolitismo-capa1.jpg 1200w\" sizes=\"(max-width: 1024px) 100vw, 1024px\" \/>\t\t\t\t\t\t\t\t<\/a>\n\t\t\t\t\t\t\t\t\t\t\t\t\t\t\t<\/div>\n\t\t\t\t<\/div>\n\t\t\t\t<div class=\"elementor-element elementor-element-0d0c193 elementor-widget elementor-widget-heading\" data-id=\"0d0c193\" data-element_type=\"widget\" data-widget_type=\"heading.default\">\n\t\t\t\t<div class=\"elementor-widget-container\">\n\t\t\t<h2 id=\"minas-gerais-modernidade-e-cosmopolitismo\" class=\"elementor-heading-title elementor-size-medium\"><a href=\"https:\/\/revistacienciaecultura.org.br\/?artigos=minas-gerais-modernidade-e-cosmopolitismo-mario-de-andrade-os-mineiros-e-a-reinvencao-do-brasil\">Minas Gerais, modernidade e cosmopolitismo<\/a><\/h2>\t\t<\/div>\n\t\t\t\t<\/div>\n\t\t\t\t\t<\/div>\n\t\t<\/div>\n\t\t\t\t\t\t\t<\/div>\n\t\t<\/section>\n\t\t\t\t<section class=\"elementor-section elementor-top-section elementor-element elementor-element-b17bba0 elementor-section-boxed elementor-section-height-default elementor-section-height-default\" data-id=\"b17bba0\" data-element_type=\"section\">\n\t\t\t\t\t\t<div class=\"elementor-container elementor-column-gap-default\">\n\t\t\t\t\t<div class=\"elementor-column elementor-col-33 elementor-top-column elementor-element elementor-element-8fd281f\" data-id=\"8fd281f\" data-element_type=\"column\">\n\t\t\t<div class=\"elementor-widget-wrap elementor-element-populated\">\n\t\t\t\t\t\t\t\t<div class=\"elementor-element elementor-element-d644d8d elementor-widget elementor-widget-image\" data-id=\"d644d8d\" data-element_type=\"widget\" data-widget_type=\"image.default\">\n\t\t\t\t<div class=\"elementor-widget-container\">\n\t\t\t\t\t\t\t\t\t\t\t\t\t\t\t\t<a href=\"https:\/\/revistacienciaecultura.org.br\/?artigos=antropofagia-ontem-e-hoje\">\n\t\t\t\t\t\t\t<img width=\"1024\" height=\"427\" src=\"https:\/\/revistacienciaecultura.org.br\/wp-content\/uploads\/2022\/05\/abaporu1-1024x427.jpg\" class=\"attachment-large size-large\" alt=\"\" loading=\"lazy\" srcset=\"https:\/\/revistacienciaecultura.org.br\/wp-content\/uploads\/2022\/05\/abaporu1-1024x427.jpg 1024w, https:\/\/revistacienciaecultura.org.br\/wp-content\/uploads\/2022\/05\/abaporu1-300x125.jpg 300w, https:\/\/revistacienciaecultura.org.br\/wp-content\/uploads\/2022\/05\/abaporu1-768x320.jpg 768w, https:\/\/revistacienciaecultura.org.br\/wp-content\/uploads\/2022\/05\/abaporu1-18x8.jpg 18w, https:\/\/revistacienciaecultura.org.br\/wp-content\/uploads\/2022\/05\/abaporu1-800x333.jpg 800w, https:\/\/revistacienciaecultura.org.br\/wp-content\/uploads\/2022\/05\/abaporu1-1160x483.jpg 1160w, https:\/\/revistacienciaecultura.org.br\/wp-content\/uploads\/2022\/05\/abaporu1.jpg 1200w\" sizes=\"(max-width: 1024px) 100vw, 1024px\" \/>\t\t\t\t\t\t\t\t<\/a>\n\t\t\t\t\t\t\t\t\t\t\t\t\t\t\t<\/div>\n\t\t\t\t<\/div>\n\t\t\t\t<div class=\"elementor-element elementor-element-2065f2c elementor-widget elementor-widget-heading\" data-id=\"2065f2c\" data-element_type=\"widget\" data-widget_type=\"heading.default\">\n\t\t\t\t<div class=\"elementor-widget-container\">\n\t\t\t<h2 id=\"antropofagia-ontem-e-hoje\" class=\"elementor-heading-title elementor-size-medium\"><a href=\"https:\/\/revistacienciaecultura.org.br\/?artigos=antropofagia-ontem-e-hoje\">Antropofagia ontem e hoje<\/a><\/h2>\t\t<\/div>\n\t\t\t\t<\/div>\n\t\t\t\t<div class=\"elementor-element elementor-element-98de33b elementor-widget__width-auto elementor-widget elementor-widget-heading\" data-id=\"98de33b\" data-element_type=\"widget\" data-widget_type=\"heading.default\">\n\t\t\t\t<div class=\"elementor-widget-container\">\n\t\t\t<h6 id=\"opiniao\" class=\"elementor-heading-title elementor-size-default\">Opini\u00e3o  <\/h6>\t\t<\/div>\n\t\t\t\t<\/div>\n\t\t\t\t\t<\/div>\n\t\t<\/div>\n\t\t\t\t<div class=\"elementor-column elementor-col-33 elementor-top-column elementor-element elementor-element-9ea0a94\" data-id=\"9ea0a94\" data-element_type=\"column\">\n\t\t\t<div class=\"elementor-widget-wrap\">\n\t\t\t\t\t\t\t\t\t<\/div>\n\t\t<\/div>\n\t\t\t\t<div class=\"elementor-column elementor-col-33 elementor-top-column elementor-element elementor-element-03e2982\" data-id=\"03e2982\" data-element_type=\"column\">\n\t\t\t<div class=\"elementor-widget-wrap\">\n\t\t\t\t\t\t\t\t\t<\/div>\n\t\t<\/div>\n\t\t\t\t\t\t\t<\/div>\n\t\t<\/section>\n\t\t\t\t<section class=\"elementor-section elementor-top-section elementor-element elementor-element-084f834 elementor-section-boxed elementor-section-height-default elementor-section-height-default\" data-id=\"084f834\" data-element_type=\"section\">\n\t\t\t\t\t\t<div class=\"elementor-container elementor-column-gap-default\">\n\t\t\t\t\t<div class=\"elementor-column elementor-col-33 elementor-top-column elementor-element elementor-element-1010d38\" data-id=\"1010d38\" data-element_type=\"column\">\n\t\t\t<div class=\"elementor-widget-wrap elementor-element-populated\">\n\t\t\t\t\t\t\t\t<div class=\"elementor-element elementor-element-47b378b elementor-widget elementor-widget-image\" data-id=\"47b378b\" data-element_type=\"widget\" data-widget_type=\"image.default\">\n\t\t\t\t<div class=\"elementor-widget-container\">\n\t\t\t\t\t\t\t\t\t\t\t\t\t\t\t\t<a href=\"https:\/\/revistacienciaecultura.org.br\/?p=2289\">\n\t\t\t\t\t\t\t<img width=\"1024\" height=\"437\" src=\"https:\/\/revistacienciaecultura.org.br\/wp-content\/uploads\/2022\/05\/CC-2-edicao-reportagem-Referencias-indigenas-capa1-1024x437.jpg\" class=\"attachment-large size-large\" alt=\"\" loading=\"lazy\" srcset=\"https:\/\/revistacienciaecultura.org.br\/wp-content\/uploads\/2022\/05\/CC-2-edicao-reportagem-Referencias-indigenas-capa1-1024x437.jpg 1024w, https:\/\/revistacienciaecultura.org.br\/wp-content\/uploads\/2022\/05\/CC-2-edicao-reportagem-Referencias-indigenas-capa1-300x128.jpg 300w, https:\/\/revistacienciaecultura.org.br\/wp-content\/uploads\/2022\/05\/CC-2-edicao-reportagem-Referencias-indigenas-capa1-768x328.jpg 768w, https:\/\/revistacienciaecultura.org.br\/wp-content\/uploads\/2022\/05\/CC-2-edicao-reportagem-Referencias-indigenas-capa1-18x8.jpg 18w, https:\/\/revistacienciaecultura.org.br\/wp-content\/uploads\/2022\/05\/CC-2-edicao-reportagem-Referencias-indigenas-capa1-800x341.jpg 800w, https:\/\/revistacienciaecultura.org.br\/wp-content\/uploads\/2022\/05\/CC-2-edicao-reportagem-Referencias-indigenas-capa1-1160x495.jpg 1160w, https:\/\/revistacienciaecultura.org.br\/wp-content\/uploads\/2022\/05\/CC-2-edicao-reportagem-Referencias-indigenas-capa1.jpg 1200w\" sizes=\"(max-width: 1024px) 100vw, 1024px\" \/>\t\t\t\t\t\t\t\t<\/a>\n\t\t\t\t\t\t\t\t\t\t\t\t\t\t\t<\/div>\n\t\t\t\t<\/div>\n\t\t\t\t<div class=\"elementor-element elementor-element-e7d6d56 elementor-widget elementor-widget-heading\" data-id=\"e7d6d56\" data-element_type=\"widget\" data-widget_type=\"heading.default\">\n\t\t\t\t<div class=\"elementor-widget-container\">\n\t\t\t<h2 id=\"a-semana-o-modernismo-linha-do-tempo\" class=\"elementor-heading-title elementor-size-medium\"><a href=\"https:\/\/revistacienciaecultura.org.br\/?p=2289\">A semana, o modernismo \u2013 linha do tempo<\/a><\/h2>\t\t<\/div>\n\t\t\t\t<\/div>\n\t\t\t\t\t<\/div>\n\t\t<\/div>\n\t\t\t\t<div class=\"elementor-column elementor-col-33 elementor-top-column elementor-element elementor-element-7cb6e3b\" data-id=\"7cb6e3b\" data-element_type=\"column\">\n\t\t\t<div class=\"elementor-widget-wrap elementor-element-populated\">\n\t\t\t\t\t\t\t\t<div class=\"elementor-element elementor-element-28f5316 elementor-widget elementor-widget-image\" data-id=\"28f5316\" data-element_type=\"widget\" data-widget_type=\"image.default\">\n\t\t\t\t<div class=\"elementor-widget-container\">\n\t\t\t\t\t\t\t\t\t\t\t\t\t\t\t\t<a href=\"https:\/\/revistacienciaecultura.org.br\/?p=1713\">\n\t\t\t\t\t\t\t<img width=\"1024\" height=\"435\" src=\"https:\/\/revistacienciaecultura.org.br\/wp-content\/uploads\/2022\/05\/CC-2-edicao-opiniao-Modernismo-passadismo-e-tradic\u0327a\u0303o-capa-1024x435.jpg\" class=\"attachment-large size-large\" alt=\"\" loading=\"lazy\" srcset=\"https:\/\/revistacienciaecultura.org.br\/wp-content\/uploads\/2022\/05\/CC-2-edicao-opiniao-Modernismo-passadismo-e-tradic\u0327a\u0303o-capa-1024x435.jpg 1024w, https:\/\/revistacienciaecultura.org.br\/wp-content\/uploads\/2022\/05\/CC-2-edicao-opiniao-Modernismo-passadismo-e-tradic\u0327a\u0303o-capa-300x128.jpg 300w, https:\/\/revistacienciaecultura.org.br\/wp-content\/uploads\/2022\/05\/CC-2-edicao-opiniao-Modernismo-passadismo-e-tradic\u0327a\u0303o-capa-768x326.jpg 768w, https:\/\/revistacienciaecultura.org.br\/wp-content\/uploads\/2022\/05\/CC-2-edicao-opiniao-Modernismo-passadismo-e-tradic\u0327a\u0303o-capa-18x8.jpg 18w, https:\/\/revistacienciaecultura.org.br\/wp-content\/uploads\/2022\/05\/CC-2-edicao-opiniao-Modernismo-passadismo-e-tradic\u0327a\u0303o-capa-800x340.jpg 800w, https:\/\/revistacienciaecultura.org.br\/wp-content\/uploads\/2022\/05\/CC-2-edicao-opiniao-Modernismo-passadismo-e-tradic\u0327a\u0303o-capa-1160x493.jpg 1160w, https:\/\/revistacienciaecultura.org.br\/wp-content\/uploads\/2022\/05\/CC-2-edicao-opiniao-Modernismo-passadismo-e-tradic\u0327a\u0303o-capa.jpg 1200w\" sizes=\"(max-width: 1024px) 100vw, 1024px\" \/>\t\t\t\t\t\t\t\t<\/a>\n\t\t\t\t\t\t\t\t\t\t\t\t\t\t\t<\/div>\n\t\t\t\t<\/div>\n\t\t\t\t<div class=\"elementor-element elementor-element-af50b7f elementor-widget elementor-widget-heading\" data-id=\"af50b7f\" data-element_type=\"widget\" data-widget_type=\"heading.default\">\n\t\t\t\t<div class=\"elementor-widget-container\">\n\t\t\t<h2 id=\"modernismo-passadismo-e-tradicao\" class=\"elementor-heading-title elementor-size-medium\"><a href=\"https:\/\/revistacienciaecultura.org.br\/?p=2223\">Modernismo, passadismo e tradi\u00e7\u00e3o<\/a><\/h2>\t\t<\/div>\n\t\t\t\t<\/div>\n\t\t\t\t\t<\/div>\n\t\t<\/div>\n\t\t\t\t<div class=\"elementor-column elementor-col-33 elementor-top-column elementor-element elementor-element-c2860c8\" data-id=\"c2860c8\" data-element_type=\"column\">\n\t\t\t<div class=\"elementor-widget-wrap elementor-element-populated\">\n\t\t\t\t\t\t\t\t<div class=\"elementor-element elementor-element-055c99d elementor-widget elementor-widget-image\" data-id=\"055c99d\" data-element_type=\"widget\" data-widget_type=\"image.default\">\n\t\t\t\t<div class=\"elementor-widget-container\">\n\t\t\t\t\t\t\t\t\t\t\t\t\t\t\t\t<a href=\"https:\/\/revistacienciaecultura.org.br\/?p=2213\">\n\t\t\t\t\t\t\t<img width=\"1024\" height=\"427\" src=\"https:\/\/revistacienciaecultura.org.br\/wp-content\/uploads\/2022\/05\/CC-2-edicao-opiniao-fotografia-moderna-de-lobato-e-mario-capa1-1024x427.jpg\" class=\"attachment-large size-large\" alt=\"\" loading=\"lazy\" srcset=\"https:\/\/revistacienciaecultura.org.br\/wp-content\/uploads\/2022\/05\/CC-2-edicao-opiniao-fotografia-moderna-de-lobato-e-mario-capa1-1024x427.jpg 1024w, https:\/\/revistacienciaecultura.org.br\/wp-content\/uploads\/2022\/05\/CC-2-edicao-opiniao-fotografia-moderna-de-lobato-e-mario-capa1-300x125.jpg 300w, https:\/\/revistacienciaecultura.org.br\/wp-content\/uploads\/2022\/05\/CC-2-edicao-opiniao-fotografia-moderna-de-lobato-e-mario-capa1-768x320.jpg 768w, https:\/\/revistacienciaecultura.org.br\/wp-content\/uploads\/2022\/05\/CC-2-edicao-opiniao-fotografia-moderna-de-lobato-e-mario-capa1-18x8.jpg 18w, https:\/\/revistacienciaecultura.org.br\/wp-content\/uploads\/2022\/05\/CC-2-edicao-opiniao-fotografia-moderna-de-lobato-e-mario-capa1-800x333.jpg 800w, https:\/\/revistacienciaecultura.org.br\/wp-content\/uploads\/2022\/05\/CC-2-edicao-opiniao-fotografia-moderna-de-lobato-e-mario-capa1-1160x483.jpg 1160w, https:\/\/revistacienciaecultura.org.br\/wp-content\/uploads\/2022\/05\/CC-2-edicao-opiniao-fotografia-moderna-de-lobato-e-mario-capa1.jpg 1200w\" sizes=\"(max-width: 1024px) 100vw, 1024px\" \/>\t\t\t\t\t\t\t\t<\/a>\n\t\t\t\t\t\t\t\t\t\t\t\t\t\t\t<\/div>\n\t\t\t\t<\/div>\n\t\t\t\t<div class=\"elementor-element elementor-element-f7b21a1 elementor-widget elementor-widget-heading\" data-id=\"f7b21a1\" data-element_type=\"widget\" data-widget_type=\"heading.default\">\n\t\t\t\t<div class=\"elementor-widget-container\">\n\t\t\t<h2 id=\"a-fotografia-moderna-de-monteiro-lobato-e-mario-de-andrade\" class=\"elementor-heading-title elementor-size-medium\"><a href=\"https:\/\/revistacienciaecultura.org.br\/?p=2223\">A Fotografia moderna de Monteiro Lobato e M\u00e1rio de Andrade<\/a><\/h2>\t\t<\/div>\n\t\t\t\t<\/div>\n\t\t\t\t\t<\/div>\n\t\t<\/div>\n\t\t\t\t\t\t\t<\/div>\n\t\t<\/section>\n\t\t\t\t<section class=\"elementor-section elementor-top-section elementor-element elementor-element-59b45c9 elementor-section-boxed elementor-section-height-default elementor-section-height-default\" data-id=\"59b45c9\" data-element_type=\"section\">\n\t\t\t\t\t\t<div class=\"elementor-container elementor-column-gap-default\">\n\t\t\t\t\t<div class=\"elementor-column elementor-col-33 elementor-top-column elementor-element elementor-element-2842452\" data-id=\"2842452\" data-element_type=\"column\">\n\t\t\t<div class=\"elementor-widget-wrap elementor-element-populated\">\n\t\t\t\t\t\t\t\t<div class=\"elementor-element elementor-element-049aea6 elementor-widget elementor-widget-image\" data-id=\"049aea6\" data-element_type=\"widget\" data-widget_type=\"image.default\">\n\t\t\t\t<div class=\"elementor-widget-container\">\n\t\t\t\t\t\t\t\t\t\t\t\t\t\t\t\t<a href=\"https:\/\/revistacienciaecultura.org.br\/?p=2338\">\n\t\t\t\t\t\t\t<img width=\"1024\" height=\"440\" src=\"https:\/\/revistacienciaecultura.org.br\/wp-content\/uploads\/2022\/06\/CC-2-edicao-opiniao-O-modernismo-paulista-capa3-1024x440.jpg\" class=\"attachment-large size-large\" alt=\"\" loading=\"lazy\" srcset=\"https:\/\/revistacienciaecultura.org.br\/wp-content\/uploads\/2022\/06\/CC-2-edicao-opiniao-O-modernismo-paulista-capa3-1024x440.jpg 1024w, https:\/\/revistacienciaecultura.org.br\/wp-content\/uploads\/2022\/06\/CC-2-edicao-opiniao-O-modernismo-paulista-capa3-300x129.jpg 300w, https:\/\/revistacienciaecultura.org.br\/wp-content\/uploads\/2022\/06\/CC-2-edicao-opiniao-O-modernismo-paulista-capa3-768x330.jpg 768w, https:\/\/revistacienciaecultura.org.br\/wp-content\/uploads\/2022\/06\/CC-2-edicao-opiniao-O-modernismo-paulista-capa3-18x8.jpg 18w, https:\/\/revistacienciaecultura.org.br\/wp-content\/uploads\/2022\/06\/CC-2-edicao-opiniao-O-modernismo-paulista-capa3-800x343.jpg 800w, https:\/\/revistacienciaecultura.org.br\/wp-content\/uploads\/2022\/06\/CC-2-edicao-opiniao-O-modernismo-paulista-capa3-1160x498.jpg 1160w, https:\/\/revistacienciaecultura.org.br\/wp-content\/uploads\/2022\/06\/CC-2-edicao-opiniao-O-modernismo-paulista-capa3.jpg 1195w\" sizes=\"(max-width: 1024px) 100vw, 1024px\" \/>\t\t\t\t\t\t\t\t<\/a>\n\t\t\t\t\t\t\t\t\t\t\t\t\t\t\t<\/div>\n\t\t\t\t<\/div>\n\t\t\t\t<div class=\"elementor-element elementor-element-7f008be elementor-widget elementor-widget-heading\" data-id=\"7f008be\" data-element_type=\"widget\" data-widget_type=\"heading.default\">\n\t\t\t\t<div class=\"elementor-widget-container\">\n\t\t\t<h2 id=\"o-modernismo-paulista-nao-e-a-totalidade\" class=\"elementor-heading-title elementor-size-medium\"><a href=\"https:\/\/revistacienciaecultura.org.br\/?p=2338\">O modernismo paulista n\u00e3o \u00e9 a totalidade<\/a><\/h2>\t\t<\/div>\n\t\t\t\t<\/div>\n\t\t\t\t\t<\/div>\n\t\t<\/div>\n\t\t\t\t<div class=\"elementor-column elementor-col-33 elementor-top-column elementor-element elementor-element-c117cf6\" data-id=\"c117cf6\" data-element_type=\"column\">\n\t\t\t<div class=\"elementor-widget-wrap elementor-element-populated\">\n\t\t\t\t\t\t\t\t<div class=\"elementor-element elementor-element-f35f19a elementor-widget elementor-widget-image\" data-id=\"f35f19a\" data-element_type=\"widget\" data-widget_type=\"image.default\">\n\t\t\t\t<div class=\"elementor-widget-container\">\n\t\t\t\t\t\t\t\t\t\t\t\t\t\t\t\t<a href=\"https:\/\/revistacienciaecultura.org.br\/?p=2422\">\n\t\t\t\t\t\t\t<img width=\"1024\" height=\"427\" src=\"https:\/\/revistacienciaecultura.org.br\/wp-content\/uploads\/2022\/07\/semana-22-1-1024x427.jpg\" class=\"attachment-large size-large\" alt=\"\" loading=\"lazy\" srcset=\"https:\/\/revistacienciaecultura.org.br\/wp-content\/uploads\/2022\/07\/semana-22-1-1024x427.jpg 1024w, https:\/\/revistacienciaecultura.org.br\/wp-content\/uploads\/2022\/07\/semana-22-1-300x125.jpg 300w, https:\/\/revistacienciaecultura.org.br\/wp-content\/uploads\/2022\/07\/semana-22-1-768x320.jpg 768w, https:\/\/revistacienciaecultura.org.br\/wp-content\/uploads\/2022\/07\/semana-22-1-18x8.jpg 18w, https:\/\/revistacienciaecultura.org.br\/wp-content\/uploads\/2022\/07\/semana-22-1-800x333.jpg 800w, https:\/\/revistacienciaecultura.org.br\/wp-content\/uploads\/2022\/07\/semana-22-1-1160x483.jpg 1160w, https:\/\/revistacienciaecultura.org.br\/wp-content\/uploads\/2022\/07\/semana-22-1.jpg 1200w\" sizes=\"(max-width: 1024px) 100vw, 1024px\" \/>\t\t\t\t\t\t\t\t<\/a>\n\t\t\t\t\t\t\t\t\t\t\t\t\t\t\t<\/div>\n\t\t\t\t<\/div>\n\t\t\t\t<div class=\"elementor-element elementor-element-701d07c elementor-widget elementor-widget-heading\" data-id=\"701d07c\" data-element_type=\"widget\" data-widget_type=\"heading.default\">\n\t\t\t\t<div class=\"elementor-widget-container\">\n\t\t\t<h2 id=\"auto-historiografia-modernista-a-opiniao-dos-documentos\" class=\"elementor-heading-title elementor-size-medium\"><a href=\"https:\/\/revistacienciaecultura.org.br\/?p=2422\">Auto-historiografia modernista: a opini\u00e3o dos documentos<\/a><\/h2>\t\t<\/div>\n\t\t\t\t<\/div>\n\t\t\t\t\t<\/div>\n\t\t<\/div>\n\t\t\t\t<div class=\"elementor-column elementor-col-33 elementor-top-column elementor-element elementor-element-cc07ae4\" data-id=\"cc07ae4\" data-element_type=\"column\">\n\t\t\t<div class=\"elementor-widget-wrap\">\n\t\t\t\t\t\t\t\t\t<\/div>\n\t\t<\/div>\n\t\t\t\t\t\t\t<\/div>\n\t\t<\/section>\n\t\t\t\t<section class=\"elementor-section elementor-top-section elementor-element elementor-element-2217d02 elementor-section-boxed elementor-section-height-default elementor-section-height-default\" data-id=\"2217d02\" data-element_type=\"section\">\n\t\t\t\t\t\t<div class=\"elementor-container elementor-column-gap-default\">\n\t\t\t\t\t<div class=\"elementor-column elementor-col-100 elementor-top-column elementor-element elementor-element-c9e0703\" data-id=\"c9e0703\" data-element_type=\"column\">\n\t\t\t<div class=\"elementor-widget-wrap elementor-element-populated\">\n\t\t\t\t\t\t\t\t<div class=\"elementor-element elementor-element-8af7a0c elementor-widget__width-auto elementor-widget elementor-widget-heading\" data-id=\"8af7a0c\" data-element_type=\"widget\" data-widget_type=\"heading.default\">\n\t\t\t\t<div class=\"elementor-widget-container\">\n\t\t\t<h6 id=\"reportagens\" class=\"elementor-heading-title elementor-size-default\">Reportagens  <\/h6>\t\t<\/div>\n\t\t\t\t<\/div>\n\t\t\t\t\t<\/div>\n\t\t<\/div>\n\t\t\t\t\t\t\t<\/div>\n\t\t<\/section>\n\t\t\t\t<section class=\"elementor-section elementor-top-section elementor-element elementor-element-a95a4b9 elementor-section-boxed elementor-section-height-default elementor-section-height-default\" data-id=\"a95a4b9\" data-element_type=\"section\">\n\t\t\t\t\t\t<div class=\"elementor-container elementor-column-gap-default\">\n\t\t\t\t\t<div class=\"elementor-column elementor-col-33 elementor-top-column elementor-element elementor-element-d7d9272\" data-id=\"d7d9272\" data-element_type=\"column\">\n\t\t\t<div class=\"elementor-widget-wrap elementor-element-populated\">\n\t\t\t\t\t\t\t\t<div class=\"elementor-element elementor-element-3a42128 elementor-widget elementor-widget-image\" data-id=\"3a42128\" data-element_type=\"widget\" data-widget_type=\"image.default\">\n\t\t\t\t<div class=\"elementor-widget-container\">\n\t\t\t\t\t\t\t\t\t\t\t\t\t\t\t\t<a href=\"https:\/\/revistacienciaecultura.org.br\/?p=2233\">\n\t\t\t\t\t\t\t<img width=\"1024\" height=\"427\" src=\"https:\/\/revistacienciaecultura.org.br\/wp-content\/uploads\/2022\/05\/CC-2-edicao-reportagem-O-Modernismo-ale\u0301m-de-Sa\u0303o-Paulo-capa-1024x427.jpg\" class=\"attachment-large size-large\" alt=\"\" loading=\"lazy\" srcset=\"https:\/\/revistacienciaecultura.org.br\/wp-content\/uploads\/2022\/05\/CC-2-edicao-reportagem-O-Modernismo-ale\u0301m-de-Sa\u0303o-Paulo-capa-1024x427.jpg 1024w, https:\/\/revistacienciaecultura.org.br\/wp-content\/uploads\/2022\/05\/CC-2-edicao-reportagem-O-Modernismo-ale\u0301m-de-Sa\u0303o-Paulo-capa-300x125.jpg 300w, https:\/\/revistacienciaecultura.org.br\/wp-content\/uploads\/2022\/05\/CC-2-edicao-reportagem-O-Modernismo-ale\u0301m-de-Sa\u0303o-Paulo-capa-768x320.jpg 768w, https:\/\/revistacienciaecultura.org.br\/wp-content\/uploads\/2022\/05\/CC-2-edicao-reportagem-O-Modernismo-ale\u0301m-de-Sa\u0303o-Paulo-capa-18x8.jpg 18w, https:\/\/revistacienciaecultura.org.br\/wp-content\/uploads\/2022\/05\/CC-2-edicao-reportagem-O-Modernismo-ale\u0301m-de-Sa\u0303o-Paulo-capa-800x333.jpg 800w, https:\/\/revistacienciaecultura.org.br\/wp-content\/uploads\/2022\/05\/CC-2-edicao-reportagem-O-Modernismo-ale\u0301m-de-Sa\u0303o-Paulo-capa-1160x483.jpg 1160w, https:\/\/revistacienciaecultura.org.br\/wp-content\/uploads\/2022\/05\/CC-2-edicao-reportagem-O-Modernismo-ale\u0301m-de-Sa\u0303o-Paulo-capa.jpg 1200w\" sizes=\"(max-width: 1024px) 100vw, 1024px\" \/>\t\t\t\t\t\t\t\t<\/a>\n\t\t\t\t\t\t\t\t\t\t\t\t\t\t\t<\/div>\n\t\t\t\t<\/div>\n\t\t\t\t<div class=\"elementor-element elementor-element-963418f elementor-widget elementor-widget-heading\" data-id=\"963418f\" data-element_type=\"widget\" data-widget_type=\"heading.default\">\n\t\t\t\t<div class=\"elementor-widget-container\">\n\t\t\t<h2 id=\"o-modernismo-alem-de-sao-paulo\" class=\"elementor-heading-title elementor-size-medium\"><a href=\"https:\/\/revistacienciaecultura.org.br\/?p=2233\">O Modernismo al\u00e9m de S\u00e3o Paulo<\/a><\/h2>\t\t<\/div>\n\t\t\t\t<\/div>\n\t\t\t\t\t<\/div>\n\t\t<\/div>\n\t\t\t\t<div class=\"elementor-column elementor-col-33 elementor-top-column elementor-element elementor-element-72ff5db\" data-id=\"72ff5db\" data-element_type=\"column\">\n\t\t\t<div class=\"elementor-widget-wrap elementor-element-populated\">\n\t\t\t\t\t\t\t\t<div class=\"elementor-element elementor-element-e8e48a1 elementor-widget elementor-widget-image\" data-id=\"e8e48a1\" data-element_type=\"widget\" data-widget_type=\"image.default\">\n\t\t\t\t<div class=\"elementor-widget-container\">\n\t\t\t\t\t\t\t\t\t\t\t\t\t\t\t\t<a href=\"https:\/\/revistacienciaecultura.org.br\/?p=2228\">\n\t\t\t\t\t\t\t<img width=\"1024\" height=\"435\" src=\"https:\/\/revistacienciaecultura.org.br\/wp-content\/uploads\/2022\/05\/CC-2-edicao-reportagem-presencafeminina-capa-1024x435.jpg\" class=\"attachment-large size-large\" alt=\"\" loading=\"lazy\" srcset=\"https:\/\/revistacienciaecultura.org.br\/wp-content\/uploads\/2022\/05\/CC-2-edicao-reportagem-presencafeminina-capa-1024x435.jpg 1024w, https:\/\/revistacienciaecultura.org.br\/wp-content\/uploads\/2022\/05\/CC-2-edicao-reportagem-presencafeminina-capa-300x128.jpg 300w, https:\/\/revistacienciaecultura.org.br\/wp-content\/uploads\/2022\/05\/CC-2-edicao-reportagem-presencafeminina-capa-768x326.jpg 768w, https:\/\/revistacienciaecultura.org.br\/wp-content\/uploads\/2022\/05\/CC-2-edicao-reportagem-presencafeminina-capa-18x8.jpg 18w, https:\/\/revistacienciaecultura.org.br\/wp-content\/uploads\/2022\/05\/CC-2-edicao-reportagem-presencafeminina-capa-800x340.jpg 800w, https:\/\/revistacienciaecultura.org.br\/wp-content\/uploads\/2022\/05\/CC-2-edicao-reportagem-presencafeminina-capa-1160x493.jpg 1160w, https:\/\/revistacienciaecultura.org.br\/wp-content\/uploads\/2022\/05\/CC-2-edicao-reportagem-presencafeminina-capa.jpg 1200w\" sizes=\"(max-width: 1024px) 100vw, 1024px\" \/>\t\t\t\t\t\t\t\t<\/a>\n\t\t\t\t\t\t\t\t\t\t\t\t\t\t\t<\/div>\n\t\t\t\t<\/div>\n\t\t\t\t<div class=\"elementor-element elementor-element-5ecdd38 elementor-widget elementor-widget-heading\" data-id=\"5ecdd38\" data-element_type=\"widget\" data-widget_type=\"heading.default\">\n\t\t\t\t<div class=\"elementor-widget-container\">\n\t\t\t<h2 id=\"presenca-feminina-na-semana-de-22\" class=\"elementor-heading-title elementor-size-medium\"><a href=\"https:\/\/revistacienciaecultura.org.br\/?p=2228\">Presen\u00e7a feminina na Semana de 22<\/a><\/h2>\t\t<\/div>\n\t\t\t\t<\/div>\n\t\t\t\t\t<\/div>\n\t\t<\/div>\n\t\t\t\t<div class=\"elementor-column elementor-col-33 elementor-top-column elementor-element elementor-element-87f8a86\" data-id=\"87f8a86\" data-element_type=\"column\">\n\t\t\t<div class=\"elementor-widget-wrap elementor-element-populated\">\n\t\t\t\t\t\t\t\t<div class=\"elementor-element elementor-element-2dc135e elementor-widget elementor-widget-image\" data-id=\"2dc135e\" data-element_type=\"widget\" data-widget_type=\"image.default\">\n\t\t\t\t<div class=\"elementor-widget-container\">\n\t\t\t\t\t\t\t\t\t\t\t\t\t\t\t\t<a href=\"https:\/\/revistacienciaecultura.org.br\/?p=2348\">\n\t\t\t\t\t\t\t<img width=\"1024\" height=\"427\" src=\"https:\/\/revistacienciaecultura.org.br\/wp-content\/uploads\/2022\/06\/CC-2-edicao-reportagem-modernismo-no-mundo-capa1-1024x427.jpg\" class=\"attachment-large size-large\" alt=\"\" loading=\"lazy\" srcset=\"https:\/\/revistacienciaecultura.org.br\/wp-content\/uploads\/2022\/06\/CC-2-edicao-reportagem-modernismo-no-mundo-capa1-1024x427.jpg 1024w, https:\/\/revistacienciaecultura.org.br\/wp-content\/uploads\/2022\/06\/CC-2-edicao-reportagem-modernismo-no-mundo-capa1-300x125.jpg 300w, https:\/\/revistacienciaecultura.org.br\/wp-content\/uploads\/2022\/06\/CC-2-edicao-reportagem-modernismo-no-mundo-capa1-768x320.jpg 768w, https:\/\/revistacienciaecultura.org.br\/wp-content\/uploads\/2022\/06\/CC-2-edicao-reportagem-modernismo-no-mundo-capa1-18x8.jpg 18w, https:\/\/revistacienciaecultura.org.br\/wp-content\/uploads\/2022\/06\/CC-2-edicao-reportagem-modernismo-no-mundo-capa1-800x333.jpg 800w, https:\/\/revistacienciaecultura.org.br\/wp-content\/uploads\/2022\/06\/CC-2-edicao-reportagem-modernismo-no-mundo-capa1-1160x483.jpg 1160w, https:\/\/revistacienciaecultura.org.br\/wp-content\/uploads\/2022\/06\/CC-2-edicao-reportagem-modernismo-no-mundo-capa1.jpg 1200w\" sizes=\"(max-width: 1024px) 100vw, 1024px\" \/>\t\t\t\t\t\t\t\t<\/a>\n\t\t\t\t\t\t\t\t\t\t\t\t\t\t\t<\/div>\n\t\t\t\t<\/div>\n\t\t\t\t<div class=\"elementor-element elementor-element-2552c11 elementor-widget elementor-widget-heading\" data-id=\"2552c11\" data-element_type=\"widget\" data-widget_type=\"heading.default\">\n\t\t\t\t<div class=\"elementor-widget-container\">\n\t\t\t<h2 id=\"o-mundo-e-moderno\" class=\"elementor-heading-title elementor-size-medium\"><a href=\"https:\/\/revistacienciaecultura.org.br\/?p=2348\">O mundo \u00e9 moderno<\/a><\/h2>\t\t<\/div>\n\t\t\t\t<\/div>\n\t\t\t\t\t<\/div>\n\t\t<\/div>\n\t\t\t\t\t\t\t<\/div>\n\t\t<\/section>\n\t\t\t\t<section class=\"elementor-section elementor-top-section elementor-element elementor-element-cd1dd98 elementor-section-boxed elementor-section-height-default elementor-section-height-default\" data-id=\"cd1dd98\" data-element_type=\"section\">\n\t\t\t\t\t\t<div class=\"elementor-container elementor-column-gap-default\">\n\t\t\t\t\t<div class=\"elementor-column elementor-col-33 elementor-top-column elementor-element elementor-element-ddf62a7\" data-id=\"ddf62a7\" data-element_type=\"column\">\n\t\t\t<div class=\"elementor-widget-wrap elementor-element-populated\">\n\t\t\t\t\t\t\t\t<div class=\"elementor-element elementor-element-aaea4d7 elementor-widget elementor-widget-image\" data-id=\"aaea4d7\" data-element_type=\"widget\" data-widget_type=\"image.default\">\n\t\t\t\t<div class=\"elementor-widget-container\">\n\t\t\t\t\t\t\t\t\t\t\t\t\t\t\t\t<a href=\"https:\/\/revistacienciaecultura.org.br\/?p=2240\">\n\t\t\t\t\t\t\t<img width=\"1024\" height=\"437\" src=\"https:\/\/revistacienciaecultura.org.br\/wp-content\/uploads\/2022\/05\/CC-2-edicao-reportagem-Referencias-indigenas-capa1-1024x437.jpg\" class=\"attachment-large size-large\" alt=\"\" loading=\"lazy\" srcset=\"https:\/\/revistacienciaecultura.org.br\/wp-content\/uploads\/2022\/05\/CC-2-edicao-reportagem-Referencias-indigenas-capa1-1024x437.jpg 1024w, https:\/\/revistacienciaecultura.org.br\/wp-content\/uploads\/2022\/05\/CC-2-edicao-reportagem-Referencias-indigenas-capa1-300x128.jpg 300w, https:\/\/revistacienciaecultura.org.br\/wp-content\/uploads\/2022\/05\/CC-2-edicao-reportagem-Referencias-indigenas-capa1-768x328.jpg 768w, https:\/\/revistacienciaecultura.org.br\/wp-content\/uploads\/2022\/05\/CC-2-edicao-reportagem-Referencias-indigenas-capa1-18x8.jpg 18w, https:\/\/revistacienciaecultura.org.br\/wp-content\/uploads\/2022\/05\/CC-2-edicao-reportagem-Referencias-indigenas-capa1-800x341.jpg 800w, https:\/\/revistacienciaecultura.org.br\/wp-content\/uploads\/2022\/05\/CC-2-edicao-reportagem-Referencias-indigenas-capa1-1160x495.jpg 1160w, https:\/\/revistacienciaecultura.org.br\/wp-content\/uploads\/2022\/05\/CC-2-edicao-reportagem-Referencias-indigenas-capa1.jpg 1200w\" sizes=\"(max-width: 1024px) 100vw, 1024px\" \/>\t\t\t\t\t\t\t\t<\/a>\n\t\t\t\t\t\t\t\t\t\t\t\t\t\t\t<\/div>\n\t\t\t\t<\/div>\n\t\t\t\t<div class=\"elementor-element elementor-element-3df2249 elementor-widget elementor-widget-heading\" data-id=\"3df2249\" data-element_type=\"widget\" data-widget_type=\"heading.default\">\n\t\t\t\t<div class=\"elementor-widget-container\">\n\t\t\t<h2 id=\"as-referencias-indigenas-no-modernismo\" class=\"elementor-heading-title elementor-size-medium\"><a href=\"https:\/\/revistacienciaecultura.org.br\/?p=2240\">As refer\u00eancias ind\u00edgenas no Modernismo<\/a><\/h2>\t\t<\/div>\n\t\t\t\t<\/div>\n\t\t\t\t\t<\/div>\n\t\t<\/div>\n\t\t\t\t<div class=\"elementor-column elementor-col-33 elementor-top-column elementor-element elementor-element-c5deb0a\" data-id=\"c5deb0a\" data-element_type=\"column\">\n\t\t\t<div class=\"elementor-widget-wrap elementor-element-populated\">\n\t\t\t\t\t\t\t\t<div class=\"elementor-element elementor-element-6f6f112 elementor-widget elementor-widget-image\" data-id=\"6f6f112\" data-element_type=\"widget\" data-widget_type=\"image.default\">\n\t\t\t\t<div class=\"elementor-widget-container\">\n\t\t\t\t\t\t\t\t\t\t\t\t\t\t\t\t<a href=\"https:\/\/revistacienciaecultura.org.br\/?p=2402\">\n\t\t\t\t\t\t\t<img width=\"1024\" height=\"474\" src=\"https:\/\/revistacienciaecultura.org.br\/wp-content\/uploads\/2022\/07\/CC-2-edicao-reportagem-Modernismo-hoje-capa1-1024x474.jpg\" class=\"attachment-large size-large\" alt=\"\" loading=\"lazy\" srcset=\"https:\/\/revistacienciaecultura.org.br\/wp-content\/uploads\/2022\/07\/CC-2-edicao-reportagem-Modernismo-hoje-capa1-1024x474.jpg 1024w, https:\/\/revistacienciaecultura.org.br\/wp-content\/uploads\/2022\/07\/CC-2-edicao-reportagem-Modernismo-hoje-capa1-300x139.jpg 300w, https:\/\/revistacienciaecultura.org.br\/wp-content\/uploads\/2022\/07\/CC-2-edicao-reportagem-Modernismo-hoje-capa1-768x355.jpg 768w, https:\/\/revistacienciaecultura.org.br\/wp-content\/uploads\/2022\/07\/CC-2-edicao-reportagem-Modernismo-hoje-capa1-18x8.jpg 18w, https:\/\/revistacienciaecultura.org.br\/wp-content\/uploads\/2022\/07\/CC-2-edicao-reportagem-Modernismo-hoje-capa1-800x370.jpg 800w, https:\/\/revistacienciaecultura.org.br\/wp-content\/uploads\/2022\/07\/CC-2-edicao-reportagem-Modernismo-hoje-capa1-1160x537.jpg 1160w, https:\/\/revistacienciaecultura.org.br\/wp-content\/uploads\/2022\/07\/CC-2-edicao-reportagem-Modernismo-hoje-capa1.jpg 1200w\" sizes=\"(max-width: 1024px) 100vw, 1024px\" \/>\t\t\t\t\t\t\t\t<\/a>\n\t\t\t\t\t\t\t\t\t\t\t\t\t\t\t<\/div>\n\t\t\t\t<\/div>\n\t\t\t\t<div class=\"elementor-element elementor-element-26578f1 elementor-widget elementor-widget-heading\" data-id=\"26578f1\" data-element_type=\"widget\" data-widget_type=\"heading.default\">\n\t\t\t\t<div class=\"elementor-widget-container\">\n\t\t\t<h2 id=\"modernismo-100-anos-depois\" class=\"elementor-heading-title elementor-size-medium\"><a href=\"https:\/\/revistacienciaecultura.org.br\/?p=1704\">Modernismo, 100 anos depois<\/a><\/h2>\t\t<\/div>\n\t\t\t\t<\/div>\n\t\t\t\t\t<\/div>\n\t\t<\/div>\n\t\t\t\t<div class=\"elementor-column elementor-col-33 elementor-top-column elementor-element elementor-element-cd8a610\" data-id=\"cd8a610\" data-element_type=\"column\">\n\t\t\t<div class=\"elementor-widget-wrap elementor-element-populated\">\n\t\t\t\t\t\t\t\t<div class=\"elementor-element elementor-element-800fc4d elementor-widget elementor-widget-image\" data-id=\"800fc4d\" data-element_type=\"widget\" data-widget_type=\"image.default\">\n\t\t\t\t<div class=\"elementor-widget-container\">\n\t\t\t\t\t\t\t\t\t\t\t\t\t\t\t\t<a href=\"https:\/\/revistacienciaecultura.org.br\/?p=2379\">\n\t\t\t\t\t\t\t<img width=\"1024\" height=\"456\" src=\"https:\/\/revistacienciaecultura.org.br\/wp-content\/uploads\/2022\/07\/CC-2-edicao-reportagem-As-relac\u0327o\u0303es-entre-os-Andrades-capa1-1024x456.jpg\" class=\"attachment-large size-large\" alt=\"\" loading=\"lazy\" srcset=\"https:\/\/revistacienciaecultura.org.br\/wp-content\/uploads\/2022\/07\/CC-2-edicao-reportagem-As-relac\u0327o\u0303es-entre-os-Andrades-capa1-1024x456.jpg 1024w, https:\/\/revistacienciaecultura.org.br\/wp-content\/uploads\/2022\/07\/CC-2-edicao-reportagem-As-relac\u0327o\u0303es-entre-os-Andrades-capa1-300x134.jpg 300w, https:\/\/revistacienciaecultura.org.br\/wp-content\/uploads\/2022\/07\/CC-2-edicao-reportagem-As-relac\u0327o\u0303es-entre-os-Andrades-capa1-768x342.jpg 768w, https:\/\/revistacienciaecultura.org.br\/wp-content\/uploads\/2022\/07\/CC-2-edicao-reportagem-As-relac\u0327o\u0303es-entre-os-Andrades-capa1-18x8.jpg 18w, https:\/\/revistacienciaecultura.org.br\/wp-content\/uploads\/2022\/07\/CC-2-edicao-reportagem-As-relac\u0327o\u0303es-entre-os-Andrades-capa1-800x357.jpg 800w, https:\/\/revistacienciaecultura.org.br\/wp-content\/uploads\/2022\/07\/CC-2-edicao-reportagem-As-relac\u0327o\u0303es-entre-os-Andrades-capa1-1160x517.jpg 1160w, https:\/\/revistacienciaecultura.org.br\/wp-content\/uploads\/2022\/07\/CC-2-edicao-reportagem-As-relac\u0327o\u0303es-entre-os-Andrades-capa1.jpg 1180w\" sizes=\"(max-width: 1024px) 100vw, 1024px\" \/>\t\t\t\t\t\t\t\t<\/a>\n\t\t\t\t\t\t\t\t\t\t\t\t\t\t\t<\/div>\n\t\t\t\t<\/div>\n\t\t\t\t<div class=\"elementor-element elementor-element-4630f01 elementor-widget elementor-widget-heading\" data-id=\"4630f01\" data-element_type=\"widget\" data-widget_type=\"heading.default\">\n\t\t\t\t<div class=\"elementor-widget-container\">\n\t\t\t<h2 id=\"os-tres-andrades\" class=\"elementor-heading-title elementor-size-medium\"><a href=\"https:\/\/revistacienciaecultura.org.br\/?p=2379\">Os tr\u00eas Andrades<\/a><\/h2>\t\t<\/div>\n\t\t\t\t<\/div>\n\t\t\t\t\t<\/div>\n\t\t<\/div>\n\t\t\t\t\t\t\t<\/div>\n\t\t<\/section>\n\t\t\t\t<section class=\"elementor-section elementor-top-section elementor-element elementor-element-e4f57e8 elementor-section-boxed elementor-section-height-default elementor-section-height-default\" data-id=\"e4f57e8\" data-element_type=\"section\">\n\t\t\t\t\t\t<div class=\"elementor-container elementor-column-gap-default\">\n\t\t\t\t\t<div class=\"elementor-column elementor-col-100 elementor-top-column elementor-element elementor-element-543450a\" data-id=\"543450a\" data-element_type=\"column\">\n\t\t\t<div class=\"elementor-widget-wrap elementor-element-populated\">\n\t\t\t\t\t\t\t\t<div class=\"elementor-element elementor-element-4a8899f elementor-widget__width-auto elementor-widget elementor-widget-heading\" data-id=\"4a8899f\" data-element_type=\"widget\" data-widget_type=\"heading.default\">\n\t\t\t\t<div class=\"elementor-widget-container\">\n\t\t\t<h6 id=\"videos\" class=\"elementor-heading-title elementor-size-default\">V\u00eddeos  <\/h6>\t\t<\/div>\n\t\t\t\t<\/div>\n\t\t\t\t\t<\/div>\n\t\t<\/div>\n\t\t\t\t\t\t\t<\/div>\n\t\t<\/section>\n\t\t\t\t<section class=\"elementor-section elementor-top-section elementor-element elementor-element-a48fad3 elementor-section-boxed elementor-section-height-default elementor-section-height-default\" data-id=\"a48fad3\" data-element_type=\"section\">\n\t\t\t\t\t\t<div class=\"elementor-container elementor-column-gap-default\">\n\t\t\t\t\t<div class=\"elementor-column elementor-col-33 elementor-top-column elementor-element elementor-element-bf66f4d\" data-id=\"bf66f4d\" data-element_type=\"column\">\n\t\t\t<div class=\"elementor-widget-wrap elementor-element-populated\">\n\t\t\t\t\t\t\t\t<div class=\"elementor-element elementor-element-51b4dc9 elementor-widget elementor-widget-image\" data-id=\"51b4dc9\" data-element_type=\"widget\" data-widget_type=\"image.default\">\n\t\t\t\t<div class=\"elementor-widget-container\">\n\t\t\t\t\t\t\t\t\t\t\t\t\t\t\t\t<a href=\"https:\/\/revistacienciaecultura.org.br\/?p=2483\">\n\t\t\t\t\t\t\t<img width=\"1024\" height=\"427\" src=\"https:\/\/revistacienciaecultura.org.br\/wp-content\/uploads\/2022\/06\/flup2-1024x427.jpg\" class=\"attachment-large size-large\" alt=\"\" loading=\"lazy\" srcset=\"https:\/\/revistacienciaecultura.org.br\/wp-content\/uploads\/2022\/06\/flup2-1024x427.jpg 1024w, https:\/\/revistacienciaecultura.org.br\/wp-content\/uploads\/2022\/06\/flup2-300x125.jpg 300w, https:\/\/revistacienciaecultura.org.br\/wp-content\/uploads\/2022\/06\/flup2-768x320.jpg 768w, https:\/\/revistacienciaecultura.org.br\/wp-content\/uploads\/2022\/06\/flup2-18x8.jpg 18w, https:\/\/revistacienciaecultura.org.br\/wp-content\/uploads\/2022\/06\/flup2-800x333.jpg 800w, https:\/\/revistacienciaecultura.org.br\/wp-content\/uploads\/2022\/06\/flup2-1160x483.jpg 1160w, https:\/\/revistacienciaecultura.org.br\/wp-content\/uploads\/2022\/06\/flup2.jpg 1200w\" sizes=\"(max-width: 1024px) 100vw, 1024px\" \/>\t\t\t\t\t\t\t\t<\/a>\n\t\t\t\t\t\t\t\t\t\t\t\t\t\t\t<\/div>\n\t\t\t\t<\/div>\n\t\t\t\t<div class=\"elementor-element elementor-element-83cf76d elementor-widget elementor-widget-heading\" data-id=\"83cf76d\" data-element_type=\"widget\" data-widget_type=\"heading.default\">\n\t\t\t\t<div class=\"elementor-widget-container\">\n\t\t\t<h2 id=\"modernismo-negro\" class=\"elementor-heading-title elementor-size-medium\"><a href=\"https:\/\/revistacienciaecultura.org.br\/?p=2483\">Modernismo Negro<\/a><\/h2>\t\t<\/div>\n\t\t\t\t<\/div>\n\t\t\t\t\t<\/div>\n\t\t<\/div>\n\t\t\t\t<div class=\"elementor-column elementor-col-33 elementor-top-column elementor-element elementor-element-c411182\" data-id=\"c411182\" data-element_type=\"column\">\n\t\t\t<div class=\"elementor-widget-wrap elementor-element-populated\">\n\t\t\t\t\t\t\t\t<div class=\"elementor-element elementor-element-35a3068 elementor-widget elementor-widget-image\" data-id=\"35a3068\" data-element_type=\"widget\" data-widget_type=\"image.default\">\n\t\t\t\t<div class=\"elementor-widget-container\">\n\t\t\t\t\t\t\t\t\t\t\t\t\t\t\t\t<a href=\"https:\/\/revistacienciaecultura.org.br\/?p=2833\">\n\t\t\t\t\t\t\t<img width=\"1024\" height=\"427\" src=\"https:\/\/revistacienciaecultura.org.br\/wp-content\/uploads\/2022\/07\/capa-video-6-site-1024x427.jpg\" class=\"attachment-large size-large\" alt=\"\" loading=\"lazy\" srcset=\"https:\/\/revistacienciaecultura.org.br\/wp-content\/uploads\/2022\/07\/capa-video-6-site-1024x427.jpg 1024w, https:\/\/revistacienciaecultura.org.br\/wp-content\/uploads\/2022\/07\/capa-video-6-site-300x125.jpg 300w, https:\/\/revistacienciaecultura.org.br\/wp-content\/uploads\/2022\/07\/capa-video-6-site-768x320.jpg 768w, https:\/\/revistacienciaecultura.org.br\/wp-content\/uploads\/2022\/07\/capa-video-6-site-18x8.jpg 18w, https:\/\/revistacienciaecultura.org.br\/wp-content\/uploads\/2022\/07\/capa-video-6-site-800x333.jpg 800w, https:\/\/revistacienciaecultura.org.br\/wp-content\/uploads\/2022\/07\/capa-video-6-site-1160x483.jpg 1160w, https:\/\/revistacienciaecultura.org.br\/wp-content\/uploads\/2022\/07\/capa-video-6-site.jpg 1200w\" sizes=\"(max-width: 1024px) 100vw, 1024px\" \/>\t\t\t\t\t\t\t\t<\/a>\n\t\t\t\t\t\t\t\t\t\t\t\t\t\t\t<\/div>\n\t\t\t\t<\/div>\n\t\t\t\t<div class=\"elementor-element elementor-element-0f942c9 elementor-widget elementor-widget-heading\" data-id=\"0f942c9\" data-element_type=\"widget\" data-widget_type=\"heading.default\">\n\t\t\t\t<div class=\"elementor-widget-container\">\n\t\t\t<h2 id=\"outros-modernismos-outras-regioes\" class=\"elementor-heading-title elementor-size-medium\"><a href=\"https:\/\/revistacienciaecultura.org.br\/?p=2833\"><h3 style=\"margin-right: 0px; margin-bottom: 25px; margin-left: 0px; font-weight: var( --e-global-typography-primary-font-weight ); font-size: 18px; font-family: var( --e-global-typography-primary-font-family ), Sans-serif; white-space: normal;\"><a href=\"https:\/\/revistacienciaecultura.org.br\/?p=2833\" style=\"color: rgb(0, 0, 0); font-family: var( --e-global-typography-primary-font-family ), Sans-serif; font-weight: var( --e-global-typography-primary-font-weight );\">Outros modernismos, outras regi\u00f5es<\/a><\/h3><\/a><\/h2>\t\t<\/div>\n\t\t\t\t<\/div>\n\t\t\t\t\t<\/div>\n\t\t<\/div>\n\t\t\t\t<div class=\"elementor-column elementor-col-33 elementor-top-column elementor-element elementor-element-1371222\" data-id=\"1371222\" data-element_type=\"column\">\n\t\t\t<div class=\"elementor-widget-wrap\">\n\t\t\t\t\t\t\t\t\t<\/div>\n\t\t<\/div>\n\t\t\t\t\t\t\t<\/div>\n\t\t<\/section>\n\t\t\t\t<section class=\"elementor-section elementor-top-section elementor-element elementor-element-abc1075 elementor-section-boxed elementor-section-height-default elementor-section-height-default\" data-id=\"abc1075\" data-element_type=\"section\">\n\t\t\t\t\t\t<div class=\"elementor-container elementor-column-gap-default\">\n\t\t\t\t\t<div class=\"elementor-column elementor-col-100 elementor-top-column elementor-element elementor-element-3eb8d7f\" data-id=\"3eb8d7f\" data-element_type=\"column\">\n\t\t\t<div class=\"elementor-widget-wrap elementor-element-populated\">\n\t\t\t\t\t\t\t\t<div class=\"elementor-element elementor-element-ee793af elementor-widget__width-auto elementor-widget elementor-widget-heading\" data-id=\"ee793af\" data-element_type=\"widget\" data-widget_type=\"heading.default\">\n\t\t\t\t<div class=\"elementor-widget-container\">\n\t\t\t<h6 id=\"podcasts\" class=\"elementor-heading-title elementor-size-default\">Podcasts  <\/h6>\t\t<\/div>\n\t\t\t\t<\/div>\n\t\t\t\t\t<\/div>\n\t\t<\/div>\n\t\t\t\t\t\t\t<\/div>\n\t\t<\/section>\n\t\t\t\t<section class=\"elementor-section elementor-top-section elementor-element elementor-element-9756efd elementor-section-boxed elementor-section-height-default elementor-section-height-default\" data-id=\"9756efd\" data-element_type=\"section\">\n\t\t\t\t\t\t<div class=\"elementor-container elementor-column-gap-default\">\n\t\t\t\t\t<div class=\"elementor-column elementor-col-33 elementor-top-column elementor-element elementor-element-23d9d24\" data-id=\"23d9d24\" data-element_type=\"column\">\n\t\t\t<div class=\"elementor-widget-wrap elementor-element-populated\">\n\t\t\t\t\t\t\t\t<div class=\"elementor-element elementor-element-ee1ffcb elementor-widget elementor-widget-image\" data-id=\"ee1ffcb\" data-element_type=\"widget\" data-widget_type=\"image.default\">\n\t\t\t\t<div class=\"elementor-widget-container\">\n\t\t\t\t\t\t\t\t\t\t\t\t\t\t\t\t<a href=\"https:\/\/revistacienciaecultura.org.br\/?p=2415\">\n\t\t\t\t\t\t\t<img width=\"1024\" height=\"427\" src=\"https:\/\/revistacienciaecultura.org.br\/wp-content\/uploads\/2022\/06\/podcast-4-capa-site-1-1024x427.jpg\" class=\"attachment-large size-large\" alt=\"\" loading=\"lazy\" srcset=\"https:\/\/revistacienciaecultura.org.br\/wp-content\/uploads\/2022\/06\/podcast-4-capa-site-1-1024x427.jpg 1024w, https:\/\/revistacienciaecultura.org.br\/wp-content\/uploads\/2022\/06\/podcast-4-capa-site-1-300x125.jpg 300w, https:\/\/revistacienciaecultura.org.br\/wp-content\/uploads\/2022\/06\/podcast-4-capa-site-1-768x320.jpg 768w, https:\/\/revistacienciaecultura.org.br\/wp-content\/uploads\/2022\/06\/podcast-4-capa-site-1-18x8.jpg 18w, https:\/\/revistacienciaecultura.org.br\/wp-content\/uploads\/2022\/06\/podcast-4-capa-site-1-800x333.jpg 800w, https:\/\/revistacienciaecultura.org.br\/wp-content\/uploads\/2022\/06\/podcast-4-capa-site-1-1160x483.jpg 1160w, https:\/\/revistacienciaecultura.org.br\/wp-content\/uploads\/2022\/06\/podcast-4-capa-site-1.jpg 1200w\" sizes=\"(max-width: 1024px) 100vw, 1024px\" \/>\t\t\t\t\t\t\t\t<\/a>\n\t\t\t\t\t\t\t\t\t\t\t\t\t\t\t<\/div>\n\t\t\t\t<\/div>\n\t\t\t\t<div class=\"elementor-element elementor-element-7dece36 elementor-widget elementor-widget-heading\" data-id=\"7dece36\" data-element_type=\"widget\" data-widget_type=\"heading.default\">\n\t\t\t\t<div class=\"elementor-widget-container\">\n\t\t\t<h2 id=\"villa-lobos-para-alem-do-modernismo-e-das-fronteiras\" class=\"elementor-heading-title elementor-size-medium\"><a href=\"https:\/\/revistacienciaecultura.org.br\/?p=2415\">Villa-Lobos, para al\u00e9m do Modernismo e das fronteiras<\/a><\/h2>\t\t<\/div>\n\t\t\t\t<\/div>\n\t\t\t\t\t<\/div>\n\t\t<\/div>\n\t\t\t\t<div class=\"elementor-column elementor-col-33 elementor-top-column elementor-element elementor-element-da40f69\" data-id=\"da40f69\" data-element_type=\"column\">\n\t\t\t<div class=\"elementor-widget-wrap elementor-element-populated\">\n\t\t\t\t\t\t\t\t<div class=\"elementor-element elementor-element-456117c elementor-widget elementor-widget-image\" data-id=\"456117c\" data-element_type=\"widget\" data-widget_type=\"image.default\">\n\t\t\t\t<div class=\"elementor-widget-container\">\n\t\t\t\t\t\t\t\t\t\t\t\t\t\t\t\t<a href=\"https:\/\/revistacienciaecultura.org.br\/?p=2535\">\n\t\t\t\t\t\t\t<img width=\"1024\" height=\"427\" src=\"https:\/\/revistacienciaecultura.org.br\/wp-content\/uploads\/2022\/06\/podcast-capa-site-5-1024x427.jpg\" class=\"attachment-large size-large\" alt=\"\" loading=\"lazy\" srcset=\"https:\/\/revistacienciaecultura.org.br\/wp-content\/uploads\/2022\/06\/podcast-capa-site-5-1024x427.jpg 1024w, https:\/\/revistacienciaecultura.org.br\/wp-content\/uploads\/2022\/06\/podcast-capa-site-5-300x125.jpg 300w, https:\/\/revistacienciaecultura.org.br\/wp-content\/uploads\/2022\/06\/podcast-capa-site-5-768x320.jpg 768w, https:\/\/revistacienciaecultura.org.br\/wp-content\/uploads\/2022\/06\/podcast-capa-site-5-18x8.jpg 18w, https:\/\/revistacienciaecultura.org.br\/wp-content\/uploads\/2022\/06\/podcast-capa-site-5-800x333.jpg 800w, https:\/\/revistacienciaecultura.org.br\/wp-content\/uploads\/2022\/06\/podcast-capa-site-5-1160x483.jpg 1160w, https:\/\/revistacienciaecultura.org.br\/wp-content\/uploads\/2022\/06\/podcast-capa-site-5.jpg 1200w\" sizes=\"(max-width: 1024px) 100vw, 1024px\" \/>\t\t\t\t\t\t\t\t<\/a>\n\t\t\t\t\t\t\t\t\t\t\t\t\t\t\t<\/div>\n\t\t\t\t<\/div>\n\t\t\t\t<div class=\"elementor-element elementor-element-ddf4888 elementor-widget elementor-widget-heading\" data-id=\"ddf4888\" data-element_type=\"widget\" data-widget_type=\"heading.default\">\n\t\t\t\t<div class=\"elementor-widget-container\">\n\t\t\t<h2 id=\"memorias-afetivas-de-tarsilinha-do-amaral-e-joao-candido-portinari\" class=\"elementor-heading-title elementor-size-medium\"><a href=\"https:\/\/revistacienciaecultura.org.br\/?p=2535\">Mem\u00f3rias afetivas de Tarsilinha do Amaral e Jo\u00e3o C\u00e2ndido Portinari<\/a><\/h2>\t\t<\/div>\n\t\t\t\t<\/div>\n\t\t\t\t\t<\/div>\n\t\t<\/div>\n\t\t\t\t<div class=\"elementor-column elementor-col-33 elementor-top-column elementor-element elementor-element-f8f6bac\" data-id=\"f8f6bac\" data-element_type=\"column\">\n\t\t\t<div class=\"elementor-widget-wrap elementor-element-populated\">\n\t\t\t\t\t\t\t\t<div class=\"elementor-element elementor-element-6bda469 elementor-widget elementor-widget-image\" data-id=\"6bda469\" data-element_type=\"widget\" data-widget_type=\"image.default\">\n\t\t\t\t<div class=\"elementor-widget-container\">\n\t\t\t\t\t\t\t\t\t\t\t\t\t\t\t\t<a href=\"https:\/\/revistacienciaecultura.org.br\/?p=2567\">\n\t\t\t\t\t\t\t<img width=\"1024\" height=\"427\" src=\"https:\/\/revistacienciaecultura.org.br\/wp-content\/uploads\/2022\/07\/podcast-capa-site-6-1024x427.jpg\" class=\"attachment-large size-large\" alt=\"\" loading=\"lazy\" srcset=\"https:\/\/revistacienciaecultura.org.br\/wp-content\/uploads\/2022\/07\/podcast-capa-site-6-1024x427.jpg 1024w, https:\/\/revistacienciaecultura.org.br\/wp-content\/uploads\/2022\/07\/podcast-capa-site-6-300x125.jpg 300w, https:\/\/revistacienciaecultura.org.br\/wp-content\/uploads\/2022\/07\/podcast-capa-site-6-768x320.jpg 768w, https:\/\/revistacienciaecultura.org.br\/wp-content\/uploads\/2022\/07\/podcast-capa-site-6-18x8.jpg 18w, https:\/\/revistacienciaecultura.org.br\/wp-content\/uploads\/2022\/07\/podcast-capa-site-6-800x333.jpg 800w, https:\/\/revistacienciaecultura.org.br\/wp-content\/uploads\/2022\/07\/podcast-capa-site-6-1160x483.jpg 1160w, https:\/\/revistacienciaecultura.org.br\/wp-content\/uploads\/2022\/07\/podcast-capa-site-6.jpg 1200w\" sizes=\"(max-width: 1024px) 100vw, 1024px\" \/>\t\t\t\t\t\t\t\t<\/a>\n\t\t\t\t\t\t\t\t\t\t\t\t\t\t\t<\/div>\n\t\t\t\t<\/div>\n\t\t\t\t<div class=\"elementor-element elementor-element-e41fc6e elementor-widget elementor-widget-heading\" data-id=\"e41fc6e\" data-element_type=\"widget\" data-widget_type=\"heading.default\">\n\t\t\t\t<div class=\"elementor-widget-container\">\n\t\t\t<h2 id=\"confira-depoimento-de-marilia-de-andrade-sobre-oswald-de-andrade\" class=\"elementor-heading-title elementor-size-medium\"><a href=\"https:\/\/revistacienciaecultura.org.br\/?p=2567\">Confira depoimento de Mar\u00edlia de Andrade sobre Oswald de Andrade<\/a><\/h2>\t\t<\/div>\n\t\t\t\t<\/div>\n\t\t\t\t\t<\/div>\n\t\t<\/div>\n\t\t\t\t\t\t\t<\/div>\n\t\t<\/section>\n\t\t\t\t<section class=\"elementor-section elementor-top-section elementor-element elementor-element-1597975 elementor-section-boxed elementor-section-height-default elementor-section-height-default\" data-id=\"1597975\" data-element_type=\"section\">\n\t\t\t\t\t\t<div class=\"elementor-container elementor-column-gap-default\">\n\t\t\t\t\t<div class=\"elementor-column elementor-col-100 elementor-top-column elementor-element elementor-element-6a14941\" data-id=\"6a14941\" data-element_type=\"column\">\n\t\t\t<div class=\"elementor-widget-wrap\">\n\t\t\t\t\t\t\t\t\t<\/div>\n\t\t<\/div>\n\t\t\t\t\t\t\t<\/div>\n\t\t<\/section>\n\t\t\t\t\t\t<\/div>\n\t\t\t\t\t<\/div>\n\t\t","protected":false},"excerpt":{"rendered":"A Semana de Arte Moderna e o S\u00e9culo Modernista &#8211; Extens\u00f5esSegunda edi\u00e7\u00e3o&hellip;\n","protected":false},"author":11,"featured_media":0,"parent":0,"menu_order":0,"comment_status":"closed","ping_status":"closed","template":"","meta":[],"acf":[],"_links":{"self":[{"href":"https:\/\/revistacienciaecultura.org.br\/index.php?rest_route=\/wp\/v2\/pages\/2753"}],"collection":[{"href":"https:\/\/revistacienciaecultura.org.br\/index.php?rest_route=\/wp\/v2\/pages"}],"about":[{"href":"https:\/\/revistacienciaecultura.org.br\/index.php?rest_route=\/wp\/v2\/types\/page"}],"author":[{"embeddable":true,"href":"https:\/\/revistacienciaecultura.org.br\/index.php?rest_route=\/wp\/v2\/users\/11"}],"replies":[{"embeddable":true,"href":"https:\/\/revistacienciaecultura.org.br\/index.php?rest_route=%2Fwp%2Fv2%2Fcomments&post=2753"}],"version-history":[{"count":10,"href":"https:\/\/revistacienciaecultura.org.br\/index.php?rest_route=\/wp\/v2\/pages\/2753\/revisions"}],"predecessor-version":[{"id":3695,"href":"https:\/\/revistacienciaecultura.org.br\/index.php?rest_route=\/wp\/v2\/pages\/2753\/revisions\/3695"}],"wp:attachment":[{"href":"https:\/\/revistacienciaecultura.org.br\/index.php?rest_route=%2Fwp%2Fv2%2Fmedia&parent=2753"}],"curies":[{"name":"wp","href":"https:\/\/api.w.org\/{rel}","templated":true}]}}