{"id":3225,"date":"2022-09-22T10:21:47","date_gmt":"2022-09-22T10:21:47","guid":{"rendered":"https:\/\/revistacienciaecultura.org.br\/?page_id=3225"},"modified":"2023-01-12T20:15:30","modified_gmt":"2023-01-12T20:15:30","slug":"segunda-edicao-2","status":"publish","type":"page","link":"https:\/\/revistacienciaecultura.org.br\/?page_id=3225","title":{"rendered":"Terceira edi\u00e7\u00e3o 2022"},"content":{"rendered":"\t\t<div data-elementor-type=\"wp-page\" data-elementor-id=\"3225\" class=\"elementor elementor-3225\" data-elementor-settings=\"[]\">\n\t\t\t\t\t\t\t<div class=\"elementor-section-wrap\">\n\t\t\t\t\t\t\t<section class=\"elementor-section elementor-top-section elementor-element elementor-element-24cc788 elementor-section-boxed elementor-section-height-default elementor-section-height-default\" data-id=\"24cc788\" data-element_type=\"section\">\n\t\t\t\t\t\t<div class=\"elementor-container elementor-column-gap-default\">\n\t\t\t\t\t<div class=\"elementor-column elementor-col-100 elementor-top-column elementor-element elementor-element-257035e\" data-id=\"257035e\" data-element_type=\"column\">\n\t\t\t<div class=\"elementor-widget-wrap elementor-element-populated\">\n\t\t\t\t\t\t\t\t<div class=\"elementor-element elementor-element-37ca0cc elementor--h-position-center elementor--v-position-middle elementor-arrows-position-inside elementor-pagination-position-inside elementor-widget elementor-widget-slides\" data-id=\"37ca0cc\" data-element_type=\"widget\" data-settings=\"{&quot;navigation&quot;:&quot;both&quot;,&quot;autoplay&quot;:&quot;yes&quot;,&quot;pause_on_hover&quot;:&quot;yes&quot;,&quot;pause_on_interaction&quot;:&quot;yes&quot;,&quot;autoplay_speed&quot;:5000,&quot;infinite&quot;:&quot;yes&quot;,&quot;transition&quot;:&quot;slide&quot;,&quot;transition_speed&quot;:500}\" data-widget_type=\"slides.default\">\n\t\t\t\t<div class=\"elementor-widget-container\">\n\t\t\t<style>\/*! elementor-pro - v3.6.2 - 14-02-2022 *\/\n.elementor-slides .swiper-slide-bg{background-size:cover;background-position:50%;background-repeat:no-repeat;min-width:100%;min-height:100%}.elementor-slides .swiper-slide-inner{background-repeat:no-repeat;background-position:50%;position:absolute;top:0;left:0;bottom:0;right:0;padding:50px;margin:auto}.elementor-slides .swiper-slide-inner,.elementor-slides .swiper-slide-inner:hover{color:#fff;display:-webkit-box;display:-ms-flexbox;display:flex}.elementor-slides .swiper-slide-inner .elementor-background-overlay{position:absolute;z-index:0;top:0;bottom:0;left:0;right:0}.elementor-slides .swiper-slide-inner .elementor-slide-content{position:relative;z-index:1;width:100%}.elementor-slides .swiper-slide-inner .elementor-slide-heading{font-size:35px;font-weight:700;line-height:1}.elementor-slides .swiper-slide-inner .elementor-slide-description{font-size:17px;line-height:1.4}.elementor-slides .swiper-slide-inner .elementor-slide-description:not(:last-child),.elementor-slides .swiper-slide-inner .elementor-slide-heading:not(:last-child){margin-bottom:30px}.elementor-slides .swiper-slide-inner .elementor-slide-button{border:2px solid #fff;color:#fff;background:transparent;display:inline-block}.elementor-slides .swiper-slide-inner .elementor-slide-button,.elementor-slides .swiper-slide-inner .elementor-slide-button:hover{background:transparent;color:inherit;text-decoration:none}.elementor--v-position-top .swiper-slide-inner{-webkit-box-align:start;-ms-flex-align:start;align-items:flex-start}.elementor--v-position-bottom .swiper-slide-inner{-webkit-box-align:end;-ms-flex-align:end;align-items:flex-end}.elementor--v-position-middle .swiper-slide-inner{-webkit-box-align:center;-ms-flex-align:center;align-items:center}.elementor--h-position-left .swiper-slide-inner{-webkit-box-pack:start;-ms-flex-pack:start;justify-content:flex-start}.elementor--h-position-right .swiper-slide-inner{-webkit-box-pack:end;-ms-flex-pack:end;justify-content:flex-end}.elementor--h-position-center .swiper-slide-inner{-webkit-box-pack:center;-ms-flex-pack:center;justify-content:center}body.rtl .elementor-widget-slides .elementor-swiper-button-next{left:10px;right:auto}body.rtl .elementor-widget-slides .elementor-swiper-button-prev{right:10px;left:auto}.elementor-slides-wrapper div:not(.swiper-slide)>.swiper-slide-inner{display:none}@media (max-width:767px){.elementor-slides .swiper-slide-inner{padding:30px}.elementor-slides .swiper-slide-inner .elementor-slide-heading{font-size:23px;line-height:1;margin-bottom:15px}.elementor-slides .swiper-slide-inner .elementor-slide-description{font-size:13px;line-height:1.4;margin-bottom:15px}}<\/style>\t\t<div class=\"elementor-swiper\">\n\t\t\t<div class=\"elementor-slides-wrapper elementor-main-swiper swiper-container\" dir=\"ltr\" data-animation=\"fadeInUp\">\n\t\t\t\t<div class=\"swiper-wrapper elementor-slides\">\n\t\t\t\t\t\t\t\t\t\t<div class=\"elementor-repeater-item-9f37bd8 swiper-slide\"><div class=\"swiper-slide-bg\"><\/div><div class=\"swiper-slide-inner\" ><div class=\"swiper-slide-contents\"><div class=\"elementor-slide-heading\">200 anos de ci\u00eancia e tecnologiano Brasil<\/div><div class=\"elementor-slide-description\">Terceira edi\u00e7\u00e3o 2022<\/div><\/div><\/div><\/div>\t\t\t\t<\/div>\n\t\t\t\t\t\t\t<\/div>\n\t\t<\/div>\n\t\t\t\t<\/div>\n\t\t\t\t<\/div>\n\t\t\t\t<div class=\"elementor-element elementor-element-7881637 elementor-widget__width-auto elementor-widget elementor-widget-heading\" data-id=\"7881637\" data-element_type=\"widget\" data-widget_type=\"heading.default\">\n\t\t\t\t<div class=\"elementor-widget-container\">\n\t\t\t<style>\/*! elementor - v3.5.5 - 03-02-2022 *\/\n.elementor-heading-title{padding:0;margin:0;line-height:1}.elementor-widget-heading .elementor-heading-title[class*=elementor-size-]>a{color:inherit;font-size:inherit;line-height:inherit}.elementor-widget-heading .elementor-heading-title.elementor-size-small{font-size:15px}.elementor-widget-heading .elementor-heading-title.elementor-size-medium{font-size:19px}.elementor-widget-heading .elementor-heading-title.elementor-size-large{font-size:29px}.elementor-widget-heading .elementor-heading-title.elementor-size-xl{font-size:39px}.elementor-widget-heading .elementor-heading-title.elementor-size-xxl{font-size:59px}<\/style><h6 id=\"artigos\" class=\"elementor-heading-title elementor-size-default\">Artigos  <\/h6>\t\t<\/div>\n\t\t\t\t<\/div>\n\t\t\t\t\t<\/div>\n\t\t<\/div>\n\t\t\t\t\t\t\t<\/div>\n\t\t<\/section>\n\t\t\t\t<section class=\"elementor-section elementor-top-section elementor-element elementor-element-a9074bf elementor-section-boxed elementor-section-height-default elementor-section-height-default\" data-id=\"a9074bf\" data-element_type=\"section\">\n\t\t\t\t\t\t<div class=\"elementor-container elementor-column-gap-default\">\n\t\t\t\t\t<div class=\"elementor-column elementor-col-33 elementor-top-column elementor-element elementor-element-b21557a\" data-id=\"b21557a\" data-element_type=\"column\">\n\t\t\t<div class=\"elementor-widget-wrap elementor-element-populated\">\n\t\t\t\t\t\t\t\t<div class=\"elementor-element elementor-element-b4b4095 elementor-widget elementor-widget-image\" data-id=\"b4b4095\" data-element_type=\"widget\" data-widget_type=\"image.default\">\n\t\t\t\t<div class=\"elementor-widget-container\">\n\t\t\t<style>\/*! elementor - v3.5.5 - 03-02-2022 *\/\n.elementor-widget-image{text-align:center}.elementor-widget-image a{display:inline-block}.elementor-widget-image a img[src$=\".svg\"]{width:48px}.elementor-widget-image img{vertical-align:middle;display:inline-block}<\/style>\t\t\t\t\t\t\t\t\t\t\t\t\t<a href=\"https:\/\/revistacienciaecultura.org.br\/?artigos=a-ideia-de-nacionalidade-e-o-desenvolvimento-da-quimica-no-brasil\">\n\t\t\t\t\t\t\t<img src=\"https:\/\/revistacienciaecultura.org.br\/wp-content\/uploads\/elementor\/thumbs\/CC-3-edicao-artigo-A-ideia-de-nacionalidade-...-capa-prlxe9nzhymr2f53abl62qr6xo649ya8fim2httbbc.jpg\" title=\"C&#038;C 3 edicao &#8211; artigo &#8211; A ideia de nacionalidade &#8230; &#8211; capa\" alt=\"C&amp;C 3 edicao - artigo - A ideia de nacionalidade ... - capa\" \/>\t\t\t\t\t\t\t\t<\/a>\n\t\t\t\t\t\t\t\t\t\t\t\t\t\t\t<\/div>\n\t\t\t\t<\/div>\n\t\t\t\t<div class=\"elementor-element elementor-element-d6017fa elementor-widget elementor-widget-heading\" data-id=\"d6017fa\" data-element_type=\"widget\" data-widget_type=\"heading.default\">\n\t\t\t\t<div class=\"elementor-widget-container\">\n\t\t\t<h2 id=\"a-ideia-de-nacionalidade-e-o-desenvolvimento-da-quimica-no-brasil\" class=\"elementor-heading-title elementor-size-medium\"><a href=\"https:\/\/revistacienciaecultura.org.br\/?artigos=a-ideia-de-nacionalidade-e-o-desenvolvimento-da-quimica-no-brasil\"><h3 style=\"margin-right: 0px; margin-bottom: 0px; margin-left: 0px; font-weight: var( --e-global-typography-primary-font-weight ); font-size: 18px; font-family: var( --e-global-typography-primary-font-family ), Sans-serif; white-space: normal;\"><span style=\"color: rgba(0, 5, 7, 0.99); font-size: 18px; letter-spacing: -0.0125em; white-space: pre-wrap; background-color: rgb(255, 255, 255);\">A ideia de nacionalidade e o desenvolvimento da Qu\u00edmica no Brasil<\/span><\/h3><\/a><\/h2>\t\t<\/div>\n\t\t\t\t<\/div>\n\t\t\t\t\t<\/div>\n\t\t<\/div>\n\t\t\t\t<div class=\"elementor-column elementor-col-33 elementor-top-column elementor-element elementor-element-343676a\" data-id=\"343676a\" data-element_type=\"column\">\n\t\t\t<div class=\"elementor-widget-wrap elementor-element-populated\">\n\t\t\t\t\t\t\t\t<div class=\"elementor-element elementor-element-5262636 elementor-widget elementor-widget-image\" data-id=\"5262636\" data-element_type=\"widget\" data-widget_type=\"image.default\">\n\t\t\t\t<div class=\"elementor-widget-container\">\n\t\t\t\t\t\t\t\t\t\t\t\t\t\t\t\t<a href=\"https:\/\/revistacienciaecultura.org.br\/?artigos=200-anos-de-geologia-no-brasil\">\n\t\t\t\t\t\t\t<img width=\"1024\" height=\"433\" src=\"https:\/\/revistacienciaecultura.org.br\/wp-content\/uploads\/2022\/07\/CC-3-edicao-artigo-200-anos-de-Geologia-no-Brasil-capa2-1024x433.jpg\" class=\"attachment-large size-large\" alt=\"\" loading=\"lazy\" srcset=\"https:\/\/revistacienciaecultura.org.br\/wp-content\/uploads\/2022\/07\/CC-3-edicao-artigo-200-anos-de-Geologia-no-Brasil-capa2-1024x433.jpg 1024w, https:\/\/revistacienciaecultura.org.br\/wp-content\/uploads\/2022\/07\/CC-3-edicao-artigo-200-anos-de-Geologia-no-Brasil-capa2-300x127.jpg 300w, https:\/\/revistacienciaecultura.org.br\/wp-content\/uploads\/2022\/07\/CC-3-edicao-artigo-200-anos-de-Geologia-no-Brasil-capa2-768x324.jpg 768w, https:\/\/revistacienciaecultura.org.br\/wp-content\/uploads\/2022\/07\/CC-3-edicao-artigo-200-anos-de-Geologia-no-Brasil-capa2-18x8.jpg 18w, https:\/\/revistacienciaecultura.org.br\/wp-content\/uploads\/2022\/07\/CC-3-edicao-artigo-200-anos-de-Geologia-no-Brasil-capa2-800x338.jpg 800w, https:\/\/revistacienciaecultura.org.br\/wp-content\/uploads\/2022\/07\/CC-3-edicao-artigo-200-anos-de-Geologia-no-Brasil-capa2-1160x490.jpg 1160w, https:\/\/revistacienciaecultura.org.br\/wp-content\/uploads\/2022\/07\/CC-3-edicao-artigo-200-anos-de-Geologia-no-Brasil-capa2.jpg 1200w\" sizes=\"(max-width: 1024px) 100vw, 1024px\" \/>\t\t\t\t\t\t\t\t<\/a>\n\t\t\t\t\t\t\t\t\t\t\t\t\t\t\t<\/div>\n\t\t\t\t<\/div>\n\t\t\t\t<div class=\"elementor-element elementor-element-6e01fc1 elementor-widget elementor-widget-heading\" data-id=\"6e01fc1\" data-element_type=\"widget\" data-widget_type=\"heading.default\">\n\t\t\t\t<div class=\"elementor-widget-container\">\n\t\t\t<h2 id=\"200-anos-de-geologia-no-brasil\" class=\"elementor-heading-title elementor-size-medium\"><a href=\"https:\/\/revistacienciaecultura.org.br\/?artigos=200-anos-de-geologia-no-brasil\"><h3 style=\"margin-right: 0px; margin-bottom: 0px; margin-left: 0px; font-weight: var( --e-global-typography-primary-font-weight ); color: var( --e-global-color-secondary ); font-size: 18px; font-family: var( --e-global-typography-primary-font-family ), Sans-serif; white-space: normal; \"><span style=\"color: rgb(0, 4, 6); font-family: Roboto, sans-serif; font-size: 19px; font-weight: 600; letter-spacing: -0.0125em; text-transform: none; white-space: pre-wrap; background-color: rgb(255, 255, 255); text-align: left; display: inline !important; float: none;\">200 anos de Geologia no Brasil<\/span><span style=\"color: rgb(0, 4, 6); font-family: Roboto, sans-serif; font-size: 19px; font-weight: 600; letter-spacing: -0.0125em; text-transform: none; white-space: pre-wrap; background-color: rgb(255, 255, 255); text-align: left; display: inline !important; float: none;\"><\/span><br><\/h3><\/a><\/h2>\t\t<\/div>\n\t\t\t\t<\/div>\n\t\t\t\t\t<\/div>\n\t\t<\/div>\n\t\t\t\t<div class=\"elementor-column elementor-col-33 elementor-top-column elementor-element elementor-element-d48b69d\" data-id=\"d48b69d\" data-element_type=\"column\">\n\t\t\t<div class=\"elementor-widget-wrap elementor-element-populated\">\n\t\t\t\t\t\t\t\t<div class=\"elementor-element elementor-element-6c9b3ba elementor-widget elementor-widget-image\" data-id=\"6c9b3ba\" data-element_type=\"widget\" data-widget_type=\"image.default\">\n\t\t\t\t<div class=\"elementor-widget-container\">\n\t\t\t\t\t\t\t\t\t\t\t\t\t\t\t\t<a href=\"https:\/\/revistacienciaecultura.org.br\/?artigos=intervenientes-politico-ideologicos-na-educacao-brasileira\">\n\t\t\t\t\t\t\t<img width=\"1024\" height=\"428\" src=\"https:\/\/revistacienciaecultura.org.br\/wp-content\/uploads\/2022\/07\/CC-3-edicao-artigo-Intervenientes-poli\u0301tico-ideolo\u0301gicos-na-educac\u0327a\u0303o-brasileira-capa2-1024x428.jpg\" class=\"attachment-large size-large\" alt=\"\" loading=\"lazy\" srcset=\"https:\/\/revistacienciaecultura.org.br\/wp-content\/uploads\/2022\/07\/CC-3-edicao-artigo-Intervenientes-poli\u0301tico-ideolo\u0301gicos-na-educac\u0327a\u0303o-brasileira-capa2-1024x428.jpg 1024w, https:\/\/revistacienciaecultura.org.br\/wp-content\/uploads\/2022\/07\/CC-3-edicao-artigo-Intervenientes-poli\u0301tico-ideolo\u0301gicos-na-educac\u0327a\u0303o-brasileira-capa2-300x126.jpg 300w, https:\/\/revistacienciaecultura.org.br\/wp-content\/uploads\/2022\/07\/CC-3-edicao-artigo-Intervenientes-poli\u0301tico-ideolo\u0301gicos-na-educac\u0327a\u0303o-brasileira-capa2-768x321.jpg 768w, https:\/\/revistacienciaecultura.org.br\/wp-content\/uploads\/2022\/07\/CC-3-edicao-artigo-Intervenientes-poli\u0301tico-ideolo\u0301gicos-na-educac\u0327a\u0303o-brasileira-capa2-18x8.jpg 18w, https:\/\/revistacienciaecultura.org.br\/wp-content\/uploads\/2022\/07\/CC-3-edicao-artigo-Intervenientes-poli\u0301tico-ideolo\u0301gicos-na-educac\u0327a\u0303o-brasileira-capa2-800x335.jpg 800w, https:\/\/revistacienciaecultura.org.br\/wp-content\/uploads\/2022\/07\/CC-3-edicao-artigo-Intervenientes-poli\u0301tico-ideolo\u0301gicos-na-educac\u0327a\u0303o-brasileira-capa2-1160x485.jpg 1160w, https:\/\/revistacienciaecultura.org.br\/wp-content\/uploads\/2022\/07\/CC-3-edicao-artigo-Intervenientes-poli\u0301tico-ideolo\u0301gicos-na-educac\u0327a\u0303o-brasileira-capa2.jpg 1200w\" sizes=\"(max-width: 1024px) 100vw, 1024px\" \/>\t\t\t\t\t\t\t\t<\/a>\n\t\t\t\t\t\t\t\t\t\t\t\t\t\t\t<\/div>\n\t\t\t\t<\/div>\n\t\t\t\t<div class=\"elementor-element elementor-element-2485e93 elementor-widget elementor-widget-heading\" data-id=\"2485e93\" data-element_type=\"widget\" data-widget_type=\"heading.default\">\n\t\t\t\t<div class=\"elementor-widget-container\">\n\t\t\t<h2 id=\"intervenientes-politico-ideologicos-na-educacao-brasileira\" class=\"elementor-heading-title elementor-size-medium\"><a href=\"https:\/\/revistacienciaecultura.org.br\/?artigos=intervenientes-politico-ideologicos-na-educacao-brasileira\"><h3 style=\"margin-right: 0px; margin-bottom: 0px; margin-left: 0px; font-weight: var( --e-global-typography-primary-font-weight ); color: var( --e-global-color-secondary ); font-size: 18px; font-family: var( --e-global-typography-primary-font-family ), Sans-serif; white-space: normal;\"><a href=\"https:\/\/revistacienciaecultura.org.br\/?artigos=intervenientes-politico-ideologicos-na-educacao-brasileira\" style=\"font-family: var( --e-global-typography-primary-font-family ), Sans-serif; font-weight: var( --e-global-typography-primary-font-weight ); letter-spacing: -0.0125em; color: rgb(0, 0, 0);\">Intervenientes pol\u00edtico-ideol\u00f3gicos na educa\u00e7\u00e3o brasileira<\/a><br><\/h3><\/a><\/h2>\t\t<\/div>\n\t\t\t\t<\/div>\n\t\t\t\t\t<\/div>\n\t\t<\/div>\n\t\t\t\t\t\t\t<\/div>\n\t\t<\/section>\n\t\t\t\t<section class=\"elementor-section elementor-top-section elementor-element elementor-element-c7b1087 elementor-section-boxed elementor-section-height-default elementor-section-height-default\" data-id=\"c7b1087\" data-element_type=\"section\">\n\t\t\t\t\t\t<div class=\"elementor-container elementor-column-gap-default\">\n\t\t\t\t\t<div class=\"elementor-column elementor-col-33 elementor-top-column elementor-element elementor-element-afd6796\" data-id=\"afd6796\" data-element_type=\"column\">\n\t\t\t<div class=\"elementor-widget-wrap elementor-element-populated\">\n\t\t\t\t\t\t\t\t<div class=\"elementor-element elementor-element-403da85 elementor-widget elementor-widget-image\" data-id=\"403da85\" data-element_type=\"widget\" data-widget_type=\"image.default\">\n\t\t\t\t<div class=\"elementor-widget-container\">\n\t\t\t\t\t\t\t\t\t\t\t\t\t\t\t\t<a href=\"https:\/\/revistacienciaecultura.org.br\/?artigos=mitos-e-estacoes-no-ceu-tupi-guarani\">\n\t\t\t\t\t\t\t<img width=\"1024\" height=\"427\" src=\"https:\/\/revistacienciaecultura.org.br\/wp-content\/uploads\/2022\/08\/constelac\u0327a\u0303o-1024x427.jpg\" class=\"attachment-large size-large\" alt=\"\" loading=\"lazy\" srcset=\"https:\/\/revistacienciaecultura.org.br\/wp-content\/uploads\/2022\/08\/constelac\u0327a\u0303o-1024x427.jpg 1024w, https:\/\/revistacienciaecultura.org.br\/wp-content\/uploads\/2022\/08\/constelac\u0327a\u0303o-300x125.jpg 300w, https:\/\/revistacienciaecultura.org.br\/wp-content\/uploads\/2022\/08\/constelac\u0327a\u0303o-768x320.jpg 768w, https:\/\/revistacienciaecultura.org.br\/wp-content\/uploads\/2022\/08\/constelac\u0327a\u0303o-18x8.jpg 18w, https:\/\/revistacienciaecultura.org.br\/wp-content\/uploads\/2022\/08\/constelac\u0327a\u0303o-800x333.jpg 800w, https:\/\/revistacienciaecultura.org.br\/wp-content\/uploads\/2022\/08\/constelac\u0327a\u0303o-1160x483.jpg 1160w, https:\/\/revistacienciaecultura.org.br\/wp-content\/uploads\/2022\/08\/constelac\u0327a\u0303o.jpg 1200w\" sizes=\"(max-width: 1024px) 100vw, 1024px\" \/>\t\t\t\t\t\t\t\t<\/a>\n\t\t\t\t\t\t\t\t\t\t\t\t\t\t\t<\/div>\n\t\t\t\t<\/div>\n\t\t\t\t<div class=\"elementor-element elementor-element-f40f4e3 elementor-widget elementor-widget-heading\" data-id=\"f40f4e3\" data-element_type=\"widget\" data-widget_type=\"heading.default\">\n\t\t\t\t<div class=\"elementor-widget-container\">\n\t\t\t<h2 class=\"elementor-heading-title elementor-size-medium\"><a href=\"https:\/\/revistacienciaecultura.org.br\/?artigos=mitos-e-estacoes-no-ceu-tupi-guarani\"><h3 id=\"mitos-e-estacoes-no-ceu-tupi-guarani\" class=\"elementor-post__title\" style=\"margin-right: 0px; margin-bottom: 0px; margin-left: 0px; font-weight: var( --e-global-typography-primary-font-weight ); color: var( --e-global-color-secondary ); font-size: 18px; font-family: var( --e-global-typography-primary-font-family ), Sans-serif; white-space: normal;\"><a href=\"https:\/\/revistacienciaecultura.org.br\/?artigos=mitos-e-estacoes-no-ceu-tupi-guarani\" style=\"color: rgb(0, 0, 0); font-family: var( --e-global-typography-primary-font-family ), Sans-serif; font-weight: var( --e-global-typography-primary-font-weight );\">Mitos e Esta\u00e7\u00f5es no c\u00e9u Tupi-Guarani<\/a><\/h3><\/a><\/h2>\t\t<\/div>\n\t\t\t\t<\/div>\n\t\t\t\t\t<\/div>\n\t\t<\/div>\n\t\t\t\t<div class=\"elementor-column elementor-col-33 elementor-top-column elementor-element elementor-element-c9e180f\" data-id=\"c9e180f\" data-element_type=\"column\">\n\t\t\t<div class=\"elementor-widget-wrap elementor-element-populated\">\n\t\t\t\t\t\t\t\t<div class=\"elementor-element elementor-element-3173f61 elementor-widget elementor-widget-image\" data-id=\"3173f61\" data-element_type=\"widget\" data-widget_type=\"image.default\">\n\t\t\t\t<div class=\"elementor-widget-container\">\n\t\t\t\t\t\t\t\t\t\t\t\t\t\t\t\t<a href=\"https:\/\/revistacienciaecultura.org.br\/?artigos=as-ciencias-sociais-em-livro-e-o-conhecimento-do-brasil\">\n\t\t\t\t\t\t\t<img width=\"1024\" height=\"427\" src=\"https:\/\/revistacienciaecultura.org.br\/wp-content\/uploads\/2022\/08\/CC-3-edicao-artigo-As-cie\u0302ncias-sociais-em-livro-e-o-conhecimento-do-Brasil-capa2-1024x427.jpg\" class=\"attachment-large size-large\" alt=\"\" loading=\"lazy\" srcset=\"https:\/\/revistacienciaecultura.org.br\/wp-content\/uploads\/2022\/08\/CC-3-edicao-artigo-As-cie\u0302ncias-sociais-em-livro-e-o-conhecimento-do-Brasil-capa2-1024x427.jpg 1024w, https:\/\/revistacienciaecultura.org.br\/wp-content\/uploads\/2022\/08\/CC-3-edicao-artigo-As-cie\u0302ncias-sociais-em-livro-e-o-conhecimento-do-Brasil-capa2-300x125.jpg 300w, https:\/\/revistacienciaecultura.org.br\/wp-content\/uploads\/2022\/08\/CC-3-edicao-artigo-As-cie\u0302ncias-sociais-em-livro-e-o-conhecimento-do-Brasil-capa2-768x320.jpg 768w, https:\/\/revistacienciaecultura.org.br\/wp-content\/uploads\/2022\/08\/CC-3-edicao-artigo-As-cie\u0302ncias-sociais-em-livro-e-o-conhecimento-do-Brasil-capa2-18x8.jpg 18w, https:\/\/revistacienciaecultura.org.br\/wp-content\/uploads\/2022\/08\/CC-3-edicao-artigo-As-cie\u0302ncias-sociais-em-livro-e-o-conhecimento-do-Brasil-capa2-800x333.jpg 800w, https:\/\/revistacienciaecultura.org.br\/wp-content\/uploads\/2022\/08\/CC-3-edicao-artigo-As-cie\u0302ncias-sociais-em-livro-e-o-conhecimento-do-Brasil-capa2-1160x483.jpg 1160w, https:\/\/revistacienciaecultura.org.br\/wp-content\/uploads\/2022\/08\/CC-3-edicao-artigo-As-cie\u0302ncias-sociais-em-livro-e-o-conhecimento-do-Brasil-capa2.jpg 1200w\" sizes=\"(max-width: 1024px) 100vw, 1024px\" \/>\t\t\t\t\t\t\t\t<\/a>\n\t\t\t\t\t\t\t\t\t\t\t\t\t\t\t<\/div>\n\t\t\t\t<\/div>\n\t\t\t\t<div class=\"elementor-element elementor-element-6631073 elementor-widget elementor-widget-heading\" data-id=\"6631073\" data-element_type=\"widget\" data-widget_type=\"heading.default\">\n\t\t\t\t<div class=\"elementor-widget-container\">\n\t\t\t<h2 class=\"elementor-heading-title elementor-size-medium\"><a href=\"https:\/\/revistacienciaecultura.org.br\/?artigos=as-ciencias-sociais-em-livro-e-o-conhecimento-do-brasil\"><h3 id=\"as-ciencias-sociais-em-livro-e-o-conhecimento-do-brasil\" class=\"elementor-post__title\" style=\"margin-right: 0px; margin-bottom: 0px; margin-left: 0px; font-weight: var( --e-global-typography-primary-font-weight ); color: var( --e-global-color-secondary ); font-size: 18px; font-family: var( --e-global-typography-primary-font-family ), Sans-serif; white-space: normal;\"><a href=\"https:\/\/revistacienciaecultura.org.br\/?artigos=as-ciencias-sociais-em-livro-e-o-conhecimento-do-brasil\" style=\"color: rgb(0, 0, 0); font-family: var( --e-global-typography-primary-font-family ), Sans-serif; font-weight: var( --e-global-typography-primary-font-weight );\">As ci\u00eancias sociais em livro e o conhecimento do Brasil<\/a><\/h3><\/a><\/h2>\t\t<\/div>\n\t\t\t\t<\/div>\n\t\t\t\t\t<\/div>\n\t\t<\/div>\n\t\t\t\t<div class=\"elementor-column elementor-col-33 elementor-top-column elementor-element elementor-element-3c1036d\" data-id=\"3c1036d\" data-element_type=\"column\">\n\t\t\t<div class=\"elementor-widget-wrap elementor-element-populated\">\n\t\t\t\t\t\t\t\t<div class=\"elementor-element elementor-element-74f869a elementor-widget elementor-widget-image\" data-id=\"74f869a\" data-element_type=\"widget\" data-widget_type=\"image.default\">\n\t\t\t\t<div class=\"elementor-widget-container\">\n\t\t\t\t\t\t\t\t\t\t\t\t\t\t\t\t<a href=\"https:\/\/revistacienciaecultura.org.br\/?artigos=as-expedicoes-naturalistas-no-brasil-no-seculo-xix\">\n\t\t\t\t\t\t\t<img width=\"1024\" height=\"427\" src=\"https:\/\/revistacienciaecultura.org.br\/wp-content\/uploads\/2022\/08\/CC-3-edicao-artigo-As-expedic\u0327o\u0303es-naturalistas-no-Brasil-capa2-1024x427.jpg\" class=\"attachment-large size-large\" alt=\"\" loading=\"lazy\" srcset=\"https:\/\/revistacienciaecultura.org.br\/wp-content\/uploads\/2022\/08\/CC-3-edicao-artigo-As-expedic\u0327o\u0303es-naturalistas-no-Brasil-capa2-1024x427.jpg 1024w, https:\/\/revistacienciaecultura.org.br\/wp-content\/uploads\/2022\/08\/CC-3-edicao-artigo-As-expedic\u0327o\u0303es-naturalistas-no-Brasil-capa2-300x125.jpg 300w, https:\/\/revistacienciaecultura.org.br\/wp-content\/uploads\/2022\/08\/CC-3-edicao-artigo-As-expedic\u0327o\u0303es-naturalistas-no-Brasil-capa2-768x320.jpg 768w, https:\/\/revistacienciaecultura.org.br\/wp-content\/uploads\/2022\/08\/CC-3-edicao-artigo-As-expedic\u0327o\u0303es-naturalistas-no-Brasil-capa2-18x8.jpg 18w, https:\/\/revistacienciaecultura.org.br\/wp-content\/uploads\/2022\/08\/CC-3-edicao-artigo-As-expedic\u0327o\u0303es-naturalistas-no-Brasil-capa2-800x333.jpg 800w, https:\/\/revistacienciaecultura.org.br\/wp-content\/uploads\/2022\/08\/CC-3-edicao-artigo-As-expedic\u0327o\u0303es-naturalistas-no-Brasil-capa2-1160x483.jpg 1160w, https:\/\/revistacienciaecultura.org.br\/wp-content\/uploads\/2022\/08\/CC-3-edicao-artigo-As-expedic\u0327o\u0303es-naturalistas-no-Brasil-capa2.jpg 1200w\" sizes=\"(max-width: 1024px) 100vw, 1024px\" \/>\t\t\t\t\t\t\t\t<\/a>\n\t\t\t\t\t\t\t\t\t\t\t\t\t\t\t<\/div>\n\t\t\t\t<\/div>\n\t\t\t\t<div class=\"elementor-element elementor-element-ff0f0bc elementor-widget elementor-widget-heading\" data-id=\"ff0f0bc\" data-element_type=\"widget\" data-widget_type=\"heading.default\">\n\t\t\t\t<div class=\"elementor-widget-container\">\n\t\t\t<h2 class=\"elementor-heading-title elementor-size-medium\"><a href=\"https:\/\/revistacienciaecultura.org.br\/?artigos=as-expedicoes-naturalistas-no-brasil-no-seculo-xix\"><h3 id=\"as-expedicoes-naturalistas-no-brasil-no-seculo-xix\" class=\"elementor-post__title\" style=\"margin-right: 0px; margin-bottom: 0px; margin-left: 0px; font-weight: var( --e-global-typography-primary-font-weight ); color: var( --e-global-color-secondary ); font-size: 18px; font-family: var( --e-global-typography-primary-font-family ), Sans-serif; white-space: normal;\"><a href=\"https:\/\/revistacienciaecultura.org.br\/?artigos=as-expedicoes-naturalistas-no-brasil-no-seculo-xix\" style=\"color: rgb(0, 0, 0); font-family: var( --e-global-typography-primary-font-family ), Sans-serif; font-weight: var( --e-global-typography-primary-font-weight );\">As expedi\u00e7\u00f5es naturalistas no Brasil no s\u00e9culo XIX<\/a><\/h3><\/a><\/h2>\t\t<\/div>\n\t\t\t\t<\/div>\n\t\t\t\t\t<\/div>\n\t\t<\/div>\n\t\t\t\t\t\t\t<\/div>\n\t\t<\/section>\n\t\t\t\t<section class=\"elementor-section elementor-top-section elementor-element elementor-element-2797dad elementor-section-boxed elementor-section-height-default elementor-section-height-default\" data-id=\"2797dad\" data-element_type=\"section\">\n\t\t\t\t\t\t<div class=\"elementor-container elementor-column-gap-default\">\n\t\t\t\t\t<div class=\"elementor-column elementor-col-33 elementor-top-column elementor-element elementor-element-eee1b6f\" data-id=\"eee1b6f\" data-element_type=\"column\">\n\t\t\t<div class=\"elementor-widget-wrap elementor-element-populated\">\n\t\t\t\t\t\t\t\t<div class=\"elementor-element elementor-element-365247f elementor-widget elementor-widget-image\" data-id=\"365247f\" data-element_type=\"widget\" data-widget_type=\"image.default\">\n\t\t\t\t<div class=\"elementor-widget-container\">\n\t\t\t\t\t\t\t\t\t\t\t\t\t\t\t\t<a href=\"https:\/\/revistacienciaecultura.org.br\/?artigos=astronomia-no-brasil-e-independencia\">\n\t\t\t\t\t\t\t<img width=\"1024\" height=\"427\" src=\"https:\/\/revistacienciaecultura.org.br\/wp-content\/uploads\/2022\/08\/astronomia-capa-3-1024x427.jpg\" class=\"attachment-large size-large\" alt=\"\" loading=\"lazy\" srcset=\"https:\/\/revistacienciaecultura.org.br\/wp-content\/uploads\/2022\/08\/astronomia-capa-3-1024x427.jpg 1024w, https:\/\/revistacienciaecultura.org.br\/wp-content\/uploads\/2022\/08\/astronomia-capa-3-300x125.jpg 300w, https:\/\/revistacienciaecultura.org.br\/wp-content\/uploads\/2022\/08\/astronomia-capa-3-768x320.jpg 768w, https:\/\/revistacienciaecultura.org.br\/wp-content\/uploads\/2022\/08\/astronomia-capa-3-18x8.jpg 18w, https:\/\/revistacienciaecultura.org.br\/wp-content\/uploads\/2022\/08\/astronomia-capa-3-800x333.jpg 800w, https:\/\/revistacienciaecultura.org.br\/wp-content\/uploads\/2022\/08\/astronomia-capa-3-1160x483.jpg 1160w, https:\/\/revistacienciaecultura.org.br\/wp-content\/uploads\/2022\/08\/astronomia-capa-3.jpg 1200w\" sizes=\"(max-width: 1024px) 100vw, 1024px\" \/>\t\t\t\t\t\t\t\t<\/a>\n\t\t\t\t\t\t\t\t\t\t\t\t\t\t\t<\/div>\n\t\t\t\t<\/div>\n\t\t\t\t<div class=\"elementor-element elementor-element-716e715 elementor-widget elementor-widget-heading\" data-id=\"716e715\" data-element_type=\"widget\" data-widget_type=\"heading.default\">\n\t\t\t\t<div class=\"elementor-widget-container\">\n\t\t\t<h2 class=\"elementor-heading-title elementor-size-medium\"><a href=\"https:\/\/revistacienciaecultura.org.br\/?artigos=astronomia-no-brasil-e-independencia\"><h3 id=\"astronomia-no-brasil-e-independencia\" class=\"elementor-post__title\" style=\"margin-right: 0px; margin-bottom: 0px; margin-left: 0px; font-weight: var( --e-global-typography-primary-font-weight ); color: var( --e-global-color-secondary ); font-size: 18px; font-family: var( --e-global-typography-primary-font-family ), Sans-serif; white-space: normal;\"><a href=\"https:\/\/revistacienciaecultura.org.br\/?artigos=astronomia-no-brasil-e-independencia\" style=\"color: rgb(0, 0, 0); font-family: var( --e-global-typography-primary-font-family ), Sans-serif; font-weight: var( --e-global-typography-primary-font-weight );\">Astronomia no Brasil e independ\u00eancia<\/a><\/h3><\/a><\/h2>\t\t<\/div>\n\t\t\t\t<\/div>\n\t\t\t\t\t<\/div>\n\t\t<\/div>\n\t\t\t\t<div class=\"elementor-column elementor-col-33 elementor-top-column elementor-element elementor-element-dee17e6\" data-id=\"dee17e6\" data-element_type=\"column\">\n\t\t\t<div class=\"elementor-widget-wrap elementor-element-populated\">\n\t\t\t\t\t\t\t\t<div class=\"elementor-element elementor-element-8715918 elementor-widget elementor-widget-image\" data-id=\"8715918\" data-element_type=\"widget\" data-widget_type=\"image.default\">\n\t\t\t\t<div class=\"elementor-widget-container\">\n\t\t\t\t\t\t\t\t\t\t\t\t\t\t\t\t<a href=\"https:\/\/revistacienciaecultura.org.br\/?artigos=as-viagens-medico-cientificas-na-construcao-do-brasil\">\n\t\t\t\t\t\t\t<img width=\"1024\" height=\"427\" src=\"https:\/\/revistacienciaecultura.org.br\/wp-content\/uploads\/2022\/09\/CC-3-edicao-artigo-As-viagens-me\u0301dico-cienti\u0301ficas-na-construc\u0327a\u0303o-do-Brasil-capa2-1024x427.jpg\" class=\"attachment-large size-large\" alt=\"\" loading=\"lazy\" srcset=\"https:\/\/revistacienciaecultura.org.br\/wp-content\/uploads\/2022\/09\/CC-3-edicao-artigo-As-viagens-me\u0301dico-cienti\u0301ficas-na-construc\u0327a\u0303o-do-Brasil-capa2-1024x427.jpg 1024w, https:\/\/revistacienciaecultura.org.br\/wp-content\/uploads\/2022\/09\/CC-3-edicao-artigo-As-viagens-me\u0301dico-cienti\u0301ficas-na-construc\u0327a\u0303o-do-Brasil-capa2-300x125.jpg 300w, https:\/\/revistacienciaecultura.org.br\/wp-content\/uploads\/2022\/09\/CC-3-edicao-artigo-As-viagens-me\u0301dico-cienti\u0301ficas-na-construc\u0327a\u0303o-do-Brasil-capa2-768x320.jpg 768w, https:\/\/revistacienciaecultura.org.br\/wp-content\/uploads\/2022\/09\/CC-3-edicao-artigo-As-viagens-me\u0301dico-cienti\u0301ficas-na-construc\u0327a\u0303o-do-Brasil-capa2-18x8.jpg 18w, https:\/\/revistacienciaecultura.org.br\/wp-content\/uploads\/2022\/09\/CC-3-edicao-artigo-As-viagens-me\u0301dico-cienti\u0301ficas-na-construc\u0327a\u0303o-do-Brasil-capa2-800x333.jpg 800w, https:\/\/revistacienciaecultura.org.br\/wp-content\/uploads\/2022\/09\/CC-3-edicao-artigo-As-viagens-me\u0301dico-cienti\u0301ficas-na-construc\u0327a\u0303o-do-Brasil-capa2-1160x483.jpg 1160w, https:\/\/revistacienciaecultura.org.br\/wp-content\/uploads\/2022\/09\/CC-3-edicao-artigo-As-viagens-me\u0301dico-cienti\u0301ficas-na-construc\u0327a\u0303o-do-Brasil-capa2.jpg 1200w\" sizes=\"(max-width: 1024px) 100vw, 1024px\" \/>\t\t\t\t\t\t\t\t<\/a>\n\t\t\t\t\t\t\t\t\t\t\t\t\t\t\t<\/div>\n\t\t\t\t<\/div>\n\t\t\t\t<div class=\"elementor-element elementor-element-b3ec8bd elementor-widget elementor-widget-heading\" data-id=\"b3ec8bd\" data-element_type=\"widget\" data-widget_type=\"heading.default\">\n\t\t\t\t<div class=\"elementor-widget-container\">\n\t\t\t<h2 class=\"elementor-heading-title elementor-size-medium\"><a href=\"https:\/\/revistacienciaecultura.org.br\/?artigos=as-viagens-medico-cientificas-na-construcao-do-brasil\"><h3 id=\"as-viagens-medico-cientificas-na-construcao-do-brasil\" class=\"elementor-post__title\" style=\"margin-right: 0px; margin-bottom: 0px; margin-left: 0px; font-weight: var( --e-global-typography-primary-font-weight ); color: var( --e-global-color-secondary ); font-size: 18px; font-family: var( --e-global-typography-primary-font-family ), Sans-serif; white-space: normal;\"><a href=\"https:\/\/revistacienciaecultura.org.br\/?artigos=as-viagens-medico-cientificas-na-construcao-do-brasil\" style=\"color: rgb(0, 0, 0); font-family: var( --e-global-typography-primary-font-family ), Sans-serif; font-weight: var( --e-global-typography-primary-font-weight );\">As viagens m\u00e9dico-cient\u00edficas na constru\u00e7\u00e3o do Brasil<\/a><\/h3><\/a><\/h2>\t\t<\/div>\n\t\t\t\t<\/div>\n\t\t\t\t\t<\/div>\n\t\t<\/div>\n\t\t\t\t<div class=\"elementor-column elementor-col-33 elementor-top-column elementor-element elementor-element-8553676\" data-id=\"8553676\" data-element_type=\"column\">\n\t\t\t<div class=\"elementor-widget-wrap elementor-element-populated\">\n\t\t\t\t\t\t\t\t<div class=\"elementor-element elementor-element-db83444 elementor-widget elementor-widget-image\" data-id=\"db83444\" data-element_type=\"widget\" data-widget_type=\"image.default\">\n\t\t\t\t<div class=\"elementor-widget-container\">\n\t\t\t\t\t\t\t\t\t\t\t\t\t\t\t\t<a href=\"https:\/\/revistacienciaecultura.org.br\/?artigos=uma-historia-institucional-das-ciencias-no-brasil\">\n\t\t\t\t\t\t\t<img width=\"1024\" height=\"427\" src=\"https:\/\/revistacienciaecultura.org.br\/wp-content\/uploads\/2022\/09\/CC-3-edicao-artigo-Uma-histo\u0301ria-institucional-das-cie\u0302ncias-no-Brasil-capa2-1024x427.jpg\" class=\"attachment-large size-large\" alt=\"\" loading=\"lazy\" srcset=\"https:\/\/revistacienciaecultura.org.br\/wp-content\/uploads\/2022\/09\/CC-3-edicao-artigo-Uma-histo\u0301ria-institucional-das-cie\u0302ncias-no-Brasil-capa2-1024x427.jpg 1024w, https:\/\/revistacienciaecultura.org.br\/wp-content\/uploads\/2022\/09\/CC-3-edicao-artigo-Uma-histo\u0301ria-institucional-das-cie\u0302ncias-no-Brasil-capa2-300x125.jpg 300w, https:\/\/revistacienciaecultura.org.br\/wp-content\/uploads\/2022\/09\/CC-3-edicao-artigo-Uma-histo\u0301ria-institucional-das-cie\u0302ncias-no-Brasil-capa2-768x320.jpg 768w, https:\/\/revistacienciaecultura.org.br\/wp-content\/uploads\/2022\/09\/CC-3-edicao-artigo-Uma-histo\u0301ria-institucional-das-cie\u0302ncias-no-Brasil-capa2-18x8.jpg 18w, https:\/\/revistacienciaecultura.org.br\/wp-content\/uploads\/2022\/09\/CC-3-edicao-artigo-Uma-histo\u0301ria-institucional-das-cie\u0302ncias-no-Brasil-capa2-800x333.jpg 800w, https:\/\/revistacienciaecultura.org.br\/wp-content\/uploads\/2022\/09\/CC-3-edicao-artigo-Uma-histo\u0301ria-institucional-das-cie\u0302ncias-no-Brasil-capa2-1160x483.jpg 1160w, https:\/\/revistacienciaecultura.org.br\/wp-content\/uploads\/2022\/09\/CC-3-edicao-artigo-Uma-histo\u0301ria-institucional-das-cie\u0302ncias-no-Brasil-capa2.jpg 1200w\" sizes=\"(max-width: 1024px) 100vw, 1024px\" \/>\t\t\t\t\t\t\t\t<\/a>\n\t\t\t\t\t\t\t\t\t\t\t\t\t\t\t<\/div>\n\t\t\t\t<\/div>\n\t\t\t\t<div class=\"elementor-element elementor-element-0d0c193 elementor-widget elementor-widget-heading\" data-id=\"0d0c193\" data-element_type=\"widget\" data-widget_type=\"heading.default\">\n\t\t\t\t<div class=\"elementor-widget-container\">\n\t\t\t<h2 class=\"elementor-heading-title elementor-size-medium\"><a href=\"https:\/\/revistacienciaecultura.org.br\/?artigos=uma-historia-institucional-das-ciencias-no-brasil\"><h3 id=\"uma-historia-institucional-das-ciencias-no-brasil\" class=\"elementor-post__title\" style=\"margin-right: 0px; margin-bottom: 0px; margin-left: 0px; font-weight: var( --e-global-typography-primary-font-weight ); color: var( --e-global-color-secondary ); font-size: 18px; font-family: var( --e-global-typography-primary-font-family ), Sans-serif; white-space: normal;\"><a href=\"https:\/\/revistacienciaecultura.org.br\/?artigos=uma-historia-institucional-das-ciencias-no-brasil\" style=\"color: rgb(0, 0, 0); font-family: var( --e-global-typography-primary-font-family ), Sans-serif; font-weight: var( --e-global-typography-primary-font-weight );\">Uma hist\u00f3ria institucional das ci\u00eancias no Brasil<\/a><\/h3><\/a><\/h2>\t\t<\/div>\n\t\t\t\t<\/div>\n\t\t\t\t\t<\/div>\n\t\t<\/div>\n\t\t\t\t\t\t\t<\/div>\n\t\t<\/section>\n\t\t\t\t<section class=\"elementor-section elementor-top-section elementor-element elementor-element-2217d02 elementor-section-boxed elementor-section-height-default elementor-section-height-default\" data-id=\"2217d02\" data-element_type=\"section\">\n\t\t\t\t\t\t<div class=\"elementor-container elementor-column-gap-default\">\n\t\t\t\t\t<div class=\"elementor-column elementor-col-100 elementor-top-column elementor-element elementor-element-c9e0703\" data-id=\"c9e0703\" data-element_type=\"column\">\n\t\t\t<div class=\"elementor-widget-wrap elementor-element-populated\">\n\t\t\t\t\t\t\t\t<div class=\"elementor-element elementor-element-8af7a0c elementor-widget__width-auto elementor-widget elementor-widget-heading\" data-id=\"8af7a0c\" data-element_type=\"widget\" data-widget_type=\"heading.default\">\n\t\t\t\t<div class=\"elementor-widget-container\">\n\t\t\t<h6 id=\"opiniao\" class=\"elementor-heading-title elementor-size-default\">Opini\u00e3o  <\/h6>\t\t<\/div>\n\t\t\t\t<\/div>\n\t\t\t\t\t<\/div>\n\t\t<\/div>\n\t\t\t\t\t\t\t<\/div>\n\t\t<\/section>\n\t\t\t\t<section class=\"elementor-section elementor-top-section elementor-element elementor-element-084f834 elementor-section-boxed elementor-section-height-default elementor-section-height-default\" data-id=\"084f834\" data-element_type=\"section\">\n\t\t\t\t\t\t<div class=\"elementor-container elementor-column-gap-default\">\n\t\t\t\t\t<div class=\"elementor-column elementor-col-33 elementor-top-column elementor-element elementor-element-1010d38\" data-id=\"1010d38\" data-element_type=\"column\">\n\t\t\t<div class=\"elementor-widget-wrap elementor-element-populated\">\n\t\t\t\t\t\t\t\t<div class=\"elementor-element elementor-element-47b378b elementor-widget elementor-widget-image\" data-id=\"47b378b\" data-element_type=\"widget\" data-widget_type=\"image.default\">\n\t\t\t\t<div class=\"elementor-widget-container\">\n\t\t\t\t\t\t\t\t\t\t\t\t\t\t\t\t<a href=\"https:\/\/revistacienciaecultura.org.br\/?p=2891\">\n\t\t\t\t\t\t\t<img width=\"1024\" height=\"427\" src=\"https:\/\/revistacienciaecultura.org.br\/wp-content\/uploads\/2022\/07\/CC-3-edicao-editorial-200-anos-de-ciencia-no-Brasil-capa2-1024x427.jpg\" class=\"attachment-large size-large\" alt=\"\" loading=\"lazy\" srcset=\"https:\/\/revistacienciaecultura.org.br\/wp-content\/uploads\/2022\/07\/CC-3-edicao-editorial-200-anos-de-ciencia-no-Brasil-capa2-1024x427.jpg 1024w, https:\/\/revistacienciaecultura.org.br\/wp-content\/uploads\/2022\/07\/CC-3-edicao-editorial-200-anos-de-ciencia-no-Brasil-capa2-300x125.jpg 300w, https:\/\/revistacienciaecultura.org.br\/wp-content\/uploads\/2022\/07\/CC-3-edicao-editorial-200-anos-de-ciencia-no-Brasil-capa2-768x320.jpg 768w, https:\/\/revistacienciaecultura.org.br\/wp-content\/uploads\/2022\/07\/CC-3-edicao-editorial-200-anos-de-ciencia-no-Brasil-capa2-18x8.jpg 18w, https:\/\/revistacienciaecultura.org.br\/wp-content\/uploads\/2022\/07\/CC-3-edicao-editorial-200-anos-de-ciencia-no-Brasil-capa2-800x333.jpg 800w, https:\/\/revistacienciaecultura.org.br\/wp-content\/uploads\/2022\/07\/CC-3-edicao-editorial-200-anos-de-ciencia-no-Brasil-capa2-1160x483.jpg 1160w, https:\/\/revistacienciaecultura.org.br\/wp-content\/uploads\/2022\/07\/CC-3-edicao-editorial-200-anos-de-ciencia-no-Brasil-capa2.jpg 1200w\" sizes=\"(max-width: 1024px) 100vw, 1024px\" \/>\t\t\t\t\t\t\t\t<\/a>\n\t\t\t\t\t\t\t\t\t\t\t\t\t\t\t<\/div>\n\t\t\t\t<\/div>\n\t\t\t\t<div class=\"elementor-element elementor-element-e7d6d56 elementor-widget elementor-widget-heading\" data-id=\"e7d6d56\" data-element_type=\"widget\" data-widget_type=\"heading.default\">\n\t\t\t\t<div class=\"elementor-widget-container\">\n\t\t\t<h2 id=\"200-anos-de-ciencia-e-tecnologia-no-brasil\" class=\"elementor-heading-title elementor-size-medium\"><a href=\"https:\/\/revistacienciaecultura.org.br\/?p=2891\"><h3 style=\"margin-right: 0px; margin-bottom: 25px; margin-left: 0px; font-weight: var( --e-global-typography-primary-font-weight ); font-size: 18px; font-family: var( --e-global-typography-primary-font-family ), Sans-serif; white-space: normal;\"><a href=\"https:\/\/revistacienciaecultura.org.br\/?p=2891\" style=\"color: rgb(0, 0, 0); font-family: var( --e-global-typography-primary-font-family ), Sans-serif; font-weight: var( --e-global-typography-primary-font-weight );\">200 anos de ci\u00eancia e tecnologia no Brasil<\/a><\/h3><\/a><\/h2>\t\t<\/div>\n\t\t\t\t<\/div>\n\t\t\t\t\t<\/div>\n\t\t<\/div>\n\t\t\t\t<div class=\"elementor-column elementor-col-33 elementor-top-column elementor-element elementor-element-7cb6e3b\" data-id=\"7cb6e3b\" data-element_type=\"column\">\n\t\t\t<div class=\"elementor-widget-wrap elementor-element-populated\">\n\t\t\t\t\t\t\t\t<div class=\"elementor-element elementor-element-28f5316 elementor-widget elementor-widget-image\" data-id=\"28f5316\" data-element_type=\"widget\" data-widget_type=\"image.default\">\n\t\t\t\t<div class=\"elementor-widget-container\">\n\t\t\t\t\t\t\t\t\t\t\t\t\t\t\t\t<a href=\"https:\/\/revistacienciaecultura.org.br\/?p=3004\">\n\t\t\t\t\t\t\t<img width=\"1024\" height=\"427\" src=\"https:\/\/revistacienciaecultura.org.br\/wp-content\/uploads\/2022\/08\/CC-3-edicao-opiniao-Cie\u0302ncia-e-divulgac\u0327a\u0303o-cienti\u0301fica-nos-trilhos-do-desenvolvimento-nacional-capa-1024x427.jpg\" class=\"attachment-large size-large\" alt=\"\" loading=\"lazy\" srcset=\"https:\/\/revistacienciaecultura.org.br\/wp-content\/uploads\/2022\/08\/CC-3-edicao-opiniao-Cie\u0302ncia-e-divulgac\u0327a\u0303o-cienti\u0301fica-nos-trilhos-do-desenvolvimento-nacional-capa-1024x427.jpg 1024w, https:\/\/revistacienciaecultura.org.br\/wp-content\/uploads\/2022\/08\/CC-3-edicao-opiniao-Cie\u0302ncia-e-divulgac\u0327a\u0303o-cienti\u0301fica-nos-trilhos-do-desenvolvimento-nacional-capa-300x125.jpg 300w, https:\/\/revistacienciaecultura.org.br\/wp-content\/uploads\/2022\/08\/CC-3-edicao-opiniao-Cie\u0302ncia-e-divulgac\u0327a\u0303o-cienti\u0301fica-nos-trilhos-do-desenvolvimento-nacional-capa-768x320.jpg 768w, https:\/\/revistacienciaecultura.org.br\/wp-content\/uploads\/2022\/08\/CC-3-edicao-opiniao-Cie\u0302ncia-e-divulgac\u0327a\u0303o-cienti\u0301fica-nos-trilhos-do-desenvolvimento-nacional-capa-18x8.jpg 18w, https:\/\/revistacienciaecultura.org.br\/wp-content\/uploads\/2022\/08\/CC-3-edicao-opiniao-Cie\u0302ncia-e-divulgac\u0327a\u0303o-cienti\u0301fica-nos-trilhos-do-desenvolvimento-nacional-capa-800x333.jpg 800w, https:\/\/revistacienciaecultura.org.br\/wp-content\/uploads\/2022\/08\/CC-3-edicao-opiniao-Cie\u0302ncia-e-divulgac\u0327a\u0303o-cienti\u0301fica-nos-trilhos-do-desenvolvimento-nacional-capa-1160x483.jpg 1160w, https:\/\/revistacienciaecultura.org.br\/wp-content\/uploads\/2022\/08\/CC-3-edicao-opiniao-Cie\u0302ncia-e-divulgac\u0327a\u0303o-cienti\u0301fica-nos-trilhos-do-desenvolvimento-nacional-capa.jpg 1200w\" sizes=\"(max-width: 1024px) 100vw, 1024px\" \/>\t\t\t\t\t\t\t\t<\/a>\n\t\t\t\t\t\t\t\t\t\t\t\t\t\t\t<\/div>\n\t\t\t\t<\/div>\n\t\t\t\t<div class=\"elementor-element elementor-element-af50b7f elementor-widget elementor-widget-heading\" data-id=\"af50b7f\" data-element_type=\"widget\" data-widget_type=\"heading.default\">\n\t\t\t\t<div class=\"elementor-widget-container\">\n\t\t\t<h2 id=\"a-atuacao-de-jose-reis-1907-2002-no-brasil\" class=\"elementor-heading-title elementor-size-medium\"><a href=\"https:\/\/revistacienciaecultura.org.br\/?p=3004\"><h3 class=\"elementor-post__title\" style=\"margin-right: 0px; margin-bottom: 25px; margin-left: 0px; font-weight: var( --e-global-typography-primary-font-weight ); font-size: 18px; font-family: var( --e-global-typography-primary-font-family ), Sans-serif; white-space: normal;\"><a href=\"https:\/\/revistacienciaecultura.org.br\/?p=3004\" style=\"color: rgb(0, 0, 0); font-family: var( --e-global-typography-primary-font-family ), Sans-serif; font-weight: var( --e-global-typography-primary-font-weight );\">A atua\u00e7\u00e3o de Jos\u00e9 Reis (1907-2002) no Brasil<\/a><\/h3><\/a><\/h2>\t\t<\/div>\n\t\t\t\t<\/div>\n\t\t\t\t\t<\/div>\n\t\t<\/div>\n\t\t\t\t<div class=\"elementor-column elementor-col-33 elementor-top-column elementor-element elementor-element-c2860c8\" data-id=\"c2860c8\" data-element_type=\"column\">\n\t\t\t<div class=\"elementor-widget-wrap elementor-element-populated\">\n\t\t\t\t\t\t\t\t<div class=\"elementor-element elementor-element-055c99d elementor-widget elementor-widget-image\" data-id=\"055c99d\" data-element_type=\"widget\" data-widget_type=\"image.default\">\n\t\t\t\t<div class=\"elementor-widget-container\">\n\t\t\t\t\t\t\t\t\t\t\t\t\t\t\t\t<a href=\"https:\/\/revistacienciaecultura.org.br\/?p=3105\">\n\t\t\t\t\t\t\t<img width=\"1024\" height=\"427\" src=\"https:\/\/revistacienciaecultura.org.br\/wp-content\/uploads\/2022\/09\/CC-3-edicao-opiniao-As-Contribuic\u0327o\u0303es-dos-povos-indi\u0301genas-capa2-1024x427.jpg\" class=\"attachment-large size-large\" alt=\"\" loading=\"lazy\" srcset=\"https:\/\/revistacienciaecultura.org.br\/wp-content\/uploads\/2022\/09\/CC-3-edicao-opiniao-As-Contribuic\u0327o\u0303es-dos-povos-indi\u0301genas-capa2-1024x427.jpg 1024w, https:\/\/revistacienciaecultura.org.br\/wp-content\/uploads\/2022\/09\/CC-3-edicao-opiniao-As-Contribuic\u0327o\u0303es-dos-povos-indi\u0301genas-capa2-300x125.jpg 300w, https:\/\/revistacienciaecultura.org.br\/wp-content\/uploads\/2022\/09\/CC-3-edicao-opiniao-As-Contribuic\u0327o\u0303es-dos-povos-indi\u0301genas-capa2-768x320.jpg 768w, https:\/\/revistacienciaecultura.org.br\/wp-content\/uploads\/2022\/09\/CC-3-edicao-opiniao-As-Contribuic\u0327o\u0303es-dos-povos-indi\u0301genas-capa2-18x8.jpg 18w, https:\/\/revistacienciaecultura.org.br\/wp-content\/uploads\/2022\/09\/CC-3-edicao-opiniao-As-Contribuic\u0327o\u0303es-dos-povos-indi\u0301genas-capa2-800x333.jpg 800w, https:\/\/revistacienciaecultura.org.br\/wp-content\/uploads\/2022\/09\/CC-3-edicao-opiniao-As-Contribuic\u0327o\u0303es-dos-povos-indi\u0301genas-capa2-1160x483.jpg 1160w, https:\/\/revistacienciaecultura.org.br\/wp-content\/uploads\/2022\/09\/CC-3-edicao-opiniao-As-Contribuic\u0327o\u0303es-dos-povos-indi\u0301genas-capa2.jpg 1200w\" sizes=\"(max-width: 1024px) 100vw, 1024px\" \/>\t\t\t\t\t\t\t\t<\/a>\n\t\t\t\t\t\t\t\t\t\t\t\t\t\t\t<\/div>\n\t\t\t\t<\/div>\n\t\t\t\t<div class=\"elementor-element elementor-element-f7b21a1 elementor-widget elementor-widget-heading\" data-id=\"f7b21a1\" data-element_type=\"widget\" data-widget_type=\"heading.default\">\n\t\t\t\t<div class=\"elementor-widget-container\">\n\t\t\t<h2 id=\"as-contribuicoes-dos-povos-indigenas-para-o-desenvolvimento-da-ciencia-no-brasil\" class=\"elementor-heading-title elementor-size-medium\"><a href=\"https:\/\/revistacienciaecultura.org.br\/?p=3105\"><h3 style=\"margin-right: 0px; margin-bottom: 25px; margin-left: 0px; font-weight: var( --e-global-typography-primary-font-weight ); font-size: 18px; font-family: var( --e-global-typography-primary-font-family ), Sans-serif; white-space: normal;\"><a href=\"https:\/\/revistacienciaecultura.org.br\/?p=3105\" style=\"color: rgb(0, 0, 0); font-family: var( --e-global-typography-primary-font-family ), Sans-serif; font-weight: var( --e-global-typography-primary-font-weight );\">As contribui\u00e7\u00f5es dos povos ind\u00edgenas para o desenvolvimento da ci\u00eancia no Brasil<\/a><\/h3><\/a><\/h2>\t\t<\/div>\n\t\t\t\t<\/div>\n\t\t\t\t\t<\/div>\n\t\t<\/div>\n\t\t\t\t\t\t\t<\/div>\n\t\t<\/section>\n\t\t\t\t<section class=\"elementor-section elementor-top-section elementor-element elementor-element-1e9dd6c elementor-section-boxed elementor-section-height-default elementor-section-height-default\" data-id=\"1e9dd6c\" data-element_type=\"section\">\n\t\t\t\t\t\t<div class=\"elementor-container elementor-column-gap-default\">\n\t\t\t\t\t<div class=\"elementor-column elementor-col-100 elementor-top-column elementor-element elementor-element-624d641\" data-id=\"624d641\" data-element_type=\"column\">\n\t\t\t<div class=\"elementor-widget-wrap elementor-element-populated\">\n\t\t\t\t\t\t\t\t<div class=\"elementor-element elementor-element-818759f elementor-widget__width-auto elementor-widget elementor-widget-heading\" data-id=\"818759f\" data-element_type=\"widget\" data-widget_type=\"heading.default\">\n\t\t\t\t<div class=\"elementor-widget-container\">\n\t\t\t<h6 id=\"reportagens\" class=\"elementor-heading-title elementor-size-default\">Reportagens  <\/h6>\t\t<\/div>\n\t\t\t\t<\/div>\n\t\t\t\t\t<\/div>\n\t\t<\/div>\n\t\t\t\t\t\t\t<\/div>\n\t\t<\/section>\n\t\t\t\t<section class=\"elementor-section elementor-top-section elementor-element elementor-element-a95a4b9 elementor-section-boxed elementor-section-height-default elementor-section-height-default\" data-id=\"a95a4b9\" data-element_type=\"section\">\n\t\t\t\t\t\t<div class=\"elementor-container elementor-column-gap-default\">\n\t\t\t\t\t<div class=\"elementor-column elementor-col-33 elementor-top-column elementor-element elementor-element-d7d9272\" data-id=\"d7d9272\" data-element_type=\"column\">\n\t\t\t<div class=\"elementor-widget-wrap elementor-element-populated\">\n\t\t\t\t\t\t\t\t<div class=\"elementor-element elementor-element-3a42128 elementor-widget elementor-widget-image\" data-id=\"3a42128\" data-element_type=\"widget\" data-widget_type=\"image.default\">\n\t\t\t\t<div class=\"elementor-widget-container\">\n\t\t\t\t\t\t\t\t\t\t\t\t\t\t\t\t<a href=\"https:\/\/revistacienciaecultura.org.br\/?p=2874\">\n\t\t\t\t\t\t\t<img width=\"1024\" height=\"427\" src=\"https:\/\/revistacienciaecultura.org.br\/wp-content\/uploads\/2022\/07\/CC-3-edicao-reprotagem-A-origem-histo\u0301rica-das-sociedades-cienti\u0301ficas-no-Brasil-capa2-1024x427.jpg\" class=\"attachment-large size-large\" alt=\"\" loading=\"lazy\" srcset=\"https:\/\/revistacienciaecultura.org.br\/wp-content\/uploads\/2022\/07\/CC-3-edicao-reprotagem-A-origem-histo\u0301rica-das-sociedades-cienti\u0301ficas-no-Brasil-capa2-1024x427.jpg 1024w, https:\/\/revistacienciaecultura.org.br\/wp-content\/uploads\/2022\/07\/CC-3-edicao-reprotagem-A-origem-histo\u0301rica-das-sociedades-cienti\u0301ficas-no-Brasil-capa2-300x125.jpg 300w, https:\/\/revistacienciaecultura.org.br\/wp-content\/uploads\/2022\/07\/CC-3-edicao-reprotagem-A-origem-histo\u0301rica-das-sociedades-cienti\u0301ficas-no-Brasil-capa2-768x320.jpg 768w, https:\/\/revistacienciaecultura.org.br\/wp-content\/uploads\/2022\/07\/CC-3-edicao-reprotagem-A-origem-histo\u0301rica-das-sociedades-cienti\u0301ficas-no-Brasil-capa2-18x8.jpg 18w, https:\/\/revistacienciaecultura.org.br\/wp-content\/uploads\/2022\/07\/CC-3-edicao-reprotagem-A-origem-histo\u0301rica-das-sociedades-cienti\u0301ficas-no-Brasil-capa2-800x333.jpg 800w, https:\/\/revistacienciaecultura.org.br\/wp-content\/uploads\/2022\/07\/CC-3-edicao-reprotagem-A-origem-histo\u0301rica-das-sociedades-cienti\u0301ficas-no-Brasil-capa2-1160x483.jpg 1160w, https:\/\/revistacienciaecultura.org.br\/wp-content\/uploads\/2022\/07\/CC-3-edicao-reprotagem-A-origem-histo\u0301rica-das-sociedades-cienti\u0301ficas-no-Brasil-capa2.jpg 1200w\" sizes=\"(max-width: 1024px) 100vw, 1024px\" \/>\t\t\t\t\t\t\t\t<\/a>\n\t\t\t\t\t\t\t\t\t\t\t\t\t\t\t<\/div>\n\t\t\t\t<\/div>\n\t\t\t\t<div class=\"elementor-element elementor-element-963418f elementor-widget elementor-widget-heading\" data-id=\"963418f\" data-element_type=\"widget\" data-widget_type=\"heading.default\">\n\t\t\t\t<div class=\"elementor-widget-container\">\n\t\t\t<h2 id=\"a-origem-historica-das-sociedades-cientificas-no-brasil\" class=\"elementor-heading-title elementor-size-medium\"><a href=\"https:\/\/revistacienciaecultura.org.br\/?p=2874\"><h3 style=\"margin-right: 0px; margin-bottom: 25px; margin-left: 0px; font-weight: var( --e-global-typography-primary-font-weight ); font-size: 18px; font-family: var( --e-global-typography-primary-font-family ), Sans-serif; white-space: normal;\"><a href=\"https:\/\/revistacienciaecultura.org.br\/?p=2874\" style=\"color: rgb(0, 0, 0); font-family: var( --e-global-typography-primary-font-family ), Sans-serif; font-weight: var( --e-global-typography-primary-font-weight );\">A origem hist\u00f3rica das sociedades cient\u00edficas no Brasil<\/a><\/h3><\/a><\/h2>\t\t<\/div>\n\t\t\t\t<\/div>\n\t\t\t\t\t<\/div>\n\t\t<\/div>\n\t\t\t\t<div class=\"elementor-column elementor-col-33 elementor-top-column elementor-element elementor-element-72ff5db\" data-id=\"72ff5db\" data-element_type=\"column\">\n\t\t\t<div class=\"elementor-widget-wrap elementor-element-populated\">\n\t\t\t\t\t\t\t\t<div class=\"elementor-element elementor-element-e8e48a1 elementor-widget elementor-widget-image\" data-id=\"e8e48a1\" data-element_type=\"widget\" data-widget_type=\"image.default\">\n\t\t\t\t<div class=\"elementor-widget-container\">\n\t\t\t\t\t\t\t\t\t\t\t\t\t\t\t\t<a href=\"https:\/\/revistacienciaecultura.org.br\/?p=2843\">\n\t\t\t\t\t\t\t<img width=\"1024\" height=\"427\" src=\"https:\/\/revistacienciaecultura.org.br\/wp-content\/uploads\/2022\/07\/CC-3-edicao-reportagem-Cie\u0302ncia-a\u0300-sombra-das-a\u0301rvores-capa-1024x427.jpg\" class=\"attachment-large size-large\" alt=\"\" loading=\"lazy\" srcset=\"https:\/\/revistacienciaecultura.org.br\/wp-content\/uploads\/2022\/07\/CC-3-edicao-reportagem-Cie\u0302ncia-a\u0300-sombra-das-a\u0301rvores-capa-1024x427.jpg 1024w, https:\/\/revistacienciaecultura.org.br\/wp-content\/uploads\/2022\/07\/CC-3-edicao-reportagem-Cie\u0302ncia-a\u0300-sombra-das-a\u0301rvores-capa-300x125.jpg 300w, https:\/\/revistacienciaecultura.org.br\/wp-content\/uploads\/2022\/07\/CC-3-edicao-reportagem-Cie\u0302ncia-a\u0300-sombra-das-a\u0301rvores-capa-768x320.jpg 768w, https:\/\/revistacienciaecultura.org.br\/wp-content\/uploads\/2022\/07\/CC-3-edicao-reportagem-Cie\u0302ncia-a\u0300-sombra-das-a\u0301rvores-capa-18x8.jpg 18w, https:\/\/revistacienciaecultura.org.br\/wp-content\/uploads\/2022\/07\/CC-3-edicao-reportagem-Cie\u0302ncia-a\u0300-sombra-das-a\u0301rvores-capa-800x333.jpg 800w, https:\/\/revistacienciaecultura.org.br\/wp-content\/uploads\/2022\/07\/CC-3-edicao-reportagem-Cie\u0302ncia-a\u0300-sombra-das-a\u0301rvores-capa-1160x483.jpg 1160w, https:\/\/revistacienciaecultura.org.br\/wp-content\/uploads\/2022\/07\/CC-3-edicao-reportagem-Cie\u0302ncia-a\u0300-sombra-das-a\u0301rvores-capa.jpg 1200w\" sizes=\"(max-width: 1024px) 100vw, 1024px\" \/>\t\t\t\t\t\t\t\t<\/a>\n\t\t\t\t\t\t\t\t\t\t\t\t\t\t\t<\/div>\n\t\t\t\t<\/div>\n\t\t\t\t<div class=\"elementor-element elementor-element-5ecdd38 elementor-widget elementor-widget-heading\" data-id=\"5ecdd38\" data-element_type=\"widget\" data-widget_type=\"heading.default\">\n\t\t\t\t<div class=\"elementor-widget-container\">\n\t\t\t<h2 id=\"ciencia-a-sombra-das-arvores\" class=\"elementor-heading-title elementor-size-medium\"><a href=\"https:\/\/revistacienciaecultura.org.br\/?p=2843\"><h3 style=\"margin-right: 0px; margin-bottom: 25px; margin-left: 0px; font-weight: var( --e-global-typography-primary-font-weight ); font-size: 18px; font-family: var( --e-global-typography-primary-font-family ), Sans-serif; white-space: normal;\"><a href=\"https:\/\/revistacienciaecultura.org.br\/?p=2843\" style=\"color: rgb(0, 0, 0); font-family: var( --e-global-typography-primary-font-family ), Sans-serif; font-weight: var( --e-global-typography-primary-font-weight );\">Ci\u00eancia \u00e0 sombra das \u00e1rvores<\/a><\/h3><\/a><\/h2>\t\t<\/div>\n\t\t\t\t<\/div>\n\t\t\t\t\t<\/div>\n\t\t<\/div>\n\t\t\t\t<div class=\"elementor-column elementor-col-33 elementor-top-column elementor-element elementor-element-87f8a86\" data-id=\"87f8a86\" data-element_type=\"column\">\n\t\t\t<div class=\"elementor-widget-wrap elementor-element-populated\">\n\t\t\t\t\t\t\t\t<div class=\"elementor-element elementor-element-2dc135e elementor-widget elementor-widget-image\" data-id=\"2dc135e\" data-element_type=\"widget\" data-widget_type=\"image.default\">\n\t\t\t\t<div class=\"elementor-widget-container\">\n\t\t\t\t\t\t\t\t\t\t\t\t\t\t\t\t<a href=\"https:\/\/revistacienciaecultura.org.br\/?p=3058\">\n\t\t\t\t\t\t\t<img width=\"1024\" height=\"427\" src=\"https:\/\/revistacienciaecultura.org.br\/wp-content\/uploads\/2022\/08\/mulheres-capa-2-1024x427.jpg\" class=\"attachment-large size-large\" alt=\"\" loading=\"lazy\" srcset=\"https:\/\/revistacienciaecultura.org.br\/wp-content\/uploads\/2022\/08\/mulheres-capa-2-1024x427.jpg 1024w, https:\/\/revistacienciaecultura.org.br\/wp-content\/uploads\/2022\/08\/mulheres-capa-2-300x125.jpg 300w, https:\/\/revistacienciaecultura.org.br\/wp-content\/uploads\/2022\/08\/mulheres-capa-2-768x320.jpg 768w, https:\/\/revistacienciaecultura.org.br\/wp-content\/uploads\/2022\/08\/mulheres-capa-2-18x8.jpg 18w, https:\/\/revistacienciaecultura.org.br\/wp-content\/uploads\/2022\/08\/mulheres-capa-2-800x333.jpg 800w, https:\/\/revistacienciaecultura.org.br\/wp-content\/uploads\/2022\/08\/mulheres-capa-2-1160x483.jpg 1160w, https:\/\/revistacienciaecultura.org.br\/wp-content\/uploads\/2022\/08\/mulheres-capa-2.jpg 1200w\" sizes=\"(max-width: 1024px) 100vw, 1024px\" \/>\t\t\t\t\t\t\t\t<\/a>\n\t\t\t\t\t\t\t\t\t\t\t\t\t\t\t<\/div>\n\t\t\t\t<\/div>\n\t\t\t\t<div class=\"elementor-element elementor-element-2552c11 elementor-widget elementor-widget-heading\" data-id=\"2552c11\" data-element_type=\"widget\" data-widget_type=\"heading.default\">\n\t\t\t\t<div class=\"elementor-widget-container\">\n\t\t\t<h2 id=\"mulheres-na-ciencia-brasileira\" class=\"elementor-heading-title elementor-size-medium\"><a href=\"https:\/\/revistacienciaecultura.org.br\/?p=3058\"><h3 style=\"margin-right: 0px; margin-bottom: 25px; margin-left: 0px; font-weight: var( --e-global-typography-primary-font-weight ); font-size: 18px; font-family: var( --e-global-typography-primary-font-family ), Sans-serif; white-space: normal;\"><a href=\"https:\/\/revistacienciaecultura.org.br\/?p=3058\" style=\"color: rgb(0, 0, 0); font-family: var( --e-global-typography-primary-font-family ), Sans-serif; font-weight: var( --e-global-typography-primary-font-weight );\">Mulheres na ci\u00eancia brasileira<\/a><\/h3><\/a><\/h2>\t\t<\/div>\n\t\t\t\t<\/div>\n\t\t\t\t\t<\/div>\n\t\t<\/div>\n\t\t\t\t\t\t\t<\/div>\n\t\t<\/section>\n\t\t\t\t<section class=\"elementor-section elementor-top-section elementor-element elementor-element-cd1dd98 elementor-section-boxed elementor-section-height-default elementor-section-height-default\" data-id=\"cd1dd98\" data-element_type=\"section\">\n\t\t\t\t\t\t<div class=\"elementor-container elementor-column-gap-default\">\n\t\t\t\t\t<div class=\"elementor-column elementor-col-33 elementor-top-column elementor-element elementor-element-ddf62a7\" data-id=\"ddf62a7\" data-element_type=\"column\">\n\t\t\t<div class=\"elementor-widget-wrap elementor-element-populated\">\n\t\t\t\t\t\t\t\t<div class=\"elementor-element elementor-element-aaea4d7 elementor-widget elementor-widget-image\" data-id=\"aaea4d7\" data-element_type=\"widget\" data-widget_type=\"image.default\">\n\t\t\t\t<div class=\"elementor-widget-container\">\n\t\t\t\t\t\t\t\t\t\t\t\t\t\t\t\t<a href=\"https:\/\/revistacienciaecultura.org.br\/?p=3159\">\n\t\t\t\t\t\t\t<img width=\"1024\" height=\"427\" src=\"https:\/\/revistacienciaecultura.org.br\/wp-content\/uploads\/2022\/09\/CC-3-edicao-reportagem-Mais-de-200-anos-de-difusa\u0303o-da-cie\u0302ncia-no-Brasil-capa2-1024x427.jpg\" class=\"attachment-large size-large\" alt=\"\" loading=\"lazy\" srcset=\"https:\/\/revistacienciaecultura.org.br\/wp-content\/uploads\/2022\/09\/CC-3-edicao-reportagem-Mais-de-200-anos-de-difusa\u0303o-da-cie\u0302ncia-no-Brasil-capa2-1024x427.jpg 1024w, https:\/\/revistacienciaecultura.org.br\/wp-content\/uploads\/2022\/09\/CC-3-edicao-reportagem-Mais-de-200-anos-de-difusa\u0303o-da-cie\u0302ncia-no-Brasil-capa2-300x125.jpg 300w, https:\/\/revistacienciaecultura.org.br\/wp-content\/uploads\/2022\/09\/CC-3-edicao-reportagem-Mais-de-200-anos-de-difusa\u0303o-da-cie\u0302ncia-no-Brasil-capa2-768x320.jpg 768w, https:\/\/revistacienciaecultura.org.br\/wp-content\/uploads\/2022\/09\/CC-3-edicao-reportagem-Mais-de-200-anos-de-difusa\u0303o-da-cie\u0302ncia-no-Brasil-capa2-18x8.jpg 18w, https:\/\/revistacienciaecultura.org.br\/wp-content\/uploads\/2022\/09\/CC-3-edicao-reportagem-Mais-de-200-anos-de-difusa\u0303o-da-cie\u0302ncia-no-Brasil-capa2-800x333.jpg 800w, https:\/\/revistacienciaecultura.org.br\/wp-content\/uploads\/2022\/09\/CC-3-edicao-reportagem-Mais-de-200-anos-de-difusa\u0303o-da-cie\u0302ncia-no-Brasil-capa2-1160x483.jpg 1160w, https:\/\/revistacienciaecultura.org.br\/wp-content\/uploads\/2022\/09\/CC-3-edicao-reportagem-Mais-de-200-anos-de-difusa\u0303o-da-cie\u0302ncia-no-Brasil-capa2.jpg 1200w\" sizes=\"(max-width: 1024px) 100vw, 1024px\" \/>\t\t\t\t\t\t\t\t<\/a>\n\t\t\t\t\t\t\t\t\t\t\t\t\t\t\t<\/div>\n\t\t\t\t<\/div>\n\t\t\t\t<div class=\"elementor-element elementor-element-3df2249 elementor-widget elementor-widget-heading\" data-id=\"3df2249\" data-element_type=\"widget\" data-widget_type=\"heading.default\">\n\t\t\t\t<div class=\"elementor-widget-container\">\n\t\t\t<h2 id=\"mais-de-200-anos-de-comunicacao-da-ciencia-no-brasil\" class=\"elementor-heading-title elementor-size-medium\"><a href=\"https:\/\/revistacienciaecultura.org.br\/?p=3159\"><h3 style=\"margin-right: 0px; margin-bottom: 25px; margin-left: 0px; font-weight: var( --e-global-typography-primary-font-weight ); font-size: 18px; font-family: var( --e-global-typography-primary-font-family ), Sans-serif; white-space: normal;\"><a href=\"https:\/\/revistacienciaecultura.org.br\/?p=3159\" style=\"color: rgb(0, 0, 0); font-family: var( --e-global-typography-primary-font-family ), Sans-serif; font-weight: var( --e-global-typography-primary-font-weight );\">Mais de 200 anos de comunica\u00e7\u00e3o da ci\u00eancia no Brasil<\/a><\/h3><\/a><\/h2>\t\t<\/div>\n\t\t\t\t<\/div>\n\t\t\t\t\t<\/div>\n\t\t<\/div>\n\t\t\t\t<div class=\"elementor-column elementor-col-33 elementor-top-column elementor-element elementor-element-c5deb0a\" data-id=\"c5deb0a\" data-element_type=\"column\">\n\t\t\t<div class=\"elementor-widget-wrap elementor-element-populated\">\n\t\t\t\t\t\t\t\t<div class=\"elementor-element elementor-element-6f6f112 elementor-widget elementor-widget-image\" data-id=\"6f6f112\" data-element_type=\"widget\" data-widget_type=\"image.default\">\n\t\t\t\t<div class=\"elementor-widget-container\">\n\t\t\t\t\t\t\t\t\t\t\t\t\t\t\t\t<a href=\"https:\/\/revistacienciaecultura.org.br\/?p=3213\">\n\t\t\t\t\t\t\t<img width=\"1024\" height=\"427\" src=\"https:\/\/revistacienciaecultura.org.br\/wp-content\/uploads\/2022\/09\/CC-3-edicao-reportagem-Uma-histo\u0301ria-em-livros-capa1-1024x427.jpg\" class=\"attachment-large size-large\" alt=\"\" loading=\"lazy\" srcset=\"https:\/\/revistacienciaecultura.org.br\/wp-content\/uploads\/2022\/09\/CC-3-edicao-reportagem-Uma-histo\u0301ria-em-livros-capa1-1024x427.jpg 1024w, https:\/\/revistacienciaecultura.org.br\/wp-content\/uploads\/2022\/09\/CC-3-edicao-reportagem-Uma-histo\u0301ria-em-livros-capa1-300x125.jpg 300w, https:\/\/revistacienciaecultura.org.br\/wp-content\/uploads\/2022\/09\/CC-3-edicao-reportagem-Uma-histo\u0301ria-em-livros-capa1-768x320.jpg 768w, https:\/\/revistacienciaecultura.org.br\/wp-content\/uploads\/2022\/09\/CC-3-edicao-reportagem-Uma-histo\u0301ria-em-livros-capa1-18x8.jpg 18w, https:\/\/revistacienciaecultura.org.br\/wp-content\/uploads\/2022\/09\/CC-3-edicao-reportagem-Uma-histo\u0301ria-em-livros-capa1-800x333.jpg 800w, https:\/\/revistacienciaecultura.org.br\/wp-content\/uploads\/2022\/09\/CC-3-edicao-reportagem-Uma-histo\u0301ria-em-livros-capa1-1160x483.jpg 1160w, https:\/\/revistacienciaecultura.org.br\/wp-content\/uploads\/2022\/09\/CC-3-edicao-reportagem-Uma-histo\u0301ria-em-livros-capa1.jpg 1200w\" sizes=\"(max-width: 1024px) 100vw, 1024px\" \/>\t\t\t\t\t\t\t\t<\/a>\n\t\t\t\t\t\t\t\t\t\t\t\t\t\t\t<\/div>\n\t\t\t\t<\/div>\n\t\t\t\t<div class=\"elementor-element elementor-element-26578f1 elementor-widget elementor-widget-heading\" data-id=\"26578f1\" data-element_type=\"widget\" data-widget_type=\"heading.default\">\n\t\t\t\t<div class=\"elementor-widget-container\">\n\t\t\t<h2 id=\"uma-historia-em-livros-caminhos-para-conhecer-o-brasil\" class=\"elementor-heading-title elementor-size-medium\"><a href=\"https:\/\/revistacienciaecultura.org.br\/?p=3213\"><h3 style=\"margin-right: 0px; margin-bottom: 25px; margin-left: 0px; font-weight: var( --e-global-typography-primary-font-weight ); font-size: 18px; font-family: var( --e-global-typography-primary-font-family ), Sans-serif; white-space: normal;\"><a href=\"https:\/\/revistacienciaecultura.org.br\/?p=3213\" style=\"color: rgb(0, 0, 0); font-family: var( --e-global-typography-primary-font-family ), Sans-serif; font-weight: var( --e-global-typography-primary-font-weight );\">Uma hist\u00f3ria em livros, caminhos para conhecer o Brasil<\/a><\/h3><\/a><\/h2>\t\t<\/div>\n\t\t\t\t<\/div>\n\t\t\t\t\t<\/div>\n\t\t<\/div>\n\t\t\t\t<div class=\"elementor-column elementor-col-33 elementor-top-column elementor-element elementor-element-cd8a610\" data-id=\"cd8a610\" data-element_type=\"column\">\n\t\t\t<div class=\"elementor-widget-wrap elementor-element-populated\">\n\t\t\t\t\t\t\t\t<div class=\"elementor-element elementor-element-800fc4d elementor-widget elementor-widget-image\" data-id=\"800fc4d\" data-element_type=\"widget\" data-widget_type=\"image.default\">\n\t\t\t\t<div class=\"elementor-widget-container\">\n\t\t\t\t\t\t\t\t\t\t\t\t\t\t\t\t<a href=\"https:\/\/revistacienciaecultura.org.br\/?p=3167\">\n\t\t\t\t\t\t\t<img width=\"1024\" height=\"427\" src=\"https:\/\/revistacienciaecultura.org.br\/wp-content\/uploads\/2022\/09\/CC-3-edicao-reportagem-o-futuro-da-cie\u0302ncia-e-tecnologia-no-pai\u0301s-capa2-1024x427.jpg\" class=\"attachment-large size-large\" alt=\"\" loading=\"lazy\" srcset=\"https:\/\/revistacienciaecultura.org.br\/wp-content\/uploads\/2022\/09\/CC-3-edicao-reportagem-o-futuro-da-cie\u0302ncia-e-tecnologia-no-pai\u0301s-capa2-1024x427.jpg 1024w, https:\/\/revistacienciaecultura.org.br\/wp-content\/uploads\/2022\/09\/CC-3-edicao-reportagem-o-futuro-da-cie\u0302ncia-e-tecnologia-no-pai\u0301s-capa2-300x125.jpg 300w, https:\/\/revistacienciaecultura.org.br\/wp-content\/uploads\/2022\/09\/CC-3-edicao-reportagem-o-futuro-da-cie\u0302ncia-e-tecnologia-no-pai\u0301s-capa2-768x320.jpg 768w, https:\/\/revistacienciaecultura.org.br\/wp-content\/uploads\/2022\/09\/CC-3-edicao-reportagem-o-futuro-da-cie\u0302ncia-e-tecnologia-no-pai\u0301s-capa2-18x8.jpg 18w, https:\/\/revistacienciaecultura.org.br\/wp-content\/uploads\/2022\/09\/CC-3-edicao-reportagem-o-futuro-da-cie\u0302ncia-e-tecnologia-no-pai\u0301s-capa2-800x333.jpg 800w, https:\/\/revistacienciaecultura.org.br\/wp-content\/uploads\/2022\/09\/CC-3-edicao-reportagem-o-futuro-da-cie\u0302ncia-e-tecnologia-no-pai\u0301s-capa2-1160x483.jpg 1160w, https:\/\/revistacienciaecultura.org.br\/wp-content\/uploads\/2022\/09\/CC-3-edicao-reportagem-o-futuro-da-cie\u0302ncia-e-tecnologia-no-pai\u0301s-capa2.jpg 1200w\" sizes=\"(max-width: 1024px) 100vw, 1024px\" \/>\t\t\t\t\t\t\t\t<\/a>\n\t\t\t\t\t\t\t\t\t\t\t\t\t\t\t<\/div>\n\t\t\t\t<\/div>\n\t\t\t\t<div class=\"elementor-element elementor-element-4630f01 elementor-widget elementor-widget-heading\" data-id=\"4630f01\" data-element_type=\"widget\" data-widget_type=\"heading.default\">\n\t\t\t\t<div class=\"elementor-widget-container\">\n\t\t\t<h2 id=\"feito-no-brasil-o-futuro-da-ciencia-e-tecnologia-no-pais\" class=\"elementor-heading-title elementor-size-medium\"><a href=\"https:\/\/revistacienciaecultura.org.br\/?p=3167\"><h3 style=\"margin-right: 0px; margin-bottom: 25px; margin-left: 0px; font-weight: var( --e-global-typography-primary-font-weight ); font-size: 18px; font-family: var( --e-global-typography-primary-font-family ), Sans-serif; white-space: normal;\"><a href=\"https:\/\/revistacienciaecultura.org.br\/?p=3167\" style=\"color: rgb(0, 0, 0); font-family: var( --e-global-typography-primary-font-family ), Sans-serif; font-weight: var( --e-global-typography-primary-font-weight );\">\u201cFeito no Brasil\u201d: o futuro da ci\u00eancia e tecnologia no pa\u00eds<\/a><\/h3><\/a><\/h2>\t\t<\/div>\n\t\t\t\t<\/div>\n\t\t\t\t\t<\/div>\n\t\t<\/div>\n\t\t\t\t\t\t\t<\/div>\n\t\t<\/section>\n\t\t\t\t<section class=\"elementor-section elementor-top-section elementor-element elementor-element-e4f57e8 elementor-section-boxed elementor-section-height-default elementor-section-height-default\" data-id=\"e4f57e8\" data-element_type=\"section\">\n\t\t\t\t\t\t<div class=\"elementor-container elementor-column-gap-default\">\n\t\t\t\t\t<div class=\"elementor-column elementor-col-100 elementor-top-column elementor-element elementor-element-543450a\" data-id=\"543450a\" data-element_type=\"column\">\n\t\t\t<div class=\"elementor-widget-wrap elementor-element-populated\">\n\t\t\t\t\t\t\t\t<div class=\"elementor-element elementor-element-4a8899f elementor-widget__width-auto elementor-widget elementor-widget-heading\" data-id=\"4a8899f\" data-element_type=\"widget\" data-widget_type=\"heading.default\">\n\t\t\t\t<div class=\"elementor-widget-container\">\n\t\t\t<h6 id=\"videos\" class=\"elementor-heading-title elementor-size-default\">V\u00eddeos  <\/h6>\t\t<\/div>\n\t\t\t\t<\/div>\n\t\t\t\t\t<\/div>\n\t\t<\/div>\n\t\t\t\t\t\t\t<\/div>\n\t\t<\/section>\n\t\t\t\t<section class=\"elementor-section elementor-top-section elementor-element elementor-element-a48fad3 elementor-section-boxed elementor-section-height-default elementor-section-height-default\" data-id=\"a48fad3\" data-element_type=\"section\">\n\t\t\t\t\t\t<div class=\"elementor-container elementor-column-gap-default\">\n\t\t\t\t\t<div class=\"elementor-column elementor-col-33 elementor-top-column elementor-element elementor-element-bf66f4d\" data-id=\"bf66f4d\" data-element_type=\"column\">\n\t\t\t<div class=\"elementor-widget-wrap elementor-element-populated\">\n\t\t\t\t\t\t\t\t<div class=\"elementor-element elementor-element-51b4dc9 elementor-widget elementor-widget-image\" data-id=\"51b4dc9\" data-element_type=\"widget\" data-widget_type=\"image.default\">\n\t\t\t\t<div class=\"elementor-widget-container\">\n\t\t\t\t\t\t\t\t\t\t\t\t\t\t\t\t<a href=\"https:\/\/revistacienciaecultura.org.br\/?p=2952\">\n\t\t\t\t\t\t\t<img width=\"1024\" height=\"427\" src=\"https:\/\/revistacienciaecultura.org.br\/wp-content\/uploads\/2022\/04\/fritz-muller-1-1024x427.jpg\" class=\"attachment-large size-large\" alt=\"\" loading=\"lazy\" srcset=\"https:\/\/revistacienciaecultura.org.br\/wp-content\/uploads\/2022\/04\/fritz-muller-1-1024x427.jpg 1024w, https:\/\/revistacienciaecultura.org.br\/wp-content\/uploads\/2022\/04\/fritz-muller-1-300x125.jpg 300w, https:\/\/revistacienciaecultura.org.br\/wp-content\/uploads\/2022\/04\/fritz-muller-1-768x320.jpg 768w, https:\/\/revistacienciaecultura.org.br\/wp-content\/uploads\/2022\/04\/fritz-muller-1-18x8.jpg 18w, https:\/\/revistacienciaecultura.org.br\/wp-content\/uploads\/2022\/04\/fritz-muller-1-800x333.jpg 800w, https:\/\/revistacienciaecultura.org.br\/wp-content\/uploads\/2022\/04\/fritz-muller-1-1160x483.jpg 1160w, https:\/\/revistacienciaecultura.org.br\/wp-content\/uploads\/2022\/04\/fritz-muller-1.jpg 1200w\" sizes=\"(max-width: 1024px) 100vw, 1024px\" \/>\t\t\t\t\t\t\t\t<\/a>\n\t\t\t\t\t\t\t\t\t\t\t\t\t\t\t<\/div>\n\t\t\t\t<\/div>\n\t\t\t\t<div class=\"elementor-element elementor-element-83cf76d elementor-widget elementor-widget-heading\" data-id=\"83cf76d\" data-element_type=\"widget\" data-widget_type=\"heading.default\">\n\t\t\t\t<div class=\"elementor-widget-container\">\n\t\t\t<h2 id=\"fritz-muller-um-precursor-da-ciencia-no-brasil\" class=\"elementor-heading-title elementor-size-medium\"><a href=\"https:\/\/revistacienciaecultura.org.br\/?p=2952\"><h3 style=\"margin-right: 0px; margin-bottom: 25px; margin-left: 0px; font-weight: var( --e-global-typography-primary-font-weight ); font-size: 18px; font-family: var( --e-global-typography-primary-font-family ), Sans-serif; white-space: normal;\"><a href=\"https:\/\/revistacienciaecultura.org.br\/?p=2952\" style=\"color: rgb(0, 0, 0); font-family: var( --e-global-typography-primary-font-family ), Sans-serif; font-weight: var( --e-global-typography-primary-font-weight );\">Fritz M\u00fcller, um precursor da ci\u00eancia no Brasil<\/a><\/h3><\/a><\/h2>\t\t<\/div>\n\t\t\t\t<\/div>\n\t\t\t\t\t<\/div>\n\t\t<\/div>\n\t\t\t\t<div class=\"elementor-column elementor-col-33 elementor-top-column elementor-element elementor-element-c411182\" data-id=\"c411182\" data-element_type=\"column\">\n\t\t\t<div class=\"elementor-widget-wrap elementor-element-populated\">\n\t\t\t\t\t\t\t\t<div class=\"elementor-element elementor-element-67223da elementor-widget elementor-widget-image\" data-id=\"67223da\" data-element_type=\"widget\" data-widget_type=\"image.default\">\n\t\t\t\t<div class=\"elementor-widget-container\">\n\t\t\t\t\t\t\t\t\t\t\t\t\t\t\t\t<a href=\"https:\/\/revistacienciaecultura.org.br\/?p=3144\">\n\t\t\t\t\t\t\t<img width=\"1024\" height=\"427\" src=\"https:\/\/revistacienciaecultura.org.br\/wp-content\/uploads\/2022\/09\/CC-video-cover-8-site-1024x427.jpg\" class=\"attachment-large size-large\" alt=\"\" loading=\"lazy\" srcset=\"https:\/\/revistacienciaecultura.org.br\/wp-content\/uploads\/2022\/09\/CC-video-cover-8-site-1024x427.jpg 1024w, https:\/\/revistacienciaecultura.org.br\/wp-content\/uploads\/2022\/09\/CC-video-cover-8-site-300x125.jpg 300w, https:\/\/revistacienciaecultura.org.br\/wp-content\/uploads\/2022\/09\/CC-video-cover-8-site-768x320.jpg 768w, https:\/\/revistacienciaecultura.org.br\/wp-content\/uploads\/2022\/09\/CC-video-cover-8-site-18x8.jpg 18w, https:\/\/revistacienciaecultura.org.br\/wp-content\/uploads\/2022\/09\/CC-video-cover-8-site-800x333.jpg 800w, https:\/\/revistacienciaecultura.org.br\/wp-content\/uploads\/2022\/09\/CC-video-cover-8-site-1160x483.jpg 1160w, https:\/\/revistacienciaecultura.org.br\/wp-content\/uploads\/2022\/09\/CC-video-cover-8-site.jpg 1200w\" sizes=\"(max-width: 1024px) 100vw, 1024px\" \/>\t\t\t\t\t\t\t\t<\/a>\n\t\t\t\t\t\t\t\t\t\t\t\t\t\t\t<\/div>\n\t\t\t\t<\/div>\n\t\t\t\t<div class=\"elementor-element elementor-element-fc80e7c elementor-widget elementor-widget-heading\" data-id=\"fc80e7c\" data-element_type=\"widget\" data-widget_type=\"heading.default\">\n\t\t\t\t<div class=\"elementor-widget-container\">\n\t\t\t<h2 id=\"contribuicao-afro-para-a-ciencia-e-a-tecnologia-no-brasil\" class=\"elementor-heading-title elementor-size-medium\"><a href=\"https:\/\/revistacienciaecultura.org.br\/?p=3144\"><h3 style=\"margin-right: 0px; margin-bottom: 25px; margin-left: 0px; font-weight: var( --e-global-typography-primary-font-weight ); font-size: 18px; font-family: var( --e-global-typography-primary-font-family ), Sans-serif; white-space: normal;\"><a href=\"https:\/\/revistacienciaecultura.org.br\/?p=3144\" style=\"font-family: var( --e-global-typography-primary-font-family ), Sans-serif; font-size: 18\npx; font-weight: var( --e-global-typography-primary-font-weight ); letter-spacing: -0.0125em; background-color: rgb(255, 255, 255); color: rgb(0, 0, 0);\">Contribui\u00e7\u00e3o Afro para a ci\u00eancia e a tecnologia no Brasil<\/a><span style=\"color: rgb(0, 11, 15); font-family: var( --e-global-typography-primary-font-family ), Sans-serif; font-size: 19px; font-weight: var( --e-global-typography-primary-font-weight ); letter-spacing: -0.0125em; white-space: pre-wrap;\"><\/span><br><\/h3><\/a><\/h2>\t\t<\/div>\n\t\t\t\t<\/div>\n\t\t\t\t\t<\/div>\n\t\t<\/div>\n\t\t\t\t<div class=\"elementor-column elementor-col-33 elementor-top-column elementor-element elementor-element-1371222\" data-id=\"1371222\" data-element_type=\"column\">\n\t\t\t<div class=\"elementor-widget-wrap elementor-element-populated\">\n\t\t\t\t\t\t\t\t<div class=\"elementor-element elementor-element-cc3f06f elementor-widget elementor-widget-image\" data-id=\"cc3f06f\" data-element_type=\"widget\" data-widget_type=\"image.default\">\n\t\t\t\t<div class=\"elementor-widget-container\">\n\t\t\t\t\t\t\t\t\t\t\t\t\t\t\t\t<a href=\"https:\/\/revistacienciaecultura.org.br\/?p=3257\">\n\t\t\t\t\t\t\t<img width=\"1024\" height=\"427\" src=\"https:\/\/revistacienciaecultura.org.br\/wp-content\/uploads\/2022\/09\/CC-video-cover-09-site-1024x427.jpg\" class=\"attachment-large size-large\" alt=\"\" loading=\"lazy\" srcset=\"https:\/\/revistacienciaecultura.org.br\/wp-content\/uploads\/2022\/09\/CC-video-cover-09-site-1024x427.jpg 1024w, https:\/\/revistacienciaecultura.org.br\/wp-content\/uploads\/2022\/09\/CC-video-cover-09-site-300x125.jpg 300w, https:\/\/revistacienciaecultura.org.br\/wp-content\/uploads\/2022\/09\/CC-video-cover-09-site-768x320.jpg 768w, https:\/\/revistacienciaecultura.org.br\/wp-content\/uploads\/2022\/09\/CC-video-cover-09-site-18x8.jpg 18w, https:\/\/revistacienciaecultura.org.br\/wp-content\/uploads\/2022\/09\/CC-video-cover-09-site-800x333.jpg 800w, https:\/\/revistacienciaecultura.org.br\/wp-content\/uploads\/2022\/09\/CC-video-cover-09-site-1160x483.jpg 1160w, https:\/\/revistacienciaecultura.org.br\/wp-content\/uploads\/2022\/09\/CC-video-cover-09-site.jpg 1200w\" sizes=\"(max-width: 1024px) 100vw, 1024px\" \/>\t\t\t\t\t\t\t\t<\/a>\n\t\t\t\t\t\t\t\t\t\t\t\t\t\t\t<\/div>\n\t\t\t\t<\/div>\n\t\t\t\t<div class=\"elementor-element elementor-element-8f8304c elementor-widget elementor-widget-heading\" data-id=\"8f8304c\" data-element_type=\"widget\" data-widget_type=\"heading.default\">\n\t\t\t\t<div class=\"elementor-widget-container\">\n\t\t\t<h2 id=\"astronomia-indigena-no-brasil-antes-e-depois-da-independencia\" class=\"elementor-heading-title elementor-size-medium\"><a href=\"https:\/\/revistacienciaecultura.org.br\/?p=3257\"><h3 style=\"margin-right: 0px; margin-bottom: 25px; margin-left: 0px; font-weight: var( --e-global-typography-primary-font-weight ); font-size: 18px; font-family: var( --e-global-typography-primary-font-family ), Sans-serif; white-space: normal;\"><a href=\"https:\/\/revistacienciaecultura.org.br\/?p=3257\" style=\"color: rgb(0, 0, 0); font-family: var( --e-global-typography-primary-font-family ), Sans-serif; font-weight: var( --e-global-typography-primary-font-weight );\">Astronomia Ind\u00edgena no Brasil: Antes e depois da independ\u00eancia<\/a><\/h3><h3 style=\"margin-right: 0px; margin-bottom: 25px; margin-left: 0px; font-weight: var( --e-global-typography-primary-font-weight ); font-size: 18px; font-family: var( --e-global-typography-primary-font-family ), Sans-serif; white-space: normal;\"><\/h3><\/a><\/h2>\t\t<\/div>\n\t\t\t\t<\/div>\n\t\t\t\t\t<\/div>\n\t\t<\/div>\n\t\t\t\t\t\t\t<\/div>\n\t\t<\/section>\n\t\t\t\t<section class=\"elementor-section elementor-top-section elementor-element elementor-element-abc1075 elementor-section-boxed elementor-section-height-default elementor-section-height-default\" data-id=\"abc1075\" data-element_type=\"section\">\n\t\t\t\t\t\t<div class=\"elementor-container elementor-column-gap-default\">\n\t\t\t\t\t<div class=\"elementor-column elementor-col-100 elementor-top-column elementor-element elementor-element-3eb8d7f\" data-id=\"3eb8d7f\" data-element_type=\"column\">\n\t\t\t<div class=\"elementor-widget-wrap elementor-element-populated\">\n\t\t\t\t\t\t\t\t<div class=\"elementor-element elementor-element-ee793af elementor-widget__width-auto elementor-widget elementor-widget-heading\" data-id=\"ee793af\" data-element_type=\"widget\" data-widget_type=\"heading.default\">\n\t\t\t\t<div class=\"elementor-widget-container\">\n\t\t\t<h6 id=\"podcasts\" class=\"elementor-heading-title elementor-size-default\">Podcasts  <\/h6>\t\t<\/div>\n\t\t\t\t<\/div>\n\t\t\t\t\t<\/div>\n\t\t<\/div>\n\t\t\t\t\t\t\t<\/div>\n\t\t<\/section>\n\t\t\t\t<section class=\"elementor-section elementor-top-section elementor-element elementor-element-9756efd elementor-section-boxed elementor-section-height-default elementor-section-height-default\" data-id=\"9756efd\" data-element_type=\"section\">\n\t\t\t\t\t\t<div class=\"elementor-container elementor-column-gap-default\">\n\t\t\t\t\t<div class=\"elementor-column elementor-col-33 elementor-top-column elementor-element elementor-element-23d9d24\" data-id=\"23d9d24\" data-element_type=\"column\">\n\t\t\t<div class=\"elementor-widget-wrap elementor-element-populated\">\n\t\t\t\t\t\t\t\t<div class=\"elementor-element elementor-element-ee1ffcb elementor-widget elementor-widget-image\" data-id=\"ee1ffcb\" data-element_type=\"widget\" data-widget_type=\"image.default\">\n\t\t\t\t<div class=\"elementor-widget-container\">\n\t\t\t\t\t\t\t\t\t\t\t\t\t\t\t\t<a href=\"https:\/\/revistacienciaecultura.org.br\/?p=2936\">\n\t\t\t\t\t\t\t<img width=\"1024\" height=\"427\" src=\"https:\/\/revistacienciaecultura.org.br\/wp-content\/uploads\/2022\/08\/CC-capa-podcast-7-site-1024x427.jpg\" class=\"attachment-large size-large\" alt=\"\" loading=\"lazy\" srcset=\"https:\/\/revistacienciaecultura.org.br\/wp-content\/uploads\/2022\/08\/CC-capa-podcast-7-site-1024x427.jpg 1024w, https:\/\/revistacienciaecultura.org.br\/wp-content\/uploads\/2022\/08\/CC-capa-podcast-7-site-300x125.jpg 300w, https:\/\/revistacienciaecultura.org.br\/wp-content\/uploads\/2022\/08\/CC-capa-podcast-7-site-768x320.jpg 768w, https:\/\/revistacienciaecultura.org.br\/wp-content\/uploads\/2022\/08\/CC-capa-podcast-7-site-18x8.jpg 18w, https:\/\/revistacienciaecultura.org.br\/wp-content\/uploads\/2022\/08\/CC-capa-podcast-7-site-800x333.jpg 800w, https:\/\/revistacienciaecultura.org.br\/wp-content\/uploads\/2022\/08\/CC-capa-podcast-7-site-1160x483.jpg 1160w, https:\/\/revistacienciaecultura.org.br\/wp-content\/uploads\/2022\/08\/CC-capa-podcast-7-site.jpg 1200w\" sizes=\"(max-width: 1024px) 100vw, 1024px\" \/>\t\t\t\t\t\t\t\t<\/a>\n\t\t\t\t\t\t\t\t\t\t\t\t\t\t\t<\/div>\n\t\t\t\t<\/div>\n\t\t\t\t<div class=\"elementor-element elementor-element-7dece36 elementor-widget elementor-widget-heading\" data-id=\"7dece36\" data-element_type=\"widget\" data-widget_type=\"heading.default\">\n\t\t\t\t<div class=\"elementor-widget-container\">\n\t\t\t<h2 id=\"a-formacao-da-comunidade-cientifica-brasileira\" class=\"elementor-heading-title elementor-size-medium\"><a href=\"https:\/\/revistacienciaecultura.org.br\/?p=2936\"><h3 style=\"margin-right: 0px; margin-bottom: 25px; margin-left: 0px; font-weight: var( --e-global-typography-primary-font-weight ); font-size: 18px; font-family: var( --e-global-typography-primary-font-family ), Sans-serif; white-space: normal;\"><a href=\"https:\/\/revistacienciaecultura.org.br\/?p=2936\" style=\"color: rgb(0, 0, 0); font-family: var( --e-global-typography-primary-font-family ), Sans-serif; font-weight: var( --e-global-typography-primary-font-weight );\">A forma\u00e7\u00e3o da comunidade cient\u00edfica brasileira<\/a><\/h3><\/a><\/h2>\t\t<\/div>\n\t\t\t\t<\/div>\n\t\t\t\t\t<\/div>\n\t\t<\/div>\n\t\t\t\t<div class=\"elementor-column elementor-col-33 elementor-top-column elementor-element elementor-element-da40f69\" data-id=\"da40f69\" data-element_type=\"column\">\n\t\t\t<div class=\"elementor-widget-wrap elementor-element-populated\">\n\t\t\t\t\t\t\t\t<div class=\"elementor-element elementor-element-456117c elementor-widget elementor-widget-image\" data-id=\"456117c\" data-element_type=\"widget\" data-widget_type=\"image.default\">\n\t\t\t\t<div class=\"elementor-widget-container\">\n\t\t\t\t\t\t\t\t\t\t\t\t\t\t\t\t<a href=\"https:\/\/revistacienciaecultura.org.br\/?p=3042\">\n\t\t\t\t\t\t\t<img width=\"1024\" height=\"427\" src=\"https:\/\/revistacienciaecultura.org.br\/wp-content\/uploads\/2022\/08\/CC-podcast-cover-08-site-1024x427.jpg\" class=\"attachment-large size-large\" alt=\"\" loading=\"lazy\" srcset=\"https:\/\/revistacienciaecultura.org.br\/wp-content\/uploads\/2022\/08\/CC-podcast-cover-08-site-1024x427.jpg 1024w, https:\/\/revistacienciaecultura.org.br\/wp-content\/uploads\/2022\/08\/CC-podcast-cover-08-site-300x125.jpg 300w, https:\/\/revistacienciaecultura.org.br\/wp-content\/uploads\/2022\/08\/CC-podcast-cover-08-site-768x320.jpg 768w, https:\/\/revistacienciaecultura.org.br\/wp-content\/uploads\/2022\/08\/CC-podcast-cover-08-site-18x8.jpg 18w, https:\/\/revistacienciaecultura.org.br\/wp-content\/uploads\/2022\/08\/CC-podcast-cover-08-site-800x333.jpg 800w, https:\/\/revistacienciaecultura.org.br\/wp-content\/uploads\/2022\/08\/CC-podcast-cover-08-site-1160x483.jpg 1160w, https:\/\/revistacienciaecultura.org.br\/wp-content\/uploads\/2022\/08\/CC-podcast-cover-08-site.jpg 1200w\" sizes=\"(max-width: 1024px) 100vw, 1024px\" \/>\t\t\t\t\t\t\t\t<\/a>\n\t\t\t\t\t\t\t\t\t\t\t\t\t\t\t<\/div>\n\t\t\t\t<\/div>\n\t\t\t\t<div class=\"elementor-element elementor-element-ddf4888 elementor-widget elementor-widget-heading\" data-id=\"ddf4888\" data-element_type=\"widget\" data-widget_type=\"heading.default\">\n\t\t\t\t<div class=\"elementor-widget-container\">\n\t\t\t<h2 id=\"independencia-democracia-e-o-futuro-que-queremos-para-o-pais\" class=\"elementor-heading-title elementor-size-medium\"><a href=\"https:\/\/revistacienciaecultura.org.br\/?p=3042\"><h3 style=\"margin-right: 0px; margin-bottom: 25px; margin-left: 0px; font-weight: var( --e-global-typography-primary-font-weight ); font-size: 18px; font-family: var( --e-global-typography-primary-font-family ), Sans-serif; white-space: normal;\"><a href=\"https:\/\/revistacienciaecultura.org.br\/?p=3042\" style=\"color: rgb(0, 0, 0); font-family: var( --e-global-typography-primary-font-family ), Sans-serif; font-weight: var( --e-global-typography-primary-font-weight );\">Independ\u00eancia, democracia e o futuro que queremos para o pa\u00eds<\/a><\/h3><\/a><\/h2>\t\t<\/div>\n\t\t\t\t<\/div>\n\t\t\t\t\t<\/div>\n\t\t<\/div>\n\t\t\t\t<div class=\"elementor-column elementor-col-33 elementor-top-column elementor-element elementor-element-f8f6bac\" data-id=\"f8f6bac\" data-element_type=\"column\">\n\t\t\t<div class=\"elementor-widget-wrap elementor-element-populated\">\n\t\t\t\t\t\t\t\t<div class=\"elementor-element elementor-element-6bda469 elementor-widget elementor-widget-image\" data-id=\"6bda469\" data-element_type=\"widget\" data-widget_type=\"image.default\">\n\t\t\t\t<div class=\"elementor-widget-container\">\n\t\t\t\t\t\t\t\t\t\t\t\t\t\t\t\t<a href=\"https:\/\/revistacienciaecultura.org.br\/?p=3137\">\n\t\t\t\t\t\t\t<img width=\"1024\" height=\"427\" src=\"https:\/\/revistacienciaecultura.org.br\/wp-content\/uploads\/2022\/09\/CC-podcast-cover-site-09-1024x427.jpg\" class=\"attachment-large size-large\" alt=\"\" loading=\"lazy\" srcset=\"https:\/\/revistacienciaecultura.org.br\/wp-content\/uploads\/2022\/09\/CC-podcast-cover-site-09-1024x427.jpg 1024w, https:\/\/revistacienciaecultura.org.br\/wp-content\/uploads\/2022\/09\/CC-podcast-cover-site-09-300x125.jpg 300w, https:\/\/revistacienciaecultura.org.br\/wp-content\/uploads\/2022\/09\/CC-podcast-cover-site-09-768x320.jpg 768w, https:\/\/revistacienciaecultura.org.br\/wp-content\/uploads\/2022\/09\/CC-podcast-cover-site-09-18x8.jpg 18w, https:\/\/revistacienciaecultura.org.br\/wp-content\/uploads\/2022\/09\/CC-podcast-cover-site-09-800x333.jpg 800w, https:\/\/revistacienciaecultura.org.br\/wp-content\/uploads\/2022\/09\/CC-podcast-cover-site-09-1160x483.jpg 1160w, https:\/\/revistacienciaecultura.org.br\/wp-content\/uploads\/2022\/09\/CC-podcast-cover-site-09.jpg 1200w\" sizes=\"(max-width: 1024px) 100vw, 1024px\" \/>\t\t\t\t\t\t\t\t<\/a>\n\t\t\t\t\t\t\t\t\t\t\t\t\t\t\t<\/div>\n\t\t\t\t<\/div>\n\t\t\t\t<div class=\"elementor-element elementor-element-e41fc6e elementor-widget elementor-widget-heading\" data-id=\"e41fc6e\" data-element_type=\"widget\" data-widget_type=\"heading.default\">\n\t\t\t\t<div class=\"elementor-widget-container\">\n\t\t\t<h2 id=\"a-cartografia-social-como-passaporte-de-cidadania-e-nova-forma-de-producao-de-conhecimento\" class=\"elementor-heading-title elementor-size-medium\"><a href=\"https:\/\/revistacienciaecultura.org.br\/?p=3137\"><h3 style=\"margin-right: 0px; margin-bottom: 25px; margin-left: 0px; font-weight: var( --e-global-typography-primary-font-weight ); font-size: 18px; font-family: var( --e-global-typography-primary-font-family ), Sans-serif; white-space: normal;\"><a href=\"https:\/\/revistacienciaecultura.org.br\/?p=3137\" style=\"color: rgb(0, 0, 0); font-family: var( --e-global-typography-primary-font-family ), Sans-serif; font-weight: var( --e-global-typography-primary-font-weight );\">A cartografia social como passaporte de cidadania e nova forma de produ\u00e7\u00e3o de conhecimento<\/a><\/h3><\/a><\/h2>\t\t<\/div>\n\t\t\t\t<\/div>\n\t\t\t\t\t<\/div>\n\t\t<\/div>\n\t\t\t\t\t\t\t<\/div>\n\t\t<\/section>\n\t\t\t\t<section class=\"elementor-section elementor-top-section elementor-element elementor-element-1597975 elementor-section-boxed elementor-section-height-default elementor-section-height-default\" data-id=\"1597975\" data-element_type=\"section\">\n\t\t\t\t\t\t<div class=\"elementor-container elementor-column-gap-default\">\n\t\t\t\t\t<div class=\"elementor-column elementor-col-100 elementor-top-column elementor-element elementor-element-6a14941\" data-id=\"6a14941\" data-element_type=\"column\">\n\t\t\t<div class=\"elementor-widget-wrap\">\n\t\t\t\t\t\t\t\t\t<\/div>\n\t\t<\/div>\n\t\t\t\t\t\t\t<\/div>\n\t\t<\/section>\n\t\t\t\t\t\t<\/div>\n\t\t\t\t\t<\/div>\n\t\t","protected":false},"excerpt":{"rendered":"200 anos de ci\u00eancia e tecnologiano BrasilTerceira edi\u00e7\u00e3o 2022 Artigos A ideia&hellip;\n","protected":false},"author":11,"featured_media":0,"parent":0,"menu_order":0,"comment_status":"closed","ping_status":"closed","template":"","meta":[],"acf":[],"_links":{"self":[{"href":"https:\/\/revistacienciaecultura.org.br\/index.php?rest_route=\/wp\/v2\/pages\/3225"}],"collection":[{"href":"https:\/\/revistacienciaecultura.org.br\/index.php?rest_route=\/wp\/v2\/pages"}],"about":[{"href":"https:\/\/revistacienciaecultura.org.br\/index.php?rest_route=\/wp\/v2\/types\/page"}],"author":[{"embeddable":true,"href":"https:\/\/revistacienciaecultura.org.br\/index.php?rest_route=\/wp\/v2\/users\/11"}],"replies":[{"embeddable":true,"href":"https:\/\/revistacienciaecultura.org.br\/index.php?rest_route=%2Fwp%2Fv2%2Fcomments&post=3225"}],"version-history":[{"count":20,"href":"https:\/\/revistacienciaecultura.org.br\/index.php?rest_route=\/wp\/v2\/pages\/3225\/revisions"}],"predecessor-version":[{"id":3692,"href":"https:\/\/revistacienciaecultura.org.br\/index.php?rest_route=\/wp\/v2\/pages\/3225\/revisions\/3692"}],"wp:attachment":[{"href":"https:\/\/revistacienciaecultura.org.br\/index.php?rest_route=%2Fwp%2Fv2%2Fmedia&parent=3225"}],"curies":[{"name":"wp","href":"https:\/\/api.w.org\/{rel}","templated":true}]}}