{"id":3678,"date":"2023-01-12T19:52:00","date_gmt":"2023-01-12T19:52:00","guid":{"rendered":"https:\/\/revistacienciaecultura.org.br\/?page_id=3678"},"modified":"2024-11-26T13:37:04","modified_gmt":"2024-11-26T13:37:04","slug":"primeira-edicao-2","status":"publish","type":"page","link":"https:\/\/revistacienciaecultura.org.br\/?page_id=3678","title":{"rendered":"Quarta edi\u00e7\u00e3o 2022"},"content":{"rendered":"\t\t<div data-elementor-type=\"wp-page\" data-elementor-id=\"3678\" class=\"elementor elementor-3678\" data-elementor-settings=\"[]\">\n\t\t\t\t\t\t\t<div class=\"elementor-section-wrap\">\n\t\t\t\t\t\t\t<section class=\"elementor-section elementor-top-section elementor-element elementor-element-7d3e309 elementor-section-boxed elementor-section-height-default elementor-section-height-default\" data-id=\"7d3e309\" data-element_type=\"section\">\n\t\t\t\t\t\t<div class=\"elementor-container elementor-column-gap-default\">\n\t\t\t\t\t<div class=\"elementor-column elementor-col-100 elementor-top-column elementor-element elementor-element-1378de2\" data-id=\"1378de2\" data-element_type=\"column\">\n\t\t\t<div class=\"elementor-widget-wrap elementor-element-populated\">\n\t\t\t\t\t\t\t\t<div class=\"elementor-element elementor-element-342f36b elementor--h-position-center elementor--v-position-middle elementor-arrows-position-inside elementor-pagination-position-inside elementor-widget elementor-widget-slides\" data-id=\"342f36b\" data-element_type=\"widget\" data-settings=\"{&quot;navigation&quot;:&quot;both&quot;,&quot;autoplay&quot;:&quot;yes&quot;,&quot;pause_on_hover&quot;:&quot;yes&quot;,&quot;pause_on_interaction&quot;:&quot;yes&quot;,&quot;autoplay_speed&quot;:5000,&quot;infinite&quot;:&quot;yes&quot;,&quot;transition&quot;:&quot;slide&quot;,&quot;transition_speed&quot;:500}\" data-widget_type=\"slides.default\">\n\t\t\t\t<div class=\"elementor-widget-container\">\n\t\t\t<style>\/*! elementor-pro - v3.6.2 - 14-02-2022 *\/\n.elementor-slides .swiper-slide-bg{background-size:cover;background-position:50%;background-repeat:no-repeat;min-width:100%;min-height:100%}.elementor-slides .swiper-slide-inner{background-repeat:no-repeat;background-position:50%;position:absolute;top:0;left:0;bottom:0;right:0;padding:50px;margin:auto}.elementor-slides .swiper-slide-inner,.elementor-slides .swiper-slide-inner:hover{color:#fff;display:-webkit-box;display:-ms-flexbox;display:flex}.elementor-slides .swiper-slide-inner .elementor-background-overlay{position:absolute;z-index:0;top:0;bottom:0;left:0;right:0}.elementor-slides .swiper-slide-inner .elementor-slide-content{position:relative;z-index:1;width:100%}.elementor-slides .swiper-slide-inner .elementor-slide-heading{font-size:35px;font-weight:700;line-height:1}.elementor-slides .swiper-slide-inner .elementor-slide-description{font-size:17px;line-height:1.4}.elementor-slides .swiper-slide-inner .elementor-slide-description:not(:last-child),.elementor-slides .swiper-slide-inner .elementor-slide-heading:not(:last-child){margin-bottom:30px}.elementor-slides .swiper-slide-inner .elementor-slide-button{border:2px solid #fff;color:#fff;background:transparent;display:inline-block}.elementor-slides .swiper-slide-inner .elementor-slide-button,.elementor-slides .swiper-slide-inner .elementor-slide-button:hover{background:transparent;color:inherit;text-decoration:none}.elementor--v-position-top .swiper-slide-inner{-webkit-box-align:start;-ms-flex-align:start;align-items:flex-start}.elementor--v-position-bottom .swiper-slide-inner{-webkit-box-align:end;-ms-flex-align:end;align-items:flex-end}.elementor--v-position-middle .swiper-slide-inner{-webkit-box-align:center;-ms-flex-align:center;align-items:center}.elementor--h-position-left .swiper-slide-inner{-webkit-box-pack:start;-ms-flex-pack:start;justify-content:flex-start}.elementor--h-position-right .swiper-slide-inner{-webkit-box-pack:end;-ms-flex-pack:end;justify-content:flex-end}.elementor--h-position-center .swiper-slide-inner{-webkit-box-pack:center;-ms-flex-pack:center;justify-content:center}body.rtl .elementor-widget-slides .elementor-swiper-button-next{left:10px;right:auto}body.rtl .elementor-widget-slides .elementor-swiper-button-prev{right:10px;left:auto}.elementor-slides-wrapper div:not(.swiper-slide)>.swiper-slide-inner{display:none}@media (max-width:767px){.elementor-slides .swiper-slide-inner{padding:30px}.elementor-slides .swiper-slide-inner .elementor-slide-heading{font-size:23px;line-height:1;margin-bottom:15px}.elementor-slides .swiper-slide-inner .elementor-slide-description{font-size:13px;line-height:1.4;margin-bottom:15px}}<\/style>\t\t<div class=\"elementor-swiper\">\n\t\t\t<div class=\"elementor-slides-wrapper elementor-main-swiper swiper-container\" dir=\"ltr\" data-animation=\"fadeInUp\">\n\t\t\t\t<div class=\"swiper-wrapper elementor-slides\">\n\t\t\t\t\t\t\t\t\t\t<div class=\"elementor-repeater-item-9f37bd8 swiper-slide\"><div class=\"swiper-slide-bg\"><\/div><div class=\"swiper-slide-inner\" ><div class=\"swiper-slide-contents\"><div class=\"elementor-slide-heading\">Ci\u00eancia & Vida<\/div><div class=\"elementor-slide-description\">Quarta edi\u00e7\u00e3o 2022<\/div><\/div><\/div><\/div>\t\t\t\t<\/div>\n\t\t\t\t\t\t\t<\/div>\n\t\t<\/div>\n\t\t\t\t<\/div>\n\t\t\t\t<\/div>\n\t\t\t\t<div class=\"elementor-element elementor-element-c534cfd elementor-widget__width-auto elementor-widget elementor-widget-heading\" data-id=\"c534cfd\" data-element_type=\"widget\" data-widget_type=\"heading.default\">\n\t\t\t\t<div class=\"elementor-widget-container\">\n\t\t\t<style>\/*! elementor - v3.5.5 - 03-02-2022 *\/\n.elementor-heading-title{padding:0;margin:0;line-height:1}.elementor-widget-heading .elementor-heading-title[class*=elementor-size-]>a{color:inherit;font-size:inherit;line-height:inherit}.elementor-widget-heading .elementor-heading-title.elementor-size-small{font-size:15px}.elementor-widget-heading .elementor-heading-title.elementor-size-medium{font-size:19px}.elementor-widget-heading .elementor-heading-title.elementor-size-large{font-size:29px}.elementor-widget-heading .elementor-heading-title.elementor-size-xl{font-size:39px}.elementor-widget-heading .elementor-heading-title.elementor-size-xxl{font-size:59px}<\/style><h6 id=\"artigos\" class=\"elementor-heading-title elementor-size-default\">Artigos  <\/h6>\t\t<\/div>\n\t\t\t\t<\/div>\n\t\t\t\t\t<\/div>\n\t\t<\/div>\n\t\t\t\t\t\t\t<\/div>\n\t\t<\/section>\n\t\t\t\t<section class=\"elementor-section elementor-top-section elementor-element elementor-element-e8b0da1 elementor-section-boxed elementor-section-height-default elementor-section-height-default\" data-id=\"e8b0da1\" data-element_type=\"section\">\n\t\t\t\t\t\t<div class=\"elementor-container elementor-column-gap-default\">\n\t\t\t\t\t<div class=\"elementor-column elementor-col-33 elementor-top-column elementor-element elementor-element-0339f0e\" data-id=\"0339f0e\" data-element_type=\"column\">\n\t\t\t<div class=\"elementor-widget-wrap elementor-element-populated\">\n\t\t\t\t\t\t\t\t<div class=\"elementor-element elementor-element-d4cfe3d elementor-widget elementor-widget-image\" data-id=\"d4cfe3d\" data-element_type=\"widget\" data-widget_type=\"image.default\">\n\t\t\t\t<div class=\"elementor-widget-container\">\n\t\t\t<style>\/*! elementor - v3.5.5 - 03-02-2022 *\/\n.elementor-widget-image{text-align:center}.elementor-widget-image a{display:inline-block}.elementor-widget-image a img[src$=\".svg\"]{width:48px}.elementor-widget-image img{vertical-align:middle;display:inline-block}<\/style>\t\t\t\t\t\t\t\t\t\t\t\t\t<a href=\"https:\/\/revistacienciaecultura.org.br\/?artigos=o-fracasso-do-controle-legal-dos-crimes-e-da-violencia-na-sociedade-brasileira-contemporanea-questoes-para-discussao\">\n\t\t\t\t\t\t\t<img src=\"https:\/\/revistacienciaecultura.org.br\/wp-content\/uploads\/elementor\/thumbs\/CC-4-edicao-artigo-O-fracasso-do-controle-legal-dos-crimes-e-da-viole\u0302ncia-na-sociedade-brasileira-contempora\u0302nea-capa-site-q046pun1panzj0x7f1c4qzk9uri02gr5pgaqmz1yfc.jpg\" title=\"C&#038;C 4 edicao &#8211; artigo &#8211; O fracasso do controle legal dos crimes e da viole\u0302ncia na sociedade brasileira contempora\u0302nea &#8211; capa site\" alt=\"C&amp;C 4 edicao - artigo - O fracasso do controle legal dos crimes e da viole\u0302ncia na sociedade brasileira contempora\u0302nea - capa site\" \/>\t\t\t\t\t\t\t\t<\/a>\n\t\t\t\t\t\t\t\t\t\t\t\t\t\t\t<\/div>\n\t\t\t\t<\/div>\n\t\t\t\t<div class=\"elementor-element elementor-element-0b40edd elementor-widget elementor-widget-heading\" data-id=\"0b40edd\" data-element_type=\"widget\" data-widget_type=\"heading.default\">\n\t\t\t\t<div class=\"elementor-widget-container\">\n\t\t\t<h2 id=\"o-fracasso-do-controle-legal-dos-crimes-e-da-violencia-na-sociedade-brasileira-contemporanea-questoes-para-discussao\" class=\"elementor-heading-title elementor-size-medium\"><a href=\"https:\/\/revistacienciaecultura.org.br\/?artigos=o-fracasso-do-controle-legal-dos-crimes-e-da-violencia-na-sociedade-brasileira-contemporanea-questoes-para-discussao\"><h3 style=\"margin-right: 0px; margin-bottom: 25px; margin-left: 0px; font-weight: var( --e-global-typography-primary-font-weight ); font-size: 18px; font-family: var( --e-global-typography-primary-font-family ), Sans-serif; white-space: normal;\"><a href=\"https:\/\/revistacienciaecultura.org.br\/?p=3456\" style=\"color: rgb(0, 0, 0); font-family: var( --e-global-typography-primary-font-family ), Sans-serif; font-weight: var( --e-global-typography-primary-font-weight );\">O fracasso do controle legal dos crimes e da viol\u00eancia na sociedade brasileira contempor\u00e2nea: quest\u00f5es para discuss\u00e3o<\/a><\/h3><\/a><\/h2>\t\t<\/div>\n\t\t\t\t<\/div>\n\t\t\t\t\t<\/div>\n\t\t<\/div>\n\t\t\t\t<div class=\"elementor-column elementor-col-33 elementor-top-column elementor-element elementor-element-4f5cff4\" data-id=\"4f5cff4\" data-element_type=\"column\">\n\t\t\t<div class=\"elementor-widget-wrap elementor-element-populated\">\n\t\t\t\t\t\t\t\t<div class=\"elementor-element elementor-element-32681a0 elementor-widget elementor-widget-image\" data-id=\"32681a0\" data-element_type=\"widget\" data-widget_type=\"image.default\">\n\t\t\t\t<div class=\"elementor-widget-container\">\n\t\t\t\t\t\t\t\t\t\t\t\t\t\t\t\t<a href=\"https:\/\/revistacienciaecultura.org.br\/?artigos=nanotecnologia-a-favor-da-saude\">\n\t\t\t\t\t\t\t<img width=\"1024\" height=\"427\" src=\"https:\/\/revistacienciaecultura.org.br\/wp-content\/uploads\/2022\/11\/CC-4-edicao-artigo-Nanotecnologia-a-favor-da-sau\u0301de-capa-site-1024x427.jpg\" class=\"attachment-large size-large\" alt=\"\" loading=\"lazy\" srcset=\"https:\/\/revistacienciaecultura.org.br\/wp-content\/uploads\/2022\/11\/CC-4-edicao-artigo-Nanotecnologia-a-favor-da-sau\u0301de-capa-site-1024x427.jpg 1024w, https:\/\/revistacienciaecultura.org.br\/wp-content\/uploads\/2022\/11\/CC-4-edicao-artigo-Nanotecnologia-a-favor-da-sau\u0301de-capa-site-300x125.jpg 300w, https:\/\/revistacienciaecultura.org.br\/wp-content\/uploads\/2022\/11\/CC-4-edicao-artigo-Nanotecnologia-a-favor-da-sau\u0301de-capa-site-768x320.jpg 768w, https:\/\/revistacienciaecultura.org.br\/wp-content\/uploads\/2022\/11\/CC-4-edicao-artigo-Nanotecnologia-a-favor-da-sau\u0301de-capa-site-18x8.jpg 18w, https:\/\/revistacienciaecultura.org.br\/wp-content\/uploads\/2022\/11\/CC-4-edicao-artigo-Nanotecnologia-a-favor-da-sau\u0301de-capa-site-800x333.jpg 800w, https:\/\/revistacienciaecultura.org.br\/wp-content\/uploads\/2022\/11\/CC-4-edicao-artigo-Nanotecnologia-a-favor-da-sau\u0301de-capa-site-1160x483.jpg 1160w, https:\/\/revistacienciaecultura.org.br\/wp-content\/uploads\/2022\/11\/CC-4-edicao-artigo-Nanotecnologia-a-favor-da-sau\u0301de-capa-site.jpg 1200w\" sizes=\"(max-width: 1024px) 100vw, 1024px\" \/>\t\t\t\t\t\t\t\t<\/a>\n\t\t\t\t\t\t\t\t\t\t\t\t\t\t\t<\/div>\n\t\t\t\t<\/div>\n\t\t\t\t<div class=\"elementor-element elementor-element-669e43e elementor-widget elementor-widget-heading\" data-id=\"669e43e\" data-element_type=\"widget\" data-widget_type=\"heading.default\">\n\t\t\t\t<div class=\"elementor-widget-container\">\n\t\t\t<h2 id=\"nanotecnologia-a-favor-da-saude\" class=\"elementor-heading-title elementor-size-medium\"><a href=\"https:\/\/revistacienciaecultura.org.br\/?artigos=nanotecnologia-a-favor-da-saude\"><h3 style=\"margin-right: 0px; margin-bottom: 25px; margin-left: 0px; font-weight: var( --e-global-typography-primary-font-weight ); font-size: 18px; font-family: var( --e-global-typography-primary-font-family ), Sans-serif; white-space: normal;\"><a href=\"https:\/\/revistacienciaecultura.org.br\/?p=3456\" style=\"color: rgb(0, 0, 0); font-family: var( --e-global-typography-primary-font-family ), Sans-serif; font-weight: var( --e-global-typography-primary-font-weight );\">Nanotecnologia a favor da sa\u00fade<\/a><\/h3><\/a><\/h2>\t\t<\/div>\n\t\t\t\t<\/div>\n\t\t\t\t\t<\/div>\n\t\t<\/div>\n\t\t\t\t<div class=\"elementor-column elementor-col-33 elementor-top-column elementor-element elementor-element-5037683\" data-id=\"5037683\" data-element_type=\"column\">\n\t\t\t<div class=\"elementor-widget-wrap elementor-element-populated\">\n\t\t\t\t\t\t\t\t<div class=\"elementor-element elementor-element-cb54f36 elementor-widget elementor-widget-image\" data-id=\"cb54f36\" data-element_type=\"widget\" data-widget_type=\"image.default\">\n\t\t\t\t<div class=\"elementor-widget-container\">\n\t\t\t\t\t\t\t\t\t\t\t\t\t\t\t\t<a href=\"https:\/\/revistacienciaecultura.org.br\/?artigos=nanosseguranca-para-inovacao-sustentavel\">\n\t\t\t\t\t\t\t<img width=\"1024\" height=\"427\" src=\"https:\/\/revistacienciaecultura.org.br\/wp-content\/uploads\/2023\/01\/CC-4-edicao-artigo-Nanosseguranc\u0327a-para-inovac\u0327a\u0303o-sustenta\u0301vel-capa-site-1024x427.jpg\" class=\"attachment-large size-large\" alt=\"\" loading=\"lazy\" srcset=\"https:\/\/revistacienciaecultura.org.br\/wp-content\/uploads\/2023\/01\/CC-4-edicao-artigo-Nanosseguranc\u0327a-para-inovac\u0327a\u0303o-sustenta\u0301vel-capa-site-1024x427.jpg 1024w, https:\/\/revistacienciaecultura.org.br\/wp-content\/uploads\/2023\/01\/CC-4-edicao-artigo-Nanosseguranc\u0327a-para-inovac\u0327a\u0303o-sustenta\u0301vel-capa-site-300x125.jpg 300w, https:\/\/revistacienciaecultura.org.br\/wp-content\/uploads\/2023\/01\/CC-4-edicao-artigo-Nanosseguranc\u0327a-para-inovac\u0327a\u0303o-sustenta\u0301vel-capa-site-768x320.jpg 768w, https:\/\/revistacienciaecultura.org.br\/wp-content\/uploads\/2023\/01\/CC-4-edicao-artigo-Nanosseguranc\u0327a-para-inovac\u0327a\u0303o-sustenta\u0301vel-capa-site-18x8.jpg 18w, https:\/\/revistacienciaecultura.org.br\/wp-content\/uploads\/2023\/01\/CC-4-edicao-artigo-Nanosseguranc\u0327a-para-inovac\u0327a\u0303o-sustenta\u0301vel-capa-site-800x333.jpg 800w, https:\/\/revistacienciaecultura.org.br\/wp-content\/uploads\/2023\/01\/CC-4-edicao-artigo-Nanosseguranc\u0327a-para-inovac\u0327a\u0303o-sustenta\u0301vel-capa-site-1160x483.jpg 1160w, https:\/\/revistacienciaecultura.org.br\/wp-content\/uploads\/2023\/01\/CC-4-edicao-artigo-Nanosseguranc\u0327a-para-inovac\u0327a\u0303o-sustenta\u0301vel-capa-site.jpg 1200w\" sizes=\"(max-width: 1024px) 100vw, 1024px\" \/>\t\t\t\t\t\t\t\t<\/a>\n\t\t\t\t\t\t\t\t\t\t\t\t\t\t\t<\/div>\n\t\t\t\t<\/div>\n\t\t\t\t<div class=\"elementor-element elementor-element-c61bf88 elementor-widget elementor-widget-heading\" data-id=\"c61bf88\" data-element_type=\"widget\" data-widget_type=\"heading.default\">\n\t\t\t\t<div class=\"elementor-widget-container\">\n\t\t\t<h2 id=\"nanosseguranca-para-inovacao-sustentavel\" class=\"elementor-heading-title elementor-size-medium\"><a href=\"https:\/\/revistacienciaecultura.org.br\/?artigos=nanosseguranca-para-inovacao-sustentavel\"><h3 style=\"margin-right: 0px; margin-bottom: 25px; margin-left: 0px; font-weight: var( --e-global-typography-primary-font-weight ); font-size: 18px; font-family: var( --e-global-typography-primary-font-family ), Sans-serif; white-space: normal;\"><a href=\"https:\/\/revistacienciaecultura.org.br\/?p=3456\" style=\"color: rgb(0, 0, 0); font-family: var( --e-global-typography-primary-font-family ), Sans-serif; font-weight: var( --e-global-typography-primary-font-weight );\">Nanosseguran\u00e7a para inova\u00e7\u00e3o sustent\u00e1vel<\/a><\/h3><\/a><\/h2>\t\t<\/div>\n\t\t\t\t<\/div>\n\t\t\t\t\t<\/div>\n\t\t<\/div>\n\t\t\t\t\t\t\t<\/div>\n\t\t<\/section>\n\t\t\t\t<section class=\"elementor-section elementor-top-section elementor-element elementor-element-0f03cfc elementor-section-boxed elementor-section-height-default elementor-section-height-default\" data-id=\"0f03cfc\" data-element_type=\"section\">\n\t\t\t\t\t\t<div class=\"elementor-container elementor-column-gap-default\">\n\t\t\t\t\t<div class=\"elementor-column elementor-col-33 elementor-top-column elementor-element elementor-element-fa82eae\" data-id=\"fa82eae\" data-element_type=\"column\">\n\t\t\t<div class=\"elementor-widget-wrap elementor-element-populated\">\n\t\t\t\t\t\t\t\t<div class=\"elementor-element elementor-element-e156f3c elementor-widget elementor-widget-image\" data-id=\"e156f3c\" data-element_type=\"widget\" data-widget_type=\"image.default\">\n\t\t\t\t<div class=\"elementor-widget-container\">\n\t\t\t\t\t\t\t\t\t\t\t\t\t\t\t\t<a href=\"https:\/\/revistacienciaecultura.org.br\/?artigos=etnologia-do-primitivismo-ao-protagonismo-indigena\">\n\t\t\t\t\t\t\t<img width=\"1024\" height=\"427\" src=\"https:\/\/revistacienciaecultura.org.br\/wp-content\/uploads\/2023\/01\/CC-4-edicao-artigo-Etnologia-temas-e-sujeitos-de-pesquisa-capa-site-1024x427.jpg\" class=\"attachment-large size-large\" alt=\"\" loading=\"lazy\" srcset=\"https:\/\/revistacienciaecultura.org.br\/wp-content\/uploads\/2023\/01\/CC-4-edicao-artigo-Etnologia-temas-e-sujeitos-de-pesquisa-capa-site-1024x427.jpg 1024w, https:\/\/revistacienciaecultura.org.br\/wp-content\/uploads\/2023\/01\/CC-4-edicao-artigo-Etnologia-temas-e-sujeitos-de-pesquisa-capa-site-300x125.jpg 300w, https:\/\/revistacienciaecultura.org.br\/wp-content\/uploads\/2023\/01\/CC-4-edicao-artigo-Etnologia-temas-e-sujeitos-de-pesquisa-capa-site-768x320.jpg 768w, https:\/\/revistacienciaecultura.org.br\/wp-content\/uploads\/2023\/01\/CC-4-edicao-artigo-Etnologia-temas-e-sujeitos-de-pesquisa-capa-site-18x8.jpg 18w, https:\/\/revistacienciaecultura.org.br\/wp-content\/uploads\/2023\/01\/CC-4-edicao-artigo-Etnologia-temas-e-sujeitos-de-pesquisa-capa-site-800x333.jpg 800w, https:\/\/revistacienciaecultura.org.br\/wp-content\/uploads\/2023\/01\/CC-4-edicao-artigo-Etnologia-temas-e-sujeitos-de-pesquisa-capa-site-1160x483.jpg 1160w, https:\/\/revistacienciaecultura.org.br\/wp-content\/uploads\/2023\/01\/CC-4-edicao-artigo-Etnologia-temas-e-sujeitos-de-pesquisa-capa-site.jpg 1200w\" sizes=\"(max-width: 1024px) 100vw, 1024px\" \/>\t\t\t\t\t\t\t\t<\/a>\n\t\t\t\t\t\t\t\t\t\t\t\t\t\t\t<\/div>\n\t\t\t\t<\/div>\n\t\t\t\t<div class=\"elementor-element elementor-element-a268ccd elementor-widget elementor-widget-heading\" data-id=\"a268ccd\" data-element_type=\"widget\" data-widget_type=\"heading.default\">\n\t\t\t\t<div class=\"elementor-widget-container\">\n\t\t\t<h2 id=\"etnologia-do-primitivismo-ao-protagonismo-indigena\" class=\"elementor-heading-title elementor-size-medium\"><a href=\"https:\/\/revistacienciaecultura.org.br\/?artigos=etnologia-do-primitivismo-ao-protagonismo-indigena\"><h3 style=\"margin-right: 0px; margin-bottom: 25px; margin-left: 0px; font-weight: var( --e-global-typography-primary-font-weight ); font-size: 18px; font-family: var( --e-global-typography-primary-font-family ), Sans-serif; white-space: normal;\"><a href=\"https:\/\/revistacienciaecultura.org.br\/?p=3456\" style=\"color: rgb(0, 0, 0); font-family: var( --e-global-typography-primary-font-family ), Sans-serif; font-weight: var( --e-global-typography-primary-font-weight );\">Etnologia: Do primitivismo ao protagonismo ind\u00edgena<\/a><\/h3><\/a><\/h2>\t\t<\/div>\n\t\t\t\t<\/div>\n\t\t\t\t\t<\/div>\n\t\t<\/div>\n\t\t\t\t<div class=\"elementor-column elementor-col-33 elementor-top-column elementor-element elementor-element-f817821\" data-id=\"f817821\" data-element_type=\"column\">\n\t\t\t<div class=\"elementor-widget-wrap elementor-element-populated\">\n\t\t\t\t\t\t\t\t<div class=\"elementor-element elementor-element-1dfda47 elementor-widget elementor-widget-image\" data-id=\"1dfda47\" data-element_type=\"widget\" data-widget_type=\"image.default\">\n\t\t\t\t<div class=\"elementor-widget-container\">\n\t\t\t\t\t\t\t\t\t\t\t\t\t\t\t\t<a href=\"https:\/\/revistacienciaecultura.org.br\/?artigos=ciencia-para-uma-sociedade-melhor\">\n\t\t\t\t\t\t\t<img width=\"1024\" height=\"427\" src=\"https:\/\/revistacienciaecultura.org.br\/wp-content\/uploads\/2022\/11\/CC-4-edicao-artigo-Cie\u0302ncia-para-uma-sociedade-melhor-capa-site-1024x427.jpg\" class=\"attachment-large size-large\" alt=\"\" loading=\"lazy\" srcset=\"https:\/\/revistacienciaecultura.org.br\/wp-content\/uploads\/2022\/11\/CC-4-edicao-artigo-Cie\u0302ncia-para-uma-sociedade-melhor-capa-site-1024x427.jpg 1024w, https:\/\/revistacienciaecultura.org.br\/wp-content\/uploads\/2022\/11\/CC-4-edicao-artigo-Cie\u0302ncia-para-uma-sociedade-melhor-capa-site-300x125.jpg 300w, https:\/\/revistacienciaecultura.org.br\/wp-content\/uploads\/2022\/11\/CC-4-edicao-artigo-Cie\u0302ncia-para-uma-sociedade-melhor-capa-site-768x320.jpg 768w, https:\/\/revistacienciaecultura.org.br\/wp-content\/uploads\/2022\/11\/CC-4-edicao-artigo-Cie\u0302ncia-para-uma-sociedade-melhor-capa-site-18x8.jpg 18w, https:\/\/revistacienciaecultura.org.br\/wp-content\/uploads\/2022\/11\/CC-4-edicao-artigo-Cie\u0302ncia-para-uma-sociedade-melhor-capa-site-800x333.jpg 800w, https:\/\/revistacienciaecultura.org.br\/wp-content\/uploads\/2022\/11\/CC-4-edicao-artigo-Cie\u0302ncia-para-uma-sociedade-melhor-capa-site-1160x483.jpg 1160w, https:\/\/revistacienciaecultura.org.br\/wp-content\/uploads\/2022\/11\/CC-4-edicao-artigo-Cie\u0302ncia-para-uma-sociedade-melhor-capa-site.jpg 1200w\" sizes=\"(max-width: 1024px) 100vw, 1024px\" \/>\t\t\t\t\t\t\t\t<\/a>\n\t\t\t\t\t\t\t\t\t\t\t\t\t\t\t<\/div>\n\t\t\t\t<\/div>\n\t\t\t\t<div class=\"elementor-element elementor-element-1a71b0e elementor-widget elementor-widget-heading\" data-id=\"1a71b0e\" data-element_type=\"widget\" data-widget_type=\"heading.default\">\n\t\t\t\t<div class=\"elementor-widget-container\">\n\t\t\t<h2 id=\"ciencia-para-uma-sociedade-melhor\" class=\"elementor-heading-title elementor-size-medium\"><a href=\"https:\/\/revistacienciaecultura.org.br\/?artigos=ciencia-para-uma-sociedade-melhor\"><h3 style=\"margin-right: 0px; margin-bottom: 25px; margin-left: 0px; font-weight: var( --e-global-typography-primary-font-weight ); font-size: 18px; font-family: var( --e-global-typography-primary-font-family ), Sans-serif; white-space: normal;\"><a href=\"https:\/\/revistacienciaecultura.org.br\/?p=3456\" style=\"color: rgb(0, 0, 0); font-family: var( --e-global-typography-primary-font-family ), Sans-serif; font-weight: var( --e-global-typography-primary-font-weight );\">Ci\u00eancia para uma sociedade melhor<\/a><\/h3><\/a><\/h2>\t\t<\/div>\n\t\t\t\t<\/div>\n\t\t\t\t\t<\/div>\n\t\t<\/div>\n\t\t\t\t<div class=\"elementor-column elementor-col-33 elementor-top-column elementor-element elementor-element-f89eb5f\" data-id=\"f89eb5f\" data-element_type=\"column\">\n\t\t\t<div class=\"elementor-widget-wrap elementor-element-populated\">\n\t\t\t\t\t\t\t\t<div class=\"elementor-element elementor-element-7b99814 elementor-widget elementor-widget-image\" data-id=\"7b99814\" data-element_type=\"widget\" data-widget_type=\"image.default\">\n\t\t\t\t<div class=\"elementor-widget-container\">\n\t\t\t\t\t\t\t\t\t\t\t\t\t\t\t\t<a href=\"https:\/\/revistacienciaecultura.org.br\/?artigos=a-neurociencia-em-nosso-cotidiano\">\n\t\t\t\t\t\t\t<img width=\"1024\" height=\"427\" src=\"https:\/\/revistacienciaecultura.org.br\/wp-content\/uploads\/2022\/12\/CC-4-edicao-artigo-A-neurocie\u0302ncia-em-nosso-cotidiano-capa-site-1024x427.jpg\" class=\"attachment-large size-large\" alt=\"\" loading=\"lazy\" srcset=\"https:\/\/revistacienciaecultura.org.br\/wp-content\/uploads\/2022\/12\/CC-4-edicao-artigo-A-neurocie\u0302ncia-em-nosso-cotidiano-capa-site-1024x427.jpg 1024w, https:\/\/revistacienciaecultura.org.br\/wp-content\/uploads\/2022\/12\/CC-4-edicao-artigo-A-neurocie\u0302ncia-em-nosso-cotidiano-capa-site-300x125.jpg 300w, https:\/\/revistacienciaecultura.org.br\/wp-content\/uploads\/2022\/12\/CC-4-edicao-artigo-A-neurocie\u0302ncia-em-nosso-cotidiano-capa-site-768x320.jpg 768w, https:\/\/revistacienciaecultura.org.br\/wp-content\/uploads\/2022\/12\/CC-4-edicao-artigo-A-neurocie\u0302ncia-em-nosso-cotidiano-capa-site-18x8.jpg 18w, https:\/\/revistacienciaecultura.org.br\/wp-content\/uploads\/2022\/12\/CC-4-edicao-artigo-A-neurocie\u0302ncia-em-nosso-cotidiano-capa-site-800x333.jpg 800w, https:\/\/revistacienciaecultura.org.br\/wp-content\/uploads\/2022\/12\/CC-4-edicao-artigo-A-neurocie\u0302ncia-em-nosso-cotidiano-capa-site-1160x483.jpg 1160w, https:\/\/revistacienciaecultura.org.br\/wp-content\/uploads\/2022\/12\/CC-4-edicao-artigo-A-neurocie\u0302ncia-em-nosso-cotidiano-capa-site.jpg 1200w\" sizes=\"(max-width: 1024px) 100vw, 1024px\" \/>\t\t\t\t\t\t\t\t<\/a>\n\t\t\t\t\t\t\t\t\t\t\t\t\t\t\t<\/div>\n\t\t\t\t<\/div>\n\t\t\t\t<div class=\"elementor-element elementor-element-5c3aae7 elementor-widget elementor-widget-heading\" data-id=\"5c3aae7\" data-element_type=\"widget\" data-widget_type=\"heading.default\">\n\t\t\t\t<div class=\"elementor-widget-container\">\n\t\t\t<h2 id=\"a-neurociencia-em-nosso-cotidiano\" class=\"elementor-heading-title elementor-size-medium\"><a href=\"https:\/\/revistacienciaecultura.org.br\/?artigos=a-neurociencia-em-nosso-cotidiano\"><h3 style=\"margin-right: 0px; margin-bottom: 25px; margin-left: 0px; font-weight: var( --e-global-typography-primary-font-weight ); font-size: 18px; font-family: var( --e-global-typography-primary-font-family ), Sans-serif; white-space: normal;\"><a href=\"https:\/\/revistacienciaecultura.org.br\/?p=3456\" style=\"color: rgb(0, 0, 0); font-family: var( --e-global-typography-primary-font-family ), Sans-serif; font-weight: var( --e-global-typography-primary-font-weight );\">A neuroci\u00eancia em nosso cotidiano<\/a><\/h3><\/a><\/h2>\t\t<\/div>\n\t\t\t\t<\/div>\n\t\t\t\t\t<\/div>\n\t\t<\/div>\n\t\t\t\t\t\t\t<\/div>\n\t\t<\/section>\n\t\t\t\t<section class=\"elementor-section elementor-top-section elementor-element elementor-element-6e13655 elementor-section-boxed elementor-section-height-default elementor-section-height-default\" data-id=\"6e13655\" data-element_type=\"section\">\n\t\t\t\t\t\t<div class=\"elementor-container elementor-column-gap-default\">\n\t\t\t\t\t<div class=\"elementor-column elementor-col-33 elementor-top-column elementor-element elementor-element-de04bfc\" data-id=\"de04bfc\" data-element_type=\"column\">\n\t\t\t<div class=\"elementor-widget-wrap\">\n\t\t\t\t\t\t\t\t\t<\/div>\n\t\t<\/div>\n\t\t\t\t<div class=\"elementor-column elementor-col-33 elementor-top-column elementor-element elementor-element-96e9c44\" data-id=\"96e9c44\" data-element_type=\"column\">\n\t\t\t<div class=\"elementor-widget-wrap\">\n\t\t\t\t\t\t\t\t\t<\/div>\n\t\t<\/div>\n\t\t\t\t<div class=\"elementor-column elementor-col-33 elementor-top-column elementor-element elementor-element-d43a353\" data-id=\"d43a353\" data-element_type=\"column\">\n\t\t\t<div class=\"elementor-widget-wrap\">\n\t\t\t\t\t\t\t\t\t<\/div>\n\t\t<\/div>\n\t\t\t\t\t\t\t<\/div>\n\t\t<\/section>\n\t\t\t\t<section class=\"elementor-section elementor-top-section elementor-element elementor-element-93fc524 elementor-section-boxed elementor-section-height-default elementor-section-height-default\" data-id=\"93fc524\" data-element_type=\"section\">\n\t\t\t\t\t\t<div class=\"elementor-container elementor-column-gap-default\">\n\t\t\t\t\t<div class=\"elementor-column elementor-col-33 elementor-top-column elementor-element elementor-element-f87181f\" data-id=\"f87181f\" data-element_type=\"column\">\n\t\t\t<div class=\"elementor-widget-wrap elementor-element-populated\">\n\t\t\t\t\t\t\t\t<div class=\"elementor-element elementor-element-8f234c5 elementor-widget elementor-widget-image\" data-id=\"8f234c5\" data-element_type=\"widget\" data-widget_type=\"image.default\">\n\t\t\t\t<div class=\"elementor-widget-container\">\n\t\t\t\t\t\t\t\t\t\t\t\t\t\t\t\t<a href=\"https:\/\/revistacienciaecultura.org.br\/?artigos=a-nanotecnologia-na-saude\">\n\t\t\t\t\t\t\t<img width=\"1024\" height=\"427\" src=\"https:\/\/revistacienciaecultura.org.br\/wp-content\/uploads\/2022\/11\/CC-4-edicao-artigo-A-Nanotecnologia-na-Sau\u0301de-capa-site-1024x427.jpg\" class=\"attachment-large size-large\" alt=\"\" loading=\"lazy\" srcset=\"https:\/\/revistacienciaecultura.org.br\/wp-content\/uploads\/2022\/11\/CC-4-edicao-artigo-A-Nanotecnologia-na-Sau\u0301de-capa-site-1024x427.jpg 1024w, https:\/\/revistacienciaecultura.org.br\/wp-content\/uploads\/2022\/11\/CC-4-edicao-artigo-A-Nanotecnologia-na-Sau\u0301de-capa-site-300x125.jpg 300w, https:\/\/revistacienciaecultura.org.br\/wp-content\/uploads\/2022\/11\/CC-4-edicao-artigo-A-Nanotecnologia-na-Sau\u0301de-capa-site-768x320.jpg 768w, https:\/\/revistacienciaecultura.org.br\/wp-content\/uploads\/2022\/11\/CC-4-edicao-artigo-A-Nanotecnologia-na-Sau\u0301de-capa-site-18x8.jpg 18w, https:\/\/revistacienciaecultura.org.br\/wp-content\/uploads\/2022\/11\/CC-4-edicao-artigo-A-Nanotecnologia-na-Sau\u0301de-capa-site-800x333.jpg 800w, https:\/\/revistacienciaecultura.org.br\/wp-content\/uploads\/2022\/11\/CC-4-edicao-artigo-A-Nanotecnologia-na-Sau\u0301de-capa-site-1160x483.jpg 1160w, https:\/\/revistacienciaecultura.org.br\/wp-content\/uploads\/2022\/11\/CC-4-edicao-artigo-A-Nanotecnologia-na-Sau\u0301de-capa-site.jpg 1200w\" sizes=\"(max-width: 1024px) 100vw, 1024px\" \/>\t\t\t\t\t\t\t\t<\/a>\n\t\t\t\t\t\t\t\t\t\t\t\t\t\t\t<\/div>\n\t\t\t\t<\/div>\n\t\t\t\t<div class=\"elementor-element elementor-element-280aa20 elementor-widget elementor-widget-heading\" data-id=\"280aa20\" data-element_type=\"widget\" data-widget_type=\"heading.default\">\n\t\t\t\t<div class=\"elementor-widget-container\">\n\t\t\t<h2 id=\"aplicacoes-e-perspectivas-da-nanotecnologia-na-saude\" class=\"elementor-heading-title elementor-size-medium\"><a href=\"https:\/\/revistacienciaecultura.org.br\/?artigos=a-nanotecnologia-na-saude\"><h3 style=\"margin-right: 0px; margin-bottom: 25px; margin-left: 0px; font-weight: var( --e-global-typography-primary-font-weight ); font-size: 18px; font-family: var( --e-global-typography-primary-font-family ), Sans-serif; white-space: normal;\"><a href=\"https:\/\/revistacienciaecultura.org.br\/?p=3456\" style=\"color: rgb(0, 0, 0); font-family: var( --e-global-typography-primary-font-family ), Sans-serif; font-weight: var( --e-global-typography-primary-font-weight );\">Aplica\u00e7\u00f5es e perspectivas da nanotecnologia na sa\u00fade<\/a><\/h3><\/a><\/h2>\t\t<\/div>\n\t\t\t\t<\/div>\n\t\t\t\t\t<\/div>\n\t\t<\/div>\n\t\t\t\t<div class=\"elementor-column elementor-col-33 elementor-top-column elementor-element elementor-element-917509f\" data-id=\"917509f\" data-element_type=\"column\">\n\t\t\t<div class=\"elementor-widget-wrap elementor-element-populated\">\n\t\t\t\t\t\t\t\t<div class=\"elementor-element elementor-element-a87146b elementor-widget elementor-widget-image\" data-id=\"a87146b\" data-element_type=\"widget\" data-widget_type=\"image.default\">\n\t\t\t\t<div class=\"elementor-widget-container\">\n\t\t\t\t\t\t\t\t\t\t\t\t\t\t\t\t<a href=\"https:\/\/revistacienciaecultura.org.br\/?artigos=avancos-cientificos-relacionados-as-doencas-do-sistema-nervoso\">\n\t\t\t\t\t\t\t<img width=\"1024\" height=\"427\" src=\"https:\/\/revistacienciaecultura.org.br\/wp-content\/uploads\/2022\/11\/CC-4-edicao-artigo-Avanc\u0327os-cienti\u0301ficos-relacionados-a\u0300s-doenc\u0327as-do-Sistema-Nervoso-capa-site-1024x427.jpg\" class=\"attachment-large size-large\" alt=\"\" loading=\"lazy\" srcset=\"https:\/\/revistacienciaecultura.org.br\/wp-content\/uploads\/2022\/11\/CC-4-edicao-artigo-Avanc\u0327os-cienti\u0301ficos-relacionados-a\u0300s-doenc\u0327as-do-Sistema-Nervoso-capa-site-1024x427.jpg 1024w, https:\/\/revistacienciaecultura.org.br\/wp-content\/uploads\/2022\/11\/CC-4-edicao-artigo-Avanc\u0327os-cienti\u0301ficos-relacionados-a\u0300s-doenc\u0327as-do-Sistema-Nervoso-capa-site-300x125.jpg 300w, https:\/\/revistacienciaecultura.org.br\/wp-content\/uploads\/2022\/11\/CC-4-edicao-artigo-Avanc\u0327os-cienti\u0301ficos-relacionados-a\u0300s-doenc\u0327as-do-Sistema-Nervoso-capa-site-768x320.jpg 768w, https:\/\/revistacienciaecultura.org.br\/wp-content\/uploads\/2022\/11\/CC-4-edicao-artigo-Avanc\u0327os-cienti\u0301ficos-relacionados-a\u0300s-doenc\u0327as-do-Sistema-Nervoso-capa-site-18x8.jpg 18w, https:\/\/revistacienciaecultura.org.br\/wp-content\/uploads\/2022\/11\/CC-4-edicao-artigo-Avanc\u0327os-cienti\u0301ficos-relacionados-a\u0300s-doenc\u0327as-do-Sistema-Nervoso-capa-site-800x333.jpg 800w, https:\/\/revistacienciaecultura.org.br\/wp-content\/uploads\/2022\/11\/CC-4-edicao-artigo-Avanc\u0327os-cienti\u0301ficos-relacionados-a\u0300s-doenc\u0327as-do-Sistema-Nervoso-capa-site-1160x483.jpg 1160w, https:\/\/revistacienciaecultura.org.br\/wp-content\/uploads\/2022\/11\/CC-4-edicao-artigo-Avanc\u0327os-cienti\u0301ficos-relacionados-a\u0300s-doenc\u0327as-do-Sistema-Nervoso-capa-site.jpg 1200w\" sizes=\"(max-width: 1024px) 100vw, 1024px\" \/>\t\t\t\t\t\t\t\t<\/a>\n\t\t\t\t\t\t\t\t\t\t\t\t\t\t\t<\/div>\n\t\t\t\t<\/div>\n\t\t\t\t<div class=\"elementor-element elementor-element-15887c6 elementor-widget elementor-widget-heading\" data-id=\"15887c6\" data-element_type=\"widget\" data-widget_type=\"heading.default\">\n\t\t\t\t<div class=\"elementor-widget-container\">\n\t\t\t<h2 id=\"avancos-cientificos-relacionados-as-doencas-do-sistema-nervoso\" class=\"elementor-heading-title elementor-size-medium\"><a href=\"https:\/\/revistacienciaecultura.org.br\/?artigos=avancos-cientificos-relacionados-as-doencas-do-sistema-nervoso\"><h3 style=\"margin-right: 0px; margin-bottom: 25px; margin-left: 0px; font-weight: var( --e-global-typography-primary-font-weight ); font-size: 18px; font-family: var( --e-global-typography-primary-font-family ), Sans-serif; white-space: normal;\"><a href=\"https:\/\/revistacienciaecultura.org.br\/?p=3456\" style=\"color: rgb(0, 0, 0); font-family: var( --e-global-typography-primary-font-family ), Sans-serif; font-weight: var( --e-global-typography-primary-font-weight );\">Avan\u00e7os cient\u00edficos relacionados \u00e0s doen\u00e7as do Sistema Nervoso<\/a><\/h3><\/a><\/h2>\t\t<\/div>\n\t\t\t\t<\/div>\n\t\t\t\t\t<\/div>\n\t\t<\/div>\n\t\t\t\t<div class=\"elementor-column elementor-col-33 elementor-top-column elementor-element elementor-element-79595e2\" data-id=\"79595e2\" data-element_type=\"column\">\n\t\t\t<div class=\"elementor-widget-wrap elementor-element-populated\">\n\t\t\t\t\t\t\t\t<div class=\"elementor-element elementor-element-db43b32 elementor-widget elementor-widget-image\" data-id=\"db43b32\" data-element_type=\"widget\" data-widget_type=\"image.default\">\n\t\t\t\t<div class=\"elementor-widget-container\">\n\t\t\t\t\t\t\t\t\t\t\t\t\t\t\t\t<a href=\"https:\/\/revistacienciaecultura.org.br\/?artigos=avancos-cientificos-relacionados-as-doencas-do-sistema-nervoso\">\n\t\t\t\t\t\t\t<img width=\"1024\" height=\"427\" src=\"https:\/\/revistacienciaecultura.org.br\/wp-content\/uploads\/2022\/11\/CC-4-edicao-artigo-Energia-resolver-problemas-explorar-oportunidades-capa-site-1024x427.jpg\" class=\"attachment-large size-large\" alt=\"\" loading=\"lazy\" srcset=\"https:\/\/revistacienciaecultura.org.br\/wp-content\/uploads\/2022\/11\/CC-4-edicao-artigo-Energia-resolver-problemas-explorar-oportunidades-capa-site-1024x427.jpg 1024w, https:\/\/revistacienciaecultura.org.br\/wp-content\/uploads\/2022\/11\/CC-4-edicao-artigo-Energia-resolver-problemas-explorar-oportunidades-capa-site-300x125.jpg 300w, https:\/\/revistacienciaecultura.org.br\/wp-content\/uploads\/2022\/11\/CC-4-edicao-artigo-Energia-resolver-problemas-explorar-oportunidades-capa-site-768x320.jpg 768w, https:\/\/revistacienciaecultura.org.br\/wp-content\/uploads\/2022\/11\/CC-4-edicao-artigo-Energia-resolver-problemas-explorar-oportunidades-capa-site-18x8.jpg 18w, https:\/\/revistacienciaecultura.org.br\/wp-content\/uploads\/2022\/11\/CC-4-edicao-artigo-Energia-resolver-problemas-explorar-oportunidades-capa-site-800x333.jpg 800w, https:\/\/revistacienciaecultura.org.br\/wp-content\/uploads\/2022\/11\/CC-4-edicao-artigo-Energia-resolver-problemas-explorar-oportunidades-capa-site-1160x483.jpg 1160w, https:\/\/revistacienciaecultura.org.br\/wp-content\/uploads\/2022\/11\/CC-4-edicao-artigo-Energia-resolver-problemas-explorar-oportunidades-capa-site.jpg 1200w\" sizes=\"(max-width: 1024px) 100vw, 1024px\" \/>\t\t\t\t\t\t\t\t<\/a>\n\t\t\t\t\t\t\t\t\t\t\t\t\t\t\t<\/div>\n\t\t\t\t<\/div>\n\t\t\t\t<div class=\"elementor-element elementor-element-b36b974 elementor-widget elementor-widget-heading\" data-id=\"b36b974\" data-element_type=\"widget\" data-widget_type=\"heading.default\">\n\t\t\t\t<div class=\"elementor-widget-container\">\n\t\t\t<h2 id=\"energia-resolver-problemas-explorar-oportunidades\" class=\"elementor-heading-title elementor-size-medium\"><a href=\"https:\/\/revistacienciaecultura.org.br\/?artigos=avancos-cientificos-relacionados-as-doencas-do-sistema-nervoso\"><h3 style=\"margin-right: 0px; margin-bottom: 25px; margin-left: 0px; font-weight: var( --e-global-typography-primary-font-weight ); font-size: 18px; font-family: var( --e-global-typography-primary-font-family ), Sans-serif; white-space: normal;\"><a href=\"https:\/\/revistacienciaecultura.org.br\/?p=3456\" style=\"color: rgb(0, 0, 0); font-family: var( --e-global-typography-primary-font-family ), Sans-serif; font-weight: var( --e-global-typography-primary-font-weight );\">Energia: resolver problemas, explorar oportunidades<\/a><span style=\"color: rgb(0, 0, 0); font-family: var( --e-global-typography-primary-font-family ), Sans-serif; font-size: 19px; font-weight: var( --e-global-typography-primary-font-weight ); letter-spacing: -0.0125em; white-space: pre-wrap; background-color: rgb(255, 255, 255);\"><\/span><br><\/h3><\/a><\/h2>\t\t<\/div>\n\t\t\t\t<\/div>\n\t\t\t\t\t<\/div>\n\t\t<\/div>\n\t\t\t\t\t\t\t<\/div>\n\t\t<\/section>\n\t\t\t\t<section class=\"elementor-section elementor-top-section elementor-element elementor-element-2ff6f11 elementor-section-boxed elementor-section-height-default elementor-section-height-default\" data-id=\"2ff6f11\" data-element_type=\"section\">\n\t\t\t\t\t\t<div class=\"elementor-container elementor-column-gap-default\">\n\t\t\t\t\t<div class=\"elementor-column elementor-col-33 elementor-top-column elementor-element elementor-element-8d4cdcf\" data-id=\"8d4cdcf\" data-element_type=\"column\">\n\t\t\t<div class=\"elementor-widget-wrap elementor-element-populated\">\n\t\t\t\t\t\t\t\t<div class=\"elementor-element elementor-element-1d0b007 elementor-widget elementor-widget-image\" data-id=\"1d0b007\" data-element_type=\"widget\" data-widget_type=\"image.default\">\n\t\t\t\t<div class=\"elementor-widget-container\">\n\t\t\t\t\t\t\t\t\t\t\t\t\t\t\t\t<a href=\"https:\/\/revistacienciaecultura.org.br\/?p=3633\">\n\t\t\t\t\t\t\t<img width=\"1024\" height=\"427\" src=\"https:\/\/revistacienciaecultura.org.br\/wp-content\/uploads\/2023\/01\/CC-4-edicao-opiniao-Mudanc\u0327as-clima\u0301ticas-caminhos-para-o-Brasil-capa-site-1024x427.jpg\" class=\"attachment-large size-large\" alt=\"\" loading=\"lazy\" srcset=\"https:\/\/revistacienciaecultura.org.br\/wp-content\/uploads\/2023\/01\/CC-4-edicao-opiniao-Mudanc\u0327as-clima\u0301ticas-caminhos-para-o-Brasil-capa-site-1024x427.jpg 1024w, https:\/\/revistacienciaecultura.org.br\/wp-content\/uploads\/2023\/01\/CC-4-edicao-opiniao-Mudanc\u0327as-clima\u0301ticas-caminhos-para-o-Brasil-capa-site-300x125.jpg 300w, https:\/\/revistacienciaecultura.org.br\/wp-content\/uploads\/2023\/01\/CC-4-edicao-opiniao-Mudanc\u0327as-clima\u0301ticas-caminhos-para-o-Brasil-capa-site-768x320.jpg 768w, https:\/\/revistacienciaecultura.org.br\/wp-content\/uploads\/2023\/01\/CC-4-edicao-opiniao-Mudanc\u0327as-clima\u0301ticas-caminhos-para-o-Brasil-capa-site-18x8.jpg 18w, https:\/\/revistacienciaecultura.org.br\/wp-content\/uploads\/2023\/01\/CC-4-edicao-opiniao-Mudanc\u0327as-clima\u0301ticas-caminhos-para-o-Brasil-capa-site-800x333.jpg 800w, https:\/\/revistacienciaecultura.org.br\/wp-content\/uploads\/2023\/01\/CC-4-edicao-opiniao-Mudanc\u0327as-clima\u0301ticas-caminhos-para-o-Brasil-capa-site-1160x483.jpg 1160w, https:\/\/revistacienciaecultura.org.br\/wp-content\/uploads\/2023\/01\/CC-4-edicao-opiniao-Mudanc\u0327as-clima\u0301ticas-caminhos-para-o-Brasil-capa-site.jpg 1200w\" sizes=\"(max-width: 1024px) 100vw, 1024px\" \/>\t\t\t\t\t\t\t\t<\/a>\n\t\t\t\t\t\t\t\t\t\t\t\t\t\t\t<\/div>\n\t\t\t\t<\/div>\n\t\t\t\t<div class=\"elementor-element elementor-element-e0952b1 elementor-widget elementor-widget-heading\" data-id=\"e0952b1\" data-element_type=\"widget\" data-widget_type=\"heading.default\">\n\t\t\t\t<div class=\"elementor-widget-container\">\n\t\t\t<h2 id=\"mudancas-climaticas-caminhos-para-o-brasil\" class=\"elementor-heading-title elementor-size-medium\"><a href=\"https:\/\/revistacienciaecultura.org.br\/?p=3633\"><h3 class=\"elementor-post__title\" style=\"margin-right: 0px; margin-bottom: 25px; margin-left: 0px; font-weight: var( --e-global-typography-primary-font-weight ); font-size: 18px; font-family: var( --e-global-typography-primary-font-family ), Sans-serif; white-space: normal;\"><a href=\"https:\/\/revistacienciaecultura.org.br\/?p=3633\" style=\"color: rgb(0, 0, 0); font-family: var( --e-global-typography-primary-font-family ), Sans-serif; font-weight: var( --e-global-typography-primary-font-weight );\">Mudan\u00e7as clim\u00e1ticas: caminhos para o Brasil<\/a><\/h3><\/a><\/h2>\t\t<\/div>\n\t\t\t\t<\/div>\n\t\t\t\t\t<\/div>\n\t\t<\/div>\n\t\t\t\t<div class=\"elementor-column elementor-col-33 elementor-top-column elementor-element elementor-element-7c9da5b\" data-id=\"7c9da5b\" data-element_type=\"column\">\n\t\t\t<div class=\"elementor-widget-wrap\">\n\t\t\t\t\t\t\t\t\t<\/div>\n\t\t<\/div>\n\t\t\t\t<div class=\"elementor-column elementor-col-33 elementor-top-column elementor-element elementor-element-3920819\" data-id=\"3920819\" data-element_type=\"column\">\n\t\t\t<div class=\"elementor-widget-wrap\">\n\t\t\t\t\t\t\t\t\t<\/div>\n\t\t<\/div>\n\t\t\t\t\t\t\t<\/div>\n\t\t<\/section>\n\t\t\t\t<section class=\"elementor-section elementor-top-section elementor-element elementor-element-353bfa0 elementor-section-boxed elementor-section-height-default elementor-section-height-default\" data-id=\"353bfa0\" data-element_type=\"section\">\n\t\t\t\t\t\t<div class=\"elementor-container elementor-column-gap-default\">\n\t\t\t\t\t<div class=\"elementor-column elementor-col-33 elementor-top-column elementor-element elementor-element-84f3cb9\" data-id=\"84f3cb9\" data-element_type=\"column\">\n\t\t\t<div class=\"elementor-widget-wrap\">\n\t\t\t\t\t\t\t\t\t<\/div>\n\t\t<\/div>\n\t\t\t\t<div class=\"elementor-column elementor-col-33 elementor-top-column elementor-element elementor-element-ee1542d\" data-id=\"ee1542d\" data-element_type=\"column\">\n\t\t\t<div class=\"elementor-widget-wrap\">\n\t\t\t\t\t\t\t\t\t<\/div>\n\t\t<\/div>\n\t\t\t\t<div class=\"elementor-column elementor-col-33 elementor-top-column elementor-element elementor-element-2a1cc67\" data-id=\"2a1cc67\" data-element_type=\"column\">\n\t\t\t<div class=\"elementor-widget-wrap\">\n\t\t\t\t\t\t\t\t\t<\/div>\n\t\t<\/div>\n\t\t\t\t\t\t\t<\/div>\n\t\t<\/section>\n\t\t\t\t<section class=\"elementor-section elementor-top-section elementor-element elementor-element-377abf1 elementor-section-boxed elementor-section-height-default elementor-section-height-default\" data-id=\"377abf1\" data-element_type=\"section\">\n\t\t\t\t\t\t<div class=\"elementor-container elementor-column-gap-default\">\n\t\t\t\t\t<div class=\"elementor-column elementor-col-100 elementor-top-column elementor-element elementor-element-16d33cc\" data-id=\"16d33cc\" data-element_type=\"column\">\n\t\t\t<div class=\"elementor-widget-wrap elementor-element-populated\">\n\t\t\t\t\t\t\t\t<div class=\"elementor-element elementor-element-8e59674 elementor-widget__width-auto elementor-widget elementor-widget-heading\" data-id=\"8e59674\" data-element_type=\"widget\" data-widget_type=\"heading.default\">\n\t\t\t\t<div class=\"elementor-widget-container\">\n\t\t\t<h6 id=\"opiniao\" class=\"elementor-heading-title elementor-size-default\">Opini\u00e3o  <\/h6>\t\t<\/div>\n\t\t\t\t<\/div>\n\t\t\t\t\t<\/div>\n\t\t<\/div>\n\t\t\t\t\t\t\t<\/div>\n\t\t<\/section>\n\t\t\t\t<section class=\"elementor-section elementor-top-section elementor-element elementor-element-d39578c elementor-section-boxed elementor-section-height-default elementor-section-height-default\" data-id=\"d39578c\" data-element_type=\"section\">\n\t\t\t\t\t\t<div class=\"elementor-container elementor-column-gap-default\">\n\t\t\t\t\t<div class=\"elementor-column elementor-col-33 elementor-top-column elementor-element elementor-element-47ee003\" data-id=\"47ee003\" data-element_type=\"column\">\n\t\t\t<div class=\"elementor-widget-wrap elementor-element-populated\">\n\t\t\t\t\t\t\t\t<div class=\"elementor-element elementor-element-72e96e1 elementor-widget elementor-widget-image\" data-id=\"72e96e1\" data-element_type=\"widget\" data-widget_type=\"image.default\">\n\t\t\t\t<div class=\"elementor-widget-container\">\n\t\t\t\t\t\t\t\t\t\t\t\t\t\t\t\t<a href=\"https:\/\/revistacienciaecultura.org.br\/?p=3456\">\n\t\t\t\t\t\t\t<img width=\"1024\" height=\"427\" src=\"https:\/\/revistacienciaecultura.org.br\/wp-content\/uploads\/2022\/11\/CC-4-edicao-editorial-A-cie\u0302ncia-enquanto-arma-contra-o-retrocesso-capa-1024x427.jpg\" class=\"attachment-large size-large\" alt=\"\" loading=\"lazy\" srcset=\"https:\/\/revistacienciaecultura.org.br\/wp-content\/uploads\/2022\/11\/CC-4-edicao-editorial-A-cie\u0302ncia-enquanto-arma-contra-o-retrocesso-capa-1024x427.jpg 1024w, https:\/\/revistacienciaecultura.org.br\/wp-content\/uploads\/2022\/11\/CC-4-edicao-editorial-A-cie\u0302ncia-enquanto-arma-contra-o-retrocesso-capa-300x125.jpg 300w, https:\/\/revistacienciaecultura.org.br\/wp-content\/uploads\/2022\/11\/CC-4-edicao-editorial-A-cie\u0302ncia-enquanto-arma-contra-o-retrocesso-capa-768x320.jpg 768w, https:\/\/revistacienciaecultura.org.br\/wp-content\/uploads\/2022\/11\/CC-4-edicao-editorial-A-cie\u0302ncia-enquanto-arma-contra-o-retrocesso-capa-18x8.jpg 18w, https:\/\/revistacienciaecultura.org.br\/wp-content\/uploads\/2022\/11\/CC-4-edicao-editorial-A-cie\u0302ncia-enquanto-arma-contra-o-retrocesso-capa-800x333.jpg 800w, https:\/\/revistacienciaecultura.org.br\/wp-content\/uploads\/2022\/11\/CC-4-edicao-editorial-A-cie\u0302ncia-enquanto-arma-contra-o-retrocesso-capa-1160x483.jpg 1160w, https:\/\/revistacienciaecultura.org.br\/wp-content\/uploads\/2022\/11\/CC-4-edicao-editorial-A-cie\u0302ncia-enquanto-arma-contra-o-retrocesso-capa.jpg 1200w\" sizes=\"(max-width: 1024px) 100vw, 1024px\" \/>\t\t\t\t\t\t\t\t<\/a>\n\t\t\t\t\t\t\t\t\t\t\t\t\t\t\t<\/div>\n\t\t\t\t<\/div>\n\t\t\t\t<div class=\"elementor-element elementor-element-767dc0a elementor-widget elementor-widget-heading\" data-id=\"767dc0a\" data-element_type=\"widget\" data-widget_type=\"heading.default\">\n\t\t\t\t<div class=\"elementor-widget-container\">\n\t\t\t<h2 id=\"a-ciencia-enquanto-arma-contra-o-retrocesso\" class=\"elementor-heading-title elementor-size-medium\"><a href=\"https:\/\/revistacienciaecultura.org.br\/?p=3456\"><h3 style=\"margin-right: 0px; margin-bottom: 25px; margin-left: 0px; font-weight: var( --e-global-typography-primary-font-weight ); font-size: 18px; font-family: var( --e-global-typography-primary-font-family ), Sans-serif; white-space: normal;\"><a href=\"https:\/\/revistacienciaecultura.org.br\/?p=3422\" style=\"color: rgb(0, 0, 0); font-family: var( --e-global-typography-primary-font-family ), Sans-serif; font-weight: var( --e-global-typography-primary-font-weight );\">A ci\u00eancia enquanto arma contra o retrocesso<\/a><\/h3><\/a><\/h2>\t\t<\/div>\n\t\t\t\t<\/div>\n\t\t\t\t\t<\/div>\n\t\t<\/div>\n\t\t\t\t<div class=\"elementor-column elementor-col-33 elementor-top-column elementor-element elementor-element-645135e\" data-id=\"645135e\" data-element_type=\"column\">\n\t\t\t<div class=\"elementor-widget-wrap elementor-element-populated\">\n\t\t\t\t\t\t\t\t<div class=\"elementor-element elementor-element-b1f538d elementor-widget elementor-widget-image\" data-id=\"b1f538d\" data-element_type=\"widget\" data-widget_type=\"image.default\">\n\t\t\t\t<div class=\"elementor-widget-container\">\n\t\t\t\t\t\t\t\t\t\t\t\t\t\t\t\t<a href=\"https:\/\/revistacienciaecultura.org.br\/?p=3506\">\n\t\t\t\t\t\t\t<img width=\"1024\" height=\"427\" src=\"https:\/\/revistacienciaecultura.org.br\/wp-content\/uploads\/2022\/11\/CC-4-edicao-opinia\u0303o-A-perpe\u0301tua-germinac\u0327a\u0303o-cla\u0301ssica-capa-site-1024x427.jpg\" class=\"attachment-large size-large\" alt=\"\" loading=\"lazy\" srcset=\"https:\/\/revistacienciaecultura.org.br\/wp-content\/uploads\/2022\/11\/CC-4-edicao-opinia\u0303o-A-perpe\u0301tua-germinac\u0327a\u0303o-cla\u0301ssica-capa-site-1024x427.jpg 1024w, https:\/\/revistacienciaecultura.org.br\/wp-content\/uploads\/2022\/11\/CC-4-edicao-opinia\u0303o-A-perpe\u0301tua-germinac\u0327a\u0303o-cla\u0301ssica-capa-site-300x125.jpg 300w, https:\/\/revistacienciaecultura.org.br\/wp-content\/uploads\/2022\/11\/CC-4-edicao-opinia\u0303o-A-perpe\u0301tua-germinac\u0327a\u0303o-cla\u0301ssica-capa-site-768x320.jpg 768w, https:\/\/revistacienciaecultura.org.br\/wp-content\/uploads\/2022\/11\/CC-4-edicao-opinia\u0303o-A-perpe\u0301tua-germinac\u0327a\u0303o-cla\u0301ssica-capa-site-18x8.jpg 18w, https:\/\/revistacienciaecultura.org.br\/wp-content\/uploads\/2022\/11\/CC-4-edicao-opinia\u0303o-A-perpe\u0301tua-germinac\u0327a\u0303o-cla\u0301ssica-capa-site-800x333.jpg 800w, https:\/\/revistacienciaecultura.org.br\/wp-content\/uploads\/2022\/11\/CC-4-edicao-opinia\u0303o-A-perpe\u0301tua-germinac\u0327a\u0303o-cla\u0301ssica-capa-site-1160x483.jpg 1160w, https:\/\/revistacienciaecultura.org.br\/wp-content\/uploads\/2022\/11\/CC-4-edicao-opinia\u0303o-A-perpe\u0301tua-germinac\u0327a\u0303o-cla\u0301ssica-capa-site.jpg 1200w\" sizes=\"(max-width: 1024px) 100vw, 1024px\" \/>\t\t\t\t\t\t\t\t<\/a>\n\t\t\t\t\t\t\t\t\t\t\t\t\t\t\t<\/div>\n\t\t\t\t<\/div>\n\t\t\t\t<div class=\"elementor-element elementor-element-ecc1439 elementor-widget elementor-widget-heading\" data-id=\"ecc1439\" data-element_type=\"widget\" data-widget_type=\"heading.default\">\n\t\t\t\t<div class=\"elementor-widget-container\">\n\t\t\t<h2 id=\"a-perpertua-germinacao-classica\" class=\"elementor-heading-title elementor-size-medium\"><a href=\"https:\/\/revistacienciaecultura.org.br\/?p=3506\"><h3 style=\"margin-right: 0px; margin-bottom: 25px; margin-left: 0px; font-weight: var( --e-global-typography-primary-font-weight ); font-size: 18px; font-family: var( --e-global-typography-primary-font-family ), Sans-serif; white-space: normal;\"><a href=\"https:\/\/revistacienciaecultura.org.br\/?p=3415\" style=\"color: rgb(0, 0, 0); font-family: var( --e-global-typography-primary-font-family ), Sans-serif; font-weight: var( --e-global-typography-primary-font-weight );\">A perp\u00e9rtua germina\u00e7\u00e3o cl\u00e1ssica<\/a><\/h3><\/a><\/h2>\t\t<\/div>\n\t\t\t\t<\/div>\n\t\t\t\t\t<\/div>\n\t\t<\/div>\n\t\t\t\t<div class=\"elementor-column elementor-col-33 elementor-top-column elementor-element elementor-element-0aacf05\" data-id=\"0aacf05\" data-element_type=\"column\">\n\t\t\t<div class=\"elementor-widget-wrap elementor-element-populated\">\n\t\t\t\t\t\t\t\t<div class=\"elementor-element elementor-element-a65da60 elementor-widget elementor-widget-image\" data-id=\"a65da60\" data-element_type=\"widget\" data-widget_type=\"image.default\">\n\t\t\t\t<div class=\"elementor-widget-container\">\n\t\t\t\t\t\t\t\t\t\t\t\t\t\t\t\t<a href=\"https:\/\/revistacienciaecultura.org.br\/?p=3483\">\n\t\t\t\t\t\t\t<img width=\"1024\" height=\"427\" src=\"https:\/\/revistacienciaecultura.org.br\/wp-content\/uploads\/2022\/11\/CC-4-edicao-opinia\u0303o-As-cie\u0302ncias-a-cultura-e-as-artes-rompem-o-atraso-capa-site-1024x427.jpg\" class=\"attachment-large size-large\" alt=\"\" loading=\"lazy\" srcset=\"https:\/\/revistacienciaecultura.org.br\/wp-content\/uploads\/2022\/11\/CC-4-edicao-opinia\u0303o-As-cie\u0302ncias-a-cultura-e-as-artes-rompem-o-atraso-capa-site-1024x427.jpg 1024w, https:\/\/revistacienciaecultura.org.br\/wp-content\/uploads\/2022\/11\/CC-4-edicao-opinia\u0303o-As-cie\u0302ncias-a-cultura-e-as-artes-rompem-o-atraso-capa-site-300x125.jpg 300w, https:\/\/revistacienciaecultura.org.br\/wp-content\/uploads\/2022\/11\/CC-4-edicao-opinia\u0303o-As-cie\u0302ncias-a-cultura-e-as-artes-rompem-o-atraso-capa-site-768x320.jpg 768w, https:\/\/revistacienciaecultura.org.br\/wp-content\/uploads\/2022\/11\/CC-4-edicao-opinia\u0303o-As-cie\u0302ncias-a-cultura-e-as-artes-rompem-o-atraso-capa-site-18x8.jpg 18w, https:\/\/revistacienciaecultura.org.br\/wp-content\/uploads\/2022\/11\/CC-4-edicao-opinia\u0303o-As-cie\u0302ncias-a-cultura-e-as-artes-rompem-o-atraso-capa-site-800x333.jpg 800w, https:\/\/revistacienciaecultura.org.br\/wp-content\/uploads\/2022\/11\/CC-4-edicao-opinia\u0303o-As-cie\u0302ncias-a-cultura-e-as-artes-rompem-o-atraso-capa-site-1160x483.jpg 1160w, https:\/\/revistacienciaecultura.org.br\/wp-content\/uploads\/2022\/11\/CC-4-edicao-opinia\u0303o-As-cie\u0302ncias-a-cultura-e-as-artes-rompem-o-atraso-capa-site.jpg 1200w\" sizes=\"(max-width: 1024px) 100vw, 1024px\" \/>\t\t\t\t\t\t\t\t<\/a>\n\t\t\t\t\t\t\t\t\t\t\t\t\t\t\t<\/div>\n\t\t\t\t<\/div>\n\t\t\t\t<div class=\"elementor-element elementor-element-370e3ad elementor-widget elementor-widget-heading\" data-id=\"370e3ad\" data-element_type=\"widget\" data-widget_type=\"heading.default\">\n\t\t\t\t<div class=\"elementor-widget-container\">\n\t\t\t<h2 id=\"as-ciencias-a-cultura-e-as-artes-rompem-o-atraso\" class=\"elementor-heading-title elementor-size-medium\"><a href=\"https:\/\/revistacienciaecultura.org.br\/?p=3483\"><h3 style=\"margin-right: 0px; margin-bottom: 25px; margin-left: 0px; font-weight: var( --e-global-typography-primary-font-weight ); font-size: 18px; font-family: var( --e-global-typography-primary-font-family ), Sans-serif; white-space: normal;\"><a href=\"https:\/\/revistacienciaecultura.org.br\/?p=3496\" style=\"color: rgb(0, 0, 0); font-family: var( --e-global-typography-primary-font-family ), Sans-serif; font-weight: var( --e-global-typography-primary-font-weight );\">As ci\u00eancias, a cultura e as artes rompem o atraso<\/a><\/h3><\/a><\/h2>\t\t<\/div>\n\t\t\t\t<\/div>\n\t\t\t\t\t<\/div>\n\t\t<\/div>\n\t\t\t\t\t\t\t<\/div>\n\t\t<\/section>\n\t\t\t\t<section class=\"elementor-section elementor-top-section elementor-element elementor-element-ec07cae elementor-section-boxed elementor-section-height-default elementor-section-height-default\" data-id=\"ec07cae\" data-element_type=\"section\">\n\t\t\t\t\t\t<div class=\"elementor-container elementor-column-gap-default\">\n\t\t\t\t\t<div class=\"elementor-column elementor-col-100 elementor-top-column elementor-element elementor-element-3174e7b\" data-id=\"3174e7b\" data-element_type=\"column\">\n\t\t\t<div class=\"elementor-widget-wrap elementor-element-populated\">\n\t\t\t\t\t\t\t\t<div class=\"elementor-element elementor-element-2db161e elementor-widget__width-auto elementor-widget elementor-widget-heading\" data-id=\"2db161e\" data-element_type=\"widget\" data-widget_type=\"heading.default\">\n\t\t\t\t<div class=\"elementor-widget-container\">\n\t\t\t<h6 id=\"reportagens\" class=\"elementor-heading-title elementor-size-default\">Reportagens  <\/h6>\t\t<\/div>\n\t\t\t\t<\/div>\n\t\t\t\t\t<\/div>\n\t\t<\/div>\n\t\t\t\t\t\t\t<\/div>\n\t\t<\/section>\n\t\t\t\t<section class=\"elementor-section elementor-top-section elementor-element elementor-element-b29cefe elementor-section-boxed elementor-section-height-default elementor-section-height-default\" data-id=\"b29cefe\" data-element_type=\"section\">\n\t\t\t\t\t\t<div class=\"elementor-container elementor-column-gap-default\">\n\t\t\t\t\t<div class=\"elementor-column elementor-col-33 elementor-top-column elementor-element elementor-element-9b460e8\" data-id=\"9b460e8\" data-element_type=\"column\">\n\t\t\t<div class=\"elementor-widget-wrap elementor-element-populated\">\n\t\t\t\t\t\t\t\t<div class=\"elementor-element elementor-element-b98f3d2 elementor-widget elementor-widget-image\" data-id=\"b98f3d2\" data-element_type=\"widget\" data-widget_type=\"image.default\">\n\t\t\t\t<div class=\"elementor-widget-container\">\n\t\t\t\t\t\t\t\t\t\t\t\t\t\t\t\t<a href=\"https:\/\/revistacienciaecultura.org.br\/?p=3422\">\n\t\t\t\t\t\t\t<img width=\"1024\" height=\"427\" src=\"https:\/\/revistacienciaecultura.org.br\/wp-content\/uploads\/2022\/11\/CC-4-edicao-reportagem-ciencia-para-a-guerra-e-para-a-paz-capa-site-1024x427.jpg\" class=\"attachment-large size-large\" alt=\"\" loading=\"lazy\" srcset=\"https:\/\/revistacienciaecultura.org.br\/wp-content\/uploads\/2022\/11\/CC-4-edicao-reportagem-ciencia-para-a-guerra-e-para-a-paz-capa-site-1024x427.jpg 1024w, https:\/\/revistacienciaecultura.org.br\/wp-content\/uploads\/2022\/11\/CC-4-edicao-reportagem-ciencia-para-a-guerra-e-para-a-paz-capa-site-300x125.jpg 300w, https:\/\/revistacienciaecultura.org.br\/wp-content\/uploads\/2022\/11\/CC-4-edicao-reportagem-ciencia-para-a-guerra-e-para-a-paz-capa-site-768x320.jpg 768w, https:\/\/revistacienciaecultura.org.br\/wp-content\/uploads\/2022\/11\/CC-4-edicao-reportagem-ciencia-para-a-guerra-e-para-a-paz-capa-site-18x8.jpg 18w, https:\/\/revistacienciaecultura.org.br\/wp-content\/uploads\/2022\/11\/CC-4-edicao-reportagem-ciencia-para-a-guerra-e-para-a-paz-capa-site-800x333.jpg 800w, https:\/\/revistacienciaecultura.org.br\/wp-content\/uploads\/2022\/11\/CC-4-edicao-reportagem-ciencia-para-a-guerra-e-para-a-paz-capa-site-1160x483.jpg 1160w, https:\/\/revistacienciaecultura.org.br\/wp-content\/uploads\/2022\/11\/CC-4-edicao-reportagem-ciencia-para-a-guerra-e-para-a-paz-capa-site.jpg 1200w\" sizes=\"(max-width: 1024px) 100vw, 1024px\" \/>\t\t\t\t\t\t\t\t<\/a>\n\t\t\t\t\t\t\t\t\t\t\t\t\t\t\t<\/div>\n\t\t\t\t<\/div>\n\t\t\t\t<div class=\"elementor-element elementor-element-89854d5 elementor-widget elementor-widget-heading\" data-id=\"89854d5\" data-element_type=\"widget\" data-widget_type=\"heading.default\">\n\t\t\t\t<div class=\"elementor-widget-container\">\n\t\t\t<h2 id=\"ciencia-para-a-guerra-e-para-a-paz\" class=\"elementor-heading-title elementor-size-medium\"><a href=\"https:\/\/revistacienciaecultura.org.br\/?p=3422\"><h3 style=\"margin-right: 0px; margin-bottom: 25px; margin-left: 0px; font-weight: var( --e-global-typography-primary-font-weight ); font-size: 18px; font-family: var( --e-global-typography-primary-font-family ), Sans-serif; white-space: normal;\"><a href=\"https:\/\/revistacienciaecultura.org.br\/?p=3422\" style=\"color: rgb(0, 0, 0); font-family: var( --e-global-typography-primary-font-family ), Sans-serif; font-weight: var( --e-global-typography-primary-font-weight );\">Ci\u00eancia para a guerra e para a paz<\/a><\/h3><\/a><\/h2>\t\t<\/div>\n\t\t\t\t<\/div>\n\t\t\t\t\t<\/div>\n\t\t<\/div>\n\t\t\t\t<div class=\"elementor-column elementor-col-33 elementor-top-column elementor-element elementor-element-7f0e329\" data-id=\"7f0e329\" data-element_type=\"column\">\n\t\t\t<div class=\"elementor-widget-wrap elementor-element-populated\">\n\t\t\t\t\t\t\t\t<div class=\"elementor-element elementor-element-76eed30 elementor-widget elementor-widget-image\" data-id=\"76eed30\" data-element_type=\"widget\" data-widget_type=\"image.default\">\n\t\t\t\t<div class=\"elementor-widget-container\">\n\t\t\t\t\t\t\t\t\t\t\t\t\t\t\t\t<a href=\"https:\/\/revistacienciaecultura.org.br\/?p=3415\">\n\t\t\t\t\t\t\t<img width=\"1024\" height=\"427\" src=\"https:\/\/revistacienciaecultura.org.br\/wp-content\/uploads\/2022\/11\/CC-4-edicao-reportagem-Justic\u0327a-e-inclusa\u0303o-social-capa-site-1024x427.jpg\" class=\"attachment-large size-large\" alt=\"\" loading=\"lazy\" srcset=\"https:\/\/revistacienciaecultura.org.br\/wp-content\/uploads\/2022\/11\/CC-4-edicao-reportagem-Justic\u0327a-e-inclusa\u0303o-social-capa-site-1024x427.jpg 1024w, https:\/\/revistacienciaecultura.org.br\/wp-content\/uploads\/2022\/11\/CC-4-edicao-reportagem-Justic\u0327a-e-inclusa\u0303o-social-capa-site-300x125.jpg 300w, https:\/\/revistacienciaecultura.org.br\/wp-content\/uploads\/2022\/11\/CC-4-edicao-reportagem-Justic\u0327a-e-inclusa\u0303o-social-capa-site-768x320.jpg 768w, https:\/\/revistacienciaecultura.org.br\/wp-content\/uploads\/2022\/11\/CC-4-edicao-reportagem-Justic\u0327a-e-inclusa\u0303o-social-capa-site-18x8.jpg 18w, https:\/\/revistacienciaecultura.org.br\/wp-content\/uploads\/2022\/11\/CC-4-edicao-reportagem-Justic\u0327a-e-inclusa\u0303o-social-capa-site-800x333.jpg 800w, https:\/\/revistacienciaecultura.org.br\/wp-content\/uploads\/2022\/11\/CC-4-edicao-reportagem-Justic\u0327a-e-inclusa\u0303o-social-capa-site-1160x483.jpg 1160w, https:\/\/revistacienciaecultura.org.br\/wp-content\/uploads\/2022\/11\/CC-4-edicao-reportagem-Justic\u0327a-e-inclusa\u0303o-social-capa-site.jpg 1200w\" sizes=\"(max-width: 1024px) 100vw, 1024px\" \/>\t\t\t\t\t\t\t\t<\/a>\n\t\t\t\t\t\t\t\t\t\t\t\t\t\t\t<\/div>\n\t\t\t\t<\/div>\n\t\t\t\t<div class=\"elementor-element elementor-element-4f91ee8 elementor-widget elementor-widget-heading\" data-id=\"4f91ee8\" data-element_type=\"widget\" data-widget_type=\"heading.default\">\n\t\t\t\t<div class=\"elementor-widget-container\">\n\t\t\t<h2 id=\"justica-e-inclusao-social\" class=\"elementor-heading-title elementor-size-medium\"><a href=\"https:\/\/revistacienciaecultura.org.br\/?p=3415\"><h3 style=\"margin-right: 0px; margin-bottom: 25px; margin-left: 0px; font-weight: var( --e-global-typography-primary-font-weight ); font-size: 18px; font-family: var( --e-global-typography-primary-font-family ), Sans-serif; white-space: normal;\"><a href=\"https:\/\/revistacienciaecultura.org.br\/?p=3415\" style=\"color: rgb(0, 0, 0); font-family: var( --e-global-typography-primary-font-family ), Sans-serif; font-weight: var( --e-global-typography-primary-font-weight );\">Justi\u00e7a e inclus\u00e3o socia<\/a>l<\/h3><\/a><\/h2>\t\t<\/div>\n\t\t\t\t<\/div>\n\t\t\t\t\t<\/div>\n\t\t<\/div>\n\t\t\t\t<div class=\"elementor-column elementor-col-33 elementor-top-column elementor-element elementor-element-7cccc88\" data-id=\"7cccc88\" data-element_type=\"column\">\n\t\t\t<div class=\"elementor-widget-wrap elementor-element-populated\">\n\t\t\t\t\t\t\t\t<div class=\"elementor-element elementor-element-8fb3297 elementor-widget elementor-widget-image\" data-id=\"8fb3297\" data-element_type=\"widget\" data-widget_type=\"image.default\">\n\t\t\t\t<div class=\"elementor-widget-container\">\n\t\t\t\t\t\t\t\t\t\t\t\t\t\t\t\t<a href=\"https:\/\/revistacienciaecultura.org.br\/?p=3496\">\n\t\t\t\t\t\t\t<img width=\"1024\" height=\"427\" src=\"https:\/\/revistacienciaecultura.org.br\/wp-content\/uploads\/2022\/11\/CC-4-edicao-reportagem-Tecnologia-para-um-mundo-sustenta\u0301vel-capa-site-1024x427.jpg\" class=\"attachment-large size-large\" alt=\"\" loading=\"lazy\" srcset=\"https:\/\/revistacienciaecultura.org.br\/wp-content\/uploads\/2022\/11\/CC-4-edicao-reportagem-Tecnologia-para-um-mundo-sustenta\u0301vel-capa-site-1024x427.jpg 1024w, https:\/\/revistacienciaecultura.org.br\/wp-content\/uploads\/2022\/11\/CC-4-edicao-reportagem-Tecnologia-para-um-mundo-sustenta\u0301vel-capa-site-300x125.jpg 300w, https:\/\/revistacienciaecultura.org.br\/wp-content\/uploads\/2022\/11\/CC-4-edicao-reportagem-Tecnologia-para-um-mundo-sustenta\u0301vel-capa-site-768x320.jpg 768w, https:\/\/revistacienciaecultura.org.br\/wp-content\/uploads\/2022\/11\/CC-4-edicao-reportagem-Tecnologia-para-um-mundo-sustenta\u0301vel-capa-site-18x8.jpg 18w, https:\/\/revistacienciaecultura.org.br\/wp-content\/uploads\/2022\/11\/CC-4-edicao-reportagem-Tecnologia-para-um-mundo-sustenta\u0301vel-capa-site-800x333.jpg 800w, https:\/\/revistacienciaecultura.org.br\/wp-content\/uploads\/2022\/11\/CC-4-edicao-reportagem-Tecnologia-para-um-mundo-sustenta\u0301vel-capa-site-1160x483.jpg 1160w, https:\/\/revistacienciaecultura.org.br\/wp-content\/uploads\/2022\/11\/CC-4-edicao-reportagem-Tecnologia-para-um-mundo-sustenta\u0301vel-capa-site.jpg 1200w\" sizes=\"(max-width: 1024px) 100vw, 1024px\" \/>\t\t\t\t\t\t\t\t<\/a>\n\t\t\t\t\t\t\t\t\t\t\t\t\t\t\t<\/div>\n\t\t\t\t<\/div>\n\t\t\t\t<div class=\"elementor-element elementor-element-32a8598 elementor-widget elementor-widget-heading\" data-id=\"32a8598\" data-element_type=\"widget\" data-widget_type=\"heading.default\">\n\t\t\t\t<div class=\"elementor-widget-container\">\n\t\t\t<h2 id=\"tecnologia-para-um-mundo-sustentavel\" class=\"elementor-heading-title elementor-size-medium\"><a href=\"https:\/\/revistacienciaecultura.org.br\/?p=3496\"><h3 style=\"margin-right: 0px; margin-bottom: 25px; margin-left: 0px; font-weight: var( --e-global-typography-primary-font-weight ); font-size: 18px; font-family: var( --e-global-typography-primary-font-family ), Sans-serif; white-space: normal;\"><a href=\"https:\/\/revistacienciaecultura.org.br\/?p=3496\" style=\"color: rgb(0, 0, 0); font-family: var( --e-global-typography-primary-font-family ), Sans-serif; font-weight: var( --e-global-typography-primary-font-weight );\">Tecnologia para um mundo sustent\u00e1vel<\/a><\/h3><\/a><\/h2>\t\t<\/div>\n\t\t\t\t<\/div>\n\t\t\t\t\t<\/div>\n\t\t<\/div>\n\t\t\t\t\t\t\t<\/div>\n\t\t<\/section>\n\t\t\t\t<section class=\"elementor-section elementor-top-section elementor-element elementor-element-5c09763 elementor-section-boxed elementor-section-height-default elementor-section-height-default\" data-id=\"5c09763\" data-element_type=\"section\">\n\t\t\t\t\t\t<div class=\"elementor-container elementor-column-gap-default\">\n\t\t\t\t\t<div class=\"elementor-column elementor-col-33 elementor-top-column elementor-element elementor-element-cfc456c\" data-id=\"cfc456c\" data-element_type=\"column\">\n\t\t\t<div class=\"elementor-widget-wrap elementor-element-populated\">\n\t\t\t\t\t\t\t\t<div class=\"elementor-element elementor-element-288668d elementor-widget elementor-widget-image\" data-id=\"288668d\" data-element_type=\"widget\" data-widget_type=\"image.default\">\n\t\t\t\t<div class=\"elementor-widget-container\">\n\t\t\t\t\t\t\t\t\t\t\t\t\t\t\t\t<a href=\"https:\/\/revistacienciaecultura.org.br\/?p=3490\">\n\t\t\t\t\t\t\t<img width=\"1024\" height=\"427\" src=\"https:\/\/revistacienciaecultura.org.br\/wp-content\/uploads\/2022\/11\/CC-4-edicao-reportagem-O-futuro-da-sau\u0301de-capa-site-1024x427.jpg\" class=\"attachment-large size-large\" alt=\"\" loading=\"lazy\" srcset=\"https:\/\/revistacienciaecultura.org.br\/wp-content\/uploads\/2022\/11\/CC-4-edicao-reportagem-O-futuro-da-sau\u0301de-capa-site-1024x427.jpg 1024w, https:\/\/revistacienciaecultura.org.br\/wp-content\/uploads\/2022\/11\/CC-4-edicao-reportagem-O-futuro-da-sau\u0301de-capa-site-300x125.jpg 300w, https:\/\/revistacienciaecultura.org.br\/wp-content\/uploads\/2022\/11\/CC-4-edicao-reportagem-O-futuro-da-sau\u0301de-capa-site-768x320.jpg 768w, https:\/\/revistacienciaecultura.org.br\/wp-content\/uploads\/2022\/11\/CC-4-edicao-reportagem-O-futuro-da-sau\u0301de-capa-site-18x8.jpg 18w, https:\/\/revistacienciaecultura.org.br\/wp-content\/uploads\/2022\/11\/CC-4-edicao-reportagem-O-futuro-da-sau\u0301de-capa-site-800x333.jpg 800w, https:\/\/revistacienciaecultura.org.br\/wp-content\/uploads\/2022\/11\/CC-4-edicao-reportagem-O-futuro-da-sau\u0301de-capa-site-1160x483.jpg 1160w, https:\/\/revistacienciaecultura.org.br\/wp-content\/uploads\/2022\/11\/CC-4-edicao-reportagem-O-futuro-da-sau\u0301de-capa-site.jpg 1200w\" sizes=\"(max-width: 1024px) 100vw, 1024px\" \/>\t\t\t\t\t\t\t\t<\/a>\n\t\t\t\t\t\t\t\t\t\t\t\t\t\t\t<\/div>\n\t\t\t\t<\/div>\n\t\t\t\t<div class=\"elementor-element elementor-element-a2ff34b elementor-widget elementor-widget-heading\" data-id=\"a2ff34b\" data-element_type=\"widget\" data-widget_type=\"heading.default\">\n\t\t\t\t<div class=\"elementor-widget-container\">\n\t\t\t<h2 id=\"o-futuro-da-saude\" class=\"elementor-heading-title elementor-size-medium\"><a href=\"https:\/\/revistacienciaecultura.org.br\/?p=3490\"><h3 style=\"margin-right: 0px; margin-bottom: 25px; margin-left: 0px; font-weight: var( --e-global-typography-primary-font-weight ); font-size: 18px; font-family: var( --e-global-typography-primary-font-family ), Sans-serif; white-space: normal;\"><a href=\"https:\/\/revistacienciaecultura.org.br\/?p=3490\" style=\"color: rgb(0, 0, 0); font-family: var( --e-global-typography-primary-font-family ), Sans-serif; font-weight: var( --e-global-typography-primary-font-weight );\">O futuro da sa\u00fade<\/a><\/h3><\/a><\/h2>\t\t<\/div>\n\t\t\t\t<\/div>\n\t\t\t\t\t<\/div>\n\t\t<\/div>\n\t\t\t\t<div class=\"elementor-column elementor-col-33 elementor-top-column elementor-element elementor-element-c5b188a\" data-id=\"c5b188a\" data-element_type=\"column\">\n\t\t\t<div class=\"elementor-widget-wrap elementor-element-populated\">\n\t\t\t\t\t\t\t\t<div class=\"elementor-element elementor-element-555056c elementor-widget elementor-widget-image\" data-id=\"555056c\" data-element_type=\"widget\" data-widget_type=\"image.default\">\n\t\t\t\t<div class=\"elementor-widget-container\">\n\t\t\t\t\t\t\t\t\t\t\t\t\t\t\t\t<a href=\"https:\/\/revistacienciaecultura.org.br\/?p=3515\">\n\t\t\t\t\t\t\t<img width=\"1024\" height=\"427\" src=\"https:\/\/revistacienciaecultura.org.br\/wp-content\/uploads\/2022\/11\/CC-4-edicao-reportagem-A-tecnologia-educacional-e-seu-impacto-como-meio-de-transformac\u0327a\u0303o-social-capa-site-1024x427.jpg\" class=\"attachment-large size-large\" alt=\"\" loading=\"lazy\" srcset=\"https:\/\/revistacienciaecultura.org.br\/wp-content\/uploads\/2022\/11\/CC-4-edicao-reportagem-A-tecnologia-educacional-e-seu-impacto-como-meio-de-transformac\u0327a\u0303o-social-capa-site-1024x427.jpg 1024w, https:\/\/revistacienciaecultura.org.br\/wp-content\/uploads\/2022\/11\/CC-4-edicao-reportagem-A-tecnologia-educacional-e-seu-impacto-como-meio-de-transformac\u0327a\u0303o-social-capa-site-300x125.jpg 300w, https:\/\/revistacienciaecultura.org.br\/wp-content\/uploads\/2022\/11\/CC-4-edicao-reportagem-A-tecnologia-educacional-e-seu-impacto-como-meio-de-transformac\u0327a\u0303o-social-capa-site-768x320.jpg 768w, https:\/\/revistacienciaecultura.org.br\/wp-content\/uploads\/2022\/11\/CC-4-edicao-reportagem-A-tecnologia-educacional-e-seu-impacto-como-meio-de-transformac\u0327a\u0303o-social-capa-site-18x8.jpg 18w, https:\/\/revistacienciaecultura.org.br\/wp-content\/uploads\/2022\/11\/CC-4-edicao-reportagem-A-tecnologia-educacional-e-seu-impacto-como-meio-de-transformac\u0327a\u0303o-social-capa-site-800x333.jpg 800w, https:\/\/revistacienciaecultura.org.br\/wp-content\/uploads\/2022\/11\/CC-4-edicao-reportagem-A-tecnologia-educacional-e-seu-impacto-como-meio-de-transformac\u0327a\u0303o-social-capa-site-1160x483.jpg 1160w, https:\/\/revistacienciaecultura.org.br\/wp-content\/uploads\/2022\/11\/CC-4-edicao-reportagem-A-tecnologia-educacional-e-seu-impacto-como-meio-de-transformac\u0327a\u0303o-social-capa-site.jpg 1200w\" sizes=\"(max-width: 1024px) 100vw, 1024px\" \/>\t\t\t\t\t\t\t\t<\/a>\n\t\t\t\t\t\t\t\t\t\t\t\t\t\t\t<\/div>\n\t\t\t\t<\/div>\n\t\t\t\t<div class=\"elementor-element elementor-element-6e8815a elementor-widget elementor-widget-heading\" data-id=\"6e8815a\" data-element_type=\"widget\" data-widget_type=\"heading.default\">\n\t\t\t\t<div class=\"elementor-widget-container\">\n\t\t\t<h2 id=\"a-tecnologia-educacional-e-seu-impacto-como-meio-de-transformacao-social\" class=\"elementor-heading-title elementor-size-medium\"><a href=\"https:\/\/revistacienciaecultura.org.br\/?p=3515\"><h3 style=\"margin-right: 0px; margin-bottom: 25px; margin-left: 0px; font-weight: var( --e-global-typography-primary-font-weight ); font-size: 18px; font-family: var( --e-global-typography-primary-font-family ), Sans-serif; white-space: normal;\"><a href=\"https:\/\/revistacienciaecultura.org.br\/?p=3515\" style=\"color: rgb(0, 0, 0); font-family: var( --e-global-typography-primary-font-family ), Sans-serif; font-weight: var( --e-global-typography-primary-font-weight );\">A tecnologia educacional e seu impacto como meio de transforma\u00e7\u00e3o social<\/a><\/h3><\/a><\/h2>\t\t<\/div>\n\t\t\t\t<\/div>\n\t\t\t\t\t<\/div>\n\t\t<\/div>\n\t\t\t\t<div class=\"elementor-column elementor-col-33 elementor-top-column elementor-element elementor-element-0025081\" data-id=\"0025081\" data-element_type=\"column\">\n\t\t\t<div class=\"elementor-widget-wrap\">\n\t\t\t\t\t\t\t\t\t<\/div>\n\t\t<\/div>\n\t\t\t\t\t\t\t<\/div>\n\t\t<\/section>\n\t\t\t\t<section class=\"elementor-section elementor-top-section elementor-element elementor-element-f9b15f4 elementor-section-boxed elementor-section-height-default elementor-section-height-default\" data-id=\"f9b15f4\" data-element_type=\"section\">\n\t\t\t\t\t\t<div class=\"elementor-container elementor-column-gap-default\">\n\t\t\t\t\t<div class=\"elementor-column elementor-col-100 elementor-top-column elementor-element elementor-element-83551fd\" data-id=\"83551fd\" data-element_type=\"column\">\n\t\t\t<div class=\"elementor-widget-wrap elementor-element-populated\">\n\t\t\t\t\t\t\t\t<div class=\"elementor-element elementor-element-32870e3 elementor-widget__width-auto elementor-widget elementor-widget-heading\" data-id=\"32870e3\" data-element_type=\"widget\" data-widget_type=\"heading.default\">\n\t\t\t\t<div class=\"elementor-widget-container\">\n\t\t\t<h6 id=\"videos\" class=\"elementor-heading-title elementor-size-default\">V\u00eddeos  <\/h6>\t\t<\/div>\n\t\t\t\t<\/div>\n\t\t\t\t\t<\/div>\n\t\t<\/div>\n\t\t\t\t\t\t\t<\/div>\n\t\t<\/section>\n\t\t\t\t<section class=\"elementor-section elementor-top-section elementor-element elementor-element-43f94fb elementor-section-boxed elementor-section-height-default elementor-section-height-default\" data-id=\"43f94fb\" data-element_type=\"section\">\n\t\t\t\t\t\t<div class=\"elementor-container elementor-column-gap-default\">\n\t\t\t\t\t<div class=\"elementor-column elementor-col-33 elementor-top-column elementor-element elementor-element-9f5b13d\" data-id=\"9f5b13d\" data-element_type=\"column\">\n\t\t\t<div class=\"elementor-widget-wrap elementor-element-populated\">\n\t\t\t\t\t\t\t\t<div class=\"elementor-element elementor-element-b9ea51b elementor-widget elementor-widget-image\" data-id=\"b9ea51b\" data-element_type=\"widget\" data-widget_type=\"image.default\">\n\t\t\t\t<div class=\"elementor-widget-container\">\n\t\t\t\t\t\t\t\t\t\t\t\t\t\t\t\t<a href=\"https:\/\/revistacienciaecultura.org.br\/?p=3471\">\n\t\t\t\t\t\t\t<img width=\"1024\" height=\"427\" src=\"https:\/\/revistacienciaecultura.org.br\/wp-content\/uploads\/2022\/11\/CC-video-09-cover-site-1024x427.jpg\" class=\"attachment-large size-large\" alt=\"\" loading=\"lazy\" srcset=\"https:\/\/revistacienciaecultura.org.br\/wp-content\/uploads\/2022\/11\/CC-video-09-cover-site-1024x427.jpg 1024w, https:\/\/revistacienciaecultura.org.br\/wp-content\/uploads\/2022\/11\/CC-video-09-cover-site-300x125.jpg 300w, https:\/\/revistacienciaecultura.org.br\/wp-content\/uploads\/2022\/11\/CC-video-09-cover-site-768x320.jpg 768w, https:\/\/revistacienciaecultura.org.br\/wp-content\/uploads\/2022\/11\/CC-video-09-cover-site-18x8.jpg 18w, https:\/\/revistacienciaecultura.org.br\/wp-content\/uploads\/2022\/11\/CC-video-09-cover-site-800x333.jpg 800w, https:\/\/revistacienciaecultura.org.br\/wp-content\/uploads\/2022\/11\/CC-video-09-cover-site-1160x483.jpg 1160w, https:\/\/revistacienciaecultura.org.br\/wp-content\/uploads\/2022\/11\/CC-video-09-cover-site.jpg 1200w\" sizes=\"(max-width: 1024px) 100vw, 1024px\" \/>\t\t\t\t\t\t\t\t<\/a>\n\t\t\t\t\t\t\t\t\t\t\t\t\t\t\t<\/div>\n\t\t\t\t<\/div>\n\t\t\t\t<div class=\"elementor-element elementor-element-c95c916 elementor-widget elementor-widget-heading\" data-id=\"c95c916\" data-element_type=\"widget\" data-widget_type=\"heading.default\">\n\t\t\t\t<div class=\"elementor-widget-container\">\n\t\t\t<h2 id=\"nanotecnologia-a-olhos-nus\" class=\"elementor-heading-title elementor-size-medium\"><a href=\"https:\/\/revistacienciaecultura.org.br\/?p=3471\"><h3 style=\"margin-right: 0px; margin-bottom: 25px; margin-left: 0px; font-weight: var( --e-global-typography-primary-font-weight ); font-size: 18px; font-family: var( --e-global-typography-primary-font-family ), Sans-serif; white-space: normal;\"><a href=\"https:\/\/revistacienciaecultura.org.br\/?p=3471\" style=\"color: rgb(0, 0, 0); font-family: var( --e-global-typography-primary-font-family ), Sans-serif; font-weight: var( --e-global-typography-primary-font-weight );\">Nanotecnologia a olhos nus<\/a><\/h3><\/a><\/h2>\t\t<\/div>\n\t\t\t\t<\/div>\n\t\t\t\t\t<\/div>\n\t\t<\/div>\n\t\t\t\t<div class=\"elementor-column elementor-col-33 elementor-top-column elementor-element elementor-element-2edaa9e\" data-id=\"2edaa9e\" data-element_type=\"column\">\n\t\t\t<div class=\"elementor-widget-wrap elementor-element-populated\">\n\t\t\t\t\t\t\t\t<div class=\"elementor-element elementor-element-bccbac6 elementor-widget elementor-widget-image\" data-id=\"bccbac6\" data-element_type=\"widget\" data-widget_type=\"image.default\">\n\t\t\t\t<div class=\"elementor-widget-container\">\n\t\t\t\t\t\t\t\t\t\t\t\t\t\t\t\t<a href=\"https:\/\/revistacienciaecultura.org.br\/?p=3728\">\n\t\t\t\t\t\t\t<img width=\"1024\" height=\"427\" src=\"https:\/\/revistacienciaecultura.org.br\/wp-content\/uploads\/2023\/02\/CC-video-10-cover-site-1024x427.jpg\" class=\"attachment-large size-large\" alt=\"\" loading=\"lazy\" srcset=\"https:\/\/revistacienciaecultura.org.br\/wp-content\/uploads\/2023\/02\/CC-video-10-cover-site-1024x427.jpg 1024w, https:\/\/revistacienciaecultura.org.br\/wp-content\/uploads\/2023\/02\/CC-video-10-cover-site-300x125.jpg 300w, https:\/\/revistacienciaecultura.org.br\/wp-content\/uploads\/2023\/02\/CC-video-10-cover-site-768x320.jpg 768w, https:\/\/revistacienciaecultura.org.br\/wp-content\/uploads\/2023\/02\/CC-video-10-cover-site-18x8.jpg 18w, https:\/\/revistacienciaecultura.org.br\/wp-content\/uploads\/2023\/02\/CC-video-10-cover-site-800x333.jpg 800w, https:\/\/revistacienciaecultura.org.br\/wp-content\/uploads\/2023\/02\/CC-video-10-cover-site-1160x483.jpg 1160w, https:\/\/revistacienciaecultura.org.br\/wp-content\/uploads\/2023\/02\/CC-video-10-cover-site.jpg 1200w\" sizes=\"(max-width: 1024px) 100vw, 1024px\" \/>\t\t\t\t\t\t\t\t<\/a>\n\t\t\t\t\t\t\t\t\t\t\t\t\t\t\t<\/div>\n\t\t\t\t<\/div>\n\t\t\t\t<div class=\"elementor-element elementor-element-58ea17e elementor-widget elementor-widget-heading\" data-id=\"58ea17e\" data-element_type=\"widget\" data-widget_type=\"heading.default\">\n\t\t\t\t<div class=\"elementor-widget-container\">\n\t\t\t<h2 id=\"ficcao-cientifica-e-ciencia-uma-janela-para-o-futuro\" class=\"elementor-heading-title elementor-size-medium\"><a href=\"https:\/\/revistacienciaecultura.org.br\/?p=3728\"><font color=\"#000000\"><span style=\"font-size: 18px; letter-spacing: -0.225px; white-space: normal;\">Fic\u00e7\u00e3o cient\u00edfica e ci\u00eancia: uma janela para o futuro?<\/span><\/font><h3 style=\"margin-right: 0px; margin-bottom: 25px; margin-left: 0px; font-weight: var( --e-global-typography-primary-font-weight ); font-size: 18px; font-family: var( --e-global-typography-primary-font-family ), Sans-serif; white-space: normal;\"><\/h3><\/a><\/h2>\t\t<\/div>\n\t\t\t\t<\/div>\n\t\t\t\t\t<\/div>\n\t\t<\/div>\n\t\t\t\t<div class=\"elementor-column elementor-col-33 elementor-top-column elementor-element elementor-element-ad407a3\" data-id=\"ad407a3\" data-element_type=\"column\">\n\t\t\t<div class=\"elementor-widget-wrap\">\n\t\t\t\t\t\t\t\t\t<\/div>\n\t\t<\/div>\n\t\t\t\t\t\t\t<\/div>\n\t\t<\/section>\n\t\t\t\t<section class=\"elementor-section elementor-top-section elementor-element elementor-element-4f82d3f elementor-section-boxed elementor-section-height-default elementor-section-height-default\" data-id=\"4f82d3f\" data-element_type=\"section\">\n\t\t\t\t\t\t<div class=\"elementor-container elementor-column-gap-default\">\n\t\t\t\t\t<div class=\"elementor-column elementor-col-100 elementor-top-column elementor-element elementor-element-be0b979\" data-id=\"be0b979\" data-element_type=\"column\">\n\t\t\t<div class=\"elementor-widget-wrap elementor-element-populated\">\n\t\t\t\t\t\t\t\t<div class=\"elementor-element elementor-element-08b8d50 elementor-widget__width-auto elementor-widget elementor-widget-heading\" data-id=\"08b8d50\" data-element_type=\"widget\" data-widget_type=\"heading.default\">\n\t\t\t\t<div class=\"elementor-widget-container\">\n\t\t\t<h6 id=\"podcasts\" class=\"elementor-heading-title elementor-size-default\">Podcasts  <\/h6>\t\t<\/div>\n\t\t\t\t<\/div>\n\t\t\t\t\t<\/div>\n\t\t<\/div>\n\t\t\t\t\t\t\t<\/div>\n\t\t<\/section>\n\t\t\t\t<section class=\"elementor-section elementor-top-section elementor-element elementor-element-471e88f elementor-section-boxed elementor-section-height-default elementor-section-height-default\" data-id=\"471e88f\" data-element_type=\"section\">\n\t\t\t\t\t\t<div class=\"elementor-container elementor-column-gap-default\">\n\t\t\t\t\t<div class=\"elementor-column elementor-col-33 elementor-top-column elementor-element elementor-element-dc96a32\" data-id=\"dc96a32\" data-element_type=\"column\">\n\t\t\t<div class=\"elementor-widget-wrap elementor-element-populated\">\n\t\t\t\t\t\t\t\t<div class=\"elementor-element elementor-element-1c2c0e5 elementor-widget elementor-widget-image\" data-id=\"1c2c0e5\" data-element_type=\"widget\" data-widget_type=\"image.default\">\n\t\t\t\t<div class=\"elementor-widget-container\">\n\t\t\t\t\t\t\t\t\t\t\t\t\t\t\t\t<a href=\"https:\/\/revistacienciaecultura.org.br\/?p=3431\">\n\t\t\t\t\t\t\t<img width=\"1024\" height=\"427\" src=\"https:\/\/revistacienciaecultura.org.br\/wp-content\/uploads\/2022\/11\/CC-podcast-10-cover-site--1024x427.jpg\" class=\"attachment-large size-large\" alt=\"\" loading=\"lazy\" srcset=\"https:\/\/revistacienciaecultura.org.br\/wp-content\/uploads\/2022\/11\/CC-podcast-10-cover-site--1024x427.jpg 1024w, https:\/\/revistacienciaecultura.org.br\/wp-content\/uploads\/2022\/11\/CC-podcast-10-cover-site--300x125.jpg 300w, https:\/\/revistacienciaecultura.org.br\/wp-content\/uploads\/2022\/11\/CC-podcast-10-cover-site--768x320.jpg 768w, https:\/\/revistacienciaecultura.org.br\/wp-content\/uploads\/2022\/11\/CC-podcast-10-cover-site--18x8.jpg 18w, https:\/\/revistacienciaecultura.org.br\/wp-content\/uploads\/2022\/11\/CC-podcast-10-cover-site--800x333.jpg 800w, https:\/\/revistacienciaecultura.org.br\/wp-content\/uploads\/2022\/11\/CC-podcast-10-cover-site--1160x483.jpg 1160w, https:\/\/revistacienciaecultura.org.br\/wp-content\/uploads\/2022\/11\/CC-podcast-10-cover-site-.jpg 1200w\" sizes=\"(max-width: 1024px) 100vw, 1024px\" \/>\t\t\t\t\t\t\t\t<\/a>\n\t\t\t\t\t\t\t\t\t\t\t\t\t\t\t<\/div>\n\t\t\t\t<\/div>\n\t\t\t\t<div class=\"elementor-element elementor-element-8368f86 elementor-widget elementor-widget-heading\" data-id=\"8368f86\" data-element_type=\"widget\" data-widget_type=\"heading.default\">\n\t\t\t\t<div class=\"elementor-widget-container\">\n\t\t\t<h2 id=\"tecnologias-e-trabalho-um-cenario-em-transformacao\" class=\"elementor-heading-title elementor-size-medium\"><a href=\"https:\/\/revistacienciaecultura.org.br\/?p=3431\"><h3 class=\"elementor-post__title\" style=\"margin-right: 0px; margin-bottom: 25px; margin-left: 0px; font-weight: var( --e-global-typography-primary-font-weight ); font-size: 18px; font-family: var( --e-global-typography-primary-font-family ), Sans-serif; white-space: normal;\"><a href=\"https:\/\/revistacienciaecultura.org.br\/?p=3431\" style=\"color: rgb(0, 0, 0); font-family: var( --e-global-typography-primary-font-family ), Sans-serif; font-weight: var( --e-global-typography-primary-font-weight );\">Tecnologias e trabalho: Um cen\u00e1rio em transforma\u00e7\u00e3o<\/a><\/h3><\/a><\/h2>\t\t<\/div>\n\t\t\t\t<\/div>\n\t\t\t\t\t<\/div>\n\t\t<\/div>\n\t\t\t\t<div class=\"elementor-column elementor-col-33 elementor-top-column elementor-element elementor-element-6763c5f\" data-id=\"6763c5f\" data-element_type=\"column\">\n\t\t\t<div class=\"elementor-widget-wrap elementor-element-populated\">\n\t\t\t\t\t\t\t\t<div class=\"elementor-element elementor-element-1ca47f4 elementor-widget elementor-widget-image\" data-id=\"1ca47f4\" data-element_type=\"widget\" data-widget_type=\"image.default\">\n\t\t\t\t<div class=\"elementor-widget-container\">\n\t\t\t\t\t\t\t\t\t\t\t\t\t\t\t\t<a href=\"https:\/\/revistacienciaecultura.org.br\/?p=3544\">\n\t\t\t\t\t\t\t<img width=\"1024\" height=\"427\" src=\"https:\/\/revistacienciaecultura.org.br\/wp-content\/uploads\/2022\/12\/CC-podcast-11-cover-site--1024x427.jpg\" class=\"attachment-large size-large\" alt=\"\" loading=\"lazy\" srcset=\"https:\/\/revistacienciaecultura.org.br\/wp-content\/uploads\/2022\/12\/CC-podcast-11-cover-site--1024x427.jpg 1024w, https:\/\/revistacienciaecultura.org.br\/wp-content\/uploads\/2022\/12\/CC-podcast-11-cover-site--300x125.jpg 300w, https:\/\/revistacienciaecultura.org.br\/wp-content\/uploads\/2022\/12\/CC-podcast-11-cover-site--768x320.jpg 768w, https:\/\/revistacienciaecultura.org.br\/wp-content\/uploads\/2022\/12\/CC-podcast-11-cover-site--18x8.jpg 18w, https:\/\/revistacienciaecultura.org.br\/wp-content\/uploads\/2022\/12\/CC-podcast-11-cover-site--800x333.jpg 800w, https:\/\/revistacienciaecultura.org.br\/wp-content\/uploads\/2022\/12\/CC-podcast-11-cover-site--1160x483.jpg 1160w, https:\/\/revistacienciaecultura.org.br\/wp-content\/uploads\/2022\/12\/CC-podcast-11-cover-site-.jpg 1200w\" sizes=\"(max-width: 1024px) 100vw, 1024px\" \/>\t\t\t\t\t\t\t\t<\/a>\n\t\t\t\t\t\t\t\t\t\t\t\t\t\t\t<\/div>\n\t\t\t\t<\/div>\n\t\t\t\t<div class=\"elementor-element elementor-element-1d8747d elementor-widget elementor-widget-heading\" data-id=\"1d8747d\" data-element_type=\"widget\" data-widget_type=\"heading.default\">\n\t\t\t\t<div class=\"elementor-widget-container\">\n\t\t\t<h2 id=\"o-jovem-cientista-brasileiro\" class=\"elementor-heading-title elementor-size-medium\"><a href=\"https:\/\/revistacienciaecultura.org.br\/?p=3544\"><h3 style=\"margin-right: 0px; margin-bottom: 25px; margin-left: 0px; font-weight: var( --e-global-typography-primary-font-weight ); font-size: 18px; font-family: var( --e-global-typography-primary-font-family ), Sans-serif; white-space: normal;\"><a href=\"https:\/\/revistacienciaecultura.org.br\/?p=3544\" style=\"color: rgb(0, 0, 0); font-family: var( --e-global-typography-primary-font-family ), Sans-serif; font-weight: var( --e-global-typography-primary-font-weight );\">O jovem cientista brasileiro<\/a><\/h3><\/a><\/h2>\t\t<\/div>\n\t\t\t\t<\/div>\n\t\t\t\t\t<\/div>\n\t\t<\/div>\n\t\t\t\t<div class=\"elementor-column elementor-col-33 elementor-top-column elementor-element elementor-element-8750f67\" data-id=\"8750f67\" data-element_type=\"column\">\n\t\t\t<div class=\"elementor-widget-wrap elementor-element-populated\">\n\t\t\t\t\t\t\t\t<div class=\"elementor-element elementor-element-7790198 elementor-widget elementor-widget-image\" data-id=\"7790198\" data-element_type=\"widget\" data-widget_type=\"image.default\">\n\t\t\t\t<div class=\"elementor-widget-container\">\n\t\t\t\t\t\t\t\t\t\t\t\t\t\t\t\t<a href=\"https:\/\/revistacienciaecultura.org.br\/?p=3648\">\n\t\t\t\t\t\t\t<img width=\"1024\" height=\"427\" src=\"https:\/\/revistacienciaecultura.org.br\/wp-content\/uploads\/2023\/01\/CC-podcast-12-cover-site--1024x427.jpg\" class=\"attachment-large size-large\" alt=\"\" loading=\"lazy\" srcset=\"https:\/\/revistacienciaecultura.org.br\/wp-content\/uploads\/2023\/01\/CC-podcast-12-cover-site--1024x427.jpg 1024w, https:\/\/revistacienciaecultura.org.br\/wp-content\/uploads\/2023\/01\/CC-podcast-12-cover-site--300x125.jpg 300w, https:\/\/revistacienciaecultura.org.br\/wp-content\/uploads\/2023\/01\/CC-podcast-12-cover-site--768x320.jpg 768w, https:\/\/revistacienciaecultura.org.br\/wp-content\/uploads\/2023\/01\/CC-podcast-12-cover-site--18x8.jpg 18w, https:\/\/revistacienciaecultura.org.br\/wp-content\/uploads\/2023\/01\/CC-podcast-12-cover-site--800x333.jpg 800w, https:\/\/revistacienciaecultura.org.br\/wp-content\/uploads\/2023\/01\/CC-podcast-12-cover-site--1160x483.jpg 1160w, https:\/\/revistacienciaecultura.org.br\/wp-content\/uploads\/2023\/01\/CC-podcast-12-cover-site-.jpg 1200w\" sizes=\"(max-width: 1024px) 100vw, 1024px\" \/>\t\t\t\t\t\t\t\t<\/a>\n\t\t\t\t\t\t\t\t\t\t\t\t\t\t\t<\/div>\n\t\t\t\t<\/div>\n\t\t\t\t<div class=\"elementor-element elementor-element-ff8c18c elementor-widget elementor-widget-heading\" data-id=\"ff8c18c\" data-element_type=\"widget\" data-widget_type=\"heading.default\">\n\t\t\t\t<div class=\"elementor-widget-container\">\n\t\t\t<h2 id=\"mobilidade-urbana-o-que-mudar\" class=\"elementor-heading-title elementor-size-medium\"><a href=\"https:\/\/revistacienciaecultura.org.br\/?p=3648\"><h3 style=\"margin-right: 0px; margin-bottom: 25px; margin-left: 0px; font-weight: var( --e-global-typography-primary-font-weight ); font-size: 18px; font-family: var( --e-global-typography-primary-font-family ), Sans-serif; white-space: normal;\"><a href=\"https:\/\/revistacienciaecultura.org.br\/?p=3648\" style=\"color: rgb(0, 0, 0); font-family: var( --e-global-typography-primary-font-family ), Sans-serif; font-weight: var( --e-global-typography-primary-font-weight );\">Mobilidade urbana: o que mudar?<\/a><\/h3><\/a><\/h2>\t\t<\/div>\n\t\t\t\t<\/div>\n\t\t\t\t\t<\/div>\n\t\t<\/div>\n\t\t\t\t\t\t\t<\/div>\n\t\t<\/section>\n\t\t\t\t\t\t<\/div>\n\t\t\t\t\t<\/div>\n\t\t","protected":false},"excerpt":{"rendered":"Ci\u00eancia &#038; VidaQuarta edi\u00e7\u00e3o 2022 Artigos O fracasso do controle legal dos&hellip;\n","protected":false},"author":11,"featured_media":0,"parent":0,"menu_order":0,"comment_status":"closed","ping_status":"closed","template":"","meta":[],"acf":[],"_links":{"self":[{"href":"https:\/\/revistacienciaecultura.org.br\/index.php?rest_route=\/wp\/v2\/pages\/3678"}],"collection":[{"href":"https:\/\/revistacienciaecultura.org.br\/index.php?rest_route=\/wp\/v2\/pages"}],"about":[{"href":"https:\/\/revistacienciaecultura.org.br\/index.php?rest_route=\/wp\/v2\/types\/page"}],"author":[{"embeddable":true,"href":"https:\/\/revistacienciaecultura.org.br\/index.php?rest_route=\/wp\/v2\/users\/11"}],"replies":[{"embeddable":true,"href":"https:\/\/revistacienciaecultura.org.br\/index.php?rest_route=%2Fwp%2Fv2%2Fcomments&post=3678"}],"version-history":[{"count":19,"href":"https:\/\/revistacienciaecultura.org.br\/index.php?rest_route=\/wp\/v2\/pages\/3678\/revisions"}],"predecessor-version":[{"id":7535,"href":"https:\/\/revistacienciaecultura.org.br\/index.php?rest_route=\/wp\/v2\/pages\/3678\/revisions\/7535"}],"wp:attachment":[{"href":"https:\/\/revistacienciaecultura.org.br\/index.php?rest_route=%2Fwp%2Fv2%2Fmedia&parent=3678"}],"curies":[{"name":"wp","href":"https:\/\/api.w.org\/{rel}","templated":true}]}}