{"id":4144,"date":"2023-05-18T12:05:37","date_gmt":"2023-05-18T12:05:37","guid":{"rendered":"https:\/\/revistacienciaecultura.org.br\/?page_id=4144"},"modified":"2023-05-18T14:10:18","modified_gmt":"2023-05-18T14:10:18","slug":"primeira-edicao-2023","status":"publish","type":"page","link":"https:\/\/revistacienciaecultura.org.br\/?page_id=4144","title":{"rendered":"Primeira edi\u00e7\u00e3o 2023"},"content":{"rendered":"\t\t<div data-elementor-type=\"wp-page\" data-elementor-id=\"4144\" class=\"elementor elementor-4144\" data-elementor-settings=\"[]\">\n\t\t\t\t\t\t\t<div class=\"elementor-section-wrap\">\n\t\t\t\t\t\t\t<section class=\"elementor-section elementor-top-section elementor-element elementor-element-7d3e309 elementor-section-boxed elementor-section-height-default elementor-section-height-default\" data-id=\"7d3e309\" data-element_type=\"section\">\n\t\t\t\t\t\t<div class=\"elementor-container elementor-column-gap-default\">\n\t\t\t\t\t<div class=\"elementor-column elementor-col-100 elementor-top-column elementor-element elementor-element-1378de2\" data-id=\"1378de2\" data-element_type=\"column\">\n\t\t\t<div class=\"elementor-widget-wrap elementor-element-populated\">\n\t\t\t\t\t\t\t\t<div class=\"elementor-element elementor-element-342f36b elementor--h-position-center elementor--v-position-middle elementor-arrows-position-inside elementor-pagination-position-inside elementor-widget elementor-widget-slides\" data-id=\"342f36b\" data-element_type=\"widget\" data-settings=\"{&quot;navigation&quot;:&quot;both&quot;,&quot;autoplay&quot;:&quot;yes&quot;,&quot;pause_on_hover&quot;:&quot;yes&quot;,&quot;pause_on_interaction&quot;:&quot;yes&quot;,&quot;autoplay_speed&quot;:5000,&quot;infinite&quot;:&quot;yes&quot;,&quot;transition&quot;:&quot;slide&quot;,&quot;transition_speed&quot;:500}\" data-widget_type=\"slides.default\">\n\t\t\t\t<div class=\"elementor-widget-container\">\n\t\t\t<style>\/*! elementor-pro - v3.6.2 - 14-02-2022 *\/\n.elementor-slides .swiper-slide-bg{background-size:cover;background-position:50%;background-repeat:no-repeat;min-width:100%;min-height:100%}.elementor-slides .swiper-slide-inner{background-repeat:no-repeat;background-position:50%;position:absolute;top:0;left:0;bottom:0;right:0;padding:50px;margin:auto}.elementor-slides .swiper-slide-inner,.elementor-slides .swiper-slide-inner:hover{color:#fff;display:-webkit-box;display:-ms-flexbox;display:flex}.elementor-slides .swiper-slide-inner .elementor-background-overlay{position:absolute;z-index:0;top:0;bottom:0;left:0;right:0}.elementor-slides .swiper-slide-inner .elementor-slide-content{position:relative;z-index:1;width:100%}.elementor-slides .swiper-slide-inner .elementor-slide-heading{font-size:35px;font-weight:700;line-height:1}.elementor-slides .swiper-slide-inner .elementor-slide-description{font-size:17px;line-height:1.4}.elementor-slides .swiper-slide-inner .elementor-slide-description:not(:last-child),.elementor-slides .swiper-slide-inner .elementor-slide-heading:not(:last-child){margin-bottom:30px}.elementor-slides .swiper-slide-inner .elementor-slide-button{border:2px solid #fff;color:#fff;background:transparent;display:inline-block}.elementor-slides .swiper-slide-inner .elementor-slide-button,.elementor-slides .swiper-slide-inner .elementor-slide-button:hover{background:transparent;color:inherit;text-decoration:none}.elementor--v-position-top .swiper-slide-inner{-webkit-box-align:start;-ms-flex-align:start;align-items:flex-start}.elementor--v-position-bottom .swiper-slide-inner{-webkit-box-align:end;-ms-flex-align:end;align-items:flex-end}.elementor--v-position-middle .swiper-slide-inner{-webkit-box-align:center;-ms-flex-align:center;align-items:center}.elementor--h-position-left .swiper-slide-inner{-webkit-box-pack:start;-ms-flex-pack:start;justify-content:flex-start}.elementor--h-position-right .swiper-slide-inner{-webkit-box-pack:end;-ms-flex-pack:end;justify-content:flex-end}.elementor--h-position-center .swiper-slide-inner{-webkit-box-pack:center;-ms-flex-pack:center;justify-content:center}body.rtl .elementor-widget-slides .elementor-swiper-button-next{left:10px;right:auto}body.rtl .elementor-widget-slides .elementor-swiper-button-prev{right:10px;left:auto}.elementor-slides-wrapper div:not(.swiper-slide)>.swiper-slide-inner{display:none}@media (max-width:767px){.elementor-slides .swiper-slide-inner{padding:30px}.elementor-slides .swiper-slide-inner .elementor-slide-heading{font-size:23px;line-height:1;margin-bottom:15px}.elementor-slides .swiper-slide-inner .elementor-slide-description{font-size:13px;line-height:1.4;margin-bottom:15px}}<\/style>\t\t<div class=\"elementor-swiper\">\n\t\t\t<div class=\"elementor-slides-wrapper elementor-main-swiper swiper-container\" dir=\"ltr\" data-animation=\"fadeInUp\">\n\t\t\t\t<div class=\"swiper-wrapper elementor-slides\">\n\t\t\t\t\t\t\t\t\t\t<div class=\"elementor-repeater-item-9f37bd8 swiper-slide\"><div class=\"swiper-slide-bg\"><\/div><div class=\"swiper-slide-inner\" ><div class=\"swiper-slide-contents\"><div class=\"elementor-slide-heading\">Universidade do Futuro no Brasil<\/div><div class=\"elementor-slide-description\">Primeira edi\u00e7\u00e3o 2023<\/div><\/div><\/div><\/div>\t\t\t\t<\/div>\n\t\t\t\t\t\t\t<\/div>\n\t\t<\/div>\n\t\t\t\t<\/div>\n\t\t\t\t<\/div>\n\t\t\t\t<div class=\"elementor-element elementor-element-c534cfd elementor-widget__width-auto elementor-widget elementor-widget-heading\" data-id=\"c534cfd\" data-element_type=\"widget\" data-widget_type=\"heading.default\">\n\t\t\t\t<div class=\"elementor-widget-container\">\n\t\t\t<style>\/*! elementor - v3.5.5 - 03-02-2022 *\/\n.elementor-heading-title{padding:0;margin:0;line-height:1}.elementor-widget-heading .elementor-heading-title[class*=elementor-size-]>a{color:inherit;font-size:inherit;line-height:inherit}.elementor-widget-heading .elementor-heading-title.elementor-size-small{font-size:15px}.elementor-widget-heading .elementor-heading-title.elementor-size-medium{font-size:19px}.elementor-widget-heading .elementor-heading-title.elementor-size-large{font-size:29px}.elementor-widget-heading .elementor-heading-title.elementor-size-xl{font-size:39px}.elementor-widget-heading .elementor-heading-title.elementor-size-xxl{font-size:59px}<\/style><h6 id=\"artigos\" class=\"elementor-heading-title elementor-size-default\">Artigos  <\/h6>\t\t<\/div>\n\t\t\t\t<\/div>\n\t\t\t\t\t<\/div>\n\t\t<\/div>\n\t\t\t\t\t\t\t<\/div>\n\t\t<\/section>\n\t\t\t\t<section class=\"elementor-section elementor-top-section elementor-element elementor-element-e8b0da1 elementor-section-boxed elementor-section-height-default elementor-section-height-default\" data-id=\"e8b0da1\" data-element_type=\"section\">\n\t\t\t\t\t\t<div class=\"elementor-container elementor-column-gap-default\">\n\t\t\t\t\t<div class=\"elementor-column elementor-col-33 elementor-top-column elementor-element elementor-element-0339f0e\" data-id=\"0339f0e\" data-element_type=\"column\">\n\t\t\t<div class=\"elementor-widget-wrap elementor-element-populated\">\n\t\t\t\t\t\t\t\t<div class=\"elementor-element elementor-element-d4cfe3d elementor-widget elementor-widget-image\" data-id=\"d4cfe3d\" data-element_type=\"widget\" data-widget_type=\"image.default\">\n\t\t\t\t<div class=\"elementor-widget-container\">\n\t\t\t<style>\/*! elementor - v3.5.5 - 03-02-2022 *\/\n.elementor-widget-image{text-align:center}.elementor-widget-image a{display:inline-block}.elementor-widget-image a img[src$=\".svg\"]{width:48px}.elementor-widget-image img{vertical-align:middle;display:inline-block}<\/style>\t\t\t\t\t\t\t\t\t\t\t\t\t<a href=\"https:\/\/revistacienciaecultura.org.br\/?artigos=universidade-aberta-a-novos-saberes-sujeitos-e-epistemologias\">\n\t\t\t\t\t\t\t<img width=\"1024\" height=\"427\" src=\"https:\/\/revistacienciaecultura.org.br\/wp-content\/uploads\/2023\/05\/CC-1E23-artigo-Universidade-aberta-a-novos-saberes-sujeitos-e-epistemologia-capa-site-1024x427.jpg\" class=\"attachment-large size-large\" alt=\"\" loading=\"lazy\" srcset=\"https:\/\/revistacienciaecultura.org.br\/wp-content\/uploads\/2023\/05\/CC-1E23-artigo-Universidade-aberta-a-novos-saberes-sujeitos-e-epistemologia-capa-site-1024x427.jpg 1024w, https:\/\/revistacienciaecultura.org.br\/wp-content\/uploads\/2023\/05\/CC-1E23-artigo-Universidade-aberta-a-novos-saberes-sujeitos-e-epistemologia-capa-site-300x125.jpg 300w, https:\/\/revistacienciaecultura.org.br\/wp-content\/uploads\/2023\/05\/CC-1E23-artigo-Universidade-aberta-a-novos-saberes-sujeitos-e-epistemologia-capa-site-768x320.jpg 768w, https:\/\/revistacienciaecultura.org.br\/wp-content\/uploads\/2023\/05\/CC-1E23-artigo-Universidade-aberta-a-novos-saberes-sujeitos-e-epistemologia-capa-site-18x8.jpg 18w, https:\/\/revistacienciaecultura.org.br\/wp-content\/uploads\/2023\/05\/CC-1E23-artigo-Universidade-aberta-a-novos-saberes-sujeitos-e-epistemologia-capa-site-800x333.jpg 800w, https:\/\/revistacienciaecultura.org.br\/wp-content\/uploads\/2023\/05\/CC-1E23-artigo-Universidade-aberta-a-novos-saberes-sujeitos-e-epistemologia-capa-site-1160x483.jpg 1160w, https:\/\/revistacienciaecultura.org.br\/wp-content\/uploads\/2023\/05\/CC-1E23-artigo-Universidade-aberta-a-novos-saberes-sujeitos-e-epistemologia-capa-site.jpg 1200w\" sizes=\"(max-width: 1024px) 100vw, 1024px\" \/>\t\t\t\t\t\t\t\t<\/a>\n\t\t\t\t\t\t\t\t\t\t\t\t\t\t\t<\/div>\n\t\t\t\t<\/div>\n\t\t\t\t<div class=\"elementor-element elementor-element-0b40edd elementor-widget elementor-widget-heading\" data-id=\"0b40edd\" data-element_type=\"widget\" data-widget_type=\"heading.default\">\n\t\t\t\t<div class=\"elementor-widget-container\">\n\t\t\t<h2 id=\"universidade-aberta-a-novos-saberes-sujeitos-e-epistemologias\" class=\"elementor-heading-title elementor-size-medium\"><a href=\"https:\/\/revistacienciaecultura.org.br\/?artigos=universidade-aberta-a-novos-saberes-sujeitos-e-epistemologias\"><font color=\"#000000\"><span style=\"font-size: 18px; letter-spacing: -0.225px; white-space: normal;\">Universidade aberta a novos saberes, sujeitos e epistemologias<\/span><\/font><br><h3 id=\"nanotecnologia-a-favor-da-saude\" class=\"elementor-post__title\" style=\"margin-right: 0px; margin-bottom: 0px; margin-left: 0px; font-weight: var( --e-global-typography-primary-font-weight ); color: var( --e-global-color-secondary ); font-size: 18px; font-family: var( --e-global-typography-primary-font-family ), Sans-serif; white-space: normal; background-color: rgb(255, 255, 255);\"><\/h3><\/a><\/h2>\t\t<\/div>\n\t\t\t\t<\/div>\n\t\t\t\t\t<\/div>\n\t\t<\/div>\n\t\t\t\t<div class=\"elementor-column elementor-col-33 elementor-top-column elementor-element elementor-element-4f5cff4\" data-id=\"4f5cff4\" data-element_type=\"column\">\n\t\t\t<div class=\"elementor-widget-wrap elementor-element-populated\">\n\t\t\t\t\t\t\t\t<div class=\"elementor-element elementor-element-32681a0 elementor-widget elementor-widget-image\" data-id=\"32681a0\" data-element_type=\"widget\" data-widget_type=\"image.default\">\n\t\t\t\t<div class=\"elementor-widget-container\">\n\t\t\t\t\t\t\t\t\t\t\t\t\t\t\t\t<a href=\"https:\/\/revistacienciaecultura.org.br\/?artigos=porque-o-brasil-precisa-de-um-sistema-nacional-de-educacao-superior-ciencia-e-tecnologia\">\n\t\t\t\t\t\t\t<img width=\"1024\" height=\"427\" src=\"https:\/\/revistacienciaecultura.org.br\/wp-content\/uploads\/2023\/04\/CC-1E23-artigo-Porque-o-Brasil-precisa-de-um-Sistema-Nacional-de-Educac\u0327a\u0303o-Superior-caoa-sit-1024x427.jpg\" class=\"attachment-large size-large\" alt=\"\" loading=\"lazy\" srcset=\"https:\/\/revistacienciaecultura.org.br\/wp-content\/uploads\/2023\/04\/CC-1E23-artigo-Porque-o-Brasil-precisa-de-um-Sistema-Nacional-de-Educac\u0327a\u0303o-Superior-caoa-sit-1024x427.jpg 1024w, https:\/\/revistacienciaecultura.org.br\/wp-content\/uploads\/2023\/04\/CC-1E23-artigo-Porque-o-Brasil-precisa-de-um-Sistema-Nacional-de-Educac\u0327a\u0303o-Superior-caoa-sit-300x125.jpg 300w, https:\/\/revistacienciaecultura.org.br\/wp-content\/uploads\/2023\/04\/CC-1E23-artigo-Porque-o-Brasil-precisa-de-um-Sistema-Nacional-de-Educac\u0327a\u0303o-Superior-caoa-sit-768x320.jpg 768w, https:\/\/revistacienciaecultura.org.br\/wp-content\/uploads\/2023\/04\/CC-1E23-artigo-Porque-o-Brasil-precisa-de-um-Sistema-Nacional-de-Educac\u0327a\u0303o-Superior-caoa-sit-18x8.jpg 18w, https:\/\/revistacienciaecultura.org.br\/wp-content\/uploads\/2023\/04\/CC-1E23-artigo-Porque-o-Brasil-precisa-de-um-Sistema-Nacional-de-Educac\u0327a\u0303o-Superior-caoa-sit-800x333.jpg 800w, https:\/\/revistacienciaecultura.org.br\/wp-content\/uploads\/2023\/04\/CC-1E23-artigo-Porque-o-Brasil-precisa-de-um-Sistema-Nacional-de-Educac\u0327a\u0303o-Superior-caoa-sit-1160x483.jpg 1160w, https:\/\/revistacienciaecultura.org.br\/wp-content\/uploads\/2023\/04\/CC-1E23-artigo-Porque-o-Brasil-precisa-de-um-Sistema-Nacional-de-Educac\u0327a\u0303o-Superior-caoa-sit.jpg 1200w\" sizes=\"(max-width: 1024px) 100vw, 1024px\" \/>\t\t\t\t\t\t\t\t<\/a>\n\t\t\t\t\t\t\t\t\t\t\t\t\t\t\t<\/div>\n\t\t\t\t<\/div>\n\t\t\t\t<div class=\"elementor-element elementor-element-669e43e elementor-widget elementor-widget-heading\" data-id=\"669e43e\" data-element_type=\"widget\" data-widget_type=\"heading.default\">\n\t\t\t\t<div class=\"elementor-widget-container\">\n\t\t\t<h2 id=\"porque-o-brasil-precisa-de-um-sistema-nacional-de-educacao-superior-ciencia-e-tecnologia\" class=\"elementor-heading-title elementor-size-medium\"><a href=\"https:\/\/revistacienciaecultura.org.br\/?artigos=porque-o-brasil-precisa-de-um-sistema-nacional-de-educacao-superior-ciencia-e-tecnologia\"><font color=\"#000000\"><span style=\"font-size: 18px; letter-spacing: -0.225px; white-space: normal;\">Porque o Brasil precisa de um Sistema Nacional de Educa\u00e7\u00e3o Superior, Ci\u00eancia e Tecnologia?<\/span><\/font><br><h3 id=\"nanotecnologia-a-favor-da-saude\" class=\"elementor-post__title\" style=\"margin-right: 0px; margin-bottom: 0px; margin-left: 0px; font-weight: var( --e-global-typography-primary-font-weight ); color: var( --e-global-color-secondary ); font-size: 18px; font-family: var( --e-global-typography-primary-font-family ), Sans-serif; white-space: normal; background-color: rgb(255, 255, 255);\"><\/h3><\/a><\/h2>\t\t<\/div>\n\t\t\t\t<\/div>\n\t\t\t\t\t<\/div>\n\t\t<\/div>\n\t\t\t\t<div class=\"elementor-column elementor-col-33 elementor-top-column elementor-element elementor-element-5037683\" data-id=\"5037683\" data-element_type=\"column\">\n\t\t\t<div class=\"elementor-widget-wrap elementor-element-populated\">\n\t\t\t\t\t\t\t\t<div class=\"elementor-element elementor-element-cb54f36 elementor-widget elementor-widget-image\" data-id=\"cb54f36\" data-element_type=\"widget\" data-widget_type=\"image.default\">\n\t\t\t\t<div class=\"elementor-widget-container\">\n\t\t\t\t\t\t\t\t\t\t\t\t\t\t\t\t<a href=\"https:\/\/revistacienciaecultura.org.br\/?artigos=conectividade-ensino-superior-e-internacionalizacao\">\n\t\t\t\t\t\t\t<img width=\"1024\" height=\"427\" src=\"https:\/\/revistacienciaecultura.org.br\/wp-content\/uploads\/2023\/04\/CC-1E23-artigo-Conectividade-ensino-superior-e-internacionalizac\u0327a\u0303o-capa-site-1024x427.jpg\" class=\"attachment-large size-large\" alt=\"\" loading=\"lazy\" srcset=\"https:\/\/revistacienciaecultura.org.br\/wp-content\/uploads\/2023\/04\/CC-1E23-artigo-Conectividade-ensino-superior-e-internacionalizac\u0327a\u0303o-capa-site-1024x427.jpg 1024w, https:\/\/revistacienciaecultura.org.br\/wp-content\/uploads\/2023\/04\/CC-1E23-artigo-Conectividade-ensino-superior-e-internacionalizac\u0327a\u0303o-capa-site-300x125.jpg 300w, https:\/\/revistacienciaecultura.org.br\/wp-content\/uploads\/2023\/04\/CC-1E23-artigo-Conectividade-ensino-superior-e-internacionalizac\u0327a\u0303o-capa-site-768x320.jpg 768w, https:\/\/revistacienciaecultura.org.br\/wp-content\/uploads\/2023\/04\/CC-1E23-artigo-Conectividade-ensino-superior-e-internacionalizac\u0327a\u0303o-capa-site-18x8.jpg 18w, https:\/\/revistacienciaecultura.org.br\/wp-content\/uploads\/2023\/04\/CC-1E23-artigo-Conectividade-ensino-superior-e-internacionalizac\u0327a\u0303o-capa-site-800x333.jpg 800w, https:\/\/revistacienciaecultura.org.br\/wp-content\/uploads\/2023\/04\/CC-1E23-artigo-Conectividade-ensino-superior-e-internacionalizac\u0327a\u0303o-capa-site-1160x483.jpg 1160w, https:\/\/revistacienciaecultura.org.br\/wp-content\/uploads\/2023\/04\/CC-1E23-artigo-Conectividade-ensino-superior-e-internacionalizac\u0327a\u0303o-capa-site.jpg 1200w\" sizes=\"(max-width: 1024px) 100vw, 1024px\" \/>\t\t\t\t\t\t\t\t<\/a>\n\t\t\t\t\t\t\t\t\t\t\t\t\t\t\t<\/div>\n\t\t\t\t<\/div>\n\t\t\t\t<div class=\"elementor-element elementor-element-c61bf88 elementor-widget elementor-widget-heading\" data-id=\"c61bf88\" data-element_type=\"widget\" data-widget_type=\"heading.default\">\n\t\t\t\t<div class=\"elementor-widget-container\">\n\t\t\t<h2 id=\"conectividade-ensino-superior-e-internacionalizacao\" class=\"elementor-heading-title elementor-size-medium\"><a href=\"https:\/\/revistacienciaecultura.org.br\/?artigos=conectividade-ensino-superior-e-internacionalizacao\"><font color=\"#000000\"><span style=\"font-size: 18px; letter-spacing: -0.225px; white-space: normal;\">Conectividade, ensino superior e internacionaliza\u00e7\u00e3o<\/span><\/font><h3 style=\"margin-right: 0px; margin-bottom: 0px; margin-left: 0px; font-weight: var( --e-global-typography-primary-font-weight ); color: var( --e-global-color-secondary ); font-size: 18px; font-family: var( --e-global-typography-primary-font-family ), Sans-serif; white-space: normal; background-color: rgb(255, 255, 255);\"><\/h3><\/a><\/h2>\t\t<\/div>\n\t\t\t\t<\/div>\n\t\t\t\t\t<\/div>\n\t\t<\/div>\n\t\t\t\t\t\t\t<\/div>\n\t\t<\/section>\n\t\t\t\t<section class=\"elementor-section elementor-top-section elementor-element elementor-element-9b66594 elementor-section-boxed elementor-section-height-default elementor-section-height-default\" data-id=\"9b66594\" data-element_type=\"section\">\n\t\t\t\t\t\t<div class=\"elementor-container elementor-column-gap-default\">\n\t\t\t\t\t<div class=\"elementor-column elementor-col-33 elementor-top-column elementor-element elementor-element-7cdd728\" data-id=\"7cdd728\" data-element_type=\"column\">\n\t\t\t<div class=\"elementor-widget-wrap elementor-element-populated\">\n\t\t\t\t\t\t\t\t<div class=\"elementor-element elementor-element-0d1e569 elementor-widget elementor-widget-image\" data-id=\"0d1e569\" data-element_type=\"widget\" data-widget_type=\"image.default\">\n\t\t\t\t<div class=\"elementor-widget-container\">\n\t\t\t\t\t\t\t\t\t\t\t\t\t\t\t\t<a href=\"https:\/\/revistacienciaecultura.org.br\/?artigos=financiamento-publico-para-a-producao-do-conhecimento-que-caminhos-seguir\">\n\t\t\t\t\t\t\t<img width=\"1024\" height=\"427\" src=\"https:\/\/revistacienciaecultura.org.br\/wp-content\/uploads\/2023\/04\/CC-1E23-artigo-Financiamento-Pu\u0301blico-para-a-produc\u0327a\u0303o-do-conhecimento-capa-site-2-1024x427.jpg\" class=\"attachment-large size-large\" alt=\"\" loading=\"lazy\" srcset=\"https:\/\/revistacienciaecultura.org.br\/wp-content\/uploads\/2023\/04\/CC-1E23-artigo-Financiamento-Pu\u0301blico-para-a-produc\u0327a\u0303o-do-conhecimento-capa-site-2-1024x427.jpg 1024w, https:\/\/revistacienciaecultura.org.br\/wp-content\/uploads\/2023\/04\/CC-1E23-artigo-Financiamento-Pu\u0301blico-para-a-produc\u0327a\u0303o-do-conhecimento-capa-site-2-300x125.jpg 300w, https:\/\/revistacienciaecultura.org.br\/wp-content\/uploads\/2023\/04\/CC-1E23-artigo-Financiamento-Pu\u0301blico-para-a-produc\u0327a\u0303o-do-conhecimento-capa-site-2-768x320.jpg 768w, https:\/\/revistacienciaecultura.org.br\/wp-content\/uploads\/2023\/04\/CC-1E23-artigo-Financiamento-Pu\u0301blico-para-a-produc\u0327a\u0303o-do-conhecimento-capa-site-2-18x8.jpg 18w, https:\/\/revistacienciaecultura.org.br\/wp-content\/uploads\/2023\/04\/CC-1E23-artigo-Financiamento-Pu\u0301blico-para-a-produc\u0327a\u0303o-do-conhecimento-capa-site-2-800x333.jpg 800w, https:\/\/revistacienciaecultura.org.br\/wp-content\/uploads\/2023\/04\/CC-1E23-artigo-Financiamento-Pu\u0301blico-para-a-produc\u0327a\u0303o-do-conhecimento-capa-site-2-1160x483.jpg 1160w, https:\/\/revistacienciaecultura.org.br\/wp-content\/uploads\/2023\/04\/CC-1E23-artigo-Financiamento-Pu\u0301blico-para-a-produc\u0327a\u0303o-do-conhecimento-capa-site-2.jpg 1200w\" sizes=\"(max-width: 1024px) 100vw, 1024px\" \/>\t\t\t\t\t\t\t\t<\/a>\n\t\t\t\t\t\t\t\t\t\t\t\t\t\t\t<\/div>\n\t\t\t\t<\/div>\n\t\t\t\t<div class=\"elementor-element elementor-element-04d27ed elementor-widget elementor-widget-heading\" data-id=\"04d27ed\" data-element_type=\"widget\" data-widget_type=\"heading.default\">\n\t\t\t\t<div class=\"elementor-widget-container\">\n\t\t\t<h2 id=\"financiamento-publico-para-a-producao-do-conhecimento-que-caminhos-seguir\" class=\"elementor-heading-title elementor-size-medium\"><a href=\"https:\/\/revistacienciaecultura.org.br\/?artigos=financiamento-publico-para-a-producao-do-conhecimento-que-caminhos-seguir\"><font color=\"#000000\"><span style=\"font-size: 18px; letter-spacing: -0.225px; white-space: normal;\">Financiamento p\u00fablico para a produ\u00e7\u00e3o do conhecimento: que caminhos seguir?<\/span><\/font><h3 style=\"margin-right: 0px; margin-bottom: 0px; margin-left: 0px; font-weight: var( --e-global-typography-primary-font-weight ); color: var( --e-global-color-secondary ); font-size: 18px; font-family: var( --e-global-typography-primary-font-family ), Sans-serif; white-space: normal; background-color: rgb(255, 255, 255);\"><\/h3><\/a><\/h2>\t\t<\/div>\n\t\t\t\t<\/div>\n\t\t\t\t\t<\/div>\n\t\t<\/div>\n\t\t\t\t<div class=\"elementor-column elementor-col-33 elementor-top-column elementor-element elementor-element-d8d8a67\" data-id=\"d8d8a67\" data-element_type=\"column\">\n\t\t\t<div class=\"elementor-widget-wrap elementor-element-populated\">\n\t\t\t\t\t\t\t\t<div class=\"elementor-element elementor-element-cfb644b elementor-widget elementor-widget-image\" data-id=\"cfb644b\" data-element_type=\"widget\" data-widget_type=\"image.default\">\n\t\t\t\t<div class=\"elementor-widget-container\">\n\t\t\t\t\t\t\t\t\t\t\t\t\t\t\t\t<a href=\"https:\/\/revistacienciaecultura.org.br\/?artigos=politica-afirmativa-democratizacao-do-acesso-a-universidade-e-propostas-de-avaliacao\">\n\t\t\t\t\t\t\t<img width=\"1024\" height=\"427\" src=\"https:\/\/revistacienciaecultura.org.br\/wp-content\/uploads\/2023\/03\/CC-1E23-artigo-Poli\u0301tica-afirmativa-capa-site-1024x427.jpg\" class=\"attachment-large size-large\" alt=\"\" loading=\"lazy\" srcset=\"https:\/\/revistacienciaecultura.org.br\/wp-content\/uploads\/2023\/03\/CC-1E23-artigo-Poli\u0301tica-afirmativa-capa-site-1024x427.jpg 1024w, https:\/\/revistacienciaecultura.org.br\/wp-content\/uploads\/2023\/03\/CC-1E23-artigo-Poli\u0301tica-afirmativa-capa-site-300x125.jpg 300w, https:\/\/revistacienciaecultura.org.br\/wp-content\/uploads\/2023\/03\/CC-1E23-artigo-Poli\u0301tica-afirmativa-capa-site-768x320.jpg 768w, https:\/\/revistacienciaecultura.org.br\/wp-content\/uploads\/2023\/03\/CC-1E23-artigo-Poli\u0301tica-afirmativa-capa-site-18x8.jpg 18w, https:\/\/revistacienciaecultura.org.br\/wp-content\/uploads\/2023\/03\/CC-1E23-artigo-Poli\u0301tica-afirmativa-capa-site-800x333.jpg 800w, https:\/\/revistacienciaecultura.org.br\/wp-content\/uploads\/2023\/03\/CC-1E23-artigo-Poli\u0301tica-afirmativa-capa-site-1160x483.jpg 1160w, https:\/\/revistacienciaecultura.org.br\/wp-content\/uploads\/2023\/03\/CC-1E23-artigo-Poli\u0301tica-afirmativa-capa-site.jpg 1200w\" sizes=\"(max-width: 1024px) 100vw, 1024px\" \/>\t\t\t\t\t\t\t\t<\/a>\n\t\t\t\t\t\t\t\t\t\t\t\t\t\t\t<\/div>\n\t\t\t\t<\/div>\n\t\t\t\t<div class=\"elementor-element elementor-element-505a51e elementor-widget elementor-widget-heading\" data-id=\"505a51e\" data-element_type=\"widget\" data-widget_type=\"heading.default\">\n\t\t\t\t<div class=\"elementor-widget-container\">\n\t\t\t<h2 id=\"politica-afirmativa-democratizacao-do-acesso-a-universidade-e-propostas-de-avaliacao%e2%80%8b\" class=\"elementor-heading-title elementor-size-medium\"><a href=\"https:\/\/revistacienciaecultura.org.br\/?artigos=politica-afirmativa-democratizacao-do-acesso-a-universidade-e-propostas-de-avaliacao\"><font color=\"#000000\"><span style=\"font-size: 18px; letter-spacing: -0.225px; white-space: normal;\">Pol\u00edtica afirmativa, democratiza\u00e7\u00e3o do acesso \u00e0 universidade e propostas de avalia\u00e7\u00e3o\n\u200b<\/span><\/font><h3 style=\"margin-right: 0px; margin-bottom: 0px; margin-left: 0px; font-weight: var( --e-global-typography-primary-font-weight ); color: var( --e-global-color-secondary ); font-size: 18px; font-family: var( --e-global-typography-primary-font-family ), Sans-serif; white-space: normal; background-color: rgb(255, 255, 255);\"><\/h3><\/a><\/h2>\t\t<\/div>\n\t\t\t\t<\/div>\n\t\t\t\t\t<\/div>\n\t\t<\/div>\n\t\t\t\t<div class=\"elementor-column elementor-col-33 elementor-top-column elementor-element elementor-element-adbc721\" data-id=\"adbc721\" data-element_type=\"column\">\n\t\t\t<div class=\"elementor-widget-wrap elementor-element-populated\">\n\t\t\t\t\t\t\t\t<div class=\"elementor-element elementor-element-f1b83b2 elementor-widget elementor-widget-image\" data-id=\"f1b83b2\" data-element_type=\"widget\" data-widget_type=\"image.default\">\n\t\t\t\t<div class=\"elementor-widget-container\">\n\t\t\t\t\t\t\t\t\t\t\t\t\t\t\t\t<a href=\"https:\/\/revistacienciaecultura.org.br\/?artigos=inovacoes-curriculares-na-interface-entre-educacao-basica-e-universidade\">\n\t\t\t\t\t\t\t<img width=\"1024\" height=\"427\" src=\"https:\/\/revistacienciaecultura.org.br\/wp-content\/uploads\/2023\/03\/CC-1E23-artigo-Inovac\u0327o\u0303es-curriculares-na-interface-entre-educac\u0327a\u0303o-ba\u0301sica-e-universidade-capa-site-1024x427.jpg\" class=\"attachment-large size-large\" alt=\"\" loading=\"lazy\" srcset=\"https:\/\/revistacienciaecultura.org.br\/wp-content\/uploads\/2023\/03\/CC-1E23-artigo-Inovac\u0327o\u0303es-curriculares-na-interface-entre-educac\u0327a\u0303o-ba\u0301sica-e-universidade-capa-site-1024x427.jpg 1024w, https:\/\/revistacienciaecultura.org.br\/wp-content\/uploads\/2023\/03\/CC-1E23-artigo-Inovac\u0327o\u0303es-curriculares-na-interface-entre-educac\u0327a\u0303o-ba\u0301sica-e-universidade-capa-site-300x125.jpg 300w, https:\/\/revistacienciaecultura.org.br\/wp-content\/uploads\/2023\/03\/CC-1E23-artigo-Inovac\u0327o\u0303es-curriculares-na-interface-entre-educac\u0327a\u0303o-ba\u0301sica-e-universidade-capa-site-768x320.jpg 768w, https:\/\/revistacienciaecultura.org.br\/wp-content\/uploads\/2023\/03\/CC-1E23-artigo-Inovac\u0327o\u0303es-curriculares-na-interface-entre-educac\u0327a\u0303o-ba\u0301sica-e-universidade-capa-site-18x8.jpg 18w, https:\/\/revistacienciaecultura.org.br\/wp-content\/uploads\/2023\/03\/CC-1E23-artigo-Inovac\u0327o\u0303es-curriculares-na-interface-entre-educac\u0327a\u0303o-ba\u0301sica-e-universidade-capa-site-800x333.jpg 800w, https:\/\/revistacienciaecultura.org.br\/wp-content\/uploads\/2023\/03\/CC-1E23-artigo-Inovac\u0327o\u0303es-curriculares-na-interface-entre-educac\u0327a\u0303o-ba\u0301sica-e-universidade-capa-site-1160x483.jpg 1160w, https:\/\/revistacienciaecultura.org.br\/wp-content\/uploads\/2023\/03\/CC-1E23-artigo-Inovac\u0327o\u0303es-curriculares-na-interface-entre-educac\u0327a\u0303o-ba\u0301sica-e-universidade-capa-site.jpg 1200w\" sizes=\"(max-width: 1024px) 100vw, 1024px\" \/>\t\t\t\t\t\t\t\t<\/a>\n\t\t\t\t\t\t\t\t\t\t\t\t\t\t\t<\/div>\n\t\t\t\t<\/div>\n\t\t\t\t<div class=\"elementor-element elementor-element-739e32f elementor-widget elementor-widget-heading\" data-id=\"739e32f\" data-element_type=\"widget\" data-widget_type=\"heading.default\">\n\t\t\t\t<div class=\"elementor-widget-container\">\n\t\t\t<h2 id=\"inovacoes-curriculares-na-interface-entre-educacao-basica-e-universidade%e2%80%8b\" class=\"elementor-heading-title elementor-size-medium\"><a href=\"https:\/\/revistacienciaecultura.org.br\/?artigos=inovacoes-curriculares-na-interface-entre-educacao-basica-e-universidade\"><font color=\"#000000\"><span style=\"font-size: 18px; letter-spacing: -0.225px; white-space: normal;\">Inova\u00e7\u00f5es curriculares na interface entre educa\u00e7\u00e3o b\u00e1sica e universidade\n\u200b<\/span><\/font><h3 style=\"margin-right: 0px; margin-bottom: 0px; margin-left: 0px; font-weight: var( --e-global-typography-primary-font-weight ); color: var( --e-global-color-secondary ); font-size: 18px; font-family: var( --e-global-typography-primary-font-family ), Sans-serif; white-space: normal; background-color: rgb(255, 255, 255);\"><\/h3><\/a><\/h2>\t\t<\/div>\n\t\t\t\t<\/div>\n\t\t\t\t\t<\/div>\n\t\t<\/div>\n\t\t\t\t\t\t\t<\/div>\n\t\t<\/section>\n\t\t\t\t<section class=\"elementor-section elementor-top-section elementor-element elementor-element-93fc524 elementor-section-boxed elementor-section-height-default elementor-section-height-default\" data-id=\"93fc524\" data-element_type=\"section\">\n\t\t\t\t\t\t<div class=\"elementor-container elementor-column-gap-default\">\n\t\t\t\t\t<div class=\"elementor-column elementor-col-33 elementor-top-column elementor-element elementor-element-f87181f\" data-id=\"f87181f\" data-element_type=\"column\">\n\t\t\t<div class=\"elementor-widget-wrap elementor-element-populated\">\n\t\t\t\t\t\t\t\t<div class=\"elementor-element elementor-element-8f234c5 elementor-widget elementor-widget-image\" data-id=\"8f234c5\" data-element_type=\"widget\" data-widget_type=\"image.default\">\n\t\t\t\t<div class=\"elementor-widget-container\">\n\t\t\t\t\t\t\t\t\t\t\t\t\t\t\t\t<a href=\"https:\/\/revistacienciaecultura.org.br\/?artigos=dialogo-permanente-com-a-sociedade-numa-universidade-freireana\">\n\t\t\t\t\t\t\t<img width=\"1024\" height=\"420\" src=\"https:\/\/revistacienciaecultura.org.br\/wp-content\/uploads\/2023\/03\/CC-1E23-artigo-Dia\u0301logo-permanente-com-a-sociedade-numa-Universidade-Freireana-capa-site-1024x420.jpg\" class=\"attachment-large size-large\" alt=\"\" loading=\"lazy\" srcset=\"https:\/\/revistacienciaecultura.org.br\/wp-content\/uploads\/2023\/03\/CC-1E23-artigo-Dia\u0301logo-permanente-com-a-sociedade-numa-Universidade-Freireana-capa-site-1024x420.jpg 1024w, https:\/\/revistacienciaecultura.org.br\/wp-content\/uploads\/2023\/03\/CC-1E23-artigo-Dia\u0301logo-permanente-com-a-sociedade-numa-Universidade-Freireana-capa-site-300x123.jpg 300w, https:\/\/revistacienciaecultura.org.br\/wp-content\/uploads\/2023\/03\/CC-1E23-artigo-Dia\u0301logo-permanente-com-a-sociedade-numa-Universidade-Freireana-capa-site-768x315.jpg 768w, https:\/\/revistacienciaecultura.org.br\/wp-content\/uploads\/2023\/03\/CC-1E23-artigo-Dia\u0301logo-permanente-com-a-sociedade-numa-Universidade-Freireana-capa-site-18x7.jpg 18w, https:\/\/revistacienciaecultura.org.br\/wp-content\/uploads\/2023\/03\/CC-1E23-artigo-Dia\u0301logo-permanente-com-a-sociedade-numa-Universidade-Freireana-capa-site-800x328.jpg 800w, https:\/\/revistacienciaecultura.org.br\/wp-content\/uploads\/2023\/03\/CC-1E23-artigo-Dia\u0301logo-permanente-com-a-sociedade-numa-Universidade-Freireana-capa-site-1160x475.jpg 1160w, https:\/\/revistacienciaecultura.org.br\/wp-content\/uploads\/2023\/03\/CC-1E23-artigo-Dia\u0301logo-permanente-com-a-sociedade-numa-Universidade-Freireana-capa-site.jpg 1220w\" sizes=\"(max-width: 1024px) 100vw, 1024px\" \/>\t\t\t\t\t\t\t\t<\/a>\n\t\t\t\t\t\t\t\t\t\t\t\t\t\t\t<\/div>\n\t\t\t\t<\/div>\n\t\t\t\t<div class=\"elementor-element elementor-element-280aa20 elementor-widget elementor-widget-heading\" data-id=\"280aa20\" data-element_type=\"widget\" data-widget_type=\"heading.default\">\n\t\t\t\t<div class=\"elementor-widget-container\">\n\t\t\t<h2 id=\"dialogo-permanente-com-a-sociedade-numa-universidade-freireana\" class=\"elementor-heading-title elementor-size-medium\"><a href=\"https:\/\/revistacienciaecultura.org.br\/?artigos=dialogo-permanente-com-a-sociedade-numa-universidade-freireana\"><font color=\"#000000\"><span style=\"font-size: 18px; letter-spacing: -0.225px; white-space: normal;\">Di\u00e1logo permanente com a sociedade numa Universidade Freireana<\/span><\/font><h3 style=\"margin-right: 0px; margin-bottom: 0px; margin-left: 0px; font-weight: var( --e-global-typography-primary-font-weight ); color: var( --e-global-color-secondary ); font-size: 18px; font-family: var( --e-global-typography-primary-font-family ), Sans-serif; white-space: normal; background-color: rgb(255, 255, 255);\"><\/h3><\/a><\/h2>\t\t<\/div>\n\t\t\t\t<\/div>\n\t\t\t\t<div class=\"elementor-element elementor-element-a4d21ae elementor-widget__width-auto elementor-widget elementor-widget-heading\" data-id=\"a4d21ae\" data-element_type=\"widget\" data-widget_type=\"heading.default\">\n\t\t\t\t<div class=\"elementor-widget-container\">\n\t\t\t<h6 id=\"opiniao\" class=\"elementor-heading-title elementor-size-default\">Opini\u00e3o  <\/h6>\t\t<\/div>\n\t\t\t\t<\/div>\n\t\t\t\t\t<\/div>\n\t\t<\/div>\n\t\t\t\t<div class=\"elementor-column elementor-col-33 elementor-top-column elementor-element elementor-element-917509f\" data-id=\"917509f\" data-element_type=\"column\">\n\t\t\t<div class=\"elementor-widget-wrap elementor-element-populated\">\n\t\t\t\t\t\t\t\t\t<\/div>\n\t\t<\/div>\n\t\t\t\t<div class=\"elementor-column elementor-col-33 elementor-top-column elementor-element elementor-element-79595e2\" data-id=\"79595e2\" data-element_type=\"column\">\n\t\t\t<div class=\"elementor-widget-wrap elementor-element-populated\">\n\t\t\t\t\t\t\t\t\t<\/div>\n\t\t<\/div>\n\t\t\t\t\t\t\t<\/div>\n\t\t<\/section>\n\t\t\t\t<section class=\"elementor-section elementor-top-section elementor-element elementor-element-2ff6f11 elementor-section-boxed elementor-section-height-default elementor-section-height-default\" data-id=\"2ff6f11\" data-element_type=\"section\">\n\t\t\t\t\t\t<div class=\"elementor-container elementor-column-gap-default\">\n\t\t\t\t\t<div class=\"elementor-column elementor-col-33 elementor-top-column elementor-element elementor-element-8d4cdcf\" data-id=\"8d4cdcf\" data-element_type=\"column\">\n\t\t\t<div class=\"elementor-widget-wrap elementor-element-populated\">\n\t\t\t\t\t\t\t\t<div class=\"elementor-element elementor-element-2d66483 elementor-widget elementor-widget-image\" data-id=\"2d66483\" data-element_type=\"widget\" data-widget_type=\"image.default\">\n\t\t\t\t<div class=\"elementor-widget-container\">\n\t\t\t\t\t\t\t\t\t\t\t\t\t\t\t\t<a href=\"https:\/\/revistacienciaecultura.org.br\/?p=3816\">\n\t\t\t\t\t\t\t<img width=\"1024\" height=\"427\" src=\"https:\/\/revistacienciaecultura.org.br\/wp-content\/uploads\/2023\/03\/CC-1E23-editorial-Universidade-do-futuro-no-Brasil-capa-site-1024x427.jpg\" class=\"attachment-large size-large\" alt=\"\" loading=\"lazy\" srcset=\"https:\/\/revistacienciaecultura.org.br\/wp-content\/uploads\/2023\/03\/CC-1E23-editorial-Universidade-do-futuro-no-Brasil-capa-site-1024x427.jpg 1024w, https:\/\/revistacienciaecultura.org.br\/wp-content\/uploads\/2023\/03\/CC-1E23-editorial-Universidade-do-futuro-no-Brasil-capa-site-300x125.jpg 300w, https:\/\/revistacienciaecultura.org.br\/wp-content\/uploads\/2023\/03\/CC-1E23-editorial-Universidade-do-futuro-no-Brasil-capa-site-768x320.jpg 768w, https:\/\/revistacienciaecultura.org.br\/wp-content\/uploads\/2023\/03\/CC-1E23-editorial-Universidade-do-futuro-no-Brasil-capa-site-18x8.jpg 18w, https:\/\/revistacienciaecultura.org.br\/wp-content\/uploads\/2023\/03\/CC-1E23-editorial-Universidade-do-futuro-no-Brasil-capa-site-800x333.jpg 800w, https:\/\/revistacienciaecultura.org.br\/wp-content\/uploads\/2023\/03\/CC-1E23-editorial-Universidade-do-futuro-no-Brasil-capa-site-1160x483.jpg 1160w, https:\/\/revistacienciaecultura.org.br\/wp-content\/uploads\/2023\/03\/CC-1E23-editorial-Universidade-do-futuro-no-Brasil-capa-site.jpg 1200w\" sizes=\"(max-width: 1024px) 100vw, 1024px\" \/>\t\t\t\t\t\t\t\t<\/a>\n\t\t\t\t\t\t\t\t\t\t\t\t\t\t\t<\/div>\n\t\t\t\t<\/div>\n\t\t\t\t<div class=\"elementor-element elementor-element-2ae04b9 elementor-widget elementor-widget-heading\" data-id=\"2ae04b9\" data-element_type=\"widget\" data-widget_type=\"heading.default\">\n\t\t\t\t<div class=\"elementor-widget-container\">\n\t\t\t<h2 id=\"universidade-do-futuro-no-brasil\" class=\"elementor-heading-title elementor-size-medium\"><a href=\"https:\/\/revistacienciaecultura.org.br\/?p=3816\"><h3 style=\"margin-right: 0px; margin-bottom: 25px; margin-left: 0px;\"><font face=\"Roboto, sans-serif\"><span style=\"font-size: 18px; letter-spacing: -0.225px; white-space: normal;\"><b>Universidade do futuro no Brasil<\/b><\/span><\/font><font face=\"var( --e-global-typography-primary-font-family ), Sans-serif\"><span style=\"font-size: 18px; font-weight: var( --e-global-typography-primary-font-weight ); white-space: normal;\"><br><\/span><\/font><\/h3><\/a><\/h2>\t\t<\/div>\n\t\t\t\t<\/div>\n\t\t\t\t\t<\/div>\n\t\t<\/div>\n\t\t\t\t<div class=\"elementor-column elementor-col-33 elementor-top-column elementor-element elementor-element-7c9da5b\" data-id=\"7c9da5b\" data-element_type=\"column\">\n\t\t\t<div class=\"elementor-widget-wrap elementor-element-populated\">\n\t\t\t\t\t\t\t\t<div class=\"elementor-element elementor-element-39a433b elementor-widget elementor-widget-image\" data-id=\"39a433b\" data-element_type=\"widget\" data-widget_type=\"image.default\">\n\t\t\t\t<div class=\"elementor-widget-container\">\n\t\t\t\t\t\t\t\t\t\t\t\t\t\t\t\t<a href=\"https:\/\/revistacienciaecultura.org.br\/?p=3839\">\n\t\t\t\t\t\t\t<img width=\"1024\" height=\"427\" src=\"https:\/\/revistacienciaecultura.org.br\/wp-content\/uploads\/2023\/03\/CC-1E23-opiniao-Diversidade-e-Direitos-Humanos-na-Universidade-do-Futuro-capa-site-1024x427.jpg\" class=\"attachment-large size-large\" alt=\"\" loading=\"lazy\" srcset=\"https:\/\/revistacienciaecultura.org.br\/wp-content\/uploads\/2023\/03\/CC-1E23-opiniao-Diversidade-e-Direitos-Humanos-na-Universidade-do-Futuro-capa-site-1024x427.jpg 1024w, https:\/\/revistacienciaecultura.org.br\/wp-content\/uploads\/2023\/03\/CC-1E23-opiniao-Diversidade-e-Direitos-Humanos-na-Universidade-do-Futuro-capa-site-300x125.jpg 300w, https:\/\/revistacienciaecultura.org.br\/wp-content\/uploads\/2023\/03\/CC-1E23-opiniao-Diversidade-e-Direitos-Humanos-na-Universidade-do-Futuro-capa-site-768x320.jpg 768w, https:\/\/revistacienciaecultura.org.br\/wp-content\/uploads\/2023\/03\/CC-1E23-opiniao-Diversidade-e-Direitos-Humanos-na-Universidade-do-Futuro-capa-site-18x8.jpg 18w, https:\/\/revistacienciaecultura.org.br\/wp-content\/uploads\/2023\/03\/CC-1E23-opiniao-Diversidade-e-Direitos-Humanos-na-Universidade-do-Futuro-capa-site-800x333.jpg 800w, https:\/\/revistacienciaecultura.org.br\/wp-content\/uploads\/2023\/03\/CC-1E23-opiniao-Diversidade-e-Direitos-Humanos-na-Universidade-do-Futuro-capa-site-1160x483.jpg 1160w, https:\/\/revistacienciaecultura.org.br\/wp-content\/uploads\/2023\/03\/CC-1E23-opiniao-Diversidade-e-Direitos-Humanos-na-Universidade-do-Futuro-capa-site.jpg 1200w\" sizes=\"(max-width: 1024px) 100vw, 1024px\" \/>\t\t\t\t\t\t\t\t<\/a>\n\t\t\t\t\t\t\t\t\t\t\t\t\t\t\t<\/div>\n\t\t\t\t<\/div>\n\t\t\t\t<div class=\"elementor-element elementor-element-c91ec90 elementor-widget elementor-widget-heading\" data-id=\"c91ec90\" data-element_type=\"widget\" data-widget_type=\"heading.default\">\n\t\t\t\t<div class=\"elementor-widget-container\">\n\t\t\t<h2 id=\"diversidade-e-direitos-humanos-na-universidade-do-futuro\" class=\"elementor-heading-title elementor-size-medium\"><a href=\"https:\/\/revistacienciaecultura.org.br\/?p=3839\"><h3 class=\"elementor-post__title\" style=\"margin-right: 0px; margin-bottom: 25px; margin-left: 0px; font-weight: var( --e-global-typography-primary-font-weight ); font-size: 18px; font-family: var( --e-global-typography-primary-font-family ), Sans-serif; white-space: normal;\"><a href=\"https:\/\/revistacienciaecultura.org.br\/?p=3633\" style=\"color: rgb(0, 0, 0); font-family: var( --e-global-typography-primary-font-family ), Sans-serif; font-weight: var( --e-global-typography-primary-font-weight );\">Diversidade e direitos humanos na universidade do futuro<\/a><\/h3><\/a><\/h2>\t\t<\/div>\n\t\t\t\t<\/div>\n\t\t\t\t\t<\/div>\n\t\t<\/div>\n\t\t\t\t<div class=\"elementor-column elementor-col-33 elementor-top-column elementor-element elementor-element-3920819\" data-id=\"3920819\" data-element_type=\"column\">\n\t\t\t<div class=\"elementor-widget-wrap elementor-element-populated\">\n\t\t\t\t\t\t\t\t<div class=\"elementor-element elementor-element-9ab864b elementor-widget elementor-widget-image\" data-id=\"9ab864b\" data-element_type=\"widget\" data-widget_type=\"image.default\">\n\t\t\t\t<div class=\"elementor-widget-container\">\n\t\t\t\t\t\t\t\t\t\t\t\t\t\t\t\t<a href=\"https:\/\/revistacienciaecultura.org.br\/?p=4060\">\n\t\t\t\t\t\t\t<img width=\"1024\" height=\"427\" src=\"https:\/\/revistacienciaecultura.org.br\/wp-content\/uploads\/2023\/04\/CC-1E23-opiniao-Planejamento-Curricular-e-Avaliac\u0327a\u0303o-Educacional-capa-site-1024x427.jpg\" class=\"attachment-large size-large\" alt=\"\" loading=\"lazy\" srcset=\"https:\/\/revistacienciaecultura.org.br\/wp-content\/uploads\/2023\/04\/CC-1E23-opiniao-Planejamento-Curricular-e-Avaliac\u0327a\u0303o-Educacional-capa-site-1024x427.jpg 1024w, https:\/\/revistacienciaecultura.org.br\/wp-content\/uploads\/2023\/04\/CC-1E23-opiniao-Planejamento-Curricular-e-Avaliac\u0327a\u0303o-Educacional-capa-site-300x125.jpg 300w, https:\/\/revistacienciaecultura.org.br\/wp-content\/uploads\/2023\/04\/CC-1E23-opiniao-Planejamento-Curricular-e-Avaliac\u0327a\u0303o-Educacional-capa-site-768x320.jpg 768w, https:\/\/revistacienciaecultura.org.br\/wp-content\/uploads\/2023\/04\/CC-1E23-opiniao-Planejamento-Curricular-e-Avaliac\u0327a\u0303o-Educacional-capa-site-18x8.jpg 18w, https:\/\/revistacienciaecultura.org.br\/wp-content\/uploads\/2023\/04\/CC-1E23-opiniao-Planejamento-Curricular-e-Avaliac\u0327a\u0303o-Educacional-capa-site-800x333.jpg 800w, https:\/\/revistacienciaecultura.org.br\/wp-content\/uploads\/2023\/04\/CC-1E23-opiniao-Planejamento-Curricular-e-Avaliac\u0327a\u0303o-Educacional-capa-site-1160x483.jpg 1160w, https:\/\/revistacienciaecultura.org.br\/wp-content\/uploads\/2023\/04\/CC-1E23-opiniao-Planejamento-Curricular-e-Avaliac\u0327a\u0303o-Educacional-capa-site.jpg 1200w\" sizes=\"(max-width: 1024px) 100vw, 1024px\" \/>\t\t\t\t\t\t\t\t<\/a>\n\t\t\t\t\t\t\t\t\t\t\t\t\t\t\t<\/div>\n\t\t\t\t<\/div>\n\t\t\t\t<div class=\"elementor-element elementor-element-7081a66 elementor-widget elementor-widget-heading\" data-id=\"7081a66\" data-element_type=\"widget\" data-widget_type=\"heading.default\">\n\t\t\t\t<div class=\"elementor-widget-container\">\n\t\t\t<h2 id=\"planejamento-curricular-e-avaliacao-educacional\" class=\"elementor-heading-title elementor-size-medium\"><a href=\"https:\/\/revistacienciaecultura.org.br\/?p=4060\"><h3 class=\"elementor-post__title\" style=\"margin-right: 0px; margin-bottom: 25px; margin-left: 0px; font-weight: var( --e-global-typography-primary-font-weight ); font-size: 18px; font-family: var( --e-global-typography-primary-font-family ), Sans-serif; white-space: normal;\"><a href=\"https:\/\/revistacienciaecultura.org.br\/?p=3633\" style=\"color: rgb(0, 0, 0); font-family: var( --e-global-typography-primary-font-family ), Sans-serif; font-weight: var( --e-global-typography-primary-font-weight );\">Planejamento Curricular e Avalia\u00e7\u00e3o Educacional<\/a><\/h3><\/a><\/h2>\t\t<\/div>\n\t\t\t\t<\/div>\n\t\t\t\t\t<\/div>\n\t\t<\/div>\n\t\t\t\t\t\t\t<\/div>\n\t\t<\/section>\n\t\t\t\t<section class=\"elementor-section elementor-top-section elementor-element elementor-element-353bfa0 elementor-section-boxed elementor-section-height-default elementor-section-height-default\" data-id=\"353bfa0\" data-element_type=\"section\">\n\t\t\t\t\t\t<div class=\"elementor-container elementor-column-gap-default\">\n\t\t\t\t\t<div class=\"elementor-column elementor-col-33 elementor-top-column elementor-element elementor-element-84f3cb9\" data-id=\"84f3cb9\" data-element_type=\"column\">\n\t\t\t<div class=\"elementor-widget-wrap elementor-element-populated\">\n\t\t\t\t\t\t\t\t<div class=\"elementor-element elementor-element-db91dff elementor-widget elementor-widget-image\" data-id=\"db91dff\" data-element_type=\"widget\" data-widget_type=\"image.default\">\n\t\t\t\t<div class=\"elementor-widget-container\">\n\t\t\t\t\t\t\t\t\t\t\t\t\t\t\t\t<a href=\"https:\/\/revistacienciaecultura.org.br\/?p=4084\">\n\t\t\t\t\t\t\t<img width=\"1024\" height=\"427\" src=\"https:\/\/revistacienciaecultura.org.br\/wp-content\/uploads\/2023\/05\/CC-1E23-opiniao-Educac\u0327a\u0303o-e-pesquisa-para-superar-os-grandes-problemas-do-pai\u0301s-capa-site-1024x427.jpg\" class=\"attachment-large size-large\" alt=\"\" loading=\"lazy\" srcset=\"https:\/\/revistacienciaecultura.org.br\/wp-content\/uploads\/2023\/05\/CC-1E23-opiniao-Educac\u0327a\u0303o-e-pesquisa-para-superar-os-grandes-problemas-do-pai\u0301s-capa-site-1024x427.jpg 1024w, https:\/\/revistacienciaecultura.org.br\/wp-content\/uploads\/2023\/05\/CC-1E23-opiniao-Educac\u0327a\u0303o-e-pesquisa-para-superar-os-grandes-problemas-do-pai\u0301s-capa-site-300x125.jpg 300w, https:\/\/revistacienciaecultura.org.br\/wp-content\/uploads\/2023\/05\/CC-1E23-opiniao-Educac\u0327a\u0303o-e-pesquisa-para-superar-os-grandes-problemas-do-pai\u0301s-capa-site-768x320.jpg 768w, https:\/\/revistacienciaecultura.org.br\/wp-content\/uploads\/2023\/05\/CC-1E23-opiniao-Educac\u0327a\u0303o-e-pesquisa-para-superar-os-grandes-problemas-do-pai\u0301s-capa-site-18x8.jpg 18w, https:\/\/revistacienciaecultura.org.br\/wp-content\/uploads\/2023\/05\/CC-1E23-opiniao-Educac\u0327a\u0303o-e-pesquisa-para-superar-os-grandes-problemas-do-pai\u0301s-capa-site-800x333.jpg 800w, https:\/\/revistacienciaecultura.org.br\/wp-content\/uploads\/2023\/05\/CC-1E23-opiniao-Educac\u0327a\u0303o-e-pesquisa-para-superar-os-grandes-problemas-do-pai\u0301s-capa-site-1160x483.jpg 1160w, https:\/\/revistacienciaecultura.org.br\/wp-content\/uploads\/2023\/05\/CC-1E23-opiniao-Educac\u0327a\u0303o-e-pesquisa-para-superar-os-grandes-problemas-do-pai\u0301s-capa-site.jpg 1200w\" sizes=\"(max-width: 1024px) 100vw, 1024px\" \/>\t\t\t\t\t\t\t\t<\/a>\n\t\t\t\t\t\t\t\t\t\t\t\t\t\t\t<\/div>\n\t\t\t\t<\/div>\n\t\t\t\t<div class=\"elementor-element elementor-element-5c52800 elementor-widget elementor-widget-heading\" data-id=\"5c52800\" data-element_type=\"widget\" data-widget_type=\"heading.default\">\n\t\t\t\t<div class=\"elementor-widget-container\">\n\t\t\t<h2 id=\"educacao-e-pesquisa-para-superar-os-grandes-problemas-do-pais\" class=\"elementor-heading-title elementor-size-medium\"><a href=\"https:\/\/revistacienciaecultura.org.br\/?p=4084\"><font color=\"#000000\"><span style=\"font-size: 18px; letter-spacing: -0.225px; white-space: normal;\">Educa\u00e7\u00e3o e pesquisa para superar os grandes problemas do pa\u00eds<\/span><\/font><h3 style=\"margin-right: 0px; margin-bottom: 25px; margin-left: 0px; font-weight: var( --e-global-typography-primary-font-weight ); font-size: 18px; font-family: var( --e-global-typography-primary-font-family ), Sans-serif; white-space: normal;\"><\/h3><\/a><\/h2>\t\t<\/div>\n\t\t\t\t<\/div>\n\t\t\t\t\t<\/div>\n\t\t<\/div>\n\t\t\t\t<div class=\"elementor-column elementor-col-33 elementor-top-column elementor-element elementor-element-ee1542d\" data-id=\"ee1542d\" data-element_type=\"column\">\n\t\t\t<div class=\"elementor-widget-wrap\">\n\t\t\t\t\t\t\t\t\t<\/div>\n\t\t<\/div>\n\t\t\t\t<div class=\"elementor-column elementor-col-33 elementor-top-column elementor-element elementor-element-2a1cc67\" data-id=\"2a1cc67\" data-element_type=\"column\">\n\t\t\t<div class=\"elementor-widget-wrap\">\n\t\t\t\t\t\t\t\t\t<\/div>\n\t\t<\/div>\n\t\t\t\t\t\t\t<\/div>\n\t\t<\/section>\n\t\t\t\t<section class=\"elementor-section elementor-top-section elementor-element elementor-element-377abf1 elementor-section-boxed elementor-section-height-default elementor-section-height-default\" data-id=\"377abf1\" data-element_type=\"section\">\n\t\t\t\t\t\t<div class=\"elementor-container elementor-column-gap-default\">\n\t\t\t\t\t<div class=\"elementor-column elementor-col-100 elementor-top-column elementor-element elementor-element-16d33cc\" data-id=\"16d33cc\" data-element_type=\"column\">\n\t\t\t<div class=\"elementor-widget-wrap elementor-element-populated\">\n\t\t\t\t\t\t\t\t<div class=\"elementor-element elementor-element-8e59674 elementor-widget__width-auto elementor-widget elementor-widget-heading\" data-id=\"8e59674\" data-element_type=\"widget\" data-widget_type=\"heading.default\">\n\t\t\t\t<div class=\"elementor-widget-container\">\n\t\t\t<h6 id=\"reportagens\" class=\"elementor-heading-title elementor-size-default\">Reportagens  <\/h6>\t\t<\/div>\n\t\t\t\t<\/div>\n\t\t\t\t\t<\/div>\n\t\t<\/div>\n\t\t\t\t\t\t\t<\/div>\n\t\t<\/section>\n\t\t\t\t<section class=\"elementor-section elementor-top-section elementor-element elementor-element-d39578c elementor-section-boxed elementor-section-height-default elementor-section-height-default\" data-id=\"d39578c\" data-element_type=\"section\">\n\t\t\t\t\t\t<div class=\"elementor-container elementor-column-gap-default\">\n\t\t\t\t\t<div class=\"elementor-column elementor-col-33 elementor-top-column elementor-element elementor-element-47ee003\" data-id=\"47ee003\" data-element_type=\"column\">\n\t\t\t<div class=\"elementor-widget-wrap elementor-element-populated\">\n\t\t\t\t\t\t\t\t<div class=\"elementor-element elementor-element-72e96e1 elementor-widget elementor-widget-image\" data-id=\"72e96e1\" data-element_type=\"widget\" data-widget_type=\"image.default\">\n\t\t\t\t<div class=\"elementor-widget-container\">\n\t\t\t\t\t\t\t\t\t\t\t\t\t\t\t\t<a href=\"https:\/\/revistacienciaecultura.org.br\/?p=3930\">\n\t\t\t\t\t\t\t<img width=\"1024\" height=\"427\" src=\"https:\/\/revistacienciaecultura.org.br\/wp-content\/uploads\/2023\/05\/CC-1E23-reportagem-A-Universidade-do-Futuro-capa-site-1024x427.jpg\" class=\"attachment-large size-large\" alt=\"\" loading=\"lazy\" srcset=\"https:\/\/revistacienciaecultura.org.br\/wp-content\/uploads\/2023\/05\/CC-1E23-reportagem-A-Universidade-do-Futuro-capa-site-1024x427.jpg 1024w, https:\/\/revistacienciaecultura.org.br\/wp-content\/uploads\/2023\/05\/CC-1E23-reportagem-A-Universidade-do-Futuro-capa-site-300x125.jpg 300w, https:\/\/revistacienciaecultura.org.br\/wp-content\/uploads\/2023\/05\/CC-1E23-reportagem-A-Universidade-do-Futuro-capa-site-768x320.jpg 768w, https:\/\/revistacienciaecultura.org.br\/wp-content\/uploads\/2023\/05\/CC-1E23-reportagem-A-Universidade-do-Futuro-capa-site-18x8.jpg 18w, https:\/\/revistacienciaecultura.org.br\/wp-content\/uploads\/2023\/05\/CC-1E23-reportagem-A-Universidade-do-Futuro-capa-site-800x333.jpg 800w, https:\/\/revistacienciaecultura.org.br\/wp-content\/uploads\/2023\/05\/CC-1E23-reportagem-A-Universidade-do-Futuro-capa-site-1160x483.jpg 1160w, https:\/\/revistacienciaecultura.org.br\/wp-content\/uploads\/2023\/05\/CC-1E23-reportagem-A-Universidade-do-Futuro-capa-site.jpg 1200w\" sizes=\"(max-width: 1024px) 100vw, 1024px\" \/>\t\t\t\t\t\t\t\t<\/a>\n\t\t\t\t\t\t\t\t\t\t\t\t\t\t\t<\/div>\n\t\t\t\t<\/div>\n\t\t\t\t<div class=\"elementor-element elementor-element-767dc0a elementor-widget elementor-widget-heading\" data-id=\"767dc0a\" data-element_type=\"widget\" data-widget_type=\"heading.default\">\n\t\t\t\t<div class=\"elementor-widget-container\">\n\t\t\t<h2 id=\"a-universidade-do-futuro\" class=\"elementor-heading-title elementor-size-medium\"><a href=\"https:\/\/revistacienciaecultura.org.br\/?p=3930\"><font color=\"#000000\"><span style=\"font-size: 18px; letter-spacing: -0.225px; white-space: normal;\">A Universidade do Futuro<\/span><\/font><h3 style=\"margin-right: 0px; margin-bottom: 25px; margin-left: 0px; font-weight: var( --e-global-typography-primary-font-weight ); font-size: 18px; font-family: var( --e-global-typography-primary-font-family ), Sans-serif; white-space: normal;\"><\/h3><\/a><\/h2>\t\t<\/div>\n\t\t\t\t<\/div>\n\t\t\t\t\t<\/div>\n\t\t<\/div>\n\t\t\t\t<div class=\"elementor-column elementor-col-33 elementor-top-column elementor-element elementor-element-645135e\" data-id=\"645135e\" data-element_type=\"column\">\n\t\t\t<div class=\"elementor-widget-wrap elementor-element-populated\">\n\t\t\t\t\t\t\t\t<div class=\"elementor-element elementor-element-b1f538d elementor-widget elementor-widget-image\" data-id=\"b1f538d\" data-element_type=\"widget\" data-widget_type=\"image.default\">\n\t\t\t\t<div class=\"elementor-widget-container\">\n\t\t\t\t\t\t\t\t\t\t\t\t\t\t\t\t<a href=\"https:\/\/revistacienciaecultura.org.br\/?p=4023\">\n\t\t\t\t\t\t\t<img width=\"1024\" height=\"444\" src=\"https:\/\/revistacienciaecultura.org.br\/wp-content\/uploads\/2023\/05\/CC-1E23-reportagem-Universidade-pu\u0301blica-no-Brasil-nova-expansa\u0303o-com-novos-significados-capa-site-1024x444.jpg\" class=\"attachment-large size-large\" alt=\"\" loading=\"lazy\" srcset=\"https:\/\/revistacienciaecultura.org.br\/wp-content\/uploads\/2023\/05\/CC-1E23-reportagem-Universidade-pu\u0301blica-no-Brasil-nova-expansa\u0303o-com-novos-significados-capa-site-1024x444.jpg 1024w, https:\/\/revistacienciaecultura.org.br\/wp-content\/uploads\/2023\/05\/CC-1E23-reportagem-Universidade-pu\u0301blica-no-Brasil-nova-expansa\u0303o-com-novos-significados-capa-site-300x130.jpg 300w, https:\/\/revistacienciaecultura.org.br\/wp-content\/uploads\/2023\/05\/CC-1E23-reportagem-Universidade-pu\u0301blica-no-Brasil-nova-expansa\u0303o-com-novos-significados-capa-site-768x333.jpg 768w, https:\/\/revistacienciaecultura.org.br\/wp-content\/uploads\/2023\/05\/CC-1E23-reportagem-Universidade-pu\u0301blica-no-Brasil-nova-expansa\u0303o-com-novos-significados-capa-site-18x8.jpg 18w, https:\/\/revistacienciaecultura.org.br\/wp-content\/uploads\/2023\/05\/CC-1E23-reportagem-Universidade-pu\u0301blica-no-Brasil-nova-expansa\u0303o-com-novos-significados-capa-site-800x347.jpg 800w, https:\/\/revistacienciaecultura.org.br\/wp-content\/uploads\/2023\/05\/CC-1E23-reportagem-Universidade-pu\u0301blica-no-Brasil-nova-expansa\u0303o-com-novos-significados-capa-site-1160x503.jpg 1160w, https:\/\/revistacienciaecultura.org.br\/wp-content\/uploads\/2023\/05\/CC-1E23-reportagem-Universidade-pu\u0301blica-no-Brasil-nova-expansa\u0303o-com-novos-significados-capa-site.jpg 1200w\" sizes=\"(max-width: 1024px) 100vw, 1024px\" \/>\t\t\t\t\t\t\t\t<\/a>\n\t\t\t\t\t\t\t\t\t\t\t\t\t\t\t<\/div>\n\t\t\t\t<\/div>\n\t\t\t\t<div class=\"elementor-element elementor-element-ecc1439 elementor-widget elementor-widget-heading\" data-id=\"ecc1439\" data-element_type=\"widget\" data-widget_type=\"heading.default\">\n\t\t\t\t<div class=\"elementor-widget-container\">\n\t\t\t<h2 id=\"universidade-publica-no-brasil-nova-expansao-com-novos-significados\" class=\"elementor-heading-title elementor-size-medium\"><a href=\"https:\/\/revistacienciaecultura.org.br\/?p=4023\"><font color=\"#000000\"><span style=\"font-size: 18px; letter-spacing: -0.225px; white-space: normal;\">Universidade p\u00fablica no Brasil: nova expans\u00e3o com novos significados<\/span><\/font><h3 style=\"margin-right: 0px; margin-bottom: 25px; margin-left: 0px; font-weight: var( --e-global-typography-primary-font-weight ); font-size: 18px; font-family: var( --e-global-typography-primary-font-family ), Sans-serif; white-space: normal;\"><\/h3><\/a><\/h2>\t\t<\/div>\n\t\t\t\t<\/div>\n\t\t\t\t\t<\/div>\n\t\t<\/div>\n\t\t\t\t<div class=\"elementor-column elementor-col-33 elementor-top-column elementor-element elementor-element-0aacf05\" data-id=\"0aacf05\" data-element_type=\"column\">\n\t\t\t<div class=\"elementor-widget-wrap elementor-element-populated\">\n\t\t\t\t\t\t\t\t<div class=\"elementor-element elementor-element-a65da60 elementor-widget elementor-widget-image\" data-id=\"a65da60\" data-element_type=\"widget\" data-widget_type=\"image.default\">\n\t\t\t\t<div class=\"elementor-widget-container\">\n\t\t\t\t\t\t\t\t\t\t\t\t\t\t\t\t<a href=\"https:\/\/revistacienciaecultura.org.br\/?p=3938\">\n\t\t\t\t\t\t\t<img width=\"1024\" height=\"427\" src=\"https:\/\/revistacienciaecultura.org.br\/wp-content\/uploads\/2023\/04\/CC-1E23-reportagem-O-papel-da-Universidade-na-pandemia-capa-site-1024x427.jpg\" class=\"attachment-large size-large\" alt=\"\" loading=\"lazy\" srcset=\"https:\/\/revistacienciaecultura.org.br\/wp-content\/uploads\/2023\/04\/CC-1E23-reportagem-O-papel-da-Universidade-na-pandemia-capa-site-1024x427.jpg 1024w, https:\/\/revistacienciaecultura.org.br\/wp-content\/uploads\/2023\/04\/CC-1E23-reportagem-O-papel-da-Universidade-na-pandemia-capa-site-300x125.jpg 300w, https:\/\/revistacienciaecultura.org.br\/wp-content\/uploads\/2023\/04\/CC-1E23-reportagem-O-papel-da-Universidade-na-pandemia-capa-site-768x320.jpg 768w, https:\/\/revistacienciaecultura.org.br\/wp-content\/uploads\/2023\/04\/CC-1E23-reportagem-O-papel-da-Universidade-na-pandemia-capa-site-18x8.jpg 18w, https:\/\/revistacienciaecultura.org.br\/wp-content\/uploads\/2023\/04\/CC-1E23-reportagem-O-papel-da-Universidade-na-pandemia-capa-site-800x333.jpg 800w, https:\/\/revistacienciaecultura.org.br\/wp-content\/uploads\/2023\/04\/CC-1E23-reportagem-O-papel-da-Universidade-na-pandemia-capa-site-1160x483.jpg 1160w, https:\/\/revistacienciaecultura.org.br\/wp-content\/uploads\/2023\/04\/CC-1E23-reportagem-O-papel-da-Universidade-na-pandemia-capa-site.jpg 1200w\" sizes=\"(max-width: 1024px) 100vw, 1024px\" \/>\t\t\t\t\t\t\t\t<\/a>\n\t\t\t\t\t\t\t\t\t\t\t\t\t\t\t<\/div>\n\t\t\t\t<\/div>\n\t\t\t\t<div class=\"elementor-element elementor-element-370e3ad elementor-widget elementor-widget-heading\" data-id=\"370e3ad\" data-element_type=\"widget\" data-widget_type=\"heading.default\">\n\t\t\t\t<div class=\"elementor-widget-container\">\n\t\t\t<h2 id=\"o-papel-da-universidade-na-pandemia\" class=\"elementor-heading-title elementor-size-medium\"><a href=\"https:\/\/revistacienciaecultura.org.br\/?p=3938\"><font color=\"#000000\"><span style=\"font-size: 18px; letter-spacing: -0.225px; white-space: normal;\">O papel da universidade na pandemia<\/span><\/font><h3 style=\"margin-right: 0px; margin-bottom: 25px; margin-left: 0px; font-weight: var( --e-global-typography-primary-font-weight ); font-size: 18px; font-family: var( --e-global-typography-primary-font-family ), Sans-serif; white-space: normal;\"><\/h3><\/a><\/h2>\t\t<\/div>\n\t\t\t\t<\/div>\n\t\t\t\t\t<\/div>\n\t\t<\/div>\n\t\t\t\t\t\t\t<\/div>\n\t\t<\/section>\n\t\t\t\t<section class=\"elementor-section elementor-top-section elementor-element elementor-element-5c09763 elementor-section-boxed elementor-section-height-default elementor-section-height-default\" data-id=\"5c09763\" data-element_type=\"section\">\n\t\t\t\t\t\t<div class=\"elementor-container elementor-column-gap-default\">\n\t\t\t\t\t<div class=\"elementor-column elementor-col-33 elementor-top-column elementor-element elementor-element-cfc456c\" data-id=\"cfc456c\" data-element_type=\"column\">\n\t\t\t<div class=\"elementor-widget-wrap elementor-element-populated\">\n\t\t\t\t\t\t\t\t<div class=\"elementor-element elementor-element-288668d elementor-widget elementor-widget-image\" data-id=\"288668d\" data-element_type=\"widget\" data-widget_type=\"image.default\">\n\t\t\t\t<div class=\"elementor-widget-container\">\n\t\t\t\t\t\t\t\t\t\t\t\t\t\t\t\t<a href=\"https:\/\/revistacienciaecultura.org.br\/?p=3921\">\n\t\t\t\t\t\t\t<img width=\"1024\" height=\"427\" src=\"https:\/\/revistacienciaecultura.org.br\/wp-content\/uploads\/2023\/04\/CC-1E23-reportagem-Nos-curri\u0301culos-do-ensino-superior-extensa\u0303o-agora-vale-tanto-quanto-gorjeta-capa-site-1024x427.jpg\" class=\"attachment-large size-large\" alt=\"\" loading=\"lazy\" srcset=\"https:\/\/revistacienciaecultura.org.br\/wp-content\/uploads\/2023\/04\/CC-1E23-reportagem-Nos-curri\u0301culos-do-ensino-superior-extensa\u0303o-agora-vale-tanto-quanto-gorjeta-capa-site-1024x427.jpg 1024w, https:\/\/revistacienciaecultura.org.br\/wp-content\/uploads\/2023\/04\/CC-1E23-reportagem-Nos-curri\u0301culos-do-ensino-superior-extensa\u0303o-agora-vale-tanto-quanto-gorjeta-capa-site-300x125.jpg 300w, https:\/\/revistacienciaecultura.org.br\/wp-content\/uploads\/2023\/04\/CC-1E23-reportagem-Nos-curri\u0301culos-do-ensino-superior-extensa\u0303o-agora-vale-tanto-quanto-gorjeta-capa-site-768x320.jpg 768w, https:\/\/revistacienciaecultura.org.br\/wp-content\/uploads\/2023\/04\/CC-1E23-reportagem-Nos-curri\u0301culos-do-ensino-superior-extensa\u0303o-agora-vale-tanto-quanto-gorjeta-capa-site-18x8.jpg 18w, https:\/\/revistacienciaecultura.org.br\/wp-content\/uploads\/2023\/04\/CC-1E23-reportagem-Nos-curri\u0301culos-do-ensino-superior-extensa\u0303o-agora-vale-tanto-quanto-gorjeta-capa-site-800x333.jpg 800w, https:\/\/revistacienciaecultura.org.br\/wp-content\/uploads\/2023\/04\/CC-1E23-reportagem-Nos-curri\u0301culos-do-ensino-superior-extensa\u0303o-agora-vale-tanto-quanto-gorjeta-capa-site-1160x483.jpg 1160w, https:\/\/revistacienciaecultura.org.br\/wp-content\/uploads\/2023\/04\/CC-1E23-reportagem-Nos-curri\u0301culos-do-ensino-superior-extensa\u0303o-agora-vale-tanto-quanto-gorjeta-capa-site.jpg 1200w\" sizes=\"(max-width: 1024px) 100vw, 1024px\" \/>\t\t\t\t\t\t\t\t<\/a>\n\t\t\t\t\t\t\t\t\t\t\t\t\t\t\t<\/div>\n\t\t\t\t<\/div>\n\t\t\t\t<div class=\"elementor-element elementor-element-a2ff34b elementor-widget elementor-widget-heading\" data-id=\"a2ff34b\" data-element_type=\"widget\" data-widget_type=\"heading.default\">\n\t\t\t\t<div class=\"elementor-widget-container\">\n\t\t\t<h2 id=\"nos-curriculos-do-ensino-superior-extensao-agora-vale-tanto-quanto-gorjeta\" class=\"elementor-heading-title elementor-size-medium\"><a href=\"https:\/\/revistacienciaecultura.org.br\/?p=3921\"><font color=\"#000000\"><span style=\"font-size: 18px; letter-spacing: -0.225px; white-space: normal;\">Nos curr\u00edculos do ensino superior, extens\u00e3o agora vale tanto quanto gorjeta<\/span><\/font><h3 style=\"margin-right: 0px; margin-bottom: 25px; margin-left: 0px; font-weight: var( --e-global-typography-primary-font-weight ); font-size: 18px; font-family: var( --e-global-typography-primary-font-family ), Sans-serif; white-space: normal;\"><\/h3><\/a><\/h2>\t\t<\/div>\n\t\t\t\t<\/div>\n\t\t\t\t\t<\/div>\n\t\t<\/div>\n\t\t\t\t<div class=\"elementor-column elementor-col-33 elementor-top-column elementor-element elementor-element-c5b188a\" data-id=\"c5b188a\" data-element_type=\"column\">\n\t\t\t<div class=\"elementor-widget-wrap elementor-element-populated\">\n\t\t\t\t\t\t\t\t<div class=\"elementor-element elementor-element-555056c elementor-widget elementor-widget-image\" data-id=\"555056c\" data-element_type=\"widget\" data-widget_type=\"image.default\">\n\t\t\t\t<div class=\"elementor-widget-container\">\n\t\t\t\t\t\t\t\t\t\t\t\t\t\t\t\t<a href=\"https:\/\/revistacienciaecultura.org.br\/?p=3821\">\n\t\t\t\t\t\t\t<img width=\"1024\" height=\"427\" src=\"https:\/\/revistacienciaecultura.org.br\/wp-content\/uploads\/2023\/03\/CC-1E23-reportagem-Novas-cores-e-contornos-na-Universidade-capa-site-1024x427.jpg\" class=\"attachment-large size-large\" alt=\"\" loading=\"lazy\" srcset=\"https:\/\/revistacienciaecultura.org.br\/wp-content\/uploads\/2023\/03\/CC-1E23-reportagem-Novas-cores-e-contornos-na-Universidade-capa-site-1024x427.jpg 1024w, https:\/\/revistacienciaecultura.org.br\/wp-content\/uploads\/2023\/03\/CC-1E23-reportagem-Novas-cores-e-contornos-na-Universidade-capa-site-300x125.jpg 300w, https:\/\/revistacienciaecultura.org.br\/wp-content\/uploads\/2023\/03\/CC-1E23-reportagem-Novas-cores-e-contornos-na-Universidade-capa-site-768x320.jpg 768w, https:\/\/revistacienciaecultura.org.br\/wp-content\/uploads\/2023\/03\/CC-1E23-reportagem-Novas-cores-e-contornos-na-Universidade-capa-site-18x8.jpg 18w, https:\/\/revistacienciaecultura.org.br\/wp-content\/uploads\/2023\/03\/CC-1E23-reportagem-Novas-cores-e-contornos-na-Universidade-capa-site-800x333.jpg 800w, https:\/\/revistacienciaecultura.org.br\/wp-content\/uploads\/2023\/03\/CC-1E23-reportagem-Novas-cores-e-contornos-na-Universidade-capa-site-1160x483.jpg 1160w, https:\/\/revistacienciaecultura.org.br\/wp-content\/uploads\/2023\/03\/CC-1E23-reportagem-Novas-cores-e-contornos-na-Universidade-capa-site.jpg 1200w\" sizes=\"(max-width: 1024px) 100vw, 1024px\" \/>\t\t\t\t\t\t\t\t<\/a>\n\t\t\t\t\t\t\t\t\t\t\t\t\t\t\t<\/div>\n\t\t\t\t<\/div>\n\t\t\t\t<div class=\"elementor-element elementor-element-6e8815a elementor-widget elementor-widget-heading\" data-id=\"6e8815a\" data-element_type=\"widget\" data-widget_type=\"heading.default\">\n\t\t\t\t<div class=\"elementor-widget-container\">\n\t\t\t<h2 id=\"novas-cores-e-contornos-na-universidade-brasileira\" class=\"elementor-heading-title elementor-size-medium\"><a href=\"https:\/\/revistacienciaecultura.org.br\/?p=3821\"><font color=\"#000000\"><span style=\"font-size: 18px; letter-spacing: -0.225px; white-space: normal;\">Novas cores e contornos na Universidade brasileira<\/span><\/font><h3 style=\"margin-right: 0px; margin-bottom: 25px; margin-left: 0px; font-weight: var( --e-global-typography-primary-font-weight ); font-size: 18px; font-family: var( --e-global-typography-primary-font-family ), Sans-serif; white-space: normal;\"><\/h3><\/a><\/h2>\t\t<\/div>\n\t\t\t\t<\/div>\n\t\t\t\t\t<\/div>\n\t\t<\/div>\n\t\t\t\t<div class=\"elementor-column elementor-col-33 elementor-top-column elementor-element elementor-element-0025081\" data-id=\"0025081\" data-element_type=\"column\">\n\t\t\t<div class=\"elementor-widget-wrap elementor-element-populated\">\n\t\t\t\t\t\t\t\t<div class=\"elementor-element elementor-element-32b3cca elementor-widget elementor-widget-image\" data-id=\"32b3cca\" data-element_type=\"widget\" data-widget_type=\"image.default\">\n\t\t\t\t<div class=\"elementor-widget-container\">\n\t\t\t\t\t\t\t\t\t\t\t\t\t\t\t\t<a href=\"https:\/\/revistacienciaecultura.org.br\/?p=3830\">\n\t\t\t\t\t\t\t<img width=\"1024\" height=\"427\" src=\"https:\/\/revistacienciaecultura.org.br\/wp-content\/uploads\/2023\/03\/CC-1E23-reportagem-A-cie\u0302ncia-da-reconstruc\u0327a\u0303o-nacional-capa-site-1024x427.jpg\" class=\"attachment-large size-large\" alt=\"\" loading=\"lazy\" srcset=\"https:\/\/revistacienciaecultura.org.br\/wp-content\/uploads\/2023\/03\/CC-1E23-reportagem-A-cie\u0302ncia-da-reconstruc\u0327a\u0303o-nacional-capa-site-1024x427.jpg 1024w, https:\/\/revistacienciaecultura.org.br\/wp-content\/uploads\/2023\/03\/CC-1E23-reportagem-A-cie\u0302ncia-da-reconstruc\u0327a\u0303o-nacional-capa-site-300x125.jpg 300w, https:\/\/revistacienciaecultura.org.br\/wp-content\/uploads\/2023\/03\/CC-1E23-reportagem-A-cie\u0302ncia-da-reconstruc\u0327a\u0303o-nacional-capa-site-768x320.jpg 768w, https:\/\/revistacienciaecultura.org.br\/wp-content\/uploads\/2023\/03\/CC-1E23-reportagem-A-cie\u0302ncia-da-reconstruc\u0327a\u0303o-nacional-capa-site-18x8.jpg 18w, https:\/\/revistacienciaecultura.org.br\/wp-content\/uploads\/2023\/03\/CC-1E23-reportagem-A-cie\u0302ncia-da-reconstruc\u0327a\u0303o-nacional-capa-site-800x333.jpg 800w, https:\/\/revistacienciaecultura.org.br\/wp-content\/uploads\/2023\/03\/CC-1E23-reportagem-A-cie\u0302ncia-da-reconstruc\u0327a\u0303o-nacional-capa-site-1160x483.jpg 1160w, https:\/\/revistacienciaecultura.org.br\/wp-content\/uploads\/2023\/03\/CC-1E23-reportagem-A-cie\u0302ncia-da-reconstruc\u0327a\u0303o-nacional-capa-site.jpg 1200w\" sizes=\"(max-width: 1024px) 100vw, 1024px\" \/>\t\t\t\t\t\t\t\t<\/a>\n\t\t\t\t\t\t\t\t\t\t\t\t\t\t\t<\/div>\n\t\t\t\t<\/div>\n\t\t\t\t<div class=\"elementor-element elementor-element-ac36f98 elementor-widget elementor-widget-heading\" data-id=\"ac36f98\" data-element_type=\"widget\" data-widget_type=\"heading.default\">\n\t\t\t\t<div class=\"elementor-widget-container\">\n\t\t\t<h2 id=\"a-ciencia-da-reconstrucao-nacional\" class=\"elementor-heading-title elementor-size-medium\"><a href=\"https:\/\/revistacienciaecultura.org.br\/?p=3830\"><font color=\"#000000\"><span style=\"font-size: 18px; letter-spacing: -0.225px; white-space: normal;\">A ci\u00eancia da reconstru\u00e7\u00e3o nacional<\/span><\/font><\/a><\/h2>\t\t<\/div>\n\t\t\t\t<\/div>\n\t\t\t\t\t<\/div>\n\t\t<\/div>\n\t\t\t\t\t\t\t<\/div>\n\t\t<\/section>\n\t\t\t\t<section class=\"elementor-section elementor-top-section elementor-element elementor-element-f9b15f4 elementor-section-boxed elementor-section-height-default elementor-section-height-default\" data-id=\"f9b15f4\" data-element_type=\"section\">\n\t\t\t\t\t\t<div class=\"elementor-container elementor-column-gap-default\">\n\t\t\t\t\t<div class=\"elementor-column elementor-col-100 elementor-top-column elementor-element elementor-element-83551fd\" data-id=\"83551fd\" data-element_type=\"column\">\n\t\t\t<div class=\"elementor-widget-wrap elementor-element-populated\">\n\t\t\t\t\t\t\t\t<div class=\"elementor-element elementor-element-32870e3 elementor-widget__width-auto elementor-widget elementor-widget-heading\" data-id=\"32870e3\" data-element_type=\"widget\" data-widget_type=\"heading.default\">\n\t\t\t\t<div class=\"elementor-widget-container\">\n\t\t\t<h6 id=\"videos\" class=\"elementor-heading-title elementor-size-default\">V\u00eddeos  <\/h6>\t\t<\/div>\n\t\t\t\t<\/div>\n\t\t\t\t\t<\/div>\n\t\t<\/div>\n\t\t\t\t\t\t\t<\/div>\n\t\t<\/section>\n\t\t\t\t<section class=\"elementor-section elementor-top-section elementor-element elementor-element-43f94fb elementor-section-boxed elementor-section-height-default elementor-section-height-default\" data-id=\"43f94fb\" data-element_type=\"section\">\n\t\t\t\t\t\t<div class=\"elementor-container elementor-column-gap-default\">\n\t\t\t\t\t<div class=\"elementor-column elementor-col-33 elementor-top-column elementor-element elementor-element-9f5b13d\" data-id=\"9f5b13d\" data-element_type=\"column\">\n\t\t\t<div class=\"elementor-widget-wrap elementor-element-populated\">\n\t\t\t\t\t\t\t\t<div class=\"elementor-element elementor-element-b9ea51b elementor-widget elementor-widget-image\" data-id=\"b9ea51b\" data-element_type=\"widget\" data-widget_type=\"image.default\">\n\t\t\t\t<div class=\"elementor-widget-container\">\n\t\t\t\t\t\t\t\t\t\t\t\t\t\t\t\t<a href=\"https:\/\/revistacienciaecultura.org.br\/?p=4131\">\n\t\t\t\t\t\t\t<img width=\"1024\" height=\"427\" src=\"https:\/\/revistacienciaecultura.org.br\/wp-content\/uploads\/2023\/05\/CC-1E23-video-3-capa-site-1024x427.jpg\" class=\"attachment-large size-large\" alt=\"\" loading=\"lazy\" srcset=\"https:\/\/revistacienciaecultura.org.br\/wp-content\/uploads\/2023\/05\/CC-1E23-video-3-capa-site-1024x427.jpg 1024w, https:\/\/revistacienciaecultura.org.br\/wp-content\/uploads\/2023\/05\/CC-1E23-video-3-capa-site-300x125.jpg 300w, https:\/\/revistacienciaecultura.org.br\/wp-content\/uploads\/2023\/05\/CC-1E23-video-3-capa-site-768x320.jpg 768w, https:\/\/revistacienciaecultura.org.br\/wp-content\/uploads\/2023\/05\/CC-1E23-video-3-capa-site-18x8.jpg 18w, https:\/\/revistacienciaecultura.org.br\/wp-content\/uploads\/2023\/05\/CC-1E23-video-3-capa-site-800x333.jpg 800w, https:\/\/revistacienciaecultura.org.br\/wp-content\/uploads\/2023\/05\/CC-1E23-video-3-capa-site-1160x483.jpg 1160w, https:\/\/revistacienciaecultura.org.br\/wp-content\/uploads\/2023\/05\/CC-1E23-video-3-capa-site.jpg 1200w\" sizes=\"(max-width: 1024px) 100vw, 1024px\" \/>\t\t\t\t\t\t\t\t<\/a>\n\t\t\t\t\t\t\t\t\t\t\t\t\t\t\t<\/div>\n\t\t\t\t<\/div>\n\t\t\t\t<div class=\"elementor-element elementor-element-c95c916 elementor-widget elementor-widget-heading\" data-id=\"c95c916\" data-element_type=\"widget\" data-widget_type=\"heading.default\">\n\t\t\t\t<div class=\"elementor-widget-container\">\n\t\t\t<h2 id=\"diversidade-na-educacao-superior\" class=\"elementor-heading-title elementor-size-medium\"><a href=\"https:\/\/revistacienciaecultura.org.br\/?p=4131\"><font color=\"#000000\"><span style=\"font-size: 18px; letter-spacing: -0.225px; white-space: normal;\">Diversidade na educa\u00e7\u00e3o superior<\/span><\/font><h3 style=\"margin-right: 0px; margin-bottom: 25px; margin-left: 0px; font-weight: var( --e-global-typography-primary-font-weight ); font-size: 18px; font-family: var( --e-global-typography-primary-font-family ), Sans-serif; white-space: normal;\"><\/h3><\/a><\/h2>\t\t<\/div>\n\t\t\t\t<\/div>\n\t\t\t\t\t<\/div>\n\t\t<\/div>\n\t\t\t\t<div class=\"elementor-column elementor-col-33 elementor-top-column elementor-element elementor-element-2edaa9e\" data-id=\"2edaa9e\" data-element_type=\"column\">\n\t\t\t<div class=\"elementor-widget-wrap elementor-element-populated\">\n\t\t\t\t\t\t\t\t<div class=\"elementor-element elementor-element-c6a9c37 elementor-widget elementor-widget-image\" data-id=\"c6a9c37\" data-element_type=\"widget\" data-widget_type=\"image.default\">\n\t\t\t\t<div class=\"elementor-widget-container\">\n\t\t\t\t\t\t\t\t\t\t\t\t\t\t\t\t<a href=\"https:\/\/revistacienciaecultura.org.br\/?p=4007\">\n\t\t\t\t\t\t\t<img width=\"1024\" height=\"427\" src=\"https:\/\/revistacienciaecultura.org.br\/wp-content\/uploads\/2023\/04\/CC-1E23-video-2-capa-site-1024x427.jpg\" class=\"attachment-large size-large\" alt=\"\" loading=\"lazy\" srcset=\"https:\/\/revistacienciaecultura.org.br\/wp-content\/uploads\/2023\/04\/CC-1E23-video-2-capa-site-1024x427.jpg 1024w, https:\/\/revistacienciaecultura.org.br\/wp-content\/uploads\/2023\/04\/CC-1E23-video-2-capa-site-300x125.jpg 300w, https:\/\/revistacienciaecultura.org.br\/wp-content\/uploads\/2023\/04\/CC-1E23-video-2-capa-site-768x320.jpg 768w, https:\/\/revistacienciaecultura.org.br\/wp-content\/uploads\/2023\/04\/CC-1E23-video-2-capa-site-18x8.jpg 18w, https:\/\/revistacienciaecultura.org.br\/wp-content\/uploads\/2023\/04\/CC-1E23-video-2-capa-site-800x333.jpg 800w, https:\/\/revistacienciaecultura.org.br\/wp-content\/uploads\/2023\/04\/CC-1E23-video-2-capa-site-1160x483.jpg 1160w, https:\/\/revistacienciaecultura.org.br\/wp-content\/uploads\/2023\/04\/CC-1E23-video-2-capa-site.jpg 1200w\" sizes=\"(max-width: 1024px) 100vw, 1024px\" \/>\t\t\t\t\t\t\t\t<\/a>\n\t\t\t\t\t\t\t\t\t\t\t\t\t\t\t<\/div>\n\t\t\t\t<\/div>\n\t\t\t\t<div class=\"elementor-element elementor-element-9024d20 elementor-widget elementor-widget-heading\" data-id=\"9024d20\" data-element_type=\"widget\" data-widget_type=\"heading.default\">\n\t\t\t\t<div class=\"elementor-widget-container\">\n\t\t\t<h2 id=\"ciencia-como-um-direito\" class=\"elementor-heading-title elementor-size-medium\"><a href=\"https:\/\/revistacienciaecultura.org.br\/?p=4007\"><font color=\"#000000\"><span style=\"font-size: 18px; letter-spacing: -0.225px; white-space: normal;\">Ci\u00eancia como um direito<\/span><\/font><h3 style=\"margin-right: 0px; margin-bottom: 25px; margin-left: 0px; font-weight: var( --e-global-typography-primary-font-weight ); font-size: 18px; font-family: var( --e-global-typography-primary-font-family ), Sans-serif; white-space: normal;\"><\/h3><\/a><\/h2>\t\t<\/div>\n\t\t\t\t<\/div>\n\t\t\t\t\t<\/div>\n\t\t<\/div>\n\t\t\t\t<div class=\"elementor-column elementor-col-33 elementor-top-column elementor-element elementor-element-ad407a3\" data-id=\"ad407a3\" data-element_type=\"column\">\n\t\t\t<div class=\"elementor-widget-wrap elementor-element-populated\">\n\t\t\t\t\t\t\t\t<div class=\"elementor-element elementor-element-2c29e14 elementor-widget elementor-widget-image\" data-id=\"2c29e14\" data-element_type=\"widget\" data-widget_type=\"image.default\">\n\t\t\t\t<div class=\"elementor-widget-container\">\n\t\t\t\t\t\t\t\t\t\t\t\t\t\t\t\t<a href=\"https:\/\/revistacienciaecultura.org.br\/?p=3844\">\n\t\t\t\t\t\t\t<img width=\"1024\" height=\"427\" src=\"https:\/\/revistacienciaecultura.org.br\/wp-content\/uploads\/2023\/03\/CC-1E23-\u2013-vi\u0301deo-1-capa-site-1024x427.jpg\" class=\"attachment-large size-large\" alt=\"\" loading=\"lazy\" srcset=\"https:\/\/revistacienciaecultura.org.br\/wp-content\/uploads\/2023\/03\/CC-1E23-\u2013-vi\u0301deo-1-capa-site-1024x427.jpg 1024w, https:\/\/revistacienciaecultura.org.br\/wp-content\/uploads\/2023\/03\/CC-1E23-\u2013-vi\u0301deo-1-capa-site-300x125.jpg 300w, https:\/\/revistacienciaecultura.org.br\/wp-content\/uploads\/2023\/03\/CC-1E23-\u2013-vi\u0301deo-1-capa-site-768x320.jpg 768w, https:\/\/revistacienciaecultura.org.br\/wp-content\/uploads\/2023\/03\/CC-1E23-\u2013-vi\u0301deo-1-capa-site-18x8.jpg 18w, https:\/\/revistacienciaecultura.org.br\/wp-content\/uploads\/2023\/03\/CC-1E23-\u2013-vi\u0301deo-1-capa-site-800x333.jpg 800w, https:\/\/revistacienciaecultura.org.br\/wp-content\/uploads\/2023\/03\/CC-1E23-\u2013-vi\u0301deo-1-capa-site-1160x483.jpg 1160w, https:\/\/revistacienciaecultura.org.br\/wp-content\/uploads\/2023\/03\/CC-1E23-\u2013-vi\u0301deo-1-capa-site.jpg 1200w\" sizes=\"(max-width: 1024px) 100vw, 1024px\" \/>\t\t\t\t\t\t\t\t<\/a>\n\t\t\t\t\t\t\t\t\t\t\t\t\t\t\t<\/div>\n\t\t\t\t<\/div>\n\t\t\t\t<div class=\"elementor-element elementor-element-a4175b8 elementor-widget elementor-widget-heading\" data-id=\"a4175b8\" data-element_type=\"widget\" data-widget_type=\"heading.default\">\n\t\t\t\t<div class=\"elementor-widget-container\">\n\t\t\t<h2 id=\"a-inovacao-e-as-universidades-brasileiras\" class=\"elementor-heading-title elementor-size-medium\"><a href=\"https:\/\/revistacienciaecultura.org.br\/?p=3844\"><font color=\"#000000\"><span style=\"font-size: 18px; letter-spacing: -0.225px; white-space: normal;\">A inova\u00e7\u00e3o e as universidades brasileiras<\/span><\/font><h3 style=\"margin-right: 0px; margin-bottom: 25px; margin-left: 0px; font-weight: var( --e-global-typography-primary-font-weight ); font-size: 18px; font-family: var( --e-global-typography-primary-font-family ), Sans-serif; white-space: normal;\"><\/h3><\/a><\/h2>\t\t<\/div>\n\t\t\t\t<\/div>\n\t\t\t\t\t<\/div>\n\t\t<\/div>\n\t\t\t\t\t\t\t<\/div>\n\t\t<\/section>\n\t\t\t\t<section class=\"elementor-section elementor-top-section elementor-element elementor-element-4f82d3f elementor-section-boxed elementor-section-height-default elementor-section-height-default\" data-id=\"4f82d3f\" data-element_type=\"section\">\n\t\t\t\t\t\t<div class=\"elementor-container elementor-column-gap-default\">\n\t\t\t\t\t<div class=\"elementor-column elementor-col-100 elementor-top-column elementor-element elementor-element-be0b979\" data-id=\"be0b979\" data-element_type=\"column\">\n\t\t\t<div class=\"elementor-widget-wrap elementor-element-populated\">\n\t\t\t\t\t\t\t\t<div class=\"elementor-element elementor-element-08b8d50 elementor-widget__width-auto elementor-widget elementor-widget-heading\" data-id=\"08b8d50\" data-element_type=\"widget\" data-widget_type=\"heading.default\">\n\t\t\t\t<div class=\"elementor-widget-container\">\n\t\t\t<h6 id=\"podcasts\" class=\"elementor-heading-title elementor-size-default\">Podcasts  <\/h6>\t\t<\/div>\n\t\t\t\t<\/div>\n\t\t\t\t\t<\/div>\n\t\t<\/div>\n\t\t\t\t\t\t\t<\/div>\n\t\t<\/section>\n\t\t\t\t<section class=\"elementor-section elementor-top-section elementor-element elementor-element-471e88f elementor-section-boxed elementor-section-height-default elementor-section-height-default\" data-id=\"471e88f\" data-element_type=\"section\">\n\t\t\t\t\t\t<div class=\"elementor-container elementor-column-gap-default\">\n\t\t\t\t\t<div class=\"elementor-column elementor-col-33 elementor-top-column elementor-element elementor-element-dc96a32\" data-id=\"dc96a32\" data-element_type=\"column\">\n\t\t\t<div class=\"elementor-widget-wrap elementor-element-populated\">\n\t\t\t\t\t\t\t\t<div class=\"elementor-element elementor-element-1c2c0e5 elementor-widget elementor-widget-image\" data-id=\"1c2c0e5\" data-element_type=\"widget\" data-widget_type=\"image.default\">\n\t\t\t\t<div class=\"elementor-widget-container\">\n\t\t\t\t\t\t\t\t\t\t\t\t\t\t\t\t<a href=\"https:\/\/revistacienciaecultura.org.br\/?p=4016\">\n\t\t\t\t\t\t\t<img width=\"1024\" height=\"427\" src=\"https:\/\/revistacienciaecultura.org.br\/wp-content\/uploads\/2023\/05\/CC-1E23-podcast-3-capa-site-1024x427.jpg\" class=\"attachment-large size-large\" alt=\"\" loading=\"lazy\" srcset=\"https:\/\/revistacienciaecultura.org.br\/wp-content\/uploads\/2023\/05\/CC-1E23-podcast-3-capa-site-1024x427.jpg 1024w, https:\/\/revistacienciaecultura.org.br\/wp-content\/uploads\/2023\/05\/CC-1E23-podcast-3-capa-site-300x125.jpg 300w, https:\/\/revistacienciaecultura.org.br\/wp-content\/uploads\/2023\/05\/CC-1E23-podcast-3-capa-site-768x320.jpg 768w, https:\/\/revistacienciaecultura.org.br\/wp-content\/uploads\/2023\/05\/CC-1E23-podcast-3-capa-site-18x8.jpg 18w, https:\/\/revistacienciaecultura.org.br\/wp-content\/uploads\/2023\/05\/CC-1E23-podcast-3-capa-site-800x333.jpg 800w, https:\/\/revistacienciaecultura.org.br\/wp-content\/uploads\/2023\/05\/CC-1E23-podcast-3-capa-site-1160x483.jpg 1160w, https:\/\/revistacienciaecultura.org.br\/wp-content\/uploads\/2023\/05\/CC-1E23-podcast-3-capa-site.jpg 1200w\" sizes=\"(max-width: 1024px) 100vw, 1024px\" \/>\t\t\t\t\t\t\t\t<\/a>\n\t\t\t\t\t\t\t\t\t\t\t\t\t\t\t<\/div>\n\t\t\t\t<\/div>\n\t\t\t\t<div class=\"elementor-element elementor-element-8368f86 elementor-widget elementor-widget-heading\" data-id=\"8368f86\" data-element_type=\"widget\" data-widget_type=\"heading.default\">\n\t\t\t\t<div class=\"elementor-widget-container\">\n\t\t\t<h2 id=\"saude-mental-na-era-digital\" class=\"elementor-heading-title elementor-size-medium\"><a href=\"https:\/\/revistacienciaecultura.org.br\/?p=4016\"><font color=\"#000000\"><span style=\"font-size: 18px; letter-spacing: -0.225px; white-space: normal;\">Sa\u00fade mental na era digital<\/span><\/font><h3 class=\"elementor-post__title\" style=\"margin-right: 0px; margin-bottom: 25px; margin-left: 0px; font-weight: var( --e-global-typography-primary-font-weight ); font-size: 18px; font-family: var( --e-global-typography-primary-font-family ), Sans-serif; white-space: normal;\"><\/h3><\/a><\/h2>\t\t<\/div>\n\t\t\t\t<\/div>\n\t\t\t\t\t<\/div>\n\t\t<\/div>\n\t\t\t\t<div class=\"elementor-column elementor-col-33 elementor-top-column elementor-element elementor-element-6763c5f\" data-id=\"6763c5f\" data-element_type=\"column\">\n\t\t\t<div class=\"elementor-widget-wrap elementor-element-populated\">\n\t\t\t\t\t\t\t\t<div class=\"elementor-element elementor-element-1ca47f4 elementor-widget elementor-widget-image\" data-id=\"1ca47f4\" data-element_type=\"widget\" data-widget_type=\"image.default\">\n\t\t\t\t<div class=\"elementor-widget-container\">\n\t\t\t\t\t\t\t\t\t\t\t\t\t\t\t\t<a href=\"https:\/\/revistacienciaecultura.org.br\/?p=3945\">\n\t\t\t\t\t\t\t<img width=\"1024\" height=\"427\" src=\"https:\/\/revistacienciaecultura.org.br\/wp-content\/uploads\/2023\/04\/CC-1E23-podcast-2-capa-site-1024x427.jpg\" class=\"attachment-large size-large\" alt=\"\" loading=\"lazy\" srcset=\"https:\/\/revistacienciaecultura.org.br\/wp-content\/uploads\/2023\/04\/CC-1E23-podcast-2-capa-site-1024x427.jpg 1024w, https:\/\/revistacienciaecultura.org.br\/wp-content\/uploads\/2023\/04\/CC-1E23-podcast-2-capa-site-300x125.jpg 300w, https:\/\/revistacienciaecultura.org.br\/wp-content\/uploads\/2023\/04\/CC-1E23-podcast-2-capa-site-768x320.jpg 768w, https:\/\/revistacienciaecultura.org.br\/wp-content\/uploads\/2023\/04\/CC-1E23-podcast-2-capa-site-18x8.jpg 18w, https:\/\/revistacienciaecultura.org.br\/wp-content\/uploads\/2023\/04\/CC-1E23-podcast-2-capa-site-800x333.jpg 800w, https:\/\/revistacienciaecultura.org.br\/wp-content\/uploads\/2023\/04\/CC-1E23-podcast-2-capa-site-1160x483.jpg 1160w, https:\/\/revistacienciaecultura.org.br\/wp-content\/uploads\/2023\/04\/CC-1E23-podcast-2-capa-site.jpg 1200w\" sizes=\"(max-width: 1024px) 100vw, 1024px\" \/>\t\t\t\t\t\t\t\t<\/a>\n\t\t\t\t\t\t\t\t\t\t\t\t\t\t\t<\/div>\n\t\t\t\t<\/div>\n\t\t\t\t<div class=\"elementor-element elementor-element-1d8747d elementor-widget elementor-widget-heading\" data-id=\"1d8747d\" data-element_type=\"widget\" data-widget_type=\"heading.default\">\n\t\t\t\t<div class=\"elementor-widget-container\">\n\t\t\t<h2 id=\"historia-das-universidades-brasileiras-na-pandemia-e-na-resistencia\" class=\"elementor-heading-title elementor-size-medium\"><a href=\"https:\/\/revistacienciaecultura.org.br\/?p=3945\"><font color=\"#000000\"><span style=\"font-size: 18px; letter-spacing: -0.225px; white-space: normal;\">Hist\u00f3ria das universidades brasileiras na pandemia e na resist\u00eancia<\/span><\/font><h3 style=\"margin-right: 0px; margin-bottom: 25px; margin-left: 0px; font-weight: var( --e-global-typography-primary-font-weight ); font-size: 18px; font-family: var( --e-global-typography-primary-font-family ), Sans-serif; white-space: normal;\"><\/h3><\/a><\/h2>\t\t<\/div>\n\t\t\t\t<\/div>\n\t\t\t\t\t<\/div>\n\t\t<\/div>\n\t\t\t\t<div class=\"elementor-column elementor-col-33 elementor-top-column elementor-element elementor-element-8750f67\" data-id=\"8750f67\" data-element_type=\"column\">\n\t\t\t<div class=\"elementor-widget-wrap elementor-element-populated\">\n\t\t\t\t\t\t\t\t<div class=\"elementor-element elementor-element-7790198 elementor-widget elementor-widget-image\" data-id=\"7790198\" data-element_type=\"widget\" data-widget_type=\"image.default\">\n\t\t\t\t<div class=\"elementor-widget-container\">\n\t\t\t\t\t\t\t\t\t\t\t\t\t\t\t\t<a href=\"https:\/\/revistacienciaecultura.org.br\/?p=3809\">\n\t\t\t\t\t\t\t<img width=\"1024\" height=\"427\" src=\"https:\/\/revistacienciaecultura.org.br\/wp-content\/uploads\/2023\/03\/CC-podcast-13-cover-site-1024x427.jpg\" class=\"attachment-large size-large\" alt=\"\" loading=\"lazy\" srcset=\"https:\/\/revistacienciaecultura.org.br\/wp-content\/uploads\/2023\/03\/CC-podcast-13-cover-site-1024x427.jpg 1024w, https:\/\/revistacienciaecultura.org.br\/wp-content\/uploads\/2023\/03\/CC-podcast-13-cover-site-300x125.jpg 300w, https:\/\/revistacienciaecultura.org.br\/wp-content\/uploads\/2023\/03\/CC-podcast-13-cover-site-768x320.jpg 768w, https:\/\/revistacienciaecultura.org.br\/wp-content\/uploads\/2023\/03\/CC-podcast-13-cover-site-18x8.jpg 18w, https:\/\/revistacienciaecultura.org.br\/wp-content\/uploads\/2023\/03\/CC-podcast-13-cover-site-800x333.jpg 800w, https:\/\/revistacienciaecultura.org.br\/wp-content\/uploads\/2023\/03\/CC-podcast-13-cover-site-1160x483.jpg 1160w, https:\/\/revistacienciaecultura.org.br\/wp-content\/uploads\/2023\/03\/CC-podcast-13-cover-site.jpg 1200w\" sizes=\"(max-width: 1024px) 100vw, 1024px\" \/>\t\t\t\t\t\t\t\t<\/a>\n\t\t\t\t\t\t\t\t\t\t\t\t\t\t\t<\/div>\n\t\t\t\t<\/div>\n\t\t\t\t<div class=\"elementor-element elementor-element-ff8c18c elementor-widget elementor-widget-heading\" data-id=\"ff8c18c\" data-element_type=\"widget\" data-widget_type=\"heading.default\">\n\t\t\t\t<div class=\"elementor-widget-container\">\n\t\t\t<h2 id=\"fuga-de-cerebros-como-o-brasil-pode-reter-seus-talentos\" class=\"elementor-heading-title elementor-size-medium\"><a href=\"https:\/\/revistacienciaecultura.org.br\/?p=3809\"><font color=\"#000000\"><span style=\"font-size: 18px; letter-spacing: -0.225px; white-space: normal;\">Fuga de c\u00e9rebros: como o Brasil pode reter seus talentos?<\/span><\/font><h3 style=\"margin-right: 0px; margin-bottom: 25px; margin-left: 0px; font-weight: var( --e-global-typography-primary-font-weight ); font-size: 18px; font-family: var( --e-global-typography-primary-font-family ), Sans-serif; white-space: normal;\"><\/h3><\/a><\/h2>\t\t<\/div>\n\t\t\t\t<\/div>\n\t\t\t\t\t<\/div>\n\t\t<\/div>\n\t\t\t\t\t\t\t<\/div>\n\t\t<\/section>\n\t\t\t\t\t\t<\/div>\n\t\t\t\t\t<\/div>\n\t\t","protected":false},"excerpt":{"rendered":"Universidade do Futuro no BrasilPrimeira edi\u00e7\u00e3o 2023 Artigos Universidade aberta a novos&hellip;\n","protected":false},"author":11,"featured_media":0,"parent":0,"menu_order":0,"comment_status":"closed","ping_status":"closed","template":"","meta":[],"acf":[],"_links":{"self":[{"href":"https:\/\/revistacienciaecultura.org.br\/index.php?rest_route=\/wp\/v2\/pages\/4144"}],"collection":[{"href":"https:\/\/revistacienciaecultura.org.br\/index.php?rest_route=\/wp\/v2\/pages"}],"about":[{"href":"https:\/\/revistacienciaecultura.org.br\/index.php?rest_route=\/wp\/v2\/types\/page"}],"author":[{"embeddable":true,"href":"https:\/\/revistacienciaecultura.org.br\/index.php?rest_route=\/wp\/v2\/users\/11"}],"replies":[{"embeddable":true,"href":"https:\/\/revistacienciaecultura.org.br\/index.php?rest_route=%2Fwp%2Fv2%2Fcomments&post=4144"}],"version-history":[{"count":22,"href":"https:\/\/revistacienciaecultura.org.br\/index.php?rest_route=\/wp\/v2\/pages\/4144\/revisions"}],"predecessor-version":[{"id":4186,"href":"https:\/\/revistacienciaecultura.org.br\/index.php?rest_route=\/wp\/v2\/pages\/4144\/revisions\/4186"}],"wp:attachment":[{"href":"https:\/\/revistacienciaecultura.org.br\/index.php?rest_route=%2Fwp%2Fv2%2Fmedia&parent=4144"}],"curies":[{"name":"wp","href":"https:\/\/api.w.org\/{rel}","templated":true}]}}