{"id":4556,"date":"2023-08-08T19:18:02","date_gmt":"2023-08-08T19:18:02","guid":{"rendered":"https:\/\/revistacienciaecultura.org.br\/?page_id=4556"},"modified":"2023-10-16T19:41:32","modified_gmt":"2023-10-16T19:41:32","slug":"segunda-edicao-2023","status":"publish","type":"page","link":"https:\/\/revistacienciaecultura.org.br\/?page_id=4556","title":{"rendered":"Segunda edi\u00e7\u00e3o 2023"},"content":{"rendered":"\t\t<div data-elementor-type=\"wp-page\" data-elementor-id=\"4556\" class=\"elementor elementor-4556\" data-elementor-settings=\"[]\">\n\t\t\t\t\t\t\t<div class=\"elementor-section-wrap\">\n\t\t\t\t\t\t\t<section class=\"elementor-section elementor-top-section elementor-element elementor-element-7d3e309 elementor-section-boxed elementor-section-height-default elementor-section-height-default\" data-id=\"7d3e309\" data-element_type=\"section\">\n\t\t\t\t\t\t<div class=\"elementor-container elementor-column-gap-default\">\n\t\t\t\t\t<div class=\"elementor-column elementor-col-100 elementor-top-column elementor-element elementor-element-1378de2\" data-id=\"1378de2\" data-element_type=\"column\">\n\t\t\t<div class=\"elementor-widget-wrap elementor-element-populated\">\n\t\t\t\t\t\t\t\t<div class=\"elementor-element elementor-element-342f36b elementor--h-position-center elementor--v-position-middle elementor-arrows-position-inside elementor-pagination-position-inside elementor-widget elementor-widget-slides\" data-id=\"342f36b\" data-element_type=\"widget\" data-settings=\"{&quot;navigation&quot;:&quot;both&quot;,&quot;autoplay&quot;:&quot;yes&quot;,&quot;pause_on_hover&quot;:&quot;yes&quot;,&quot;pause_on_interaction&quot;:&quot;yes&quot;,&quot;autoplay_speed&quot;:5000,&quot;infinite&quot;:&quot;yes&quot;,&quot;transition&quot;:&quot;slide&quot;,&quot;transition_speed&quot;:500}\" data-widget_type=\"slides.default\">\n\t\t\t\t<div class=\"elementor-widget-container\">\n\t\t\t<style>\/*! elementor-pro - v3.6.2 - 14-02-2022 *\/\n.elementor-slides .swiper-slide-bg{background-size:cover;background-position:50%;background-repeat:no-repeat;min-width:100%;min-height:100%}.elementor-slides .swiper-slide-inner{background-repeat:no-repeat;background-position:50%;position:absolute;top:0;left:0;bottom:0;right:0;padding:50px;margin:auto}.elementor-slides .swiper-slide-inner,.elementor-slides .swiper-slide-inner:hover{color:#fff;display:-webkit-box;display:-ms-flexbox;display:flex}.elementor-slides .swiper-slide-inner .elementor-background-overlay{position:absolute;z-index:0;top:0;bottom:0;left:0;right:0}.elementor-slides .swiper-slide-inner .elementor-slide-content{position:relative;z-index:1;width:100%}.elementor-slides .swiper-slide-inner .elementor-slide-heading{font-size:35px;font-weight:700;line-height:1}.elementor-slides .swiper-slide-inner .elementor-slide-description{font-size:17px;line-height:1.4}.elementor-slides .swiper-slide-inner .elementor-slide-description:not(:last-child),.elementor-slides .swiper-slide-inner .elementor-slide-heading:not(:last-child){margin-bottom:30px}.elementor-slides .swiper-slide-inner .elementor-slide-button{border:2px solid #fff;color:#fff;background:transparent;display:inline-block}.elementor-slides .swiper-slide-inner .elementor-slide-button,.elementor-slides .swiper-slide-inner .elementor-slide-button:hover{background:transparent;color:inherit;text-decoration:none}.elementor--v-position-top .swiper-slide-inner{-webkit-box-align:start;-ms-flex-align:start;align-items:flex-start}.elementor--v-position-bottom .swiper-slide-inner{-webkit-box-align:end;-ms-flex-align:end;align-items:flex-end}.elementor--v-position-middle .swiper-slide-inner{-webkit-box-align:center;-ms-flex-align:center;align-items:center}.elementor--h-position-left .swiper-slide-inner{-webkit-box-pack:start;-ms-flex-pack:start;justify-content:flex-start}.elementor--h-position-right .swiper-slide-inner{-webkit-box-pack:end;-ms-flex-pack:end;justify-content:flex-end}.elementor--h-position-center .swiper-slide-inner{-webkit-box-pack:center;-ms-flex-pack:center;justify-content:center}body.rtl .elementor-widget-slides .elementor-swiper-button-next{left:10px;right:auto}body.rtl .elementor-widget-slides .elementor-swiper-button-prev{right:10px;left:auto}.elementor-slides-wrapper div:not(.swiper-slide)>.swiper-slide-inner{display:none}@media (max-width:767px){.elementor-slides .swiper-slide-inner{padding:30px}.elementor-slides .swiper-slide-inner .elementor-slide-heading{font-size:23px;line-height:1;margin-bottom:15px}.elementor-slides .swiper-slide-inner .elementor-slide-description{font-size:13px;line-height:1.4;margin-bottom:15px}}<\/style>\t\t<div class=\"elementor-swiper\">\n\t\t\t<div class=\"elementor-slides-wrapper elementor-main-swiper swiper-container\" dir=\"ltr\" data-animation=\"fadeInUp\">\n\t\t\t\t<div class=\"swiper-wrapper elementor-slides\">\n\t\t\t\t\t\t\t\t\t\t<div class=\"elementor-repeater-item-9f37bd8 swiper-slide\"><div class=\"swiper-slide-bg\"><\/div><div class=\"swiper-slide-inner\" ><div class=\"swiper-slide-contents\"><div class=\"elementor-slide-heading\">Ci\u00eancia B\u00e1sica para o Desenvolvimento Sustent\u00e1vel<\/div><div class=\"elementor-slide-description\">Segunda edi\u00e7\u00e3o 2023<\/div><\/div><\/div><\/div>\t\t\t\t<\/div>\n\t\t\t\t\t\t\t<\/div>\n\t\t<\/div>\n\t\t\t\t<\/div>\n\t\t\t\t<\/div>\n\t\t\t\t<div class=\"elementor-element elementor-element-c534cfd elementor-widget__width-auto elementor-widget elementor-widget-heading\" data-id=\"c534cfd\" data-element_type=\"widget\" data-widget_type=\"heading.default\">\n\t\t\t\t<div class=\"elementor-widget-container\">\n\t\t\t<style>\/*! elementor - v3.5.5 - 03-02-2022 *\/\n.elementor-heading-title{padding:0;margin:0;line-height:1}.elementor-widget-heading .elementor-heading-title[class*=elementor-size-]>a{color:inherit;font-size:inherit;line-height:inherit}.elementor-widget-heading .elementor-heading-title.elementor-size-small{font-size:15px}.elementor-widget-heading .elementor-heading-title.elementor-size-medium{font-size:19px}.elementor-widget-heading .elementor-heading-title.elementor-size-large{font-size:29px}.elementor-widget-heading .elementor-heading-title.elementor-size-xl{font-size:39px}.elementor-widget-heading .elementor-heading-title.elementor-size-xxl{font-size:59px}<\/style><h6 id=\"artigos\" class=\"elementor-heading-title elementor-size-default\">Artigos  <\/h6>\t\t<\/div>\n\t\t\t\t<\/div>\n\t\t\t\t\t<\/div>\n\t\t<\/div>\n\t\t\t\t\t\t\t<\/div>\n\t\t<\/section>\n\t\t\t\t<section class=\"elementor-section elementor-top-section elementor-element elementor-element-e8b0da1 elementor-section-boxed elementor-section-height-default elementor-section-height-default\" data-id=\"e8b0da1\" data-element_type=\"section\">\n\t\t\t\t\t\t<div class=\"elementor-container elementor-column-gap-default\">\n\t\t\t\t\t<div class=\"elementor-column elementor-col-33 elementor-top-column elementor-element elementor-element-0339f0e\" data-id=\"0339f0e\" data-element_type=\"column\">\n\t\t\t<div class=\"elementor-widget-wrap elementor-element-populated\">\n\t\t\t\t\t\t\t\t<div class=\"elementor-element elementor-element-d4cfe3d elementor-widget elementor-widget-image\" data-id=\"d4cfe3d\" data-element_type=\"widget\" data-widget_type=\"image.default\">\n\t\t\t\t<div class=\"elementor-widget-container\">\n\t\t\t<style>\/*! elementor - v3.5.5 - 03-02-2022 *\/\n.elementor-widget-image{text-align:center}.elementor-widget-image a{display:inline-block}.elementor-widget-image a img[src$=\".svg\"]{width:48px}.elementor-widget-image img{vertical-align:middle;display:inline-block}<\/style>\t\t\t\t\t\t\t\t\t\t\t\t\t<a href=\"https:\/\/revistacienciaecultura.org.br\/?artigos=globalizacao-das-ciencias-sociais-e-sua-vocacao-publica\">\n\t\t\t\t\t\t\t<img width=\"1024\" height=\"427\" src=\"https:\/\/revistacienciaecultura.org.br\/wp-content\/uploads\/2023\/06\/CC-2E23-artigo-Globalizac\u0327a\u0303o-das-cie\u0302ncias-sociais-e-sua-vocac\u0327a\u0303o-pu\u0301blica-capa-site-1024x427.jpg\" class=\"attachment-large size-large\" alt=\"\" loading=\"lazy\" srcset=\"https:\/\/revistacienciaecultura.org.br\/wp-content\/uploads\/2023\/06\/CC-2E23-artigo-Globalizac\u0327a\u0303o-das-cie\u0302ncias-sociais-e-sua-vocac\u0327a\u0303o-pu\u0301blica-capa-site-1024x427.jpg 1024w, https:\/\/revistacienciaecultura.org.br\/wp-content\/uploads\/2023\/06\/CC-2E23-artigo-Globalizac\u0327a\u0303o-das-cie\u0302ncias-sociais-e-sua-vocac\u0327a\u0303o-pu\u0301blica-capa-site-300x125.jpg 300w, https:\/\/revistacienciaecultura.org.br\/wp-content\/uploads\/2023\/06\/CC-2E23-artigo-Globalizac\u0327a\u0303o-das-cie\u0302ncias-sociais-e-sua-vocac\u0327a\u0303o-pu\u0301blica-capa-site-768x320.jpg 768w, https:\/\/revistacienciaecultura.org.br\/wp-content\/uploads\/2023\/06\/CC-2E23-artigo-Globalizac\u0327a\u0303o-das-cie\u0302ncias-sociais-e-sua-vocac\u0327a\u0303o-pu\u0301blica-capa-site-18x8.jpg 18w, https:\/\/revistacienciaecultura.org.br\/wp-content\/uploads\/2023\/06\/CC-2E23-artigo-Globalizac\u0327a\u0303o-das-cie\u0302ncias-sociais-e-sua-vocac\u0327a\u0303o-pu\u0301blica-capa-site-800x333.jpg 800w, https:\/\/revistacienciaecultura.org.br\/wp-content\/uploads\/2023\/06\/CC-2E23-artigo-Globalizac\u0327a\u0303o-das-cie\u0302ncias-sociais-e-sua-vocac\u0327a\u0303o-pu\u0301blica-capa-site-1160x483.jpg 1160w, https:\/\/revistacienciaecultura.org.br\/wp-content\/uploads\/2023\/06\/CC-2E23-artigo-Globalizac\u0327a\u0303o-das-cie\u0302ncias-sociais-e-sua-vocac\u0327a\u0303o-pu\u0301blica-capa-site.jpg 1200w\" sizes=\"(max-width: 1024px) 100vw, 1024px\" \/>\t\t\t\t\t\t\t\t<\/a>\n\t\t\t\t\t\t\t\t\t\t\t\t\t\t\t<\/div>\n\t\t\t\t<\/div>\n\t\t\t\t<div class=\"elementor-element elementor-element-0b40edd elementor-widget elementor-widget-heading\" data-id=\"0b40edd\" data-element_type=\"widget\" data-widget_type=\"heading.default\">\n\t\t\t\t<div class=\"elementor-widget-container\">\n\t\t\t<h2 id=\"globalizacao-das-ciencias-sociais-e-sua-vocacao-publica\" class=\"elementor-heading-title elementor-size-medium\"><a href=\"https:\/\/revistacienciaecultura.org.br\/?artigos=globalizacao-das-ciencias-sociais-e-sua-vocacao-publica\"><font color=\"#000000\"><span style=\"font-size: 18px; letter-spacing: -0.225px; white-space-collapse: collapse;\">Globaliza\u00e7\u00e3o das ci\u00eancias sociais e sua voca\u00e7\u00e3o p\u00fablica<\/span><\/font><br><h3 id=\"nanotecnologia-a-favor-da-saude\" class=\"elementor-post__title\" style=\"margin-right: 0px; margin-bottom: 0px; margin-left: 0px; font-weight: var( --e-global-typography-primary-font-weight ); color: var( --e-global-color-secondary ); font-size: 18px; font-family: var( --e-global-typography-primary-font-family ), Sans-serif; white-space: normal; background-color: rgb(255, 255, 255);\"><\/h3><\/a><\/h2>\t\t<\/div>\n\t\t\t\t<\/div>\n\t\t\t\t\t<\/div>\n\t\t<\/div>\n\t\t\t\t<div class=\"elementor-column elementor-col-33 elementor-top-column elementor-element elementor-element-4f5cff4\" data-id=\"4f5cff4\" data-element_type=\"column\">\n\t\t\t<div class=\"elementor-widget-wrap elementor-element-populated\">\n\t\t\t\t\t\t\t\t<div class=\"elementor-element elementor-element-32681a0 elementor-widget elementor-widget-image\" data-id=\"32681a0\" data-element_type=\"widget\" data-widget_type=\"image.default\">\n\t\t\t\t<div class=\"elementor-widget-container\">\n\t\t\t\t\t\t\t\t\t\t\t\t\t\t\t\t<a href=\"https:\/\/revistacienciaecultura.org.br\/?artigos=ecologia-do-conhecimento-sistemico-ao-transformador\">\n\t\t\t\t\t\t\t<img width=\"1024\" height=\"427\" src=\"https:\/\/revistacienciaecultura.org.br\/wp-content\/uploads\/2023\/07\/CC-2E23-artigo-Ecologia-do-conhecimento-siste\u0302mico-ao-transformador-capa-site-1024x427.jpg\" class=\"attachment-large size-large\" alt=\"\" loading=\"lazy\" srcset=\"https:\/\/revistacienciaecultura.org.br\/wp-content\/uploads\/2023\/07\/CC-2E23-artigo-Ecologia-do-conhecimento-siste\u0302mico-ao-transformador-capa-site-1024x427.jpg 1024w, https:\/\/revistacienciaecultura.org.br\/wp-content\/uploads\/2023\/07\/CC-2E23-artigo-Ecologia-do-conhecimento-siste\u0302mico-ao-transformador-capa-site-300x125.jpg 300w, https:\/\/revistacienciaecultura.org.br\/wp-content\/uploads\/2023\/07\/CC-2E23-artigo-Ecologia-do-conhecimento-siste\u0302mico-ao-transformador-capa-site-768x320.jpg 768w, https:\/\/revistacienciaecultura.org.br\/wp-content\/uploads\/2023\/07\/CC-2E23-artigo-Ecologia-do-conhecimento-siste\u0302mico-ao-transformador-capa-site-18x8.jpg 18w, https:\/\/revistacienciaecultura.org.br\/wp-content\/uploads\/2023\/07\/CC-2E23-artigo-Ecologia-do-conhecimento-siste\u0302mico-ao-transformador-capa-site-800x333.jpg 800w, https:\/\/revistacienciaecultura.org.br\/wp-content\/uploads\/2023\/07\/CC-2E23-artigo-Ecologia-do-conhecimento-siste\u0302mico-ao-transformador-capa-site-1160x483.jpg 1160w, https:\/\/revistacienciaecultura.org.br\/wp-content\/uploads\/2023\/07\/CC-2E23-artigo-Ecologia-do-conhecimento-siste\u0302mico-ao-transformador-capa-site.jpg 1200w\" sizes=\"(max-width: 1024px) 100vw, 1024px\" \/>\t\t\t\t\t\t\t\t<\/a>\n\t\t\t\t\t\t\t\t\t\t\t\t\t\t\t<\/div>\n\t\t\t\t<\/div>\n\t\t\t\t<div class=\"elementor-element elementor-element-669e43e elementor-widget elementor-widget-heading\" data-id=\"669e43e\" data-element_type=\"widget\" data-widget_type=\"heading.default\">\n\t\t\t\t<div class=\"elementor-widget-container\">\n\t\t\t<h2 id=\"ecologia-do-conhecimento-sistemico-ao-transformador\" class=\"elementor-heading-title elementor-size-medium\"><a href=\"https:\/\/revistacienciaecultura.org.br\/?artigos=ecologia-do-conhecimento-sistemico-ao-transformador\"><span style=\"font-size: 18px; letter-spacing: -0.225px; white-space-collapse: collapse;\">Ecologia: do conhecimento sist\u00eamico ao transformador<\/span><\/a><\/h2>\t\t<\/div>\n\t\t\t\t<\/div>\n\t\t\t\t\t<\/div>\n\t\t<\/div>\n\t\t\t\t<div class=\"elementor-column elementor-col-33 elementor-top-column elementor-element elementor-element-5037683\" data-id=\"5037683\" data-element_type=\"column\">\n\t\t\t<div class=\"elementor-widget-wrap elementor-element-populated\">\n\t\t\t\t\t\t\t\t<div class=\"elementor-element elementor-element-cb54f36 elementor-widget elementor-widget-image\" data-id=\"cb54f36\" data-element_type=\"widget\" data-widget_type=\"image.default\">\n\t\t\t\t<div class=\"elementor-widget-container\">\n\t\t\t\t\t\t\t\t\t\t\t\t\t\t\t\t<a href=\"https:\/\/revistacienciaecultura.org.br\/?artigos=a-insercao-das-ciencias-biologicas-no-cotidiano\">\n\t\t\t\t\t\t\t<img width=\"1024\" height=\"427\" src=\"https:\/\/revistacienciaecultura.org.br\/wp-content\/uploads\/2023\/07\/CC-2E23-artigo-A-inserc\u0327a\u0303o-das-Cie\u0302ncias-Biolo\u0301gicas-no-cotidiano-capa-site-1024x427.jpg\" class=\"attachment-large size-large\" alt=\"\" loading=\"lazy\" srcset=\"https:\/\/revistacienciaecultura.org.br\/wp-content\/uploads\/2023\/07\/CC-2E23-artigo-A-inserc\u0327a\u0303o-das-Cie\u0302ncias-Biolo\u0301gicas-no-cotidiano-capa-site-1024x427.jpg 1024w, https:\/\/revistacienciaecultura.org.br\/wp-content\/uploads\/2023\/07\/CC-2E23-artigo-A-inserc\u0327a\u0303o-das-Cie\u0302ncias-Biolo\u0301gicas-no-cotidiano-capa-site-300x125.jpg 300w, https:\/\/revistacienciaecultura.org.br\/wp-content\/uploads\/2023\/07\/CC-2E23-artigo-A-inserc\u0327a\u0303o-das-Cie\u0302ncias-Biolo\u0301gicas-no-cotidiano-capa-site-768x320.jpg 768w, https:\/\/revistacienciaecultura.org.br\/wp-content\/uploads\/2023\/07\/CC-2E23-artigo-A-inserc\u0327a\u0303o-das-Cie\u0302ncias-Biolo\u0301gicas-no-cotidiano-capa-site-18x8.jpg 18w, https:\/\/revistacienciaecultura.org.br\/wp-content\/uploads\/2023\/07\/CC-2E23-artigo-A-inserc\u0327a\u0303o-das-Cie\u0302ncias-Biolo\u0301gicas-no-cotidiano-capa-site-800x333.jpg 800w, https:\/\/revistacienciaecultura.org.br\/wp-content\/uploads\/2023\/07\/CC-2E23-artigo-A-inserc\u0327a\u0303o-das-Cie\u0302ncias-Biolo\u0301gicas-no-cotidiano-capa-site-1160x483.jpg 1160w, https:\/\/revistacienciaecultura.org.br\/wp-content\/uploads\/2023\/07\/CC-2E23-artigo-A-inserc\u0327a\u0303o-das-Cie\u0302ncias-Biolo\u0301gicas-no-cotidiano-capa-site.jpg 1200w\" sizes=\"(max-width: 1024px) 100vw, 1024px\" \/>\t\t\t\t\t\t\t\t<\/a>\n\t\t\t\t\t\t\t\t\t\t\t\t\t\t\t<\/div>\n\t\t\t\t<\/div>\n\t\t\t\t<div class=\"elementor-element elementor-element-c61bf88 elementor-widget elementor-widget-heading\" data-id=\"c61bf88\" data-element_type=\"widget\" data-widget_type=\"heading.default\">\n\t\t\t\t<div class=\"elementor-widget-container\">\n\t\t\t<h2 id=\"a-insercao-das-ciencias-biologicas-no-cotidiano\" class=\"elementor-heading-title elementor-size-medium\"><a href=\"https:\/\/revistacienciaecultura.org.br\/?artigos=a-insercao-das-ciencias-biologicas-no-cotidiano\"><font color=\"#000000\"><span style=\"font-size: 18px; letter-spacing: -0.225px; white-space-collapse: collapse;\">A inser\u00e7\u00e3o das Ci\u00eancias Biol\u00f3gicas no cotidiano<\/span><\/font><\/a><\/h2>\t\t<\/div>\n\t\t\t\t<\/div>\n\t\t\t\t\t<\/div>\n\t\t<\/div>\n\t\t\t\t\t\t\t<\/div>\n\t\t<\/section>\n\t\t\t\t<section class=\"elementor-section elementor-top-section elementor-element elementor-element-9b66594 elementor-section-boxed elementor-section-height-default elementor-section-height-default\" data-id=\"9b66594\" data-element_type=\"section\">\n\t\t\t\t\t\t<div class=\"elementor-container elementor-column-gap-default\">\n\t\t\t\t\t<div class=\"elementor-column elementor-col-33 elementor-top-column elementor-element elementor-element-7cdd728\" data-id=\"7cdd728\" data-element_type=\"column\">\n\t\t\t<div class=\"elementor-widget-wrap elementor-element-populated\">\n\t\t\t\t\t\t\t\t<div class=\"elementor-element elementor-element-0d1e569 elementor-widget elementor-widget-image\" data-id=\"0d1e569\" data-element_type=\"widget\" data-widget_type=\"image.default\">\n\t\t\t\t<div class=\"elementor-widget-container\">\n\t\t\t\t\t\t\t\t\t\t\t\t\t\t\t\t<a href=\"https:\/\/revistacienciaecultura.org.br\/?artigos=como-a-matematica-pode-ajudar-a-resolver-os-desafios-globais\">\n\t\t\t\t\t\t\t<img width=\"1024\" height=\"427\" src=\"https:\/\/revistacienciaecultura.org.br\/wp-content\/uploads\/2023\/07\/CC-2E23-artigo-Como-a-Matema\u0301tica-pode-ajudar-a-resolver-os-desafios-globais-capa-site-1024x427.jpg\" class=\"attachment-large size-large\" alt=\"\" loading=\"lazy\" srcset=\"https:\/\/revistacienciaecultura.org.br\/wp-content\/uploads\/2023\/07\/CC-2E23-artigo-Como-a-Matema\u0301tica-pode-ajudar-a-resolver-os-desafios-globais-capa-site-1024x427.jpg 1024w, https:\/\/revistacienciaecultura.org.br\/wp-content\/uploads\/2023\/07\/CC-2E23-artigo-Como-a-Matema\u0301tica-pode-ajudar-a-resolver-os-desafios-globais-capa-site-300x125.jpg 300w, https:\/\/revistacienciaecultura.org.br\/wp-content\/uploads\/2023\/07\/CC-2E23-artigo-Como-a-Matema\u0301tica-pode-ajudar-a-resolver-os-desafios-globais-capa-site-768x320.jpg 768w, https:\/\/revistacienciaecultura.org.br\/wp-content\/uploads\/2023\/07\/CC-2E23-artigo-Como-a-Matema\u0301tica-pode-ajudar-a-resolver-os-desafios-globais-capa-site-18x8.jpg 18w, https:\/\/revistacienciaecultura.org.br\/wp-content\/uploads\/2023\/07\/CC-2E23-artigo-Como-a-Matema\u0301tica-pode-ajudar-a-resolver-os-desafios-globais-capa-site-800x333.jpg 800w, https:\/\/revistacienciaecultura.org.br\/wp-content\/uploads\/2023\/07\/CC-2E23-artigo-Como-a-Matema\u0301tica-pode-ajudar-a-resolver-os-desafios-globais-capa-site-1160x483.jpg 1160w, https:\/\/revistacienciaecultura.org.br\/wp-content\/uploads\/2023\/07\/CC-2E23-artigo-Como-a-Matema\u0301tica-pode-ajudar-a-resolver-os-desafios-globais-capa-site.jpg 1200w\" sizes=\"(max-width: 1024px) 100vw, 1024px\" \/>\t\t\t\t\t\t\t\t<\/a>\n\t\t\t\t\t\t\t\t\t\t\t\t\t\t\t<\/div>\n\t\t\t\t<\/div>\n\t\t\t\t<div class=\"elementor-element elementor-element-04d27ed elementor-widget elementor-widget-heading\" data-id=\"04d27ed\" data-element_type=\"widget\" data-widget_type=\"heading.default\">\n\t\t\t\t<div class=\"elementor-widget-container\">\n\t\t\t<h2 id=\"como-a-matematica-pode-ajudar-a-resolver-os-desafios-globais\" class=\"elementor-heading-title elementor-size-medium\"><a href=\"https:\/\/revistacienciaecultura.org.br\/?artigos=como-a-matematica-pode-ajudar-a-resolver-os-desafios-globais\"><font color=\"#000000\"><span style=\"font-size: 18px; letter-spacing: -0.225px; white-space-collapse: collapse;\">Como a Matem\u00e1tica pode ajudar a resolver os desafios globais?<\/span><\/font><\/a><\/h2>\t\t<\/div>\n\t\t\t\t<\/div>\n\t\t\t\t\t<\/div>\n\t\t<\/div>\n\t\t\t\t<div class=\"elementor-column elementor-col-33 elementor-top-column elementor-element elementor-element-d8d8a67\" data-id=\"d8d8a67\" data-element_type=\"column\">\n\t\t\t<div class=\"elementor-widget-wrap elementor-element-populated\">\n\t\t\t\t\t\t\t\t<div class=\"elementor-element elementor-element-cfb644b elementor-widget elementor-widget-image\" data-id=\"cfb644b\" data-element_type=\"widget\" data-widget_type=\"image.default\">\n\t\t\t\t<div class=\"elementor-widget-container\">\n\t\t\t\t\t\t\t\t\t\t\t\t\t\t\t\t<a href=\"https:\/\/revistacienciaecultura.org.br\/?artigos=os-sinais-da-terra-e-as-mudancas-climaticas-uma-alianca-possivel-entre-a-antropologia-e-os-conhecimentos-tradicionais-frente-a-crise-climatica-e-ambiental\">\n\t\t\t\t\t\t\t<img width=\"1024\" height=\"427\" src=\"https:\/\/revistacienciaecultura.org.br\/wp-content\/uploads\/2023\/08\/CC-2E23-artigo-Os-sinais-da-Terra-e-as-mudanc\u0327as-clima\u0301ticas-capa-site-1024x427.jpg\" class=\"attachment-large size-large\" alt=\"\" loading=\"lazy\" srcset=\"https:\/\/revistacienciaecultura.org.br\/wp-content\/uploads\/2023\/08\/CC-2E23-artigo-Os-sinais-da-Terra-e-as-mudanc\u0327as-clima\u0301ticas-capa-site-1024x427.jpg 1024w, https:\/\/revistacienciaecultura.org.br\/wp-content\/uploads\/2023\/08\/CC-2E23-artigo-Os-sinais-da-Terra-e-as-mudanc\u0327as-clima\u0301ticas-capa-site-300x125.jpg 300w, https:\/\/revistacienciaecultura.org.br\/wp-content\/uploads\/2023\/08\/CC-2E23-artigo-Os-sinais-da-Terra-e-as-mudanc\u0327as-clima\u0301ticas-capa-site-768x320.jpg 768w, https:\/\/revistacienciaecultura.org.br\/wp-content\/uploads\/2023\/08\/CC-2E23-artigo-Os-sinais-da-Terra-e-as-mudanc\u0327as-clima\u0301ticas-capa-site-18x8.jpg 18w, https:\/\/revistacienciaecultura.org.br\/wp-content\/uploads\/2023\/08\/CC-2E23-artigo-Os-sinais-da-Terra-e-as-mudanc\u0327as-clima\u0301ticas-capa-site-800x333.jpg 800w, https:\/\/revistacienciaecultura.org.br\/wp-content\/uploads\/2023\/08\/CC-2E23-artigo-Os-sinais-da-Terra-e-as-mudanc\u0327as-clima\u0301ticas-capa-site-1160x483.jpg 1160w, https:\/\/revistacienciaecultura.org.br\/wp-content\/uploads\/2023\/08\/CC-2E23-artigo-Os-sinais-da-Terra-e-as-mudanc\u0327as-clima\u0301ticas-capa-site.jpg 1200w\" sizes=\"(max-width: 1024px) 100vw, 1024px\" \/>\t\t\t\t\t\t\t\t<\/a>\n\t\t\t\t\t\t\t\t\t\t\t\t\t\t\t<\/div>\n\t\t\t\t<\/div>\n\t\t\t\t<div class=\"elementor-element elementor-element-505a51e elementor-widget elementor-widget-heading\" data-id=\"505a51e\" data-element_type=\"widget\" data-widget_type=\"heading.default\">\n\t\t\t\t<div class=\"elementor-widget-container\">\n\t\t\t<h2 id=\"os-sinais-da-terra-e-as-mudancas-climaticas\" class=\"elementor-heading-title elementor-size-medium\"><a href=\"https:\/\/revistacienciaecultura.org.br\/?artigos=os-sinais-da-terra-e-as-mudancas-climaticas-uma-alianca-possivel-entre-a-antropologia-e-os-conhecimentos-tradicionais-frente-a-crise-climatica-e-ambiental\"><font color=\"#000000\"><span style=\"font-size: 18px; letter-spacing: -0.225px; white-space-collapse: collapse;\">Os sinais da Terra e as mudan\u00e7as clim\u00e1ticas<\/span><\/font><\/a><\/h2>\t\t<\/div>\n\t\t\t\t<\/div>\n\t\t\t\t\t<\/div>\n\t\t<\/div>\n\t\t\t\t<div class=\"elementor-column elementor-col-33 elementor-top-column elementor-element elementor-element-adbc721\" data-id=\"adbc721\" data-element_type=\"column\">\n\t\t\t<div class=\"elementor-widget-wrap elementor-element-populated\">\n\t\t\t\t\t\t\t\t<div class=\"elementor-element elementor-element-193d49b elementor-widget elementor-widget-image\" data-id=\"193d49b\" data-element_type=\"widget\" data-widget_type=\"image.default\">\n\t\t\t\t<div class=\"elementor-widget-container\">\n\t\t\t\t\t\t\t\t\t\t\t\t\t\t\t\t<a href=\"https:\/\/revistacienciaecultura.org.br\/?artigos=fisica-de-particulas-no-seculo-xxi\">\n\t\t\t\t\t\t\t<img width=\"1024\" height=\"427\" src=\"https:\/\/revistacienciaecultura.org.br\/wp-content\/uploads\/2023\/06\/CC-2E23-artigo-Fi\u0301sica-de-parti\u0301culas-capa-site-1024x427.jpg\" class=\"attachment-large size-large\" alt=\"\" loading=\"lazy\" srcset=\"https:\/\/revistacienciaecultura.org.br\/wp-content\/uploads\/2023\/06\/CC-2E23-artigo-Fi\u0301sica-de-parti\u0301culas-capa-site-1024x427.jpg 1024w, https:\/\/revistacienciaecultura.org.br\/wp-content\/uploads\/2023\/06\/CC-2E23-artigo-Fi\u0301sica-de-parti\u0301culas-capa-site-300x125.jpg 300w, https:\/\/revistacienciaecultura.org.br\/wp-content\/uploads\/2023\/06\/CC-2E23-artigo-Fi\u0301sica-de-parti\u0301culas-capa-site-768x320.jpg 768w, https:\/\/revistacienciaecultura.org.br\/wp-content\/uploads\/2023\/06\/CC-2E23-artigo-Fi\u0301sica-de-parti\u0301culas-capa-site-18x8.jpg 18w, https:\/\/revistacienciaecultura.org.br\/wp-content\/uploads\/2023\/06\/CC-2E23-artigo-Fi\u0301sica-de-parti\u0301culas-capa-site-800x333.jpg 800w, https:\/\/revistacienciaecultura.org.br\/wp-content\/uploads\/2023\/06\/CC-2E23-artigo-Fi\u0301sica-de-parti\u0301culas-capa-site-1160x483.jpg 1160w, https:\/\/revistacienciaecultura.org.br\/wp-content\/uploads\/2023\/06\/CC-2E23-artigo-Fi\u0301sica-de-parti\u0301culas-capa-site.jpg 1200w\" sizes=\"(max-width: 1024px) 100vw, 1024px\" \/>\t\t\t\t\t\t\t\t<\/a>\n\t\t\t\t\t\t\t\t\t\t\t\t\t\t\t<\/div>\n\t\t\t\t<\/div>\n\t\t\t\t<div class=\"elementor-element elementor-element-6980195 elementor-widget elementor-widget-heading\" data-id=\"6980195\" data-element_type=\"widget\" data-widget_type=\"heading.default\">\n\t\t\t\t<div class=\"elementor-widget-container\">\n\t\t\t<h2 id=\"fisica-de-particulas-no-seculo-xxi\" class=\"elementor-heading-title elementor-size-medium\"><a href=\"https:\/\/revistacienciaecultura.org.br\/?artigos=fisica-de-particulas-no-seculo-xxi\"><font color=\"#000000\"><span style=\"font-size: 18px; letter-spacing: -0.225px; white-space-collapse: collapse;\">F\u00edsica de part\u00edculas no s\u00e9culo XXI<\/span><\/font><\/a><\/h2>\t\t<\/div>\n\t\t\t\t<\/div>\n\t\t\t\t\t<\/div>\n\t\t<\/div>\n\t\t\t\t\t\t\t<\/div>\n\t\t<\/section>\n\t\t\t\t<section class=\"elementor-section elementor-top-section elementor-element elementor-element-2aa97bf elementor-section-boxed elementor-section-height-default elementor-section-height-default\" data-id=\"2aa97bf\" data-element_type=\"section\">\n\t\t\t\t\t\t<div class=\"elementor-container elementor-column-gap-default\">\n\t\t\t\t\t<div class=\"elementor-column elementor-col-33 elementor-top-column elementor-element elementor-element-99cbc40\" data-id=\"99cbc40\" data-element_type=\"column\">\n\t\t\t<div class=\"elementor-widget-wrap elementor-element-populated\">\n\t\t\t\t\t\t\t\t<div class=\"elementor-element elementor-element-8465146 elementor-widget elementor-widget-image\" data-id=\"8465146\" data-element_type=\"widget\" data-widget_type=\"image.default\">\n\t\t\t\t<div class=\"elementor-widget-container\">\n\t\t\t\t\t\t\t\t\t\t\t\t\t\t\t\t<a href=\"https:\/\/revistacienciaecultura.org.br\/?artigos=buracos-negros-supermassivos-qual-sua-importancia-no-universo\">\n\t\t\t\t\t\t\t<img width=\"1024\" height=\"427\" src=\"https:\/\/revistacienciaecultura.org.br\/wp-content\/uploads\/2023\/06\/CC-2E23-artigo-Buracos-Negros-Supermassivos-capa-site-1024x427.jpg\" class=\"attachment-large size-large\" alt=\"\" loading=\"lazy\" srcset=\"https:\/\/revistacienciaecultura.org.br\/wp-content\/uploads\/2023\/06\/CC-2E23-artigo-Buracos-Negros-Supermassivos-capa-site-1024x427.jpg 1024w, https:\/\/revistacienciaecultura.org.br\/wp-content\/uploads\/2023\/06\/CC-2E23-artigo-Buracos-Negros-Supermassivos-capa-site-300x125.jpg 300w, https:\/\/revistacienciaecultura.org.br\/wp-content\/uploads\/2023\/06\/CC-2E23-artigo-Buracos-Negros-Supermassivos-capa-site-768x320.jpg 768w, https:\/\/revistacienciaecultura.org.br\/wp-content\/uploads\/2023\/06\/CC-2E23-artigo-Buracos-Negros-Supermassivos-capa-site-18x8.jpg 18w, https:\/\/revistacienciaecultura.org.br\/wp-content\/uploads\/2023\/06\/CC-2E23-artigo-Buracos-Negros-Supermassivos-capa-site-800x333.jpg 800w, https:\/\/revistacienciaecultura.org.br\/wp-content\/uploads\/2023\/06\/CC-2E23-artigo-Buracos-Negros-Supermassivos-capa-site-1160x483.jpg 1160w, https:\/\/revistacienciaecultura.org.br\/wp-content\/uploads\/2023\/06\/CC-2E23-artigo-Buracos-Negros-Supermassivos-capa-site.jpg 1200w\" sizes=\"(max-width: 1024px) 100vw, 1024px\" \/>\t\t\t\t\t\t\t\t<\/a>\n\t\t\t\t\t\t\t\t\t\t\t\t\t\t\t<\/div>\n\t\t\t\t<\/div>\n\t\t\t\t<div class=\"elementor-element elementor-element-338b9e5 elementor-widget elementor-widget-heading\" data-id=\"338b9e5\" data-element_type=\"widget\" data-widget_type=\"heading.default\">\n\t\t\t\t<div class=\"elementor-widget-container\">\n\t\t\t<h2 id=\"buracos-negros-supermassivos-qual-sua-importancia-no-universo\" class=\"elementor-heading-title elementor-size-medium\"><a href=\"https:\/\/revistacienciaecultura.org.br\/?artigos=buracos-negros-supermassivos-qual-sua-importancia-no-universo\"><font color=\"#000000\"><span style=\"font-size: 18px; letter-spacing: -0.225px; white-space-collapse: collapse;\">Buracos Negros Supermassivos: qual sua import\u00e2ncia no Universo?<\/span><\/font><\/a><\/h2>\t\t<\/div>\n\t\t\t\t<\/div>\n\t\t\t\t\t<\/div>\n\t\t<\/div>\n\t\t\t\t<div class=\"elementor-column elementor-col-33 elementor-top-column elementor-element elementor-element-eaa9a2b\" data-id=\"eaa9a2b\" data-element_type=\"column\">\n\t\t\t<div class=\"elementor-widget-wrap\">\n\t\t\t\t\t\t\t\t\t<\/div>\n\t\t<\/div>\n\t\t\t\t<div class=\"elementor-column elementor-col-33 elementor-top-column elementor-element elementor-element-ed2d0ad\" data-id=\"ed2d0ad\" data-element_type=\"column\">\n\t\t\t<div class=\"elementor-widget-wrap\">\n\t\t\t\t\t\t\t\t\t<\/div>\n\t\t<\/div>\n\t\t\t\t\t\t\t<\/div>\n\t\t<\/section>\n\t\t\t\t<section class=\"elementor-section elementor-top-section elementor-element elementor-element-93fc524 elementor-section-boxed elementor-section-height-default elementor-section-height-default\" data-id=\"93fc524\" data-element_type=\"section\">\n\t\t\t\t\t\t<div class=\"elementor-container elementor-column-gap-default\">\n\t\t\t\t\t<div class=\"elementor-column elementor-col-33 elementor-top-column elementor-element elementor-element-f87181f\" data-id=\"f87181f\" data-element_type=\"column\">\n\t\t\t<div class=\"elementor-widget-wrap elementor-element-populated\">\n\t\t\t\t\t\t\t\t<div class=\"elementor-element elementor-element-a4d21ae elementor-widget__width-auto elementor-widget elementor-widget-heading\" data-id=\"a4d21ae\" data-element_type=\"widget\" data-widget_type=\"heading.default\">\n\t\t\t\t<div class=\"elementor-widget-container\">\n\t\t\t<h6 id=\"opiniao\" class=\"elementor-heading-title elementor-size-default\">Opini\u00e3o  <\/h6>\t\t<\/div>\n\t\t\t\t<\/div>\n\t\t\t\t\t<\/div>\n\t\t<\/div>\n\t\t\t\t<div class=\"elementor-column elementor-col-33 elementor-top-column elementor-element elementor-element-917509f\" data-id=\"917509f\" data-element_type=\"column\">\n\t\t\t<div class=\"elementor-widget-wrap elementor-element-populated\">\n\t\t\t\t\t\t\t\t\t<\/div>\n\t\t<\/div>\n\t\t\t\t<div class=\"elementor-column elementor-col-33 elementor-top-column elementor-element elementor-element-79595e2\" data-id=\"79595e2\" data-element_type=\"column\">\n\t\t\t<div class=\"elementor-widget-wrap elementor-element-populated\">\n\t\t\t\t\t\t\t\t\t<\/div>\n\t\t<\/div>\n\t\t\t\t\t\t\t<\/div>\n\t\t<\/section>\n\t\t\t\t<section class=\"elementor-section elementor-top-section elementor-element elementor-element-353bfa0 elementor-section-boxed elementor-section-height-default elementor-section-height-default\" data-id=\"353bfa0\" data-element_type=\"section\">\n\t\t\t\t\t\t<div class=\"elementor-container elementor-column-gap-default\">\n\t\t\t\t\t<div class=\"elementor-column elementor-col-33 elementor-top-column elementor-element elementor-element-84f3cb9\" data-id=\"84f3cb9\" data-element_type=\"column\">\n\t\t\t<div class=\"elementor-widget-wrap elementor-element-populated\">\n\t\t\t\t\t\t\t\t<div class=\"elementor-element elementor-element-db91dff elementor-widget elementor-widget-image\" data-id=\"db91dff\" data-element_type=\"widget\" data-widget_type=\"image.default\">\n\t\t\t\t<div class=\"elementor-widget-container\">\n\t\t\t\t\t\t\t\t\t\t\t\t\t\t\t\t<a href=\"https:\/\/revistacienciaecultura.org.br\/?p=4239\">\n\t\t\t\t\t\t\t<img width=\"1024\" height=\"427\" src=\"https:\/\/revistacienciaecultura.org.br\/wp-content\/uploads\/2023\/06\/Ciencia-e-Cultura-2E23-editorial-Cie\u0302ncia-movida-pela-curiosidade-capa-site-1024x427.jpg\" class=\"attachment-large size-large\" alt=\"\" loading=\"lazy\" srcset=\"https:\/\/revistacienciaecultura.org.br\/wp-content\/uploads\/2023\/06\/Ciencia-e-Cultura-2E23-editorial-Cie\u0302ncia-movida-pela-curiosidade-capa-site-1024x427.jpg 1024w, https:\/\/revistacienciaecultura.org.br\/wp-content\/uploads\/2023\/06\/Ciencia-e-Cultura-2E23-editorial-Cie\u0302ncia-movida-pela-curiosidade-capa-site-300x125.jpg 300w, https:\/\/revistacienciaecultura.org.br\/wp-content\/uploads\/2023\/06\/Ciencia-e-Cultura-2E23-editorial-Cie\u0302ncia-movida-pela-curiosidade-capa-site-768x320.jpg 768w, https:\/\/revistacienciaecultura.org.br\/wp-content\/uploads\/2023\/06\/Ciencia-e-Cultura-2E23-editorial-Cie\u0302ncia-movida-pela-curiosidade-capa-site-18x8.jpg 18w, https:\/\/revistacienciaecultura.org.br\/wp-content\/uploads\/2023\/06\/Ciencia-e-Cultura-2E23-editorial-Cie\u0302ncia-movida-pela-curiosidade-capa-site-800x333.jpg 800w, https:\/\/revistacienciaecultura.org.br\/wp-content\/uploads\/2023\/06\/Ciencia-e-Cultura-2E23-editorial-Cie\u0302ncia-movida-pela-curiosidade-capa-site-1160x483.jpg 1160w, https:\/\/revistacienciaecultura.org.br\/wp-content\/uploads\/2023\/06\/Ciencia-e-Cultura-2E23-editorial-Cie\u0302ncia-movida-pela-curiosidade-capa-site.jpg 1200w\" sizes=\"(max-width: 1024px) 100vw, 1024px\" \/>\t\t\t\t\t\t\t\t<\/a>\n\t\t\t\t\t\t\t\t\t\t\t\t\t\t\t<\/div>\n\t\t\t\t<\/div>\n\t\t\t\t<div class=\"elementor-element elementor-element-5c52800 elementor-widget elementor-widget-heading\" data-id=\"5c52800\" data-element_type=\"widget\" data-widget_type=\"heading.default\">\n\t\t\t\t<div class=\"elementor-widget-container\">\n\t\t\t<h2 id=\"ciencia-movida-pela-curiosidade-porque-somos-humanos\" class=\"elementor-heading-title elementor-size-medium\"><a href=\"https:\/\/revistacienciaecultura.org.br\/?p=4239\"><font color=\"#000000\"><span style=\"font-size: 18px; letter-spacing: -0.225px; white-space-collapse: collapse;\">Ci\u00eancia movida pela curiosidade: porque somos humanos!<\/span><\/font><\/a><\/h2>\t\t<\/div>\n\t\t\t\t<\/div>\n\t\t\t\t\t<\/div>\n\t\t<\/div>\n\t\t\t\t<div class=\"elementor-column elementor-col-33 elementor-top-column elementor-element elementor-element-ee1542d\" data-id=\"ee1542d\" data-element_type=\"column\">\n\t\t\t<div class=\"elementor-widget-wrap elementor-element-populated\">\n\t\t\t\t\t\t\t\t<div class=\"elementor-element elementor-element-06785a6 elementor-widget elementor-widget-image\" data-id=\"06785a6\" data-element_type=\"widget\" data-widget_type=\"image.default\">\n\t\t\t\t<div class=\"elementor-widget-container\">\n\t\t\t\t\t\t\t\t\t\t\t\t\t\t\t\t<a href=\"https:\/\/revistacienciaecultura.org.br\/?p=4273\">\n\t\t\t\t\t\t\t<img width=\"1024\" height=\"427\" src=\"https:\/\/revistacienciaecultura.org.br\/wp-content\/uploads\/2023\/06\/CC-2E23-opiniao-Sustentabilidade-e-reduc\u0327a\u0303o-das-vulnerabilidades-capa-site-1024x427.jpg\" class=\"attachment-large size-large\" alt=\"\" loading=\"lazy\" srcset=\"https:\/\/revistacienciaecultura.org.br\/wp-content\/uploads\/2023\/06\/CC-2E23-opiniao-Sustentabilidade-e-reduc\u0327a\u0303o-das-vulnerabilidades-capa-site-1024x427.jpg 1024w, https:\/\/revistacienciaecultura.org.br\/wp-content\/uploads\/2023\/06\/CC-2E23-opiniao-Sustentabilidade-e-reduc\u0327a\u0303o-das-vulnerabilidades-capa-site-300x125.jpg 300w, https:\/\/revistacienciaecultura.org.br\/wp-content\/uploads\/2023\/06\/CC-2E23-opiniao-Sustentabilidade-e-reduc\u0327a\u0303o-das-vulnerabilidades-capa-site-768x320.jpg 768w, https:\/\/revistacienciaecultura.org.br\/wp-content\/uploads\/2023\/06\/CC-2E23-opiniao-Sustentabilidade-e-reduc\u0327a\u0303o-das-vulnerabilidades-capa-site-18x8.jpg 18w, https:\/\/revistacienciaecultura.org.br\/wp-content\/uploads\/2023\/06\/CC-2E23-opiniao-Sustentabilidade-e-reduc\u0327a\u0303o-das-vulnerabilidades-capa-site-800x333.jpg 800w, https:\/\/revistacienciaecultura.org.br\/wp-content\/uploads\/2023\/06\/CC-2E23-opiniao-Sustentabilidade-e-reduc\u0327a\u0303o-das-vulnerabilidades-capa-site-1160x483.jpg 1160w, https:\/\/revistacienciaecultura.org.br\/wp-content\/uploads\/2023\/06\/CC-2E23-opiniao-Sustentabilidade-e-reduc\u0327a\u0303o-das-vulnerabilidades-capa-site.jpg 1200w\" sizes=\"(max-width: 1024px) 100vw, 1024px\" \/>\t\t\t\t\t\t\t\t<\/a>\n\t\t\t\t\t\t\t\t\t\t\t\t\t\t\t<\/div>\n\t\t\t\t<\/div>\n\t\t\t\t<div class=\"elementor-element elementor-element-d0b6838 elementor-widget elementor-widget-heading\" data-id=\"d0b6838\" data-element_type=\"widget\" data-widget_type=\"heading.default\">\n\t\t\t\t<div class=\"elementor-widget-container\">\n\t\t\t<h2 id=\"sustentabilidade-e-reducao-das-vulnerabilidades\" class=\"elementor-heading-title elementor-size-medium\"><a href=\"https:\/\/revistacienciaecultura.org.br\/?p=4273\"><font color=\"#000000\"><span style=\"font-size: 18px; letter-spacing: -0.225px; white-space-collapse: collapse;\">Sustentabilidade e redu\u00e7\u00e3o das vulnerabilidades<\/span><\/font><\/a><\/h2>\t\t<\/div>\n\t\t\t\t<\/div>\n\t\t\t\t\t<\/div>\n\t\t<\/div>\n\t\t\t\t<div class=\"elementor-column elementor-col-33 elementor-top-column elementor-element elementor-element-2a1cc67\" data-id=\"2a1cc67\" data-element_type=\"column\">\n\t\t\t<div class=\"elementor-widget-wrap elementor-element-populated\">\n\t\t\t\t\t\t\t\t<div class=\"elementor-element elementor-element-8806b9a elementor-widget elementor-widget-image\" data-id=\"8806b9a\" data-element_type=\"widget\" data-widget_type=\"image.default\">\n\t\t\t\t<div class=\"elementor-widget-container\">\n\t\t\t\t\t\t\t\t\t\t\t\t\t\t\t\t<a href=\"https:\/\/revistacienciaecultura.org.br\/?p=4377\">\n\t\t\t\t\t\t\t<img width=\"1024\" height=\"427\" src=\"https:\/\/revistacienciaecultura.org.br\/wp-content\/uploads\/2023\/07\/CC-2E23-opinia\u0303o-Cie\u0302ncia-ba\u0301sica-combate-a\u0300-fome-e-a-nova-equac\u0327a\u0303o-alimentar-capa-site-1024x427.jpg\" class=\"attachment-large size-large\" alt=\"\" loading=\"lazy\" srcset=\"https:\/\/revistacienciaecultura.org.br\/wp-content\/uploads\/2023\/07\/CC-2E23-opinia\u0303o-Cie\u0302ncia-ba\u0301sica-combate-a\u0300-fome-e-a-nova-equac\u0327a\u0303o-alimentar-capa-site-1024x427.jpg 1024w, https:\/\/revistacienciaecultura.org.br\/wp-content\/uploads\/2023\/07\/CC-2E23-opinia\u0303o-Cie\u0302ncia-ba\u0301sica-combate-a\u0300-fome-e-a-nova-equac\u0327a\u0303o-alimentar-capa-site-300x125.jpg 300w, https:\/\/revistacienciaecultura.org.br\/wp-content\/uploads\/2023\/07\/CC-2E23-opinia\u0303o-Cie\u0302ncia-ba\u0301sica-combate-a\u0300-fome-e-a-nova-equac\u0327a\u0303o-alimentar-capa-site-768x320.jpg 768w, https:\/\/revistacienciaecultura.org.br\/wp-content\/uploads\/2023\/07\/CC-2E23-opinia\u0303o-Cie\u0302ncia-ba\u0301sica-combate-a\u0300-fome-e-a-nova-equac\u0327a\u0303o-alimentar-capa-site-18x8.jpg 18w, https:\/\/revistacienciaecultura.org.br\/wp-content\/uploads\/2023\/07\/CC-2E23-opinia\u0303o-Cie\u0302ncia-ba\u0301sica-combate-a\u0300-fome-e-a-nova-equac\u0327a\u0303o-alimentar-capa-site-800x333.jpg 800w, https:\/\/revistacienciaecultura.org.br\/wp-content\/uploads\/2023\/07\/CC-2E23-opinia\u0303o-Cie\u0302ncia-ba\u0301sica-combate-a\u0300-fome-e-a-nova-equac\u0327a\u0303o-alimentar-capa-site-1160x483.jpg 1160w, https:\/\/revistacienciaecultura.org.br\/wp-content\/uploads\/2023\/07\/CC-2E23-opinia\u0303o-Cie\u0302ncia-ba\u0301sica-combate-a\u0300-fome-e-a-nova-equac\u0327a\u0303o-alimentar-capa-site.jpg 1200w\" sizes=\"(max-width: 1024px) 100vw, 1024px\" \/>\t\t\t\t\t\t\t\t<\/a>\n\t\t\t\t\t\t\t\t\t\t\t\t\t\t\t<\/div>\n\t\t\t\t<\/div>\n\t\t\t\t<div class=\"elementor-element elementor-element-dff54c4 elementor-widget elementor-widget-heading\" data-id=\"dff54c4\" data-element_type=\"widget\" data-widget_type=\"heading.default\">\n\t\t\t\t<div class=\"elementor-widget-container\">\n\t\t\t<h2 id=\"ciencia-basica-combate-a-fome-e-a-nova-equacao-alimentar\" class=\"elementor-heading-title elementor-size-medium\"><a href=\"https:\/\/revistacienciaecultura.org.br\/?p=4377\"><font color=\"#000000\"><span style=\"font-size: 18px; letter-spacing: -0.225px; white-space-collapse: collapse;\">Ci\u00eancia b\u00e1sica, combate \u00e0 fome e a nova equa\u00e7\u00e3o alimentar<\/span><\/font><\/a><\/h2>\t\t<\/div>\n\t\t\t\t<\/div>\n\t\t\t\t\t<\/div>\n\t\t<\/div>\n\t\t\t\t\t\t\t<\/div>\n\t\t<\/section>\n\t\t\t\t<section class=\"elementor-section elementor-top-section elementor-element elementor-element-907f8ee elementor-section-boxed elementor-section-height-default elementor-section-height-default\" data-id=\"907f8ee\" data-element_type=\"section\">\n\t\t\t\t\t\t<div class=\"elementor-container elementor-column-gap-default\">\n\t\t\t\t\t<div class=\"elementor-column elementor-col-33 elementor-top-column elementor-element elementor-element-21980de\" data-id=\"21980de\" data-element_type=\"column\">\n\t\t\t<div class=\"elementor-widget-wrap elementor-element-populated\">\n\t\t\t\t\t\t\t\t<div class=\"elementor-element elementor-element-c7d9a8e elementor-widget elementor-widget-image\" data-id=\"c7d9a8e\" data-element_type=\"widget\" data-widget_type=\"image.default\">\n\t\t\t\t<div class=\"elementor-widget-container\">\n\t\t\t\t\t\t\t\t\t\t\t\t\t\t\t\t<a href=\"https:\/\/revistacienciaecultura.org.br\/?p=4384\">\n\t\t\t\t\t\t\t<img width=\"1024\" height=\"427\" src=\"https:\/\/revistacienciaecultura.org.br\/wp-content\/uploads\/2023\/07\/CC-2E23-opinia\u0303o-Sau\u0301de-coletiva-desenvolvimento-e-qualidade-de-vida-capa-site-1024x427.jpg\" class=\"attachment-large size-large\" alt=\"\" loading=\"lazy\" srcset=\"https:\/\/revistacienciaecultura.org.br\/wp-content\/uploads\/2023\/07\/CC-2E23-opinia\u0303o-Sau\u0301de-coletiva-desenvolvimento-e-qualidade-de-vida-capa-site-1024x427.jpg 1024w, https:\/\/revistacienciaecultura.org.br\/wp-content\/uploads\/2023\/07\/CC-2E23-opinia\u0303o-Sau\u0301de-coletiva-desenvolvimento-e-qualidade-de-vida-capa-site-300x125.jpg 300w, https:\/\/revistacienciaecultura.org.br\/wp-content\/uploads\/2023\/07\/CC-2E23-opinia\u0303o-Sau\u0301de-coletiva-desenvolvimento-e-qualidade-de-vida-capa-site-768x320.jpg 768w, https:\/\/revistacienciaecultura.org.br\/wp-content\/uploads\/2023\/07\/CC-2E23-opinia\u0303o-Sau\u0301de-coletiva-desenvolvimento-e-qualidade-de-vida-capa-site-18x8.jpg 18w, https:\/\/revistacienciaecultura.org.br\/wp-content\/uploads\/2023\/07\/CC-2E23-opinia\u0303o-Sau\u0301de-coletiva-desenvolvimento-e-qualidade-de-vida-capa-site-800x333.jpg 800w, https:\/\/revistacienciaecultura.org.br\/wp-content\/uploads\/2023\/07\/CC-2E23-opinia\u0303o-Sau\u0301de-coletiva-desenvolvimento-e-qualidade-de-vida-capa-site-1160x483.jpg 1160w, https:\/\/revistacienciaecultura.org.br\/wp-content\/uploads\/2023\/07\/CC-2E23-opinia\u0303o-Sau\u0301de-coletiva-desenvolvimento-e-qualidade-de-vida-capa-site.jpg 1200w\" sizes=\"(max-width: 1024px) 100vw, 1024px\" \/>\t\t\t\t\t\t\t\t<\/a>\n\t\t\t\t\t\t\t\t\t\t\t\t\t\t\t<\/div>\n\t\t\t\t<\/div>\n\t\t\t\t<div class=\"elementor-element elementor-element-b03fb0a elementor-widget elementor-widget-heading\" data-id=\"b03fb0a\" data-element_type=\"widget\" data-widget_type=\"heading.default\">\n\t\t\t\t<div class=\"elementor-widget-container\">\n\t\t\t<h2 id=\"saude-coletiva-desenvolvimento-e-qualidade-de-vida-no-contexto-latino-americano-atual\" class=\"elementor-heading-title elementor-size-medium\"><a href=\"https:\/\/revistacienciaecultura.org.br\/?p=4384\"><font color=\"#000000\"><span style=\"font-size: 18px; letter-spacing: -0.225px; white-space-collapse: collapse;\">Sa\u00fade coletiva, desenvolvimento e qualidade de vida no contexto latino-americano atual<\/span><\/font><\/a><\/h2>\t\t<\/div>\n\t\t\t\t<\/div>\n\t\t\t\t\t<\/div>\n\t\t<\/div>\n\t\t\t\t<div class=\"elementor-column elementor-col-33 elementor-top-column elementor-element elementor-element-95af67c\" data-id=\"95af67c\" data-element_type=\"column\">\n\t\t\t<div class=\"elementor-widget-wrap\">\n\t\t\t\t\t\t\t\t\t<\/div>\n\t\t<\/div>\n\t\t\t\t<div class=\"elementor-column elementor-col-33 elementor-top-column elementor-element elementor-element-56c6458\" data-id=\"56c6458\" data-element_type=\"column\">\n\t\t\t<div class=\"elementor-widget-wrap\">\n\t\t\t\t\t\t\t\t\t<\/div>\n\t\t<\/div>\n\t\t\t\t\t\t\t<\/div>\n\t\t<\/section>\n\t\t\t\t<section class=\"elementor-section elementor-top-section elementor-element elementor-element-377abf1 elementor-section-boxed elementor-section-height-default elementor-section-height-default\" data-id=\"377abf1\" data-element_type=\"section\">\n\t\t\t\t\t\t<div class=\"elementor-container elementor-column-gap-default\">\n\t\t\t\t\t<div class=\"elementor-column elementor-col-100 elementor-top-column elementor-element elementor-element-16d33cc\" data-id=\"16d33cc\" data-element_type=\"column\">\n\t\t\t<div class=\"elementor-widget-wrap elementor-element-populated\">\n\t\t\t\t\t\t\t\t<div class=\"elementor-element elementor-element-8e59674 elementor-widget__width-auto elementor-widget elementor-widget-heading\" data-id=\"8e59674\" data-element_type=\"widget\" data-widget_type=\"heading.default\">\n\t\t\t\t<div class=\"elementor-widget-container\">\n\t\t\t<h6 id=\"reportagens\" class=\"elementor-heading-title elementor-size-default\">Reportagens  <\/h6>\t\t<\/div>\n\t\t\t\t<\/div>\n\t\t\t\t\t<\/div>\n\t\t<\/div>\n\t\t\t\t\t\t\t<\/div>\n\t\t<\/section>\n\t\t\t\t<section class=\"elementor-section elementor-top-section elementor-element elementor-element-d39578c elementor-section-boxed elementor-section-height-default elementor-section-height-default\" data-id=\"d39578c\" data-element_type=\"section\">\n\t\t\t\t\t\t<div class=\"elementor-container elementor-column-gap-default\">\n\t\t\t\t\t<div class=\"elementor-column elementor-col-33 elementor-top-column elementor-element elementor-element-47ee003\" data-id=\"47ee003\" data-element_type=\"column\">\n\t\t\t<div class=\"elementor-widget-wrap elementor-element-populated\">\n\t\t\t\t\t\t\t\t<div class=\"elementor-element elementor-element-72e96e1 elementor-widget elementor-widget-image\" data-id=\"72e96e1\" data-element_type=\"widget\" data-widget_type=\"image.default\">\n\t\t\t\t<div class=\"elementor-widget-container\">\n\t\t\t\t\t\t\t\t\t\t\t\t\t\t\t\t<a href=\"https:\/\/revistacienciaecultura.org.br\/?p=4401\">\n\t\t\t\t\t\t\t<img width=\"1024\" height=\"427\" src=\"https:\/\/revistacienciaecultura.org.br\/wp-content\/uploads\/2023\/08\/CC-2E23-reportagem-Desafios-da-cie\u0302ncia-ba\u0301sica-no-alcance-do-desenvolvimento-sustenta\u0301vel-capa-site-1024x427.jpg\" class=\"attachment-large size-large\" alt=\"\" loading=\"lazy\" srcset=\"https:\/\/revistacienciaecultura.org.br\/wp-content\/uploads\/2023\/08\/CC-2E23-reportagem-Desafios-da-cie\u0302ncia-ba\u0301sica-no-alcance-do-desenvolvimento-sustenta\u0301vel-capa-site-1024x427.jpg 1024w, https:\/\/revistacienciaecultura.org.br\/wp-content\/uploads\/2023\/08\/CC-2E23-reportagem-Desafios-da-cie\u0302ncia-ba\u0301sica-no-alcance-do-desenvolvimento-sustenta\u0301vel-capa-site-300x125.jpg 300w, https:\/\/revistacienciaecultura.org.br\/wp-content\/uploads\/2023\/08\/CC-2E23-reportagem-Desafios-da-cie\u0302ncia-ba\u0301sica-no-alcance-do-desenvolvimento-sustenta\u0301vel-capa-site-768x320.jpg 768w, https:\/\/revistacienciaecultura.org.br\/wp-content\/uploads\/2023\/08\/CC-2E23-reportagem-Desafios-da-cie\u0302ncia-ba\u0301sica-no-alcance-do-desenvolvimento-sustenta\u0301vel-capa-site-18x8.jpg 18w, https:\/\/revistacienciaecultura.org.br\/wp-content\/uploads\/2023\/08\/CC-2E23-reportagem-Desafios-da-cie\u0302ncia-ba\u0301sica-no-alcance-do-desenvolvimento-sustenta\u0301vel-capa-site-800x333.jpg 800w, https:\/\/revistacienciaecultura.org.br\/wp-content\/uploads\/2023\/08\/CC-2E23-reportagem-Desafios-da-cie\u0302ncia-ba\u0301sica-no-alcance-do-desenvolvimento-sustenta\u0301vel-capa-site-1160x483.jpg 1160w, https:\/\/revistacienciaecultura.org.br\/wp-content\/uploads\/2023\/08\/CC-2E23-reportagem-Desafios-da-cie\u0302ncia-ba\u0301sica-no-alcance-do-desenvolvimento-sustenta\u0301vel-capa-site.jpg 1200w\" sizes=\"(max-width: 1024px) 100vw, 1024px\" \/>\t\t\t\t\t\t\t\t<\/a>\n\t\t\t\t\t\t\t\t\t\t\t\t\t\t\t<\/div>\n\t\t\t\t<\/div>\n\t\t\t\t<div class=\"elementor-element elementor-element-767dc0a elementor-widget elementor-widget-heading\" data-id=\"767dc0a\" data-element_type=\"widget\" data-widget_type=\"heading.default\">\n\t\t\t\t<div class=\"elementor-widget-container\">\n\t\t\t<h2 id=\"desafios-da-ciencia-basica-para-o-alcance-do-desenvolvimento-sustentavel\" class=\"elementor-heading-title elementor-size-medium\"><a href=\"https:\/\/revistacienciaecultura.org.br\/?p=4401\"><font color=\"#000000\"><span style=\"font-size: 18px; letter-spacing: -0.225px; white-space-collapse: collapse;\">Desafios da ci\u00eancia b\u00e1sica para o alcance do desenvolvimento sustent\u00e1vel<\/span><\/font><\/a><\/h2>\t\t<\/div>\n\t\t\t\t<\/div>\n\t\t\t\t\t<\/div>\n\t\t<\/div>\n\t\t\t\t<div class=\"elementor-column elementor-col-33 elementor-top-column elementor-element elementor-element-645135e\" data-id=\"645135e\" data-element_type=\"column\">\n\t\t\t<div class=\"elementor-widget-wrap elementor-element-populated\">\n\t\t\t\t\t\t\t\t<div class=\"elementor-element elementor-element-b1f538d elementor-widget elementor-widget-image\" data-id=\"b1f538d\" data-element_type=\"widget\" data-widget_type=\"image.default\">\n\t\t\t\t<div class=\"elementor-widget-container\">\n\t\t\t\t\t\t\t\t\t\t\t\t\t\t\t\t<a href=\"https:\/\/revistacienciaecultura.org.br\/?p=4411\">\n\t\t\t\t\t\t\t<img width=\"1024\" height=\"427\" src=\"https:\/\/revistacienciaecultura.org.br\/wp-content\/uploads\/2023\/07\/CC-2E23-reportagem-Os-desafios-de-consolidar-poli\u0301ticas-pu\u0301blicas-baseadas-em-cie\u0302ncia-capa-site-1024x427.jpg\" class=\"attachment-large size-large\" alt=\"\" loading=\"lazy\" srcset=\"https:\/\/revistacienciaecultura.org.br\/wp-content\/uploads\/2023\/07\/CC-2E23-reportagem-Os-desafios-de-consolidar-poli\u0301ticas-pu\u0301blicas-baseadas-em-cie\u0302ncia-capa-site-1024x427.jpg 1024w, https:\/\/revistacienciaecultura.org.br\/wp-content\/uploads\/2023\/07\/CC-2E23-reportagem-Os-desafios-de-consolidar-poli\u0301ticas-pu\u0301blicas-baseadas-em-cie\u0302ncia-capa-site-300x125.jpg 300w, https:\/\/revistacienciaecultura.org.br\/wp-content\/uploads\/2023\/07\/CC-2E23-reportagem-Os-desafios-de-consolidar-poli\u0301ticas-pu\u0301blicas-baseadas-em-cie\u0302ncia-capa-site-768x320.jpg 768w, https:\/\/revistacienciaecultura.org.br\/wp-content\/uploads\/2023\/07\/CC-2E23-reportagem-Os-desafios-de-consolidar-poli\u0301ticas-pu\u0301blicas-baseadas-em-cie\u0302ncia-capa-site-18x8.jpg 18w, https:\/\/revistacienciaecultura.org.br\/wp-content\/uploads\/2023\/07\/CC-2E23-reportagem-Os-desafios-de-consolidar-poli\u0301ticas-pu\u0301blicas-baseadas-em-cie\u0302ncia-capa-site-800x333.jpg 800w, https:\/\/revistacienciaecultura.org.br\/wp-content\/uploads\/2023\/07\/CC-2E23-reportagem-Os-desafios-de-consolidar-poli\u0301ticas-pu\u0301blicas-baseadas-em-cie\u0302ncia-capa-site-1160x483.jpg 1160w, https:\/\/revistacienciaecultura.org.br\/wp-content\/uploads\/2023\/07\/CC-2E23-reportagem-Os-desafios-de-consolidar-poli\u0301ticas-pu\u0301blicas-baseadas-em-cie\u0302ncia-capa-site.jpg 1200w\" sizes=\"(max-width: 1024px) 100vw, 1024px\" \/>\t\t\t\t\t\t\t\t<\/a>\n\t\t\t\t\t\t\t\t\t\t\t\t\t\t\t<\/div>\n\t\t\t\t<\/div>\n\t\t\t\t<div class=\"elementor-element elementor-element-ecc1439 elementor-widget elementor-widget-heading\" data-id=\"ecc1439\" data-element_type=\"widget\" data-widget_type=\"heading.default\">\n\t\t\t\t<div class=\"elementor-widget-container\">\n\t\t\t<h2 id=\"os-desafios-de-consolidar-politicas-publicas-baseadas-em-ciencia\" class=\"elementor-heading-title elementor-size-medium\"><a href=\"https:\/\/revistacienciaecultura.org.br\/?p=4411\"><font color=\"#000000\"><span style=\"font-size: 18px; letter-spacing: -0.225px; white-space-collapse: collapse;\">Os desafios de consolidar pol\u00edticas p\u00fablicas baseadas em ci\u00eancia<\/span><\/font><\/a><\/h2>\t\t<\/div>\n\t\t\t\t<\/div>\n\t\t\t\t\t<\/div>\n\t\t<\/div>\n\t\t\t\t<div class=\"elementor-column elementor-col-33 elementor-top-column elementor-element elementor-element-0aacf05\" data-id=\"0aacf05\" data-element_type=\"column\">\n\t\t\t<div class=\"elementor-widget-wrap elementor-element-populated\">\n\t\t\t\t\t\t\t\t<div class=\"elementor-element elementor-element-a65da60 elementor-widget elementor-widget-image\" data-id=\"a65da60\" data-element_type=\"widget\" data-widget_type=\"image.default\">\n\t\t\t\t<div class=\"elementor-widget-container\">\n\t\t\t\t\t\t\t\t\t\t\t\t\t\t\t\t<a href=\"https:\/\/revistacienciaecultura.org.br\/?p=4418\">\n\t\t\t\t\t\t\t<img width=\"1024\" height=\"427\" src=\"https:\/\/revistacienciaecultura.org.br\/wp-content\/uploads\/2023\/07\/CC-2E23-reportagem-Uma-aliada-invisi\u0301vel-capa-site-1024x427.jpg\" class=\"attachment-large size-large\" alt=\"\" loading=\"lazy\" srcset=\"https:\/\/revistacienciaecultura.org.br\/wp-content\/uploads\/2023\/07\/CC-2E23-reportagem-Uma-aliada-invisi\u0301vel-capa-site-1024x427.jpg 1024w, https:\/\/revistacienciaecultura.org.br\/wp-content\/uploads\/2023\/07\/CC-2E23-reportagem-Uma-aliada-invisi\u0301vel-capa-site-300x125.jpg 300w, https:\/\/revistacienciaecultura.org.br\/wp-content\/uploads\/2023\/07\/CC-2E23-reportagem-Uma-aliada-invisi\u0301vel-capa-site-768x320.jpg 768w, https:\/\/revistacienciaecultura.org.br\/wp-content\/uploads\/2023\/07\/CC-2E23-reportagem-Uma-aliada-invisi\u0301vel-capa-site-18x8.jpg 18w, https:\/\/revistacienciaecultura.org.br\/wp-content\/uploads\/2023\/07\/CC-2E23-reportagem-Uma-aliada-invisi\u0301vel-capa-site-800x333.jpg 800w, https:\/\/revistacienciaecultura.org.br\/wp-content\/uploads\/2023\/07\/CC-2E23-reportagem-Uma-aliada-invisi\u0301vel-capa-site-1160x483.jpg 1160w, https:\/\/revistacienciaecultura.org.br\/wp-content\/uploads\/2023\/07\/CC-2E23-reportagem-Uma-aliada-invisi\u0301vel-capa-site.jpg 1200w\" sizes=\"(max-width: 1024px) 100vw, 1024px\" \/>\t\t\t\t\t\t\t\t<\/a>\n\t\t\t\t\t\t\t\t\t\t\t\t\t\t\t<\/div>\n\t\t\t\t<\/div>\n\t\t\t\t<div class=\"elementor-element elementor-element-370e3ad elementor-widget elementor-widget-heading\" data-id=\"370e3ad\" data-element_type=\"widget\" data-widget_type=\"heading.default\">\n\t\t\t\t<div class=\"elementor-widget-container\">\n\t\t\t<h2 id=\"uma-aliada-invisivel\" class=\"elementor-heading-title elementor-size-medium\"><a href=\"https:\/\/revistacienciaecultura.org.br\/?p=4418\"><font color=\"#000000\"><span style=\"font-size: 18px; letter-spacing: -0.225px; white-space-collapse: collapse;\">Uma aliada invis\u00edvel<\/span><\/font><\/a><\/h2>\t\t<\/div>\n\t\t\t\t<\/div>\n\t\t\t\t\t<\/div>\n\t\t<\/div>\n\t\t\t\t\t\t\t<\/div>\n\t\t<\/section>\n\t\t\t\t<section class=\"elementor-section elementor-top-section elementor-element elementor-element-5c09763 elementor-section-boxed elementor-section-height-default elementor-section-height-default\" data-id=\"5c09763\" data-element_type=\"section\">\n\t\t\t\t\t\t<div class=\"elementor-container elementor-column-gap-default\">\n\t\t\t\t\t<div class=\"elementor-column elementor-col-33 elementor-top-column elementor-element elementor-element-cfc456c\" data-id=\"cfc456c\" data-element_type=\"column\">\n\t\t\t<div class=\"elementor-widget-wrap elementor-element-populated\">\n\t\t\t\t\t\t\t\t<div class=\"elementor-element elementor-element-288668d elementor-widget elementor-widget-image\" data-id=\"288668d\" data-element_type=\"widget\" data-widget_type=\"image.default\">\n\t\t\t\t<div class=\"elementor-widget-container\">\n\t\t\t\t\t\t\t\t\t\t\t\t\t\t\t\t<a href=\"https:\/\/revistacienciaecultura.org.br\/?p=4286\">\n\t\t\t\t\t\t\t<img width=\"1024\" height=\"427\" src=\"https:\/\/revistacienciaecultura.org.br\/wp-content\/uploads\/2023\/06\/CC-2E23-reportagem-Diversidade-na-cie\u0302ncia-capa-site-1024x427.jpg\" class=\"attachment-large size-large\" alt=\"\" loading=\"lazy\" srcset=\"https:\/\/revistacienciaecultura.org.br\/wp-content\/uploads\/2023\/06\/CC-2E23-reportagem-Diversidade-na-cie\u0302ncia-capa-site-1024x427.jpg 1024w, https:\/\/revistacienciaecultura.org.br\/wp-content\/uploads\/2023\/06\/CC-2E23-reportagem-Diversidade-na-cie\u0302ncia-capa-site-300x125.jpg 300w, https:\/\/revistacienciaecultura.org.br\/wp-content\/uploads\/2023\/06\/CC-2E23-reportagem-Diversidade-na-cie\u0302ncia-capa-site-768x320.jpg 768w, https:\/\/revistacienciaecultura.org.br\/wp-content\/uploads\/2023\/06\/CC-2E23-reportagem-Diversidade-na-cie\u0302ncia-capa-site-18x8.jpg 18w, https:\/\/revistacienciaecultura.org.br\/wp-content\/uploads\/2023\/06\/CC-2E23-reportagem-Diversidade-na-cie\u0302ncia-capa-site-800x333.jpg 800w, https:\/\/revistacienciaecultura.org.br\/wp-content\/uploads\/2023\/06\/CC-2E23-reportagem-Diversidade-na-cie\u0302ncia-capa-site-1160x483.jpg 1160w, https:\/\/revistacienciaecultura.org.br\/wp-content\/uploads\/2023\/06\/CC-2E23-reportagem-Diversidade-na-cie\u0302ncia-capa-site.jpg 1200w\" sizes=\"(max-width: 1024px) 100vw, 1024px\" \/>\t\t\t\t\t\t\t\t<\/a>\n\t\t\t\t\t\t\t\t\t\t\t\t\t\t\t<\/div>\n\t\t\t\t<\/div>\n\t\t\t\t<div class=\"elementor-element elementor-element-a2ff34b elementor-widget elementor-widget-heading\" data-id=\"a2ff34b\" data-element_type=\"widget\" data-widget_type=\"heading.default\">\n\t\t\t\t<div class=\"elementor-widget-container\">\n\t\t\t<h2 id=\"diversidade-na-ciencia-a-necessidade-de-borrar-fronteiras\" class=\"elementor-heading-title elementor-size-medium\"><a href=\"https:\/\/revistacienciaecultura.org.br\/?p=4286\"><font color=\"#000000\"><span style=\"font-size: 18px; letter-spacing: -0.225px; white-space-collapse: collapse;\">Diversidade na ci\u00eancia: a necessidade de borrar fronteiras<\/span><\/font><\/a><\/h2>\t\t<\/div>\n\t\t\t\t<\/div>\n\t\t\t\t\t<\/div>\n\t\t<\/div>\n\t\t\t\t<div class=\"elementor-column elementor-col-33 elementor-top-column elementor-element elementor-element-c5b188a\" data-id=\"c5b188a\" data-element_type=\"column\">\n\t\t\t<div class=\"elementor-widget-wrap elementor-element-populated\">\n\t\t\t\t\t\t\t\t<div class=\"elementor-element elementor-element-555056c elementor-widget elementor-widget-image\" data-id=\"555056c\" data-element_type=\"widget\" data-widget_type=\"image.default\">\n\t\t\t\t<div class=\"elementor-widget-container\">\n\t\t\t\t\t\t\t\t\t\t\t\t\t\t\t\t<a href=\"https:\/\/revistacienciaecultura.org.br\/?p=4294\">\n\t\t\t\t\t\t\t<img width=\"1024\" height=\"427\" src=\"https:\/\/revistacienciaecultura.org.br\/wp-content\/uploads\/2023\/06\/CC-2E23-reportagem-Fronteiras-borradas-capa-site-1024x427.jpg\" class=\"attachment-large size-large\" alt=\"\" loading=\"lazy\" srcset=\"https:\/\/revistacienciaecultura.org.br\/wp-content\/uploads\/2023\/06\/CC-2E23-reportagem-Fronteiras-borradas-capa-site-1024x427.jpg 1024w, https:\/\/revistacienciaecultura.org.br\/wp-content\/uploads\/2023\/06\/CC-2E23-reportagem-Fronteiras-borradas-capa-site-300x125.jpg 300w, https:\/\/revistacienciaecultura.org.br\/wp-content\/uploads\/2023\/06\/CC-2E23-reportagem-Fronteiras-borradas-capa-site-768x320.jpg 768w, https:\/\/revistacienciaecultura.org.br\/wp-content\/uploads\/2023\/06\/CC-2E23-reportagem-Fronteiras-borradas-capa-site-18x8.jpg 18w, https:\/\/revistacienciaecultura.org.br\/wp-content\/uploads\/2023\/06\/CC-2E23-reportagem-Fronteiras-borradas-capa-site-800x333.jpg 800w, https:\/\/revistacienciaecultura.org.br\/wp-content\/uploads\/2023\/06\/CC-2E23-reportagem-Fronteiras-borradas-capa-site-1160x483.jpg 1160w, https:\/\/revistacienciaecultura.org.br\/wp-content\/uploads\/2023\/06\/CC-2E23-reportagem-Fronteiras-borradas-capa-site.jpg 1200w\" sizes=\"(max-width: 1024px) 100vw, 1024px\" \/>\t\t\t\t\t\t\t\t<\/a>\n\t\t\t\t\t\t\t\t\t\t\t\t\t\t\t<\/div>\n\t\t\t\t<\/div>\n\t\t\t\t<div class=\"elementor-element elementor-element-6e8815a elementor-widget elementor-widget-heading\" data-id=\"6e8815a\" data-element_type=\"widget\" data-widget_type=\"heading.default\">\n\t\t\t\t<div class=\"elementor-widget-container\">\n\t\t\t<h2 id=\"quando-a-ciencia-basica-encontra-a-realidade-social-brasileira\" class=\"elementor-heading-title elementor-size-medium\"><a href=\"https:\/\/revistacienciaecultura.org.br\/?p=4294\"><font color=\"#000000\"><span style=\"font-size: 18px; letter-spacing: -0.225px; white-space-collapse: collapse;\">Quando a ci\u00eancia b\u00e1sica encontra a realidade social brasileira<\/span><\/font><\/a><\/h2>\t\t<\/div>\n\t\t\t\t<\/div>\n\t\t\t\t\t<\/div>\n\t\t<\/div>\n\t\t\t\t<div class=\"elementor-column elementor-col-33 elementor-top-column elementor-element elementor-element-0025081\" data-id=\"0025081\" data-element_type=\"column\">\n\t\t\t<div class=\"elementor-widget-wrap\">\n\t\t\t\t\t\t\t\t\t<\/div>\n\t\t<\/div>\n\t\t\t\t\t\t\t<\/div>\n\t\t<\/section>\n\t\t\t\t<section class=\"elementor-section elementor-top-section elementor-element elementor-element-f9b15f4 elementor-section-boxed elementor-section-height-default elementor-section-height-default\" data-id=\"f9b15f4\" data-element_type=\"section\">\n\t\t\t\t\t\t<div class=\"elementor-container elementor-column-gap-default\">\n\t\t\t\t\t<div class=\"elementor-column elementor-col-100 elementor-top-column elementor-element elementor-element-83551fd\" data-id=\"83551fd\" data-element_type=\"column\">\n\t\t\t<div class=\"elementor-widget-wrap elementor-element-populated\">\n\t\t\t\t\t\t\t\t<div class=\"elementor-element elementor-element-32870e3 elementor-widget__width-auto elementor-widget elementor-widget-heading\" data-id=\"32870e3\" data-element_type=\"widget\" data-widget_type=\"heading.default\">\n\t\t\t\t<div class=\"elementor-widget-container\">\n\t\t\t<h6 id=\"videos\" class=\"elementor-heading-title elementor-size-default\">V\u00eddeos  <\/h6>\t\t<\/div>\n\t\t\t\t<\/div>\n\t\t\t\t\t<\/div>\n\t\t<\/div>\n\t\t\t\t\t\t\t<\/div>\n\t\t<\/section>\n\t\t\t\t<section class=\"elementor-section elementor-top-section elementor-element elementor-element-43f94fb elementor-section-boxed elementor-section-height-default elementor-section-height-default\" data-id=\"43f94fb\" data-element_type=\"section\">\n\t\t\t\t\t\t<div class=\"elementor-container elementor-column-gap-default\">\n\t\t\t\t\t<div class=\"elementor-column elementor-col-33 elementor-top-column elementor-element elementor-element-9f5b13d\" data-id=\"9f5b13d\" data-element_type=\"column\">\n\t\t\t<div class=\"elementor-widget-wrap elementor-element-populated\">\n\t\t\t\t\t\t\t\t<div class=\"elementor-element elementor-element-b9ea51b elementor-widget elementor-widget-image\" data-id=\"b9ea51b\" data-element_type=\"widget\" data-widget_type=\"image.default\">\n\t\t\t\t<div class=\"elementor-widget-container\">\n\t\t\t\t\t\t\t\t\t\t\t\t\t\t\t\t<a href=\"https:\/\/revistacienciaecultura.org.br\/?p=4489\">\n\t\t\t\t\t\t\t<img width=\"1024\" height=\"427\" src=\"https:\/\/revistacienciaecultura.org.br\/wp-content\/uploads\/2023\/07\/CC-2E23-vi\u0301deo-2-capa-site-1024x427.jpg\" class=\"attachment-large size-large\" alt=\"\" loading=\"lazy\" srcset=\"https:\/\/revistacienciaecultura.org.br\/wp-content\/uploads\/2023\/07\/CC-2E23-vi\u0301deo-2-capa-site-1024x427.jpg 1024w, https:\/\/revistacienciaecultura.org.br\/wp-content\/uploads\/2023\/07\/CC-2E23-vi\u0301deo-2-capa-site-300x125.jpg 300w, https:\/\/revistacienciaecultura.org.br\/wp-content\/uploads\/2023\/07\/CC-2E23-vi\u0301deo-2-capa-site-768x320.jpg 768w, https:\/\/revistacienciaecultura.org.br\/wp-content\/uploads\/2023\/07\/CC-2E23-vi\u0301deo-2-capa-site-18x8.jpg 18w, https:\/\/revistacienciaecultura.org.br\/wp-content\/uploads\/2023\/07\/CC-2E23-vi\u0301deo-2-capa-site-800x333.jpg 800w, https:\/\/revistacienciaecultura.org.br\/wp-content\/uploads\/2023\/07\/CC-2E23-vi\u0301deo-2-capa-site-1160x483.jpg 1160w, https:\/\/revistacienciaecultura.org.br\/wp-content\/uploads\/2023\/07\/CC-2E23-vi\u0301deo-2-capa-site.jpg 1200w\" sizes=\"(max-width: 1024px) 100vw, 1024px\" \/>\t\t\t\t\t\t\t\t<\/a>\n\t\t\t\t\t\t\t\t\t\t\t\t\t\t\t<\/div>\n\t\t\t\t<\/div>\n\t\t\t\t<div class=\"elementor-element elementor-element-c95c916 elementor-widget elementor-widget-heading\" data-id=\"c95c916\" data-element_type=\"widget\" data-widget_type=\"heading.default\">\n\t\t\t\t<div class=\"elementor-widget-container\">\n\t\t\t<h2 id=\"ciencia-basica-e-sustentabilidade\" class=\"elementor-heading-title elementor-size-medium\"><a href=\"https:\/\/revistacienciaecultura.org.br\/?p=4489\"><font color=\"#000000\"><span style=\"font-size: 18px; letter-spacing: -0.225px; white-space-collapse: collapse;\">Ci\u00eancia b\u00e1sica e sustentabilidade<\/span><\/font><\/a><\/h2>\t\t<\/div>\n\t\t\t\t<\/div>\n\t\t\t\t\t<\/div>\n\t\t<\/div>\n\t\t\t\t<div class=\"elementor-column elementor-col-33 elementor-top-column elementor-element elementor-element-2edaa9e\" data-id=\"2edaa9e\" data-element_type=\"column\">\n\t\t\t<div class=\"elementor-widget-wrap elementor-element-populated\">\n\t\t\t\t\t\t\t\t<div class=\"elementor-element elementor-element-c6a9c37 elementor-widget elementor-widget-image\" data-id=\"c6a9c37\" data-element_type=\"widget\" data-widget_type=\"image.default\">\n\t\t\t\t<div class=\"elementor-widget-container\">\n\t\t\t\t\t\t\t\t\t\t\t\t\t\t\t\t<a href=\"https:\/\/revistacienciaecultura.org.br\/?p=4327\">\n\t\t\t\t\t\t\t<img width=\"1024\" height=\"427\" src=\"https:\/\/revistacienciaecultura.org.br\/wp-content\/uploads\/2023\/06\/CC-2E23-vi\u0301deo-1-capa-site-1024x427.jpg\" class=\"attachment-large size-large\" alt=\"\" loading=\"lazy\" srcset=\"https:\/\/revistacienciaecultura.org.br\/wp-content\/uploads\/2023\/06\/CC-2E23-vi\u0301deo-1-capa-site-1024x427.jpg 1024w, https:\/\/revistacienciaecultura.org.br\/wp-content\/uploads\/2023\/06\/CC-2E23-vi\u0301deo-1-capa-site-300x125.jpg 300w, https:\/\/revistacienciaecultura.org.br\/wp-content\/uploads\/2023\/06\/CC-2E23-vi\u0301deo-1-capa-site-768x320.jpg 768w, https:\/\/revistacienciaecultura.org.br\/wp-content\/uploads\/2023\/06\/CC-2E23-vi\u0301deo-1-capa-site-18x8.jpg 18w, https:\/\/revistacienciaecultura.org.br\/wp-content\/uploads\/2023\/06\/CC-2E23-vi\u0301deo-1-capa-site-800x333.jpg 800w, https:\/\/revistacienciaecultura.org.br\/wp-content\/uploads\/2023\/06\/CC-2E23-vi\u0301deo-1-capa-site-1160x483.jpg 1160w, https:\/\/revistacienciaecultura.org.br\/wp-content\/uploads\/2023\/06\/CC-2E23-vi\u0301deo-1-capa-site.jpg 1200w\" sizes=\"(max-width: 1024px) 100vw, 1024px\" \/>\t\t\t\t\t\t\t\t<\/a>\n\t\t\t\t\t\t\t\t\t\t\t\t\t\t\t<\/div>\n\t\t\t\t<\/div>\n\t\t\t\t<div class=\"elementor-element elementor-element-9024d20 elementor-widget elementor-widget-heading\" data-id=\"9024d20\" data-element_type=\"widget\" data-widget_type=\"heading.default\">\n\t\t\t\t<div class=\"elementor-widget-container\">\n\t\t\t<h2 id=\"educacao-para-a-ciencia-e-ciencia-para-a-educacao\" class=\"elementor-heading-title elementor-size-medium\"><a href=\"https:\/\/revistacienciaecultura.org.br\/?p=4327\"><font color=\"#000000\"><span style=\"font-size: 18px; letter-spacing: -0.225px; white-space-collapse: collapse;\">Educa\u00e7\u00e3o para a ci\u00eancia e ci\u00eancia para a educa\u00e7\u00e3o<\/span><\/font><\/a><\/h2>\t\t<\/div>\n\t\t\t\t<\/div>\n\t\t\t\t\t<\/div>\n\t\t<\/div>\n\t\t\t\t<div class=\"elementor-column elementor-col-33 elementor-top-column elementor-element elementor-element-ad407a3\" data-id=\"ad407a3\" data-element_type=\"column\">\n\t\t\t<div class=\"elementor-widget-wrap elementor-element-populated\">\n\t\t\t\t\t\t\t\t<div class=\"elementor-element elementor-element-7dde3d3 elementor-widget elementor-widget-image\" data-id=\"7dde3d3\" data-element_type=\"widget\" data-widget_type=\"image.default\">\n\t\t\t\t<div class=\"elementor-widget-container\">\n\t\t\t\t\t\t\t\t\t\t\t\t\t\t\t\t<a href=\"https:\/\/revistacienciaecultura.org.br\/?p=4597\">\n\t\t\t\t\t\t\t<img width=\"1024\" height=\"427\" src=\"https:\/\/revistacienciaecultura.org.br\/wp-content\/uploads\/2023\/10\/CC-2E23-vi\u0301deo-3-capa-site-1024x427.jpeg\" class=\"attachment-large size-large\" alt=\"\" loading=\"lazy\" srcset=\"https:\/\/revistacienciaecultura.org.br\/wp-content\/uploads\/2023\/10\/CC-2E23-vi\u0301deo-3-capa-site-1024x427.jpeg 1024w, https:\/\/revistacienciaecultura.org.br\/wp-content\/uploads\/2023\/10\/CC-2E23-vi\u0301deo-3-capa-site-300x125.jpeg 300w, https:\/\/revistacienciaecultura.org.br\/wp-content\/uploads\/2023\/10\/CC-2E23-vi\u0301deo-3-capa-site-768x320.jpeg 768w, https:\/\/revistacienciaecultura.org.br\/wp-content\/uploads\/2023\/10\/CC-2E23-vi\u0301deo-3-capa-site-18x8.jpeg 18w, https:\/\/revistacienciaecultura.org.br\/wp-content\/uploads\/2023\/10\/CC-2E23-vi\u0301deo-3-capa-site-800x333.jpeg 800w, https:\/\/revistacienciaecultura.org.br\/wp-content\/uploads\/2023\/10\/CC-2E23-vi\u0301deo-3-capa-site-1160x483.jpeg 1160w, https:\/\/revistacienciaecultura.org.br\/wp-content\/uploads\/2023\/10\/CC-2E23-vi\u0301deo-3-capa-site.jpeg 1200w\" sizes=\"(max-width: 1024px) 100vw, 1024px\" \/>\t\t\t\t\t\t\t\t<\/a>\n\t\t\t\t\t\t\t\t\t\t\t\t\t\t\t<\/div>\n\t\t\t\t<\/div>\n\t\t\t\t<div class=\"elementor-element elementor-element-e8cad74 elementor-widget elementor-widget-heading\" data-id=\"e8cad74\" data-element_type=\"widget\" data-widget_type=\"heading.default\">\n\t\t\t\t<div class=\"elementor-widget-container\">\n\t\t\t<h2 id=\"ciencia-e-desenvolvimento\" class=\"elementor-heading-title elementor-size-medium\"><a href=\"https:\/\/revistacienciaecultura.org.br\/?p=4597\"><font color=\"#000000\"><span style=\"font-size: 18px; letter-spacing: -0.225px; white-space-collapse: collapse;\">Ci\u00eancia e desenvolvimento<\/span><\/font><\/a><\/h2>\t\t<\/div>\n\t\t\t\t<\/div>\n\t\t\t\t\t<\/div>\n\t\t<\/div>\n\t\t\t\t\t\t\t<\/div>\n\t\t<\/section>\n\t\t\t\t<section class=\"elementor-section elementor-top-section elementor-element elementor-element-4f82d3f elementor-section-boxed elementor-section-height-default elementor-section-height-default\" data-id=\"4f82d3f\" data-element_type=\"section\">\n\t\t\t\t\t\t<div class=\"elementor-container elementor-column-gap-default\">\n\t\t\t\t\t<div class=\"elementor-column elementor-col-100 elementor-top-column elementor-element elementor-element-be0b979\" data-id=\"be0b979\" data-element_type=\"column\">\n\t\t\t<div class=\"elementor-widget-wrap elementor-element-populated\">\n\t\t\t\t\t\t\t\t<div class=\"elementor-element elementor-element-08b8d50 elementor-widget__width-auto elementor-widget elementor-widget-heading\" data-id=\"08b8d50\" data-element_type=\"widget\" data-widget_type=\"heading.default\">\n\t\t\t\t<div class=\"elementor-widget-container\">\n\t\t\t<h6 id=\"podcasts\" class=\"elementor-heading-title elementor-size-default\">Podcasts  <\/h6>\t\t<\/div>\n\t\t\t\t<\/div>\n\t\t\t\t\t<\/div>\n\t\t<\/div>\n\t\t\t\t\t\t\t<\/div>\n\t\t<\/section>\n\t\t\t\t<section class=\"elementor-section elementor-top-section elementor-element elementor-element-471e88f elementor-section-boxed elementor-section-height-default elementor-section-height-default\" data-id=\"471e88f\" data-element_type=\"section\">\n\t\t\t\t\t\t<div class=\"elementor-container elementor-column-gap-default\">\n\t\t\t\t\t<div class=\"elementor-column elementor-col-33 elementor-top-column elementor-element elementor-element-dc96a32\" data-id=\"dc96a32\" data-element_type=\"column\">\n\t\t\t<div class=\"elementor-widget-wrap elementor-element-populated\">\n\t\t\t\t\t\t\t\t<div class=\"elementor-element elementor-element-1c2c0e5 elementor-widget elementor-widget-image\" data-id=\"1c2c0e5\" data-element_type=\"widget\" data-widget_type=\"image.default\">\n\t\t\t\t<div class=\"elementor-widget-container\">\n\t\t\t\t\t\t\t\t\t\t\t\t\t\t\t\t<a href=\"https:\/\/revistacienciaecultura.org.br\/?p=4282\">\n\t\t\t\t\t\t\t<img width=\"1024\" height=\"427\" src=\"https:\/\/revistacienciaecultura.org.br\/wp-content\/uploads\/2023\/06\/CC-2E23-podcast-1-capa-site-1024x427.jpg\" class=\"attachment-large size-large\" alt=\"\" loading=\"lazy\" srcset=\"https:\/\/revistacienciaecultura.org.br\/wp-content\/uploads\/2023\/06\/CC-2E23-podcast-1-capa-site-1024x427.jpg 1024w, https:\/\/revistacienciaecultura.org.br\/wp-content\/uploads\/2023\/06\/CC-2E23-podcast-1-capa-site-300x125.jpg 300w, https:\/\/revistacienciaecultura.org.br\/wp-content\/uploads\/2023\/06\/CC-2E23-podcast-1-capa-site-768x320.jpg 768w, https:\/\/revistacienciaecultura.org.br\/wp-content\/uploads\/2023\/06\/CC-2E23-podcast-1-capa-site-18x8.jpg 18w, https:\/\/revistacienciaecultura.org.br\/wp-content\/uploads\/2023\/06\/CC-2E23-podcast-1-capa-site-800x333.jpg 800w, https:\/\/revistacienciaecultura.org.br\/wp-content\/uploads\/2023\/06\/CC-2E23-podcast-1-capa-site-1160x483.jpg 1160w, https:\/\/revistacienciaecultura.org.br\/wp-content\/uploads\/2023\/06\/CC-2E23-podcast-1-capa-site.jpg 1200w\" sizes=\"(max-width: 1024px) 100vw, 1024px\" \/>\t\t\t\t\t\t\t\t<\/a>\n\t\t\t\t\t\t\t\t\t\t\t\t\t\t\t<\/div>\n\t\t\t\t<\/div>\n\t\t\t\t<div class=\"elementor-element elementor-element-8368f86 elementor-widget elementor-widget-heading\" data-id=\"8368f86\" data-element_type=\"widget\" data-widget_type=\"heading.default\">\n\t\t\t\t<div class=\"elementor-widget-container\">\n\t\t\t<h2 id=\"ciencia-e-seguranca-alimentar\" class=\"elementor-heading-title elementor-size-medium\"><a href=\"https:\/\/revistacienciaecultura.org.br\/?p=4282\"><font color=\"#000000\"><span style=\"font-size: 18px; letter-spacing: -0.225px; white-space-collapse: collapse;\">Ci\u00eancia e seguran\u00e7a alimentar<\/span><\/font><\/a><\/h2>\t\t<\/div>\n\t\t\t\t<\/div>\n\t\t\t\t\t<\/div>\n\t\t<\/div>\n\t\t\t\t<div class=\"elementor-column elementor-col-33 elementor-top-column elementor-element elementor-element-6763c5f\" data-id=\"6763c5f\" data-element_type=\"column\">\n\t\t\t<div class=\"elementor-widget-wrap elementor-element-populated\">\n\t\t\t\t\t\t\t\t<div class=\"elementor-element elementor-element-1ca47f4 elementor-widget elementor-widget-image\" data-id=\"1ca47f4\" data-element_type=\"widget\" data-widget_type=\"image.default\">\n\t\t\t\t<div class=\"elementor-widget-container\">\n\t\t\t\t\t\t\t\t\t\t\t\t\t\t\t\t<a href=\"https:\/\/revistacienciaecultura.org.br\/?p=4445\">\n\t\t\t\t\t\t\t<img width=\"1024\" height=\"427\" src=\"https:\/\/revistacienciaecultura.org.br\/wp-content\/uploads\/2023\/07\/CC-2E23-podcast-2-capa-site-1024x427.jpg\" class=\"attachment-large size-large\" alt=\"\" loading=\"lazy\" srcset=\"https:\/\/revistacienciaecultura.org.br\/wp-content\/uploads\/2023\/07\/CC-2E23-podcast-2-capa-site-1024x427.jpg 1024w, https:\/\/revistacienciaecultura.org.br\/wp-content\/uploads\/2023\/07\/CC-2E23-podcast-2-capa-site-300x125.jpg 300w, https:\/\/revistacienciaecultura.org.br\/wp-content\/uploads\/2023\/07\/CC-2E23-podcast-2-capa-site-768x320.jpg 768w, https:\/\/revistacienciaecultura.org.br\/wp-content\/uploads\/2023\/07\/CC-2E23-podcast-2-capa-site-18x8.jpg 18w, https:\/\/revistacienciaecultura.org.br\/wp-content\/uploads\/2023\/07\/CC-2E23-podcast-2-capa-site-800x333.jpg 800w, https:\/\/revistacienciaecultura.org.br\/wp-content\/uploads\/2023\/07\/CC-2E23-podcast-2-capa-site-1160x483.jpg 1160w, https:\/\/revistacienciaecultura.org.br\/wp-content\/uploads\/2023\/07\/CC-2E23-podcast-2-capa-site.jpg 1200w\" sizes=\"(max-width: 1024px) 100vw, 1024px\" \/>\t\t\t\t\t\t\t\t<\/a>\n\t\t\t\t\t\t\t\t\t\t\t\t\t\t\t<\/div>\n\t\t\t\t<\/div>\n\t\t\t\t<div class=\"elementor-element elementor-element-1d8747d elementor-widget elementor-widget-heading\" data-id=\"1d8747d\" data-element_type=\"widget\" data-widget_type=\"heading.default\">\n\t\t\t\t<div class=\"elementor-widget-container\">\n\t\t\t<h2 id=\"cidades-sustentaveis\" class=\"elementor-heading-title elementor-size-medium\"><a href=\"https:\/\/revistacienciaecultura.org.br\/?p=4445\"><font color=\"#000000\"><span style=\"font-size: 18px; letter-spacing: -0.225px; white-space-collapse: collapse;\">Cidades sustent\u00e1veis<\/span><\/font><\/a><\/h2>\t\t<\/div>\n\t\t\t\t<\/div>\n\t\t\t\t\t<\/div>\n\t\t<\/div>\n\t\t\t\t<div class=\"elementor-column elementor-col-33 elementor-top-column elementor-element elementor-element-8750f67\" data-id=\"8750f67\" data-element_type=\"column\">\n\t\t\t<div class=\"elementor-widget-wrap elementor-element-populated\">\n\t\t\t\t\t\t\t\t<div class=\"elementor-element elementor-element-7790198 elementor-widget elementor-widget-image\" data-id=\"7790198\" data-element_type=\"widget\" data-widget_type=\"image.default\">\n\t\t\t\t<div class=\"elementor-widget-container\">\n\t\t\t\t\t\t\t\t\t\t\t\t\t\t\t\t<a href=\"https:\/\/revistacienciaecultura.org.br\/?p=4523\">\n\t\t\t\t\t\t\t<img width=\"1024\" height=\"427\" src=\"https:\/\/revistacienciaecultura.org.br\/wp-content\/uploads\/2023\/08\/CC-2E23-podcast-3-capa-site-1024x427.jpg\" class=\"attachment-large size-large\" alt=\"\" loading=\"lazy\" srcset=\"https:\/\/revistacienciaecultura.org.br\/wp-content\/uploads\/2023\/08\/CC-2E23-podcast-3-capa-site-1024x427.jpg 1024w, https:\/\/revistacienciaecultura.org.br\/wp-content\/uploads\/2023\/08\/CC-2E23-podcast-3-capa-site-300x125.jpg 300w, https:\/\/revistacienciaecultura.org.br\/wp-content\/uploads\/2023\/08\/CC-2E23-podcast-3-capa-site-768x320.jpg 768w, https:\/\/revistacienciaecultura.org.br\/wp-content\/uploads\/2023\/08\/CC-2E23-podcast-3-capa-site-18x8.jpg 18w, https:\/\/revistacienciaecultura.org.br\/wp-content\/uploads\/2023\/08\/CC-2E23-podcast-3-capa-site-800x333.jpg 800w, https:\/\/revistacienciaecultura.org.br\/wp-content\/uploads\/2023\/08\/CC-2E23-podcast-3-capa-site-1160x483.jpg 1160w, https:\/\/revistacienciaecultura.org.br\/wp-content\/uploads\/2023\/08\/CC-2E23-podcast-3-capa-site.jpg 1200w\" sizes=\"(max-width: 1024px) 100vw, 1024px\" \/>\t\t\t\t\t\t\t\t<\/a>\n\t\t\t\t\t\t\t\t\t\t\t\t\t\t\t<\/div>\n\t\t\t\t<\/div>\n\t\t\t\t<div class=\"elementor-element elementor-element-ff8c18c elementor-widget elementor-widget-heading\" data-id=\"ff8c18c\" data-element_type=\"widget\" data-widget_type=\"heading.default\">\n\t\t\t\t<div class=\"elementor-widget-container\">\n\t\t\t<h2 id=\"contribuicoes-da-ciencia-basica-para-a-saude\" class=\"elementor-heading-title elementor-size-medium\"><a href=\"https:\/\/revistacienciaecultura.org.br\/?p=4523\"><font color=\"#000000\"><span style=\"font-size: 18px; letter-spacing: -0.225px; white-space-collapse: collapse;\">Contribui\u00e7\u00f5es da ci\u00eancia b\u00e1sica para a sa\u00fade<\/span><\/font><\/a><\/h2>\t\t<\/div>\n\t\t\t\t<\/div>\n\t\t\t\t\t<\/div>\n\t\t<\/div>\n\t\t\t\t\t\t\t<\/div>\n\t\t<\/section>\n\t\t\t\t\t\t<\/div>\n\t\t\t\t\t<\/div>\n\t\t","protected":false},"excerpt":{"rendered":"Ci\u00eancia B\u00e1sica para o Desenvolvimento Sustent\u00e1velSegunda edi\u00e7\u00e3o 2023 Artigos Globaliza\u00e7\u00e3o das ci\u00eancias&hellip;\n","protected":false},"author":11,"featured_media":0,"parent":0,"menu_order":0,"comment_status":"closed","ping_status":"closed","template":"","meta":[],"acf":[],"_links":{"self":[{"href":"https:\/\/revistacienciaecultura.org.br\/index.php?rest_route=\/wp\/v2\/pages\/4556"}],"collection":[{"href":"https:\/\/revistacienciaecultura.org.br\/index.php?rest_route=\/wp\/v2\/pages"}],"about":[{"href":"https:\/\/revistacienciaecultura.org.br\/index.php?rest_route=\/wp\/v2\/types\/page"}],"author":[{"embeddable":true,"href":"https:\/\/revistacienciaecultura.org.br\/index.php?rest_route=\/wp\/v2\/users\/11"}],"replies":[{"embeddable":true,"href":"https:\/\/revistacienciaecultura.org.br\/index.php?rest_route=%2Fwp%2Fv2%2Fcomments&post=4556"}],"version-history":[{"count":13,"href":"https:\/\/revistacienciaecultura.org.br\/index.php?rest_route=\/wp\/v2\/pages\/4556\/revisions"}],"predecessor-version":[{"id":4945,"href":"https:\/\/revistacienciaecultura.org.br\/index.php?rest_route=\/wp\/v2\/pages\/4556\/revisions\/4945"}],"wp:attachment":[{"href":"https:\/\/revistacienciaecultura.org.br\/index.php?rest_route=%2Fwp%2Fv2%2Fmedia&parent=4556"}],"curies":[{"name":"wp","href":"https:\/\/api.w.org\/{rel}","templated":true}]}}