{"id":900,"date":"2022-01-20T19:29:13","date_gmt":"2022-01-20T19:29:13","guid":{"rendered":"https:\/\/revistacienciaecultura.org.br\/?page_id=900"},"modified":"2022-03-04T19:55:52","modified_gmt":"2022-03-04T19:55:52","slug":"politica-editorial","status":"publish","type":"page","link":"https:\/\/revistacienciaecultura.org.br\/?page_id=900","title":{"rendered":"Pol\u00edtica editorial e de privacidade"},"content":{"rendered":"\t\t<div data-elementor-type=\"wp-page\" data-elementor-id=\"900\" class=\"elementor elementor-900\" data-elementor-settings=\"[]\">\n\t\t\t\t\t\t\t<div class=\"elementor-section-wrap\">\n\t\t\t\t\t\t\t<section class=\"elementor-section elementor-top-section elementor-element elementor-element-1fbac258 elementor-section-boxed elementor-section-height-default elementor-section-height-default\" data-id=\"1fbac258\" data-element_type=\"section\">\n\t\t\t\t\t\t<div class=\"elementor-container elementor-column-gap-default\">\n\t\t\t\t\t<div class=\"elementor-column elementor-col-100 elementor-top-column elementor-element elementor-element-566187cf\" data-id=\"566187cf\" data-element_type=\"column\">\n\t\t\t<div class=\"elementor-widget-wrap elementor-element-populated\">\n\t\t\t\t\t\t\t\t<div class=\"elementor-element elementor-element-4f4d39c elementor-widget elementor-widget-heading\" data-id=\"4f4d39c\" data-element_type=\"widget\" data-widget_type=\"heading.default\">\n\t\t\t\t<div class=\"elementor-widget-container\">\n\t\t\t<style>\/*! elementor - v3.5.5 - 03-02-2022 *\/\n.elementor-heading-title{padding:0;margin:0;line-height:1}.elementor-widget-heading .elementor-heading-title[class*=elementor-size-]>a{color:inherit;font-size:inherit;line-height:inherit}.elementor-widget-heading .elementor-heading-title.elementor-size-small{font-size:15px}.elementor-widget-heading .elementor-heading-title.elementor-size-medium{font-size:19px}.elementor-widget-heading .elementor-heading-title.elementor-size-large{font-size:29px}.elementor-widget-heading .elementor-heading-title.elementor-size-xl{font-size:39px}.elementor-widget-heading .elementor-heading-title.elementor-size-xxl{font-size:59px}<\/style><h2 id=\"politica-editorial-e-de-privacidade\" class=\"elementor-heading-title elementor-size-default\">Pol\u00edtica editorial e de privacidade<\/h2>\t\t<\/div>\n\t\t\t\t<\/div>\n\t\t\t\t<div class=\"elementor-element elementor-element-4ba3701 elementor-widget elementor-widget-text-editor\" data-id=\"4ba3701\" data-element_type=\"widget\" data-widget_type=\"text-editor.default\">\n\t\t\t\t<div class=\"elementor-widget-container\">\n\t\t\t<style>\/*! elementor - v3.5.5 - 03-02-2022 *\/\n.elementor-widget-text-editor.elementor-drop-cap-view-stacked .elementor-drop-cap{background-color:#818a91;color:#fff}.elementor-widget-text-editor.elementor-drop-cap-view-framed .elementor-drop-cap{color:#818a91;border:3px solid;background-color:transparent}.elementor-widget-text-editor:not(.elementor-drop-cap-view-default) .elementor-drop-cap{margin-top:8px}.elementor-widget-text-editor:not(.elementor-drop-cap-view-default) .elementor-drop-cap-letter{width:1em;height:1em}.elementor-widget-text-editor .elementor-drop-cap{float:left;text-align:center;line-height:1;font-size:50px}.elementor-widget-text-editor .elementor-drop-cap-letter{display:inline-block}<\/style>\t\t\t\t<p><b style=\"color: var( --e-global-color-text ); font-family: var( --e-global-typography-text-font-family ), Sans-serif; font-size: 1rem; letter-spacing: 0px;\">Pol\u00edtica editorial&nbsp;<\/b><\/p>\n<p><span style=\"font-weight: 400;\">A revista Ci\u00eancia &amp; Cultura (ISSN:&nbsp;2317-6660) \u00e9 uma publica\u00e7\u00e3o da Sociedade Brasileira para o Progresso da Ci\u00eancia (SBPC), de acesso aberto (<\/span><i><span style=\"font-weight: 400;\">open access<\/span><\/i><span style=\"font-weight: 400;\">), de car\u00e1ter multidisciplinar, visando atuar na difus\u00e3o e divulga\u00e7\u00e3o cient\u00edfica e tamb\u00e9m no cen\u00e1rio das grandes quest\u00f5es culturais de nossa \u00e9poca, identificando tend\u00eancias e abordando temas pr\u00f3prios do conhecimento e da din\u00e2mica de suas transforma\u00e7\u00f5es culturais, cient\u00edficas e tecnol\u00f3gicas. Trata-se de uma revista com fins educativos e de divulga\u00e7\u00e3o cient\u00edfica e cultural, e sem fins lucrativos.<\/span><\/p>\n<p><strong>Direito de propriedade intelectual<\/strong><\/p>\n<p><span style=\"font-weight: 400;\">Este site cont\u00e9m material de propriedade ou licenciado para a revista Ci\u00eancia &amp; Cultura. Este material inclui, mas n\u00e3o se limita a design, layout, apar\u00eancia, apar\u00eancia e gr\u00e1ficos. As leis e acordos de direitos autorais protegem essas obras e reservam esses direitos.<\/span><\/p>\n<p><span style=\"font-weight: 400;\">A revista Ci\u00eancia &amp; Cultura e outros logotipos e marcas registradas apresentados em nosso site s\u00e3o marcas registradas de propriedade da Sociedade Brasileira para o Progresso da Ci\u00eancia (SBPC). Voc\u00ea n\u00e3o pode usar nossas marcas registradas ou qualquer produto ou servi\u00e7o que n\u00e3o nos perten\u00e7a de qualquer maneira que possa causar confus\u00e3o entre os usu\u00e1rios sobre se somos a fonte, patrocinador ou endossante do produto ou servi\u00e7o, ou de qualquer forma que nos ridicularize ou desacredite.<\/span><\/p>\n<p><span style=\"font-weight: 400;\">A revista Ci\u00eancia &amp; Cultura \u00e9 um ve\u00edculo de c\u00f3digo aberto que visa ampliar a dissemina\u00e7\u00e3o do conhecimento cient\u00edfico e incentivar a comunica\u00e7\u00e3o da ci\u00eancia, tratando-se de uma publica\u00e7\u00e3o com fins educativos e sem fins lucrativos. Assim, \u00e9 permitida a republica\u00e7\u00e3o das reportagens em meios digitais conforme a&nbsp;<\/span><a href=\"https:\/\/creativecommons.org\/licenses\/by-nc-nd\/2.0\/br\/\"><span style=\"font-weight: 400;\">licen\u00e7a Creative Commons CC-BY-NC-ND<\/span><\/a><span style=\"font-weight: 400;\">.&nbsp; Ou seja, o texto n\u00e3o deve ser editado e a autoria deve ser atribu\u00edda, assim como a fonte (revista Ci\u00eancia &amp; Cultura). Havendo d\u00favida, consulte-nos por e-mail (<\/span><a href=\"mailto:cienciaecultura@sbpcnet.org.br\"><span style=\"font-weight: 400;\">cienciaecultura@sbpcnet.org.br<\/span><\/a><span style=\"font-weight: 400;\">).<\/span><\/p>\n<p><strong>Links de terceiros<\/strong><\/p>\n<p><span style=\"font-weight: 400;\">A revista Ci\u00eancia &amp; Cultura tamb\u00e9m pode incluir links para outros sites para fornecer mais informa\u00e7\u00f5es. Eles n\u00e3o significam que endossamos o(s) site(s) e n\u00e3o temos responsabilidade por seu conte\u00fado.<\/span><\/p>\n<p><strong>Uso proibido<\/strong><\/p>\n<p><span style=\"font-weight: 400;\">Este site n\u00e3o deve ser usado de qualquer forma que viole qualquer lei ou regulamento local, nacional ou internacional aplic\u00e1vel, ou de qualquer maneira que seja ilegal, fraudulenta, ou tenha qualquer prop\u00f3sito ou efeito ilegal ou fraudulento.<\/span><\/p>\n<p><strong>Regras do usu\u00e1rio<\/strong><\/p>\n<p><span style=\"font-weight: 400;\">Queremos que nossos usu\u00e1rios interajam e participem de nosso blog. No entanto, pedimos que todas as postagens e coment\u00e1rios sejam relevantes e respeitosos. Ofensas, linguagem abusiva, ataques pessoais, racismo, spam e coment\u00e1rios excessivos n\u00e3o ser\u00e3o tolerados. Al\u00e9m disso, pedimos que n\u00e3o sejam publicadas ou transmitidas mensagem, dados, imagens ou programas que sejam difamat\u00f3rios, tenham a inten\u00e7\u00e3o de amea\u00e7ar a seguran\u00e7a de outras pessoas ou viole os direitos autorais, de privacidade, marcas registradas, segredos comerciais ou informa\u00e7\u00e3o confidencial. Ainda, lembramos que os usu\u00e1rios n\u00e3o podem postar ou transmitir qualquer arquivo que contenha v\u00edrus ou quaisquer outros recursos destrutivos ou prejudiciais que interrompam o fluxo normal ou o uso do site. Reservamo-nos o direito de remover qualquer informa\u00e7\u00e3o postada que viole estes termos e suspender qualquer conta de usu\u00e1rio registrada para pessoas que violem estes termos e condi\u00e7\u00f5es.<\/span><\/p>\n<p><strong>Copyright<\/strong><\/p>\n<p><span style=\"font-weight: 400;\">Sociedade Brasileira para o Progresso da Ci\u00eancia (SBPC)<\/span><\/p>\n<p><strong>ISSN<\/strong><\/p>\n<p><span style=\"font-weight: 400;\">2317-6660<\/span><\/p>\n<p><strong>Artigos<\/strong><\/p>\n<p><span style=\"font-weight: 400;\">O conte\u00fado e as opini\u00f5es expressas nos artigos assinados em nossas publica\u00e7\u00f5es s\u00e3o de responsabilidade exclusiva de seus autores.<\/span><\/p>\n<p><b>Pol\u00edtica de privacidade&nbsp;<\/b><\/p>\n<p><span style=\"font-weight: 400;\">A revista Ci\u00eancia &amp; Cultura (ISSN:&nbsp;2317-6660), assim como a Sociedade Brasileira para o Progresso da Ci\u00eancia (SBPC), est\u00e3o comprometidas com a excel\u00eancia de seus servi\u00e7os e o compromisso com a privacidade de seus usu\u00e1rios. Por isso, apresentamos nossa pol\u00edtica de privacidade, que visa esclarecer o uso dessas informa\u00e7\u00f5es para tratamento de dados, tais como a coleta, produ\u00e7\u00e3o, recep\u00e7\u00e3o, classifica\u00e7\u00e3o, utiliza\u00e7\u00e3o, acesso, reprodu\u00e7\u00e3o, transmiss\u00e3o, distribui\u00e7\u00e3o, processamento, arquivamento, armazenamento, elimina\u00e7\u00e3o, avalia\u00e7\u00e3o ou controle da informa\u00e7\u00e3o, modifica\u00e7\u00e3o, comunica\u00e7\u00e3o, transfer\u00eancia, difus\u00e3o ou extra\u00e7\u00e3o dos dados, bem como, do registro das atividades de navega\u00e7\u00e3o, de acordo com a legisla\u00e7\u00e3o em vigor. Ao acessar o site da revista Ci\u00eancia &amp; Cultura, o Usu\u00e1rio aceita as pr\u00e1ticas descritas nesta pol\u00edtica de privacidade e autoriza o armazenamento das informa\u00e7\u00f5es geradas a partir de sua navega\u00e7\u00e3o.<\/span><\/p>\n<p><span style=\"font-weight: 400;\">Voc\u00ea pode fornecer Informa\u00e7\u00f5es Pessoais diretamente para revista Ci\u00eancia &amp; Cultura quando voc\u00ea interage com nossos servi\u00e7os, comenta em nosso blog, participa de nossas pesquisas, se cadastra para receber nossas newsletters e solicita mais informa\u00e7\u00f5es. Algumas informa\u00e7\u00f5es passivas tamb\u00e9m podem ser coletadas \u00e0 medida que voc\u00ea navega em nosso blog por meio de cookies e tecnologias semelhantes.<\/span><\/p>\n<p><span style=\"font-weight: 400;\">Utilizamos essas informa\u00e7\u00f5es principalmente para aprimorar continuamente nosso site, visando trazer servi\u00e7os personalizados e informa\u00e7\u00f5es atualizadas. Tamb\u00e9m nos esfor\u00e7amos para nos comunicar melhor com voc\u00ea, desenvolver novos servi\u00e7os, estrat\u00e9gias e transa\u00e7\u00f5es e encontrar novas maneiras de fortalecer nosso relacionamento.<\/span><\/p>\n<p><span style=\"font-weight: 400;\">N\u00f3s, assim como Terceiros que fornecem conte\u00fado, publicidade ou outras funcionalidades em nossos Servi\u00e7os, podemos usar cookies, pixel tags, armazenamento local e outras tecnologias para coletar informa\u00e7\u00f5es automaticamente por meio dos servi\u00e7os. Voc\u00ea pode optar por bloquear essas tecnologias em seus navegadores. . Caso o Usu\u00e1rio opte por n\u00e3o compartilhar seus dados, poder\u00e1, antes de iniciar a navega\u00e7\u00e3o, desabilitar cookies no seu navegador, realizar a navega\u00e7\u00e3o anonimamente e desabilitar a tecnologia de Plataforma de Gerenciamento de Dados (DMP \u2013 Data Management Platform). Assim, voc\u00ea pode visitar este site sem enviar nenhuma Informa\u00e7\u00e3o Pessoal. A qualquer momento, poder\u00e1 gerenciar suas op\u00e7\u00f5es de navega\u00e7\u00e3o e compartilhamento de dados.<\/span><\/p>\n<p><span style=\"font-weight: 400;\">Lembramos que este site pode conter links para outros sites. A revista Ci\u00eancia &amp; Cultura n\u00e3o \u00e9 respons\u00e1vel por suas pr\u00e1ticas de privacidade ou conte\u00fado. Recomendamos que voc\u00ea leia a pol\u00edtica de privacidade dessas propriedades para tomar uma decis\u00e3o informada sobre seu uso.<\/span><\/p>\n<p><span style=\"font-weight: 400;\">Seus dados ficar\u00e3o armazenados para viabilizar o oferecimento dos servi\u00e7os e produtos, conforme acima esclarecido. N\u00e3o fornecemos suas informa\u00e7\u00f5es pessoais para terceiros sem a sua autoriza\u00e7\u00e3o. Entretanto, as informa\u00e7\u00f5es coletadas poder\u00e3o ser compartilhadas com terceiros parceiros, de forma an\u00f4nima, sem divulga\u00e7\u00e3o de dados pessoais, caso voc\u00ea navegue em sites de parceiros.&nbsp;<\/span><\/p>\n<p><span style=\"font-weight: 400;\">Se voc\u00ea tiver alguma d\u00favida sobre esta Pol\u00edtica de Privacidade ou as pr\u00e1ticas deste site, entre em contato conosco em <\/span><a href=\"mailto:cienciaecultura@sbpcnet.org.br\"><span style=\"font-weight: 400;\">cienciaecultura@sbpcnet.org.br<\/span><\/a><span style=\"font-weight: 400;\">.<\/span><\/p>\n<p><b>\u00daltima atualiza\u00e7\u00e3o: 26 de janeiro de 2022<\/b><\/p>\n<p><\/p>\t\t\t\t\t\t<\/div>\n\t\t\t\t<\/div>\n\t\t\t\t\t<\/div>\n\t\t<\/div>\n\t\t\t\t\t\t\t<\/div>\n\t\t<\/section>\n\t\t\t\t\t\t<\/div>\n\t\t\t\t\t<\/div>\n\t\t","protected":false},"excerpt":{"rendered":"Pol\u00edtica editorial e de privacidade Pol\u00edtica editorial&nbsp; A revista Ci\u00eancia &amp; Cultura&hellip;\n","protected":false},"author":1,"featured_media":0,"parent":0,"menu_order":0,"comment_status":"closed","ping_status":"closed","template":"elementor_header_footer","meta":[],"acf":[],"_links":{"self":[{"href":"https:\/\/revistacienciaecultura.org.br\/index.php?rest_route=\/wp\/v2\/pages\/900"}],"collection":[{"href":"https:\/\/revistacienciaecultura.org.br\/index.php?rest_route=\/wp\/v2\/pages"}],"about":[{"href":"https:\/\/revistacienciaecultura.org.br\/index.php?rest_route=\/wp\/v2\/types\/page"}],"author":[{"embeddable":true,"href":"https:\/\/revistacienciaecultura.org.br\/index.php?rest_route=\/wp\/v2\/users\/1"}],"replies":[{"embeddable":true,"href":"https:\/\/revistacienciaecultura.org.br\/index.php?rest_route=%2Fwp%2Fv2%2Fcomments&post=900"}],"version-history":[{"count":19,"href":"https:\/\/revistacienciaecultura.org.br\/index.php?rest_route=\/wp\/v2\/pages\/900\/revisions"}],"predecessor-version":[{"id":1541,"href":"https:\/\/revistacienciaecultura.org.br\/index.php?rest_route=\/wp\/v2\/pages\/900\/revisions\/1541"}],"wp:attachment":[{"href":"https:\/\/revistacienciaecultura.org.br\/index.php?rest_route=%2Fwp%2Fv2%2Fmedia&parent=900"}],"curies":[{"name":"wp","href":"https:\/\/api.w.org\/{rel}","templated":true}]}}