{"id":9491,"date":"2025-12-16T12:36:49","date_gmt":"2025-12-16T12:36:49","guid":{"rendered":"https:\/\/revistacienciaecultura.org.br\/?page_id=9491"},"modified":"2025-12-16T13:08:56","modified_gmt":"2025-12-16T13:08:56","slug":"quarta-edicao-2025","status":"publish","type":"page","link":"https:\/\/revistacienciaecultura.org.br\/?page_id=9491","title":{"rendered":"Quarta edi\u00e7\u00e3o 2025"},"content":{"rendered":"\t\t<div data-elementor-type=\"wp-page\" data-elementor-id=\"9491\" class=\"elementor elementor-9491\" data-elementor-settings=\"[]\">\n\t\t\t\t\t\t\t<div class=\"elementor-section-wrap\">\n\t\t\t\t\t\t\t<section class=\"elementor-section elementor-top-section elementor-element elementor-element-7d3e309 elementor-section-boxed elementor-section-height-default elementor-section-height-default\" data-id=\"7d3e309\" data-element_type=\"section\">\n\t\t\t\t\t\t<div class=\"elementor-container elementor-column-gap-default\">\n\t\t\t\t\t<div class=\"elementor-column elementor-col-100 elementor-top-column elementor-element elementor-element-1378de2\" data-id=\"1378de2\" data-element_type=\"column\">\n\t\t\t<div class=\"elementor-widget-wrap elementor-element-populated\">\n\t\t\t\t\t\t\t\t<div class=\"elementor-element elementor-element-342f36b elementor--h-position-center elementor--v-position-middle elementor-arrows-position-inside elementor-pagination-position-inside elementor-widget elementor-widget-slides\" data-id=\"342f36b\" data-element_type=\"widget\" data-settings=\"{&quot;navigation&quot;:&quot;both&quot;,&quot;autoplay&quot;:&quot;yes&quot;,&quot;pause_on_hover&quot;:&quot;yes&quot;,&quot;pause_on_interaction&quot;:&quot;yes&quot;,&quot;autoplay_speed&quot;:5000,&quot;infinite&quot;:&quot;yes&quot;,&quot;transition&quot;:&quot;slide&quot;,&quot;transition_speed&quot;:500}\" data-widget_type=\"slides.default\">\n\t\t\t\t<div class=\"elementor-widget-container\">\n\t\t\t<style>\/*! elementor-pro - v3.6.2 - 14-02-2022 *\/\n.elementor-slides .swiper-slide-bg{background-size:cover;background-position:50%;background-repeat:no-repeat;min-width:100%;min-height:100%}.elementor-slides .swiper-slide-inner{background-repeat:no-repeat;background-position:50%;position:absolute;top:0;left:0;bottom:0;right:0;padding:50px;margin:auto}.elementor-slides .swiper-slide-inner,.elementor-slides .swiper-slide-inner:hover{color:#fff;display:-webkit-box;display:-ms-flexbox;display:flex}.elementor-slides .swiper-slide-inner .elementor-background-overlay{position:absolute;z-index:0;top:0;bottom:0;left:0;right:0}.elementor-slides .swiper-slide-inner .elementor-slide-content{position:relative;z-index:1;width:100%}.elementor-slides .swiper-slide-inner .elementor-slide-heading{font-size:35px;font-weight:700;line-height:1}.elementor-slides .swiper-slide-inner .elementor-slide-description{font-size:17px;line-height:1.4}.elementor-slides .swiper-slide-inner .elementor-slide-description:not(:last-child),.elementor-slides .swiper-slide-inner .elementor-slide-heading:not(:last-child){margin-bottom:30px}.elementor-slides .swiper-slide-inner .elementor-slide-button{border:2px solid #fff;color:#fff;background:transparent;display:inline-block}.elementor-slides .swiper-slide-inner .elementor-slide-button,.elementor-slides .swiper-slide-inner .elementor-slide-button:hover{background:transparent;color:inherit;text-decoration:none}.elementor--v-position-top .swiper-slide-inner{-webkit-box-align:start;-ms-flex-align:start;align-items:flex-start}.elementor--v-position-bottom .swiper-slide-inner{-webkit-box-align:end;-ms-flex-align:end;align-items:flex-end}.elementor--v-position-middle .swiper-slide-inner{-webkit-box-align:center;-ms-flex-align:center;align-items:center}.elementor--h-position-left .swiper-slide-inner{-webkit-box-pack:start;-ms-flex-pack:start;justify-content:flex-start}.elementor--h-position-right .swiper-slide-inner{-webkit-box-pack:end;-ms-flex-pack:end;justify-content:flex-end}.elementor--h-position-center .swiper-slide-inner{-webkit-box-pack:center;-ms-flex-pack:center;justify-content:center}body.rtl .elementor-widget-slides .elementor-swiper-button-next{left:10px;right:auto}body.rtl .elementor-widget-slides .elementor-swiper-button-prev{right:10px;left:auto}.elementor-slides-wrapper div:not(.swiper-slide)>.swiper-slide-inner{display:none}@media (max-width:767px){.elementor-slides .swiper-slide-inner{padding:30px}.elementor-slides .swiper-slide-inner .elementor-slide-heading{font-size:23px;line-height:1;margin-bottom:15px}.elementor-slides .swiper-slide-inner .elementor-slide-description{font-size:13px;line-height:1.4;margin-bottom:15px}}<\/style>\t\t<div class=\"elementor-swiper\">\n\t\t\t<div class=\"elementor-slides-wrapper elementor-main-swiper swiper-container\" dir=\"ltr\" data-animation=\"fadeInUp\">\n\t\t\t\t<div class=\"swiper-wrapper elementor-slides\">\n\t\t\t\t\t\t\t\t\t\t<div class=\"elementor-repeater-item-9f37bd8 swiper-slide\"><div class=\"swiper-slide-bg\"><\/div><div class=\"swiper-slide-inner\" ><div class=\"swiper-slide-contents\"><div class=\"elementor-slide-heading\">COP30: ci\u00eancia, pol\u00edtica e a\u00e7\u00e3o<\/div><div class=\"elementor-slide-description\">Quarta edi\u00e7\u00e3o 2025<\/div><\/div><\/div><\/div>\t\t\t\t<\/div>\n\t\t\t\t\t\t\t<\/div>\n\t\t<\/div>\n\t\t\t\t<\/div>\n\t\t\t\t<\/div>\n\t\t\t\t<div class=\"elementor-element elementor-element-c534cfd elementor-widget__width-auto elementor-widget elementor-widget-heading\" data-id=\"c534cfd\" data-element_type=\"widget\" data-widget_type=\"heading.default\">\n\t\t\t\t<div class=\"elementor-widget-container\">\n\t\t\t<style>\/*! elementor - v3.5.5 - 03-02-2022 *\/\n.elementor-heading-title{padding:0;margin:0;line-height:1}.elementor-widget-heading .elementor-heading-title[class*=elementor-size-]>a{color:inherit;font-size:inherit;line-height:inherit}.elementor-widget-heading .elementor-heading-title.elementor-size-small{font-size:15px}.elementor-widget-heading .elementor-heading-title.elementor-size-medium{font-size:19px}.elementor-widget-heading .elementor-heading-title.elementor-size-large{font-size:29px}.elementor-widget-heading .elementor-heading-title.elementor-size-xl{font-size:39px}.elementor-widget-heading .elementor-heading-title.elementor-size-xxl{font-size:59px}<\/style><h6 id=\"artigos\" class=\"elementor-heading-title elementor-size-default\">Artigos  <\/h6>\t\t<\/div>\n\t\t\t\t<\/div>\n\t\t\t\t\t<\/div>\n\t\t<\/div>\n\t\t\t\t\t\t\t<\/div>\n\t\t<\/section>\n\t\t\t\t<section class=\"elementor-section elementor-top-section elementor-element elementor-element-e8b0da1 elementor-section-boxed elementor-section-height-default elementor-section-height-default\" data-id=\"e8b0da1\" data-element_type=\"section\">\n\t\t\t\t\t\t<div class=\"elementor-container elementor-column-gap-default\">\n\t\t\t\t\t<div class=\"elementor-column elementor-col-33 elementor-top-column elementor-element elementor-element-0339f0e\" data-id=\"0339f0e\" data-element_type=\"column\">\n\t\t\t<div class=\"elementor-widget-wrap elementor-element-populated\">\n\t\t\t\t\t\t\t\t<div class=\"elementor-element elementor-element-d4cfe3d elementor-widget elementor-widget-image\" data-id=\"d4cfe3d\" data-element_type=\"widget\" data-widget_type=\"image.default\">\n\t\t\t\t<div class=\"elementor-widget-container\">\n\t\t\t<style>\/*! elementor - v3.5.5 - 03-02-2022 *\/\n.elementor-widget-image{text-align:center}.elementor-widget-image a{display:inline-block}.elementor-widget-image a img[src$=\".svg\"]{width:48px}.elementor-widget-image img{vertical-align:middle;display:inline-block}<\/style>\t\t\t\t\t\t\t\t\t\t\t\t\t<a href=\"https:\/\/revistacienciaecultura.org.br\/?artigos=amazonia-socioambiental-o-desafio-brasileiro-na-cop30\">\n\t\t\t\t\t\t\t<img width=\"1024\" height=\"427\" src=\"https:\/\/revistacienciaecultura.org.br\/wp-content\/uploads\/2025\/11\/CC-4E25-artigo-Amazo\u0302nia-Socioambiental-capa-site-1024x427.jpg\" class=\"attachment-large size-large\" alt=\"\" loading=\"lazy\" srcset=\"https:\/\/revistacienciaecultura.org.br\/wp-content\/uploads\/2025\/11\/CC-4E25-artigo-Amazo\u0302nia-Socioambiental-capa-site-1024x427.jpg 1024w, https:\/\/revistacienciaecultura.org.br\/wp-content\/uploads\/2025\/11\/CC-4E25-artigo-Amazo\u0302nia-Socioambiental-capa-site-300x125.jpg 300w, https:\/\/revistacienciaecultura.org.br\/wp-content\/uploads\/2025\/11\/CC-4E25-artigo-Amazo\u0302nia-Socioambiental-capa-site-768x320.jpg 768w, https:\/\/revistacienciaecultura.org.br\/wp-content\/uploads\/2025\/11\/CC-4E25-artigo-Amazo\u0302nia-Socioambiental-capa-site-18x8.jpg 18w, https:\/\/revistacienciaecultura.org.br\/wp-content\/uploads\/2025\/11\/CC-4E25-artigo-Amazo\u0302nia-Socioambiental-capa-site-800x333.jpg 800w, https:\/\/revistacienciaecultura.org.br\/wp-content\/uploads\/2025\/11\/CC-4E25-artigo-Amazo\u0302nia-Socioambiental-capa-site-1160x483.jpg 1160w, https:\/\/revistacienciaecultura.org.br\/wp-content\/uploads\/2025\/11\/CC-4E25-artigo-Amazo\u0302nia-Socioambiental-capa-site.jpg 1200w\" sizes=\"(max-width: 1024px) 100vw, 1024px\" \/>\t\t\t\t\t\t\t\t<\/a>\n\t\t\t\t\t\t\t\t\t\t\t\t\t\t\t<\/div>\n\t\t\t\t<\/div>\n\t\t\t\t<div class=\"elementor-element elementor-element-0b40edd elementor-widget elementor-widget-heading\" data-id=\"0b40edd\" data-element_type=\"widget\" data-widget_type=\"heading.default\">\n\t\t\t\t<div class=\"elementor-widget-container\">\n\t\t\t<h2 id=\"amazonia-socioambiental-o-desafio-brasileiro-na-cop30\" class=\"elementor-heading-title elementor-size-medium\"><a href=\"https:\/\/revistacienciaecultura.org.br\/?artigos=amazonia-socioambiental-o-desafio-brasileiro-na-cop30\"><font color=\"#000000\"><span style=\"font-size: 18px; letter-spacing: -0.225px; white-space-collapse: collapse;\">Amaz\u00f4nia socioambiental: O desafio brasileiro na COP30<\/span><\/font><\/a><\/h2>\t\t<\/div>\n\t\t\t\t<\/div>\n\t\t\t\t\t<\/div>\n\t\t<\/div>\n\t\t\t\t<div class=\"elementor-column elementor-col-33 elementor-top-column elementor-element elementor-element-4f5cff4\" data-id=\"4f5cff4\" data-element_type=\"column\">\n\t\t\t<div class=\"elementor-widget-wrap elementor-element-populated\">\n\t\t\t\t\t\t\t\t<div class=\"elementor-element elementor-element-32681a0 elementor-widget elementor-widget-image\" data-id=\"32681a0\" data-element_type=\"widget\" data-widget_type=\"image.default\">\n\t\t\t\t<div class=\"elementor-widget-container\">\n\t\t\t\t\t\t\t\t\t\t\t\t\t\t\t\t<a href=\"https:\/\/revistacienciaecultura.org.br\/?artigos=biodiversidade-sociobiodiversidade-e-mudancas-climaticas-o-link-indissoluvel\">\n\t\t\t\t\t\t\t<img width=\"1024\" height=\"427\" src=\"https:\/\/revistacienciaecultura.org.br\/wp-content\/uploads\/2025\/11\/CC-4E25-artigo-Biodiversidade-Sociobiodiversidade-e-Mudanc\u0327as-Clima\u0301ticas-capa-sit-1024x427.jpg\" class=\"attachment-large size-large\" alt=\"\" loading=\"lazy\" srcset=\"https:\/\/revistacienciaecultura.org.br\/wp-content\/uploads\/2025\/11\/CC-4E25-artigo-Biodiversidade-Sociobiodiversidade-e-Mudanc\u0327as-Clima\u0301ticas-capa-sit-1024x427.jpg 1024w, https:\/\/revistacienciaecultura.org.br\/wp-content\/uploads\/2025\/11\/CC-4E25-artigo-Biodiversidade-Sociobiodiversidade-e-Mudanc\u0327as-Clima\u0301ticas-capa-sit-300x125.jpg 300w, https:\/\/revistacienciaecultura.org.br\/wp-content\/uploads\/2025\/11\/CC-4E25-artigo-Biodiversidade-Sociobiodiversidade-e-Mudanc\u0327as-Clima\u0301ticas-capa-sit-768x320.jpg 768w, https:\/\/revistacienciaecultura.org.br\/wp-content\/uploads\/2025\/11\/CC-4E25-artigo-Biodiversidade-Sociobiodiversidade-e-Mudanc\u0327as-Clima\u0301ticas-capa-sit-18x8.jpg 18w, https:\/\/revistacienciaecultura.org.br\/wp-content\/uploads\/2025\/11\/CC-4E25-artigo-Biodiversidade-Sociobiodiversidade-e-Mudanc\u0327as-Clima\u0301ticas-capa-sit-800x333.jpg 800w, https:\/\/revistacienciaecultura.org.br\/wp-content\/uploads\/2025\/11\/CC-4E25-artigo-Biodiversidade-Sociobiodiversidade-e-Mudanc\u0327as-Clima\u0301ticas-capa-sit-1160x483.jpg 1160w, https:\/\/revistacienciaecultura.org.br\/wp-content\/uploads\/2025\/11\/CC-4E25-artigo-Biodiversidade-Sociobiodiversidade-e-Mudanc\u0327as-Clima\u0301ticas-capa-sit.jpg 1200w\" sizes=\"(max-width: 1024px) 100vw, 1024px\" \/>\t\t\t\t\t\t\t\t<\/a>\n\t\t\t\t\t\t\t\t\t\t\t\t\t\t\t<\/div>\n\t\t\t\t<\/div>\n\t\t\t\t<div class=\"elementor-element elementor-element-669e43e elementor-widget elementor-widget-heading\" data-id=\"669e43e\" data-element_type=\"widget\" data-widget_type=\"heading.default\">\n\t\t\t\t<div class=\"elementor-widget-container\">\n\t\t\t<h2 id=\"biodiversidade-sociobiodiversidade-e-mudancas-climaticas\" class=\"elementor-heading-title elementor-size-medium\"><a href=\"https:\/\/revistacienciaecultura.org.br\/?artigos=biodiversidade-sociobiodiversidade-e-mudancas-climaticas-o-link-indissoluvel\"><span style=\"font-size: 18px; letter-spacing: -0.225px; white-space-collapse: collapse;\">Biodiversidade, sociobiodiversidade e mudan\u00e7as clim\u00e1ticas<\/span><br><h3 style=\"margin-right: 0px; margin-bottom: 0px; margin-left: 0px; font-weight: var( --e-global-typography-primary-font-weight ); color: var( --e-global-color-secondary ); font-size: 18px; font-family: var( --e-global-typography-primary-font-family ), Sans-serif; white-space: normal; background-color: rgb(255, 255, 255);\"><\/h3><\/a><\/h2>\t\t<\/div>\n\t\t\t\t<\/div>\n\t\t\t\t\t<\/div>\n\t\t<\/div>\n\t\t\t\t<div class=\"elementor-column elementor-col-33 elementor-top-column elementor-element elementor-element-5037683\" data-id=\"5037683\" data-element_type=\"column\">\n\t\t\t<div class=\"elementor-widget-wrap elementor-element-populated\">\n\t\t\t\t\t\t\t\t<div class=\"elementor-element elementor-element-cb54f36 elementor-widget elementor-widget-image\" data-id=\"cb54f36\" data-element_type=\"widget\" data-widget_type=\"image.default\">\n\t\t\t\t<div class=\"elementor-widget-container\">\n\t\t\t\t\t\t\t\t\t\t\t\t\t\t\t\t<a href=\"https:\/\/revistacienciaecultura.org.br\/?artigos=recursos-humanos-para-uma-transicao-energetica-justa-e-ambientalmente-sustentavel\">\n\t\t\t\t\t\t\t<img width=\"1024\" height=\"427\" src=\"https:\/\/revistacienciaecultura.org.br\/wp-content\/uploads\/2025\/11\/CC-4E25-artigo-Recursos-humanos-para-uma-transic\u0327a\u0303o-energe\u0301tica-justa-e-ambientalmente-sustenta\u0301vel-capa-site-1024x427.jpg\" class=\"attachment-large size-large\" alt=\"\" loading=\"lazy\" srcset=\"https:\/\/revistacienciaecultura.org.br\/wp-content\/uploads\/2025\/11\/CC-4E25-artigo-Recursos-humanos-para-uma-transic\u0327a\u0303o-energe\u0301tica-justa-e-ambientalmente-sustenta\u0301vel-capa-site-1024x427.jpg 1024w, https:\/\/revistacienciaecultura.org.br\/wp-content\/uploads\/2025\/11\/CC-4E25-artigo-Recursos-humanos-para-uma-transic\u0327a\u0303o-energe\u0301tica-justa-e-ambientalmente-sustenta\u0301vel-capa-site-300x125.jpg 300w, https:\/\/revistacienciaecultura.org.br\/wp-content\/uploads\/2025\/11\/CC-4E25-artigo-Recursos-humanos-para-uma-transic\u0327a\u0303o-energe\u0301tica-justa-e-ambientalmente-sustenta\u0301vel-capa-site-768x320.jpg 768w, https:\/\/revistacienciaecultura.org.br\/wp-content\/uploads\/2025\/11\/CC-4E25-artigo-Recursos-humanos-para-uma-transic\u0327a\u0303o-energe\u0301tica-justa-e-ambientalmente-sustenta\u0301vel-capa-site-18x8.jpg 18w, https:\/\/revistacienciaecultura.org.br\/wp-content\/uploads\/2025\/11\/CC-4E25-artigo-Recursos-humanos-para-uma-transic\u0327a\u0303o-energe\u0301tica-justa-e-ambientalmente-sustenta\u0301vel-capa-site-800x333.jpg 800w, https:\/\/revistacienciaecultura.org.br\/wp-content\/uploads\/2025\/11\/CC-4E25-artigo-Recursos-humanos-para-uma-transic\u0327a\u0303o-energe\u0301tica-justa-e-ambientalmente-sustenta\u0301vel-capa-site-1160x483.jpg 1160w, https:\/\/revistacienciaecultura.org.br\/wp-content\/uploads\/2025\/11\/CC-4E25-artigo-Recursos-humanos-para-uma-transic\u0327a\u0303o-energe\u0301tica-justa-e-ambientalmente-sustenta\u0301vel-capa-site.jpg 1200w\" sizes=\"(max-width: 1024px) 100vw, 1024px\" \/>\t\t\t\t\t\t\t\t<\/a>\n\t\t\t\t\t\t\t\t\t\t\t\t\t\t\t<\/div>\n\t\t\t\t<\/div>\n\t\t\t\t<div class=\"elementor-element elementor-element-c61bf88 elementor-widget elementor-widget-heading\" data-id=\"c61bf88\" data-element_type=\"widget\" data-widget_type=\"heading.default\">\n\t\t\t\t<div class=\"elementor-widget-container\">\n\t\t\t<h2 id=\"recursos-humanos-para-uma-transicao-energetica-justa-e-ambientalmente-sustentave\" class=\"elementor-heading-title elementor-size-medium\"><a href=\"https:\/\/revistacienciaecultura.org.br\/?artigos=recursos-humanos-para-uma-transicao-energetica-justa-e-ambientalmente-sustentavel\"><font color=\"#000000\"><span style=\"font-size: 18px; letter-spacing: -0.225px; white-space-collapse: collapse;\">Recursos humanos para uma transi\u00e7\u00e3o energ\u00e9tica justa e ambientalmente sustent\u00e1ve<\/span><\/font><\/a><\/h2>\t\t<\/div>\n\t\t\t\t<\/div>\n\t\t\t\t\t<\/div>\n\t\t<\/div>\n\t\t\t\t\t\t\t<\/div>\n\t\t<\/section>\n\t\t\t\t<section class=\"elementor-section elementor-top-section elementor-element elementor-element-9b66594 elementor-section-boxed elementor-section-height-default elementor-section-height-default\" data-id=\"9b66594\" data-element_type=\"section\">\n\t\t\t\t\t\t<div class=\"elementor-container elementor-column-gap-default\">\n\t\t\t\t\t<div class=\"elementor-column elementor-col-33 elementor-top-column elementor-element elementor-element-7cdd728\" data-id=\"7cdd728\" data-element_type=\"column\">\n\t\t\t<div class=\"elementor-widget-wrap elementor-element-populated\">\n\t\t\t\t\t\t\t\t<div class=\"elementor-element elementor-element-0d1e569 elementor-widget elementor-widget-image\" data-id=\"0d1e569\" data-element_type=\"widget\" data-widget_type=\"image.default\">\n\t\t\t\t<div class=\"elementor-widget-container\">\n\t\t\t\t\t\t\t\t\t\t\t\t\t\t\t\t<a href=\"https:\/\/revistacienciaecultura.org.br\/?artigos=as-dimensoes-humanas-das-mudancas-climaticas\">\n\t\t\t\t\t\t\t<img width=\"1024\" height=\"427\" src=\"https:\/\/revistacienciaecultura.org.br\/wp-content\/uploads\/2025\/11\/CC-4E25-artigo-As-dimenso\u0303es-humanas-das-mudanc\u0327as-clima\u0301ticas-capa-site-1024x427.jpg\" class=\"attachment-large size-large\" alt=\"\" loading=\"lazy\" srcset=\"https:\/\/revistacienciaecultura.org.br\/wp-content\/uploads\/2025\/11\/CC-4E25-artigo-As-dimenso\u0303es-humanas-das-mudanc\u0327as-clima\u0301ticas-capa-site-1024x427.jpg 1024w, https:\/\/revistacienciaecultura.org.br\/wp-content\/uploads\/2025\/11\/CC-4E25-artigo-As-dimenso\u0303es-humanas-das-mudanc\u0327as-clima\u0301ticas-capa-site-300x125.jpg 300w, https:\/\/revistacienciaecultura.org.br\/wp-content\/uploads\/2025\/11\/CC-4E25-artigo-As-dimenso\u0303es-humanas-das-mudanc\u0327as-clima\u0301ticas-capa-site-768x320.jpg 768w, https:\/\/revistacienciaecultura.org.br\/wp-content\/uploads\/2025\/11\/CC-4E25-artigo-As-dimenso\u0303es-humanas-das-mudanc\u0327as-clima\u0301ticas-capa-site-18x8.jpg 18w, https:\/\/revistacienciaecultura.org.br\/wp-content\/uploads\/2025\/11\/CC-4E25-artigo-As-dimenso\u0303es-humanas-das-mudanc\u0327as-clima\u0301ticas-capa-site-800x333.jpg 800w, https:\/\/revistacienciaecultura.org.br\/wp-content\/uploads\/2025\/11\/CC-4E25-artigo-As-dimenso\u0303es-humanas-das-mudanc\u0327as-clima\u0301ticas-capa-site-1160x483.jpg 1160w, https:\/\/revistacienciaecultura.org.br\/wp-content\/uploads\/2025\/11\/CC-4E25-artigo-As-dimenso\u0303es-humanas-das-mudanc\u0327as-clima\u0301ticas-capa-site.jpg 1200w\" sizes=\"(max-width: 1024px) 100vw, 1024px\" \/>\t\t\t\t\t\t\t\t<\/a>\n\t\t\t\t\t\t\t\t\t\t\t\t\t\t\t<\/div>\n\t\t\t\t<\/div>\n\t\t\t\t<div class=\"elementor-element elementor-element-04d27ed elementor-widget elementor-widget-heading\" data-id=\"04d27ed\" data-element_type=\"widget\" data-widget_type=\"heading.default\">\n\t\t\t\t<div class=\"elementor-widget-container\">\n\t\t\t<h2 id=\"as-dimensoes-humanas-das-mudancas-climaticas\" class=\"elementor-heading-title elementor-size-medium\"><a href=\"https:\/\/revistacienciaecultura.org.br\/?artigos=as-dimensoes-humanas-das-mudancas-climaticas\"><font color=\"#000000\"><span style=\"font-size: 18px; letter-spacing: -0.225px; white-space-collapse: collapse;\">As dimens\u00f5es humanas das mudan\u00e7as clim\u00e1ticas<\/span><\/font><\/a><\/h2>\t\t<\/div>\n\t\t\t\t<\/div>\n\t\t\t\t\t<\/div>\n\t\t<\/div>\n\t\t\t\t<div class=\"elementor-column elementor-col-33 elementor-top-column elementor-element elementor-element-d8d8a67\" data-id=\"d8d8a67\" data-element_type=\"column\">\n\t\t\t<div class=\"elementor-widget-wrap elementor-element-populated\">\n\t\t\t\t\t\t\t\t<div class=\"elementor-element elementor-element-cfb644b elementor-widget elementor-widget-image\" data-id=\"cfb644b\" data-element_type=\"widget\" data-widget_type=\"image.default\">\n\t\t\t\t<div class=\"elementor-widget-container\">\n\t\t\t\t\t\t\t\t\t\t\t\t\t\t\t\t<a href=\"https:\/\/revistacienciaecultura.org.br\/?artigos=caminhos-para-a-bioeconomia-amazonica\">\n\t\t\t\t\t\t\t<img width=\"1024\" height=\"427\" src=\"https:\/\/revistacienciaecultura.org.br\/wp-content\/uploads\/2025\/11\/CC-4E25-artigo-Caminhos-para-a-bioeconomia-amazo\u0302nica-capa-site-1024x427.jpg\" class=\"attachment-large size-large\" alt=\"\" loading=\"lazy\" srcset=\"https:\/\/revistacienciaecultura.org.br\/wp-content\/uploads\/2025\/11\/CC-4E25-artigo-Caminhos-para-a-bioeconomia-amazo\u0302nica-capa-site-1024x427.jpg 1024w, https:\/\/revistacienciaecultura.org.br\/wp-content\/uploads\/2025\/11\/CC-4E25-artigo-Caminhos-para-a-bioeconomia-amazo\u0302nica-capa-site-300x125.jpg 300w, https:\/\/revistacienciaecultura.org.br\/wp-content\/uploads\/2025\/11\/CC-4E25-artigo-Caminhos-para-a-bioeconomia-amazo\u0302nica-capa-site-768x320.jpg 768w, https:\/\/revistacienciaecultura.org.br\/wp-content\/uploads\/2025\/11\/CC-4E25-artigo-Caminhos-para-a-bioeconomia-amazo\u0302nica-capa-site-18x8.jpg 18w, https:\/\/revistacienciaecultura.org.br\/wp-content\/uploads\/2025\/11\/CC-4E25-artigo-Caminhos-para-a-bioeconomia-amazo\u0302nica-capa-site-800x333.jpg 800w, https:\/\/revistacienciaecultura.org.br\/wp-content\/uploads\/2025\/11\/CC-4E25-artigo-Caminhos-para-a-bioeconomia-amazo\u0302nica-capa-site-1160x483.jpg 1160w, https:\/\/revistacienciaecultura.org.br\/wp-content\/uploads\/2025\/11\/CC-4E25-artigo-Caminhos-para-a-bioeconomia-amazo\u0302nica-capa-site.jpg 1200w\" sizes=\"(max-width: 1024px) 100vw, 1024px\" \/>\t\t\t\t\t\t\t\t<\/a>\n\t\t\t\t\t\t\t\t\t\t\t\t\t\t\t<\/div>\n\t\t\t\t<\/div>\n\t\t\t\t<div class=\"elementor-element elementor-element-505a51e elementor-widget elementor-widget-heading\" data-id=\"505a51e\" data-element_type=\"widget\" data-widget_type=\"heading.default\">\n\t\t\t\t<div class=\"elementor-widget-container\">\n\t\t\t<h2 id=\"caminhos-para-a-bioeconomia-amazonica\" class=\"elementor-heading-title elementor-size-medium\"><a href=\"https:\/\/revistacienciaecultura.org.br\/?artigos=caminhos-para-a-bioeconomia-amazonica\"><div><font color=\"#000000\"><span style=\"font-size: 18px; letter-spacing: -0.225px; white-space-collapse: collapse;\">\nCaminhos para a bioeconomia amaz\u00f4nica<\/span><\/font><\/div><\/a><\/h2>\t\t<\/div>\n\t\t\t\t<\/div>\n\t\t\t\t\t<\/div>\n\t\t<\/div>\n\t\t\t\t<div class=\"elementor-column elementor-col-33 elementor-top-column elementor-element elementor-element-adbc721\" data-id=\"adbc721\" data-element_type=\"column\">\n\t\t\t<div class=\"elementor-widget-wrap elementor-element-populated\">\n\t\t\t\t\t\t\t\t<div class=\"elementor-element elementor-element-f1b83b2 elementor-widget elementor-widget-image\" data-id=\"f1b83b2\" data-element_type=\"widget\" data-widget_type=\"image.default\">\n\t\t\t\t<div class=\"elementor-widget-container\">\n\t\t\t\t\t\t\t\t\t\t\t\t\t\t\t\t<a href=\"https:\/\/revistacienciaecultura.org.br\/?artigos=elementos-para-o-desenvolvimento-sustentavel-na-amazonia\">\n\t\t\t\t\t\t\t<img width=\"1024\" height=\"427\" src=\"https:\/\/revistacienciaecultura.org.br\/wp-content\/uploads\/2025\/11\/CC-4E25-artigo-Elementos-para-o-desenvolvimento-sustenta\u0301vel-na-Amazo\u0302nia-capa-site-1024x427.jpg\" class=\"attachment-large size-large\" alt=\"\" loading=\"lazy\" srcset=\"https:\/\/revistacienciaecultura.org.br\/wp-content\/uploads\/2025\/11\/CC-4E25-artigo-Elementos-para-o-desenvolvimento-sustenta\u0301vel-na-Amazo\u0302nia-capa-site-1024x427.jpg 1024w, https:\/\/revistacienciaecultura.org.br\/wp-content\/uploads\/2025\/11\/CC-4E25-artigo-Elementos-para-o-desenvolvimento-sustenta\u0301vel-na-Amazo\u0302nia-capa-site-300x125.jpg 300w, https:\/\/revistacienciaecultura.org.br\/wp-content\/uploads\/2025\/11\/CC-4E25-artigo-Elementos-para-o-desenvolvimento-sustenta\u0301vel-na-Amazo\u0302nia-capa-site-768x320.jpg 768w, https:\/\/revistacienciaecultura.org.br\/wp-content\/uploads\/2025\/11\/CC-4E25-artigo-Elementos-para-o-desenvolvimento-sustenta\u0301vel-na-Amazo\u0302nia-capa-site-18x8.jpg 18w, https:\/\/revistacienciaecultura.org.br\/wp-content\/uploads\/2025\/11\/CC-4E25-artigo-Elementos-para-o-desenvolvimento-sustenta\u0301vel-na-Amazo\u0302nia-capa-site-800x333.jpg 800w, https:\/\/revistacienciaecultura.org.br\/wp-content\/uploads\/2025\/11\/CC-4E25-artigo-Elementos-para-o-desenvolvimento-sustenta\u0301vel-na-Amazo\u0302nia-capa-site-1160x483.jpg 1160w, https:\/\/revistacienciaecultura.org.br\/wp-content\/uploads\/2025\/11\/CC-4E25-artigo-Elementos-para-o-desenvolvimento-sustenta\u0301vel-na-Amazo\u0302nia-capa-site.jpg 1200w\" sizes=\"(max-width: 1024px) 100vw, 1024px\" \/>\t\t\t\t\t\t\t\t<\/a>\n\t\t\t\t\t\t\t\t\t\t\t\t\t\t\t<\/div>\n\t\t\t\t<\/div>\n\t\t\t\t<div class=\"elementor-element elementor-element-739e32f elementor-widget elementor-widget-heading\" data-id=\"739e32f\" data-element_type=\"widget\" data-widget_type=\"heading.default\">\n\t\t\t\t<div class=\"elementor-widget-container\">\n\t\t\t<h2 id=\"elementos-para-o-desenvolvimento-sustentavel-na-amazonia\" class=\"elementor-heading-title elementor-size-medium\"><a href=\"https:\/\/revistacienciaecultura.org.br\/?artigos=elementos-para-o-desenvolvimento-sustentavel-na-amazonia\"><font color=\"#000000\"><span style=\"font-size: 18px; letter-spacing: -0.225px; white-space-collapse: collapse;\">Elementos para o desenvolvimento sustent\u00e1vel na Amaz\u00f4nia<\/span><\/font><\/a><\/h2>\t\t<\/div>\n\t\t\t\t<\/div>\n\t\t\t\t\t<\/div>\n\t\t<\/div>\n\t\t\t\t\t\t\t<\/div>\n\t\t<\/section>\n\t\t\t\t<section class=\"elementor-section elementor-top-section elementor-element elementor-element-7193d77 elementor-section-boxed elementor-section-height-default elementor-section-height-default\" data-id=\"7193d77\" data-element_type=\"section\">\n\t\t\t\t\t\t<div class=\"elementor-container elementor-column-gap-default\">\n\t\t\t\t\t<div class=\"elementor-column elementor-col-33 elementor-top-column elementor-element elementor-element-686241f\" data-id=\"686241f\" data-element_type=\"column\">\n\t\t\t<div class=\"elementor-widget-wrap elementor-element-populated\">\n\t\t\t\t\t\t\t\t<div class=\"elementor-element elementor-element-8f234c5 elementor-widget elementor-widget-image\" data-id=\"8f234c5\" data-element_type=\"widget\" data-widget_type=\"image.default\">\n\t\t\t\t<div class=\"elementor-widget-container\">\n\t\t\t\t\t\t\t\t\t\t\t\t\t\t\t\t<a href=\"https:\/\/revistacienciaecultura.org.br\/?artigos=a-adaptacao-de-nossa-sociedade-ao-novo-clima\">\n\t\t\t\t\t\t\t<img width=\"1024\" height=\"427\" src=\"https:\/\/revistacienciaecultura.org.br\/wp-content\/uploads\/2025\/12\/CC-4E25-artigo-A-adaptac\u0327a\u0303o-de-nossa-sociedade-ao-novo-clima-capa-site-1024x427.jpg\" class=\"attachment-large size-large\" alt=\"\" loading=\"lazy\" srcset=\"https:\/\/revistacienciaecultura.org.br\/wp-content\/uploads\/2025\/12\/CC-4E25-artigo-A-adaptac\u0327a\u0303o-de-nossa-sociedade-ao-novo-clima-capa-site-1024x427.jpg 1024w, https:\/\/revistacienciaecultura.org.br\/wp-content\/uploads\/2025\/12\/CC-4E25-artigo-A-adaptac\u0327a\u0303o-de-nossa-sociedade-ao-novo-clima-capa-site-300x125.jpg 300w, https:\/\/revistacienciaecultura.org.br\/wp-content\/uploads\/2025\/12\/CC-4E25-artigo-A-adaptac\u0327a\u0303o-de-nossa-sociedade-ao-novo-clima-capa-site-768x320.jpg 768w, https:\/\/revistacienciaecultura.org.br\/wp-content\/uploads\/2025\/12\/CC-4E25-artigo-A-adaptac\u0327a\u0303o-de-nossa-sociedade-ao-novo-clima-capa-site-18x8.jpg 18w, https:\/\/revistacienciaecultura.org.br\/wp-content\/uploads\/2025\/12\/CC-4E25-artigo-A-adaptac\u0327a\u0303o-de-nossa-sociedade-ao-novo-clima-capa-site-800x333.jpg 800w, https:\/\/revistacienciaecultura.org.br\/wp-content\/uploads\/2025\/12\/CC-4E25-artigo-A-adaptac\u0327a\u0303o-de-nossa-sociedade-ao-novo-clima-capa-site-1160x483.jpg 1160w, https:\/\/revistacienciaecultura.org.br\/wp-content\/uploads\/2025\/12\/CC-4E25-artigo-A-adaptac\u0327a\u0303o-de-nossa-sociedade-ao-novo-clima-capa-site.jpg 1200w\" sizes=\"(max-width: 1024px) 100vw, 1024px\" \/>\t\t\t\t\t\t\t\t<\/a>\n\t\t\t\t\t\t\t\t\t\t\t\t\t\t\t<\/div>\n\t\t\t\t<\/div>\n\t\t\t\t<div class=\"elementor-element elementor-element-bf3caf9 elementor-widget elementor-widget-heading\" data-id=\"bf3caf9\" data-element_type=\"widget\" data-widget_type=\"heading.default\">\n\t\t\t\t<div class=\"elementor-widget-container\">\n\t\t\t<h2 id=\"a-adaptacao-de-nossa-sociedade-ao-novo-clima\" class=\"elementor-heading-title elementor-size-medium\"><a href=\"https:\/\/revistacienciaecultura.org.br\/?artigos=a-adaptacao-de-nossa-sociedade-ao-novo-clima\"><font color=\"#000000\"><span style=\"font-size: 18px; letter-spacing: -0.225px; white-space-collapse: collapse;\">A adapta\u00e7\u00e3o de nossa sociedade ao novo clima<\/span><\/font><\/a><\/h2>\t\t<\/div>\n\t\t\t\t<\/div>\n\t\t\t\t\t<\/div>\n\t\t<\/div>\n\t\t\t\t<div class=\"elementor-column elementor-col-33 elementor-top-column elementor-element elementor-element-2a5e5f1\" data-id=\"2a5e5f1\" data-element_type=\"column\">\n\t\t\t<div class=\"elementor-widget-wrap elementor-element-populated\">\n\t\t\t\t\t\t\t\t<div class=\"elementor-element elementor-element-3ebd8b5 elementor-widget elementor-widget-image\" data-id=\"3ebd8b5\" data-element_type=\"widget\" data-widget_type=\"image.default\">\n\t\t\t\t<div class=\"elementor-widget-container\">\n\t\t\t\t\t\t\t\t\t\t\t\t\t\t\t\t<a href=\"https:\/\/revistacienciaecultura.org.br\/?artigos=um-desafio-duas-crises-como-enfrentar-a-poluicao-do-ar-e-o-aquecimento-global\">\n\t\t\t\t\t\t\t<img width=\"1024\" height=\"427\" src=\"https:\/\/revistacienciaecultura.org.br\/wp-content\/uploads\/2025\/12\/CC-4E15-artigo-Um-So\u0301-Desafio-Duas-Crises-capa-site-1024x427.jpg\" class=\"attachment-large size-large\" alt=\"\" loading=\"lazy\" srcset=\"https:\/\/revistacienciaecultura.org.br\/wp-content\/uploads\/2025\/12\/CC-4E15-artigo-Um-So\u0301-Desafio-Duas-Crises-capa-site-1024x427.jpg 1024w, https:\/\/revistacienciaecultura.org.br\/wp-content\/uploads\/2025\/12\/CC-4E15-artigo-Um-So\u0301-Desafio-Duas-Crises-capa-site-300x125.jpg 300w, https:\/\/revistacienciaecultura.org.br\/wp-content\/uploads\/2025\/12\/CC-4E15-artigo-Um-So\u0301-Desafio-Duas-Crises-capa-site-768x320.jpg 768w, https:\/\/revistacienciaecultura.org.br\/wp-content\/uploads\/2025\/12\/CC-4E15-artigo-Um-So\u0301-Desafio-Duas-Crises-capa-site-18x8.jpg 18w, https:\/\/revistacienciaecultura.org.br\/wp-content\/uploads\/2025\/12\/CC-4E15-artigo-Um-So\u0301-Desafio-Duas-Crises-capa-site-800x333.jpg 800w, https:\/\/revistacienciaecultura.org.br\/wp-content\/uploads\/2025\/12\/CC-4E15-artigo-Um-So\u0301-Desafio-Duas-Crises-capa-site-1160x483.jpg 1160w, https:\/\/revistacienciaecultura.org.br\/wp-content\/uploads\/2025\/12\/CC-4E15-artigo-Um-So\u0301-Desafio-Duas-Crises-capa-site.jpg 1200w\" sizes=\"(max-width: 1024px) 100vw, 1024px\" \/>\t\t\t\t\t\t\t\t<\/a>\n\t\t\t\t\t\t\t\t\t\t\t\t\t\t\t<\/div>\n\t\t\t\t<\/div>\n\t\t\t\t<div class=\"elementor-element elementor-element-f07df1c elementor-widget elementor-widget-heading\" data-id=\"f07df1c\" data-element_type=\"widget\" data-widget_type=\"heading.default\">\n\t\t\t\t<div class=\"elementor-widget-container\">\n\t\t\t<h2 id=\"um-desafio-duas-crises-como-enfrentar-a-poluicao-do-ar-e-o-aquecimento-global\" class=\"elementor-heading-title elementor-size-medium\"><a href=\"https:\/\/revistacienciaecultura.org.br\/?artigos=um-desafio-duas-crises-como-enfrentar-a-poluicao-do-ar-e-o-aquecimento-global\"><div><span style=\"font-size: 18px; letter-spacing: -0.225px; white-space-collapse: collapse; color: rgb(0, 0, 0); font-family: var( --e-global-typography-primary-font-family ), Sans-serif; font-weight: var( --e-global-typography-primary-font-weight );\">\nUm desafio, duas crises: Como enfrentar a polui\u00e7\u00e3o do ar e o aquecimento global<\/span><span style=\"font-family: var( --e-global-typography-primary-font-family ), Sans-serif; font-weight: var( --e-global-typography-primary-font-weight ); letter-spacing: -0.0125em;\"><\/span><\/div><\/a><\/h2>\t\t<\/div>\n\t\t\t\t<\/div>\n\t\t\t\t\t<\/div>\n\t\t<\/div>\n\t\t\t\t<div class=\"elementor-column elementor-col-33 elementor-top-column elementor-element elementor-element-2fe58dc\" data-id=\"2fe58dc\" data-element_type=\"column\">\n\t\t\t<div class=\"elementor-widget-wrap elementor-element-populated\">\n\t\t\t\t\t\t\t\t<div class=\"elementor-element elementor-element-83bd914 elementor-widget elementor-widget-image\" data-id=\"83bd914\" data-element_type=\"widget\" data-widget_type=\"image.default\">\n\t\t\t\t<div class=\"elementor-widget-container\">\n\t\t\t\t\t\t\t\t\t\t\t\t\t\t\t\t<a href=\"https:\/\/revistacienciaecultura.org.br\/?artigos=pantanal-em-chamas-riscos-a-saude-de-bombeiros-no-contexto-da-crise-climatica\">\n\t\t\t\t\t\t\t<img width=\"1024\" height=\"427\" src=\"https:\/\/revistacienciaecultura.org.br\/wp-content\/uploads\/2025\/12\/CC-4E25-artigo-Pantanal-em-Chamas-capa-site-1024x427.jpg\" class=\"attachment-large size-large\" alt=\"\" loading=\"lazy\" srcset=\"https:\/\/revistacienciaecultura.org.br\/wp-content\/uploads\/2025\/12\/CC-4E25-artigo-Pantanal-em-Chamas-capa-site-1024x427.jpg 1024w, https:\/\/revistacienciaecultura.org.br\/wp-content\/uploads\/2025\/12\/CC-4E25-artigo-Pantanal-em-Chamas-capa-site-300x125.jpg 300w, https:\/\/revistacienciaecultura.org.br\/wp-content\/uploads\/2025\/12\/CC-4E25-artigo-Pantanal-em-Chamas-capa-site-768x320.jpg 768w, https:\/\/revistacienciaecultura.org.br\/wp-content\/uploads\/2025\/12\/CC-4E25-artigo-Pantanal-em-Chamas-capa-site-18x8.jpg 18w, https:\/\/revistacienciaecultura.org.br\/wp-content\/uploads\/2025\/12\/CC-4E25-artigo-Pantanal-em-Chamas-capa-site-800x333.jpg 800w, https:\/\/revistacienciaecultura.org.br\/wp-content\/uploads\/2025\/12\/CC-4E25-artigo-Pantanal-em-Chamas-capa-site-1160x483.jpg 1160w, https:\/\/revistacienciaecultura.org.br\/wp-content\/uploads\/2025\/12\/CC-4E25-artigo-Pantanal-em-Chamas-capa-site.jpg 1200w\" sizes=\"(max-width: 1024px) 100vw, 1024px\" \/>\t\t\t\t\t\t\t\t<\/a>\n\t\t\t\t\t\t\t\t\t\t\t\t\t\t\t<\/div>\n\t\t\t\t<\/div>\n\t\t\t\t<div class=\"elementor-element elementor-element-ec45a43 elementor-widget elementor-widget-heading\" data-id=\"ec45a43\" data-element_type=\"widget\" data-widget_type=\"heading.default\">\n\t\t\t\t<div class=\"elementor-widget-container\">\n\t\t\t<h2 id=\"pantanal-em-chamas-riscos-a-saude-de-bombeiros-no-contexto-da-crise-climatica\" class=\"elementor-heading-title elementor-size-medium\"><a href=\"https:\/\/revistacienciaecultura.org.br\/?artigos=pantanal-em-chamas-riscos-a-saude-de-bombeiros-no-contexto-da-crise-climatica\"><div><span style=\"font-size: 18px; letter-spacing: -0.225px; white-space-collapse: collapse; color: rgb(0, 0, 0); font-family: var( --e-global-typography-primary-font-family ), Sans-serif; font-weight: var( --e-global-typography-primary-font-weight );\">Pantanal em chamas: Riscos \u00e0 sa\u00fade de bombeiros no contexto da crise clim\u00e1tica<\/span><span style=\"font-family: var( --e-global-typography-primary-font-family ), Sans-serif; font-weight: var( --e-global-typography-primary-font-weight ); letter-spacing: -0.0125em;\"><\/span><\/div><\/a><\/h2>\t\t<\/div>\n\t\t\t\t<\/div>\n\t\t\t\t\t<\/div>\n\t\t<\/div>\n\t\t\t\t\t\t\t<\/div>\n\t\t<\/section>\n\t\t\t\t<section class=\"elementor-section elementor-top-section elementor-element elementor-element-93fc524 elementor-section-boxed elementor-section-height-default elementor-section-height-default\" data-id=\"93fc524\" data-element_type=\"section\">\n\t\t\t\t\t\t<div class=\"elementor-container elementor-column-gap-default\">\n\t\t\t\t\t<div class=\"elementor-column elementor-col-33 elementor-top-column elementor-element elementor-element-f87181f\" data-id=\"f87181f\" data-element_type=\"column\">\n\t\t\t<div class=\"elementor-widget-wrap elementor-element-populated\">\n\t\t\t\t\t\t\t\t<div class=\"elementor-element elementor-element-a4d21ae elementor-widget__width-auto elementor-widget elementor-widget-heading\" data-id=\"a4d21ae\" data-element_type=\"widget\" data-widget_type=\"heading.default\">\n\t\t\t\t<div class=\"elementor-widget-container\">\n\t\t\t<h6 id=\"opiniao\" class=\"elementor-heading-title elementor-size-default\">Opini\u00e3o  <\/h6>\t\t<\/div>\n\t\t\t\t<\/div>\n\t\t\t\t\t<\/div>\n\t\t<\/div>\n\t\t\t\t<div class=\"elementor-column elementor-col-33 elementor-top-column elementor-element elementor-element-917509f\" data-id=\"917509f\" data-element_type=\"column\">\n\t\t\t<div class=\"elementor-widget-wrap elementor-element-populated\">\n\t\t\t\t\t\t\t\t\t<\/div>\n\t\t<\/div>\n\t\t\t\t<div class=\"elementor-column elementor-col-33 elementor-top-column elementor-element elementor-element-79595e2\" data-id=\"79595e2\" data-element_type=\"column\">\n\t\t\t<div class=\"elementor-widget-wrap elementor-element-populated\">\n\t\t\t\t\t\t\t\t\t<\/div>\n\t\t<\/div>\n\t\t\t\t\t\t\t<\/div>\n\t\t<\/section>\n\t\t\t\t<section class=\"elementor-section elementor-top-section elementor-element elementor-element-2ff6f11 elementor-section-boxed elementor-section-height-default elementor-section-height-default\" data-id=\"2ff6f11\" data-element_type=\"section\">\n\t\t\t\t\t\t<div class=\"elementor-container elementor-column-gap-default\">\n\t\t\t\t\t<div class=\"elementor-column elementor-col-33 elementor-top-column elementor-element elementor-element-8d4cdcf\" data-id=\"8d4cdcf\" data-element_type=\"column\">\n\t\t\t<div class=\"elementor-widget-wrap elementor-element-populated\">\n\t\t\t\t\t\t\t\t<div class=\"elementor-element elementor-element-2d66483 elementor-widget elementor-widget-image\" data-id=\"2d66483\" data-element_type=\"widget\" data-widget_type=\"image.default\">\n\t\t\t\t<div class=\"elementor-widget-container\">\n\t\t\t\t\t\t\t\t\t\t\t\t\t\t\t\t<a href=\"https:\/\/revistacienciaecultura.org.br\/?p=9178\">\n\t\t\t\t\t\t\t<img width=\"1024\" height=\"427\" src=\"https:\/\/revistacienciaecultura.org.br\/wp-content\/uploads\/2025\/11\/CC-4E25-editorial-capa-site-1024x427.jpg\" class=\"attachment-large size-large\" alt=\"\" loading=\"lazy\" srcset=\"https:\/\/revistacienciaecultura.org.br\/wp-content\/uploads\/2025\/11\/CC-4E25-editorial-capa-site-1024x427.jpg 1024w, https:\/\/revistacienciaecultura.org.br\/wp-content\/uploads\/2025\/11\/CC-4E25-editorial-capa-site-300x125.jpg 300w, https:\/\/revistacienciaecultura.org.br\/wp-content\/uploads\/2025\/11\/CC-4E25-editorial-capa-site-768x320.jpg 768w, https:\/\/revistacienciaecultura.org.br\/wp-content\/uploads\/2025\/11\/CC-4E25-editorial-capa-site-18x8.jpg 18w, https:\/\/revistacienciaecultura.org.br\/wp-content\/uploads\/2025\/11\/CC-4E25-editorial-capa-site-800x333.jpg 800w, https:\/\/revistacienciaecultura.org.br\/wp-content\/uploads\/2025\/11\/CC-4E25-editorial-capa-site-1160x483.jpg 1160w, https:\/\/revistacienciaecultura.org.br\/wp-content\/uploads\/2025\/11\/CC-4E25-editorial-capa-site.jpg 1200w\" sizes=\"(max-width: 1024px) 100vw, 1024px\" \/>\t\t\t\t\t\t\t\t<\/a>\n\t\t\t\t\t\t\t\t\t\t\t\t\t\t\t<\/div>\n\t\t\t\t<\/div>\n\t\t\t\t<div class=\"elementor-element elementor-element-2ae04b9 elementor-widget elementor-widget-heading\" data-id=\"2ae04b9\" data-element_type=\"widget\" data-widget_type=\"heading.default\">\n\t\t\t\t<div class=\"elementor-widget-container\">\n\t\t\t<h2 id=\"crise-climatica-e-cop30-ciencia-politica-e-acao\" class=\"elementor-heading-title elementor-size-medium\"><a href=\"https:\/\/revistacienciaecultura.org.br\/?p=9178\"><font color=\"#000000\"><span style=\"font-size: 18px; letter-spacing: -0.225px; white-space-collapse: collapse;\">Crise clim\u00e1tica e COP30: ci\u00eancia, pol\u00edtica e a\u00e7\u00e3o<\/span><\/font><\/a><\/h2>\t\t<\/div>\n\t\t\t\t<\/div>\n\t\t\t\t\t<\/div>\n\t\t<\/div>\n\t\t\t\t<div class=\"elementor-column elementor-col-33 elementor-top-column elementor-element elementor-element-7c9da5b\" data-id=\"7c9da5b\" data-element_type=\"column\">\n\t\t\t<div class=\"elementor-widget-wrap elementor-element-populated\">\n\t\t\t\t\t\t\t\t<div class=\"elementor-element elementor-element-39a433b elementor-widget elementor-widget-image\" data-id=\"39a433b\" data-element_type=\"widget\" data-widget_type=\"image.default\">\n\t\t\t\t<div class=\"elementor-widget-container\">\n\t\t\t\t\t\t\t\t\t\t\t\t\t\t\t\t<a href=\"https:\/\/revistacienciaecultura.org.br\/?p=9182\">\n\t\t\t\t\t\t\t<img width=\"1024\" height=\"427\" src=\"https:\/\/revistacienciaecultura.org.br\/wp-content\/uploads\/2025\/11\/CC-4E25-opinia\u0303o-Amazo\u0302nia-Corac\u0327a\u0303o-Poli\u0301tico-do-Planeta-capa-site-1024x427.jpg\" class=\"attachment-large size-large\" alt=\"\" loading=\"lazy\" srcset=\"https:\/\/revistacienciaecultura.org.br\/wp-content\/uploads\/2025\/11\/CC-4E25-opinia\u0303o-Amazo\u0302nia-Corac\u0327a\u0303o-Poli\u0301tico-do-Planeta-capa-site-1024x427.jpg 1024w, https:\/\/revistacienciaecultura.org.br\/wp-content\/uploads\/2025\/11\/CC-4E25-opinia\u0303o-Amazo\u0302nia-Corac\u0327a\u0303o-Poli\u0301tico-do-Planeta-capa-site-300x125.jpg 300w, https:\/\/revistacienciaecultura.org.br\/wp-content\/uploads\/2025\/11\/CC-4E25-opinia\u0303o-Amazo\u0302nia-Corac\u0327a\u0303o-Poli\u0301tico-do-Planeta-capa-site-768x320.jpg 768w, https:\/\/revistacienciaecultura.org.br\/wp-content\/uploads\/2025\/11\/CC-4E25-opinia\u0303o-Amazo\u0302nia-Corac\u0327a\u0303o-Poli\u0301tico-do-Planeta-capa-site-18x8.jpg 18w, https:\/\/revistacienciaecultura.org.br\/wp-content\/uploads\/2025\/11\/CC-4E25-opinia\u0303o-Amazo\u0302nia-Corac\u0327a\u0303o-Poli\u0301tico-do-Planeta-capa-site-800x333.jpg 800w, https:\/\/revistacienciaecultura.org.br\/wp-content\/uploads\/2025\/11\/CC-4E25-opinia\u0303o-Amazo\u0302nia-Corac\u0327a\u0303o-Poli\u0301tico-do-Planeta-capa-site-1160x483.jpg 1160w, https:\/\/revistacienciaecultura.org.br\/wp-content\/uploads\/2025\/11\/CC-4E25-opinia\u0303o-Amazo\u0302nia-Corac\u0327a\u0303o-Poli\u0301tico-do-Planeta-capa-site.jpg 1200w\" sizes=\"(max-width: 1024px) 100vw, 1024px\" \/>\t\t\t\t\t\t\t\t<\/a>\n\t\t\t\t\t\t\t\t\t\t\t\t\t\t\t<\/div>\n\t\t\t\t<\/div>\n\t\t\t\t<div class=\"elementor-element elementor-element-c91ec90 elementor-widget elementor-widget-heading\" data-id=\"c91ec90\" data-element_type=\"widget\" data-widget_type=\"heading.default\">\n\t\t\t\t<div class=\"elementor-widget-container\">\n\t\t\t<h2 id=\"amazonia-coracao-politico-do-planeta\" class=\"elementor-heading-title elementor-size-medium\"><a href=\"https:\/\/revistacienciaecultura.org.br\/?p=9182\"><font color=\"#000000\"><span style=\"font-size: 18px; letter-spacing: -0.225px; white-space-collapse: collapse;\">Amaz\u00f4nia, cora\u00e7\u00e3o pol\u00edtico do planeta<\/span><\/font><\/a><\/h2>\t\t<\/div>\n\t\t\t\t<\/div>\n\t\t\t\t\t<\/div>\n\t\t<\/div>\n\t\t\t\t<div class=\"elementor-column elementor-col-33 elementor-top-column elementor-element elementor-element-3920819\" data-id=\"3920819\" data-element_type=\"column\">\n\t\t\t<div class=\"elementor-widget-wrap\">\n\t\t\t\t\t\t\t\t\t<\/div>\n\t\t<\/div>\n\t\t\t\t\t\t\t<\/div>\n\t\t<\/section>\n\t\t\t\t<section class=\"elementor-section elementor-top-section elementor-element elementor-element-377abf1 elementor-section-boxed elementor-section-height-default elementor-section-height-default\" data-id=\"377abf1\" data-element_type=\"section\">\n\t\t\t\t\t\t<div class=\"elementor-container elementor-column-gap-default\">\n\t\t\t\t\t<div class=\"elementor-column elementor-col-100 elementor-top-column elementor-element elementor-element-16d33cc\" data-id=\"16d33cc\" data-element_type=\"column\">\n\t\t\t<div class=\"elementor-widget-wrap elementor-element-populated\">\n\t\t\t\t\t\t\t\t<div class=\"elementor-element elementor-element-8e59674 elementor-widget__width-auto elementor-widget elementor-widget-heading\" data-id=\"8e59674\" data-element_type=\"widget\" data-widget_type=\"heading.default\">\n\t\t\t\t<div class=\"elementor-widget-container\">\n\t\t\t<h6 id=\"reportagens\" class=\"elementor-heading-title elementor-size-default\">Reportagens  <\/h6>\t\t<\/div>\n\t\t\t\t<\/div>\n\t\t\t\t\t<\/div>\n\t\t<\/div>\n\t\t\t\t\t\t\t<\/div>\n\t\t<\/section>\n\t\t\t\t<section class=\"elementor-section elementor-top-section elementor-element elementor-element-d39578c elementor-section-boxed elementor-section-height-default elementor-section-height-default\" data-id=\"d39578c\" data-element_type=\"section\">\n\t\t\t\t\t\t<div class=\"elementor-container elementor-column-gap-default\">\n\t\t\t\t\t<div class=\"elementor-column elementor-col-33 elementor-top-column elementor-element elementor-element-47ee003\" data-id=\"47ee003\" data-element_type=\"column\">\n\t\t\t<div class=\"elementor-widget-wrap elementor-element-populated\">\n\t\t\t\t\t\t\t\t<div class=\"elementor-element elementor-element-72e96e1 elementor-widget elementor-widget-image\" data-id=\"72e96e1\" data-element_type=\"widget\" data-widget_type=\"image.default\">\n\t\t\t\t<div class=\"elementor-widget-container\">\n\t\t\t\t\t\t\t\t\t\t\t\t\t\t\t\t<a href=\"https:\/\/revistacienciaecultura.org.br\/?p=9341\">\n\t\t\t\t\t\t\t<img width=\"1024\" height=\"427\" src=\"https:\/\/revistacienciaecultura.org.br\/wp-content\/uploads\/2025\/11\/CC-4E25-reportagem-Cie\u0302ncia-na-linha-de-frente-capa-site-1024x427.jpg\" class=\"attachment-large size-large\" alt=\"\" loading=\"lazy\" srcset=\"https:\/\/revistacienciaecultura.org.br\/wp-content\/uploads\/2025\/11\/CC-4E25-reportagem-Cie\u0302ncia-na-linha-de-frente-capa-site-1024x427.jpg 1024w, https:\/\/revistacienciaecultura.org.br\/wp-content\/uploads\/2025\/11\/CC-4E25-reportagem-Cie\u0302ncia-na-linha-de-frente-capa-site-300x125.jpg 300w, https:\/\/revistacienciaecultura.org.br\/wp-content\/uploads\/2025\/11\/CC-4E25-reportagem-Cie\u0302ncia-na-linha-de-frente-capa-site-768x320.jpg 768w, https:\/\/revistacienciaecultura.org.br\/wp-content\/uploads\/2025\/11\/CC-4E25-reportagem-Cie\u0302ncia-na-linha-de-frente-capa-site-18x8.jpg 18w, https:\/\/revistacienciaecultura.org.br\/wp-content\/uploads\/2025\/11\/CC-4E25-reportagem-Cie\u0302ncia-na-linha-de-frente-capa-site-800x333.jpg 800w, https:\/\/revistacienciaecultura.org.br\/wp-content\/uploads\/2025\/11\/CC-4E25-reportagem-Cie\u0302ncia-na-linha-de-frente-capa-site-1160x483.jpg 1160w, https:\/\/revistacienciaecultura.org.br\/wp-content\/uploads\/2025\/11\/CC-4E25-reportagem-Cie\u0302ncia-na-linha-de-frente-capa-site.jpg 1200w\" sizes=\"(max-width: 1024px) 100vw, 1024px\" \/>\t\t\t\t\t\t\t\t<\/a>\n\t\t\t\t\t\t\t\t\t\t\t\t\t\t\t<\/div>\n\t\t\t\t<\/div>\n\t\t\t\t<div class=\"elementor-element elementor-element-767dc0a elementor-widget elementor-widget-heading\" data-id=\"767dc0a\" data-element_type=\"widget\" data-widget_type=\"heading.default\">\n\t\t\t\t<div class=\"elementor-widget-container\">\n\t\t\t<h2 id=\"ciencia-na-linha-de-frente-crise-climatica-amazonia-e-cop-30\" class=\"elementor-heading-title elementor-size-medium\"><a href=\"https:\/\/revistacienciaecultura.org.br\/?p=9341\"><div><font color=\"#000000\"><span style=\"font-size: 18px; letter-spacing: -0.225px; white-space-collapse: collapse;\">Ci\u00eancia na linha de frente: crise clim\u00e1tica, Amaz\u00f4nia e COP 30<\/span><\/font><\/div><\/a><\/h2>\t\t<\/div>\n\t\t\t\t<\/div>\n\t\t\t\t\t<\/div>\n\t\t<\/div>\n\t\t\t\t<div class=\"elementor-column elementor-col-33 elementor-top-column elementor-element elementor-element-645135e\" data-id=\"645135e\" data-element_type=\"column\">\n\t\t\t<div class=\"elementor-widget-wrap elementor-element-populated\">\n\t\t\t\t\t\t\t\t<div class=\"elementor-element elementor-element-b1f538d elementor-widget elementor-widget-image\" data-id=\"b1f538d\" data-element_type=\"widget\" data-widget_type=\"image.default\">\n\t\t\t\t<div class=\"elementor-widget-container\">\n\t\t\t\t\t\t\t\t\t\t\t\t\t\t\t\t<a href=\"https:\/\/revistacienciaecultura.org.br\/?p=9198\">\n\t\t\t\t\t\t\t<img width=\"1024\" height=\"427\" src=\"https:\/\/revistacienciaecultura.org.br\/wp-content\/uploads\/2025\/11\/CC-4E25-reportagem-COP-30-e-o-real-protagonismo-das-lideranc\u0327as-femininas-na-floresta-capa-site-1024x427.jpg\" class=\"attachment-large size-large\" alt=\"\" loading=\"lazy\" srcset=\"https:\/\/revistacienciaecultura.org.br\/wp-content\/uploads\/2025\/11\/CC-4E25-reportagem-COP-30-e-o-real-protagonismo-das-lideranc\u0327as-femininas-na-floresta-capa-site-1024x427.jpg 1024w, https:\/\/revistacienciaecultura.org.br\/wp-content\/uploads\/2025\/11\/CC-4E25-reportagem-COP-30-e-o-real-protagonismo-das-lideranc\u0327as-femininas-na-floresta-capa-site-300x125.jpg 300w, https:\/\/revistacienciaecultura.org.br\/wp-content\/uploads\/2025\/11\/CC-4E25-reportagem-COP-30-e-o-real-protagonismo-das-lideranc\u0327as-femininas-na-floresta-capa-site-768x320.jpg 768w, https:\/\/revistacienciaecultura.org.br\/wp-content\/uploads\/2025\/11\/CC-4E25-reportagem-COP-30-e-o-real-protagonismo-das-lideranc\u0327as-femininas-na-floresta-capa-site-18x8.jpg 18w, https:\/\/revistacienciaecultura.org.br\/wp-content\/uploads\/2025\/11\/CC-4E25-reportagem-COP-30-e-o-real-protagonismo-das-lideranc\u0327as-femininas-na-floresta-capa-site-800x333.jpg 800w, https:\/\/revistacienciaecultura.org.br\/wp-content\/uploads\/2025\/11\/CC-4E25-reportagem-COP-30-e-o-real-protagonismo-das-lideranc\u0327as-femininas-na-floresta-capa-site-1160x483.jpg 1160w, https:\/\/revistacienciaecultura.org.br\/wp-content\/uploads\/2025\/11\/CC-4E25-reportagem-COP-30-e-o-real-protagonismo-das-lideranc\u0327as-femininas-na-floresta-capa-site.jpg 1200w\" sizes=\"(max-width: 1024px) 100vw, 1024px\" \/>\t\t\t\t\t\t\t\t<\/a>\n\t\t\t\t\t\t\t\t\t\t\t\t\t\t\t<\/div>\n\t\t\t\t<\/div>\n\t\t\t\t<div class=\"elementor-element elementor-element-ecc1439 elementor-widget elementor-widget-heading\" data-id=\"ecc1439\" data-element_type=\"widget\" data-widget_type=\"heading.default\">\n\t\t\t\t<div class=\"elementor-widget-container\">\n\t\t\t<h2 id=\"cop-30-e-o-real-protagonismo-das-liderancas-femininas-na-floresta\" class=\"elementor-heading-title elementor-size-medium\"><a href=\"https:\/\/revistacienciaecultura.org.br\/?p=9198\"><font color=\"#000000\"><span style=\"font-size: 18px; letter-spacing: -0.225px; white-space-collapse: collapse;\">COP 30 e o real protagonismo das lideran\u00e7as femininas na floresta<\/span><\/font><\/a><\/h2>\t\t<\/div>\n\t\t\t\t<\/div>\n\t\t\t\t\t<\/div>\n\t\t<\/div>\n\t\t\t\t<div class=\"elementor-column elementor-col-33 elementor-top-column elementor-element elementor-element-0aacf05\" data-id=\"0aacf05\" data-element_type=\"column\">\n\t\t\t<div class=\"elementor-widget-wrap elementor-element-populated\">\n\t\t\t\t\t\t\t\t<div class=\"elementor-element elementor-element-a65da60 elementor-widget elementor-widget-image\" data-id=\"a65da60\" data-element_type=\"widget\" data-widget_type=\"image.default\">\n\t\t\t\t<div class=\"elementor-widget-container\">\n\t\t\t\t\t\t\t\t\t\t\t\t\t\t\t\t<a href=\"https:\/\/revistacienciaecultura.org.br\/?p=9204\">\n\t\t\t\t\t\t\t<img width=\"1024\" height=\"427\" src=\"https:\/\/revistacienciaecultura.org.br\/wp-content\/uploads\/2025\/11\/CC-4E25-reportagem-Entre-dados-e-afetos-capa-site-1024x427.jpg\" class=\"attachment-large size-large\" alt=\"\" loading=\"lazy\" srcset=\"https:\/\/revistacienciaecultura.org.br\/wp-content\/uploads\/2025\/11\/CC-4E25-reportagem-Entre-dados-e-afetos-capa-site-1024x427.jpg 1024w, https:\/\/revistacienciaecultura.org.br\/wp-content\/uploads\/2025\/11\/CC-4E25-reportagem-Entre-dados-e-afetos-capa-site-300x125.jpg 300w, https:\/\/revistacienciaecultura.org.br\/wp-content\/uploads\/2025\/11\/CC-4E25-reportagem-Entre-dados-e-afetos-capa-site-768x320.jpg 768w, https:\/\/revistacienciaecultura.org.br\/wp-content\/uploads\/2025\/11\/CC-4E25-reportagem-Entre-dados-e-afetos-capa-site-18x8.jpg 18w, https:\/\/revistacienciaecultura.org.br\/wp-content\/uploads\/2025\/11\/CC-4E25-reportagem-Entre-dados-e-afetos-capa-site-800x333.jpg 800w, https:\/\/revistacienciaecultura.org.br\/wp-content\/uploads\/2025\/11\/CC-4E25-reportagem-Entre-dados-e-afetos-capa-site-1160x483.jpg 1160w, https:\/\/revistacienciaecultura.org.br\/wp-content\/uploads\/2025\/11\/CC-4E25-reportagem-Entre-dados-e-afetos-capa-site.jpg 1200w\" sizes=\"(max-width: 1024px) 100vw, 1024px\" \/>\t\t\t\t\t\t\t\t<\/a>\n\t\t\t\t\t\t\t\t\t\t\t\t\t\t\t<\/div>\n\t\t\t\t<\/div>\n\t\t\t\t<div class=\"elementor-element elementor-element-370e3ad elementor-widget elementor-widget-heading\" data-id=\"370e3ad\" data-element_type=\"widget\" data-widget_type=\"heading.default\">\n\t\t\t\t<div class=\"elementor-widget-container\">\n\t\t\t<h2 id=\"entre-dados-e-afetos-o-papel-da-arte-na-era-das-emergencias-climaticas\" class=\"elementor-heading-title elementor-size-medium\"><a href=\"https:\/\/revistacienciaecultura.org.br\/?p=9204\"><font color=\"#000000\"><span style=\"font-size: 18px; letter-spacing: -0.225px; white-space-collapse: collapse;\">Entre dados e afetos: o papel da arte na era das emerg\u00eancias clim\u00e1ticas<\/span><\/font><\/a><\/h2>\t\t<\/div>\n\t\t\t\t<\/div>\n\t\t\t\t\t<\/div>\n\t\t<\/div>\n\t\t\t\t\t\t\t<\/div>\n\t\t<\/section>\n\t\t\t\t<section class=\"elementor-section elementor-top-section elementor-element elementor-element-650411a elementor-section-boxed elementor-section-height-default elementor-section-height-default\" data-id=\"650411a\" data-element_type=\"section\">\n\t\t\t\t\t\t<div class=\"elementor-container elementor-column-gap-default\">\n\t\t\t\t\t<div class=\"elementor-column elementor-col-33 elementor-top-column elementor-element elementor-element-09eae4c\" data-id=\"09eae4c\" data-element_type=\"column\">\n\t\t\t<div class=\"elementor-widget-wrap elementor-element-populated\">\n\t\t\t\t\t\t\t\t<div class=\"elementor-element elementor-element-0ba23ac elementor-widget elementor-widget-image\" data-id=\"0ba23ac\" data-element_type=\"widget\" data-widget_type=\"image.default\">\n\t\t\t\t<div class=\"elementor-widget-container\">\n\t\t\t\t\t\t\t\t\t\t\t\t\t\t\t\t<a href=\"https:\/\/revistacienciaecultura.org.br\/?p=9346\">\n\t\t\t\t\t\t\t<img width=\"1024\" height=\"427\" src=\"https:\/\/revistacienciaecultura.org.br\/wp-content\/uploads\/2025\/11\/CC-4E25-reportagem-Financiamento-clima\u0301tico-na-COP-30-capa-site-1024x427.jpg\" class=\"attachment-large size-large\" alt=\"\" loading=\"lazy\" srcset=\"https:\/\/revistacienciaecultura.org.br\/wp-content\/uploads\/2025\/11\/CC-4E25-reportagem-Financiamento-clima\u0301tico-na-COP-30-capa-site-1024x427.jpg 1024w, https:\/\/revistacienciaecultura.org.br\/wp-content\/uploads\/2025\/11\/CC-4E25-reportagem-Financiamento-clima\u0301tico-na-COP-30-capa-site-300x125.jpg 300w, https:\/\/revistacienciaecultura.org.br\/wp-content\/uploads\/2025\/11\/CC-4E25-reportagem-Financiamento-clima\u0301tico-na-COP-30-capa-site-768x320.jpg 768w, https:\/\/revistacienciaecultura.org.br\/wp-content\/uploads\/2025\/11\/CC-4E25-reportagem-Financiamento-clima\u0301tico-na-COP-30-capa-site-18x8.jpg 18w, https:\/\/revistacienciaecultura.org.br\/wp-content\/uploads\/2025\/11\/CC-4E25-reportagem-Financiamento-clima\u0301tico-na-COP-30-capa-site-800x333.jpg 800w, https:\/\/revistacienciaecultura.org.br\/wp-content\/uploads\/2025\/11\/CC-4E25-reportagem-Financiamento-clima\u0301tico-na-COP-30-capa-site-1160x483.jpg 1160w, https:\/\/revistacienciaecultura.org.br\/wp-content\/uploads\/2025\/11\/CC-4E25-reportagem-Financiamento-clima\u0301tico-na-COP-30-capa-site.jpg 1200w\" sizes=\"(max-width: 1024px) 100vw, 1024px\" \/>\t\t\t\t\t\t\t\t<\/a>\n\t\t\t\t\t\t\t\t\t\t\t\t\t\t\t<\/div>\n\t\t\t\t<\/div>\n\t\t\t\t<div class=\"elementor-element elementor-element-81c3630 elementor-widget elementor-widget-heading\" data-id=\"81c3630\" data-element_type=\"widget\" data-widget_type=\"heading.default\">\n\t\t\t\t<div class=\"elementor-widget-container\">\n\t\t\t<h2 id=\"financiamento-climatico-na-cop-30\" class=\"elementor-heading-title elementor-size-medium\"><a href=\"https:\/\/revistacienciaecultura.org.br\/?p=9346\"><font color=\"#000000\"><span style=\"font-size: 18px; letter-spacing: -0.225px; white-space-collapse: collapse;\">Financiamento clim\u00e1tico na COP 30<\/span><\/font><div><\/div><\/a><\/h2>\t\t<\/div>\n\t\t\t\t<\/div>\n\t\t\t\t\t<\/div>\n\t\t<\/div>\n\t\t\t\t<div class=\"elementor-column elementor-col-33 elementor-top-column elementor-element elementor-element-03f8031\" data-id=\"03f8031\" data-element_type=\"column\">\n\t\t\t<div class=\"elementor-widget-wrap elementor-element-populated\">\n\t\t\t\t\t\t\t\t<div class=\"elementor-element elementor-element-ea3540d elementor-widget elementor-widget-image\" data-id=\"ea3540d\" data-element_type=\"widget\" data-widget_type=\"image.default\">\n\t\t\t\t<div class=\"elementor-widget-container\">\n\t\t\t\t\t\t\t\t\t\t\t\t\t\t\t\t<a href=\"https:\/\/revistacienciaecultura.org.br\/?p=9448\">\n\t\t\t\t\t\t\t<img width=\"1024\" height=\"427\" src=\"https:\/\/revistacienciaecultura.org.br\/wp-content\/uploads\/2025\/12\/CC-4E25-reportagem-Bele\u0301m-no-centro-do-mundo-capa-site-1024x427.jpg\" class=\"attachment-large size-large\" alt=\"\" loading=\"lazy\" srcset=\"https:\/\/revistacienciaecultura.org.br\/wp-content\/uploads\/2025\/12\/CC-4E25-reportagem-Bele\u0301m-no-centro-do-mundo-capa-site-1024x427.jpg 1024w, https:\/\/revistacienciaecultura.org.br\/wp-content\/uploads\/2025\/12\/CC-4E25-reportagem-Bele\u0301m-no-centro-do-mundo-capa-site-300x125.jpg 300w, https:\/\/revistacienciaecultura.org.br\/wp-content\/uploads\/2025\/12\/CC-4E25-reportagem-Bele\u0301m-no-centro-do-mundo-capa-site-768x320.jpg 768w, https:\/\/revistacienciaecultura.org.br\/wp-content\/uploads\/2025\/12\/CC-4E25-reportagem-Bele\u0301m-no-centro-do-mundo-capa-site-18x8.jpg 18w, https:\/\/revistacienciaecultura.org.br\/wp-content\/uploads\/2025\/12\/CC-4E25-reportagem-Bele\u0301m-no-centro-do-mundo-capa-site-800x333.jpg 800w, https:\/\/revistacienciaecultura.org.br\/wp-content\/uploads\/2025\/12\/CC-4E25-reportagem-Bele\u0301m-no-centro-do-mundo-capa-site-1160x483.jpg 1160w, https:\/\/revistacienciaecultura.org.br\/wp-content\/uploads\/2025\/12\/CC-4E25-reportagem-Bele\u0301m-no-centro-do-mundo-capa-site.jpg 1200w\" sizes=\"(max-width: 1024px) 100vw, 1024px\" \/>\t\t\t\t\t\t\t\t<\/a>\n\t\t\t\t\t\t\t\t\t\t\t\t\t\t\t<\/div>\n\t\t\t\t<\/div>\n\t\t\t\t<div class=\"elementor-element elementor-element-85de26d elementor-widget elementor-widget-heading\" data-id=\"85de26d\" data-element_type=\"widget\" data-widget_type=\"heading.default\">\n\t\t\t\t<div class=\"elementor-widget-container\">\n\t\t\t<h2 id=\"belem-no-centro-do-mundo-o-que-a-cop30-revelou-sobre-a-disputa-global-pelo-futuro-do-clima\" class=\"elementor-heading-title elementor-size-medium\"><a href=\"https:\/\/revistacienciaecultura.org.br\/?p=9448\"><font color=\"#000000\"><span style=\"font-size: 18px; letter-spacing: -0.225px; white-space-collapse: collapse;\">Bel\u00e9m no centro do mundo: o que a COP30 revelou sobre a disputa global pelo futuro do clima<\/span><\/font><\/a><\/h2>\t\t<\/div>\n\t\t\t\t<\/div>\n\t\t\t\t\t<\/div>\n\t\t<\/div>\n\t\t\t\t<div class=\"elementor-column elementor-col-33 elementor-top-column elementor-element elementor-element-7f8f922\" data-id=\"7f8f922\" data-element_type=\"column\">\n\t\t\t<div class=\"elementor-widget-wrap elementor-element-populated\">\n\t\t\t\t\t\t\t\t<div class=\"elementor-element elementor-element-df24da4 elementor-widget elementor-widget-image\" data-id=\"df24da4\" data-element_type=\"widget\" data-widget_type=\"image.default\">\n\t\t\t\t<div class=\"elementor-widget-container\">\n\t\t\t\t\t\t\t\t\t\t\t\t\t\t\t\t<a href=\"https:\/\/revistacienciaecultura.org.br\/?p=9455\">\n\t\t\t\t\t\t\t<img width=\"1024\" height=\"427\" src=\"https:\/\/revistacienciaecultura.org.br\/wp-content\/uploads\/2025\/12\/CC-4E25-reportagem-cidades-e-clima-capa-site-1024x427.jpg\" class=\"attachment-large size-large\" alt=\"\" loading=\"lazy\" srcset=\"https:\/\/revistacienciaecultura.org.br\/wp-content\/uploads\/2025\/12\/CC-4E25-reportagem-cidades-e-clima-capa-site-1024x427.jpg 1024w, https:\/\/revistacienciaecultura.org.br\/wp-content\/uploads\/2025\/12\/CC-4E25-reportagem-cidades-e-clima-capa-site-300x125.jpg 300w, https:\/\/revistacienciaecultura.org.br\/wp-content\/uploads\/2025\/12\/CC-4E25-reportagem-cidades-e-clima-capa-site-768x320.jpg 768w, https:\/\/revistacienciaecultura.org.br\/wp-content\/uploads\/2025\/12\/CC-4E25-reportagem-cidades-e-clima-capa-site-18x8.jpg 18w, https:\/\/revistacienciaecultura.org.br\/wp-content\/uploads\/2025\/12\/CC-4E25-reportagem-cidades-e-clima-capa-site-800x333.jpg 800w, https:\/\/revistacienciaecultura.org.br\/wp-content\/uploads\/2025\/12\/CC-4E25-reportagem-cidades-e-clima-capa-site-1160x483.jpg 1160w, https:\/\/revistacienciaecultura.org.br\/wp-content\/uploads\/2025\/12\/CC-4E25-reportagem-cidades-e-clima-capa-site.jpg 1200w\" sizes=\"(max-width: 1024px) 100vw, 1024px\" \/>\t\t\t\t\t\t\t\t<\/a>\n\t\t\t\t\t\t\t\t\t\t\t\t\t\t\t<\/div>\n\t\t\t\t<\/div>\n\t\t\t\t<div class=\"elementor-element elementor-element-3073d12 elementor-widget elementor-widget-heading\" data-id=\"3073d12\" data-element_type=\"widget\" data-widget_type=\"heading.default\">\n\t\t\t\t<div class=\"elementor-widget-container\">\n\t\t\t<h2 id=\"cidades-sob-pressao-politicas-ambientais-devem-estar-na-linha-de-frente-do-desenvolvimento-urbano\" class=\"elementor-heading-title elementor-size-medium\"><a href=\"https:\/\/revistacienciaecultura.org.br\/?p=9455\"><font color=\"#000000\"><span style=\"font-size: 18px; letter-spacing: -0.225px; white-space-collapse: collapse;\">Cidades sob press\u00e3o: pol\u00edticas ambientais devem estar na linha de frente do desenvolvimento urbano<\/span><\/font><\/a><\/h2>\t\t<\/div>\n\t\t\t\t<\/div>\n\t\t\t\t\t<\/div>\n\t\t<\/div>\n\t\t\t\t\t\t\t<\/div>\n\t\t<\/section>\n\t\t\t\t<section class=\"elementor-section elementor-top-section elementor-element elementor-element-f9b15f4 elementor-section-boxed elementor-section-height-default elementor-section-height-default\" data-id=\"f9b15f4\" data-element_type=\"section\">\n\t\t\t\t\t\t<div class=\"elementor-container elementor-column-gap-default\">\n\t\t\t\t\t<div class=\"elementor-column elementor-col-100 elementor-top-column elementor-element elementor-element-83551fd\" data-id=\"83551fd\" data-element_type=\"column\">\n\t\t\t<div class=\"elementor-widget-wrap elementor-element-populated\">\n\t\t\t\t\t\t\t\t<div class=\"elementor-element elementor-element-32870e3 elementor-widget__width-auto elementor-widget elementor-widget-heading\" data-id=\"32870e3\" data-element_type=\"widget\" data-widget_type=\"heading.default\">\n\t\t\t\t<div class=\"elementor-widget-container\">\n\t\t\t<h6 id=\"videos\" class=\"elementor-heading-title elementor-size-default\">V\u00eddeos  <\/h6>\t\t<\/div>\n\t\t\t\t<\/div>\n\t\t\t\t\t<\/div>\n\t\t<\/div>\n\t\t\t\t\t\t\t<\/div>\n\t\t<\/section>\n\t\t\t\t<section class=\"elementor-section elementor-top-section elementor-element elementor-element-43f94fb elementor-section-boxed elementor-section-height-default elementor-section-height-default\" data-id=\"43f94fb\" data-element_type=\"section\">\n\t\t\t\t\t\t<div class=\"elementor-container elementor-column-gap-default\">\n\t\t\t\t\t<div class=\"elementor-column elementor-col-33 elementor-top-column elementor-element elementor-element-9f5b13d\" data-id=\"9f5b13d\" data-element_type=\"column\">\n\t\t\t<div class=\"elementor-widget-wrap elementor-element-populated\">\n\t\t\t\t\t\t\t\t<div class=\"elementor-element elementor-element-b9ea51b elementor-widget elementor-widget-image\" data-id=\"b9ea51b\" data-element_type=\"widget\" data-widget_type=\"image.default\">\n\t\t\t\t<div class=\"elementor-widget-container\">\n\t\t\t\t\t\t\t\t\t\t\t\t\t\t\t\t<a href=\"https:\/\/revistacienciaecultura.org.br\/?p=9194\">\n\t\t\t\t\t\t\t<img width=\"1024\" height=\"427\" src=\"https:\/\/revistacienciaecultura.org.br\/wp-content\/uploads\/2025\/11\/CC-4E25-video-1-capa-site-1024x427.jpg\" class=\"attachment-large size-large\" alt=\"\" loading=\"lazy\" srcset=\"https:\/\/revistacienciaecultura.org.br\/wp-content\/uploads\/2025\/11\/CC-4E25-video-1-capa-site-1024x427.jpg 1024w, https:\/\/revistacienciaecultura.org.br\/wp-content\/uploads\/2025\/11\/CC-4E25-video-1-capa-site-300x125.jpg 300w, https:\/\/revistacienciaecultura.org.br\/wp-content\/uploads\/2025\/11\/CC-4E25-video-1-capa-site-768x320.jpg 768w, https:\/\/revistacienciaecultura.org.br\/wp-content\/uploads\/2025\/11\/CC-4E25-video-1-capa-site-18x8.jpg 18w, https:\/\/revistacienciaecultura.org.br\/wp-content\/uploads\/2025\/11\/CC-4E25-video-1-capa-site-800x333.jpg 800w, https:\/\/revistacienciaecultura.org.br\/wp-content\/uploads\/2025\/11\/CC-4E25-video-1-capa-site-1160x483.jpg 1160w, https:\/\/revistacienciaecultura.org.br\/wp-content\/uploads\/2025\/11\/CC-4E25-video-1-capa-site.jpg 1200w\" sizes=\"(max-width: 1024px) 100vw, 1024px\" \/>\t\t\t\t\t\t\t\t<\/a>\n\t\t\t\t\t\t\t\t\t\t\t\t\t\t\t<\/div>\n\t\t\t\t<\/div>\n\t\t\t\t<div class=\"elementor-element elementor-element-c95c916 elementor-widget elementor-widget-heading\" data-id=\"c95c916\" data-element_type=\"widget\" data-widget_type=\"heading.default\">\n\t\t\t\t<div class=\"elementor-widget-container\">\n\t\t\t<h2 id=\"as-cops-e-as-mudancas-climaticas-e-globais\" class=\"elementor-heading-title elementor-size-medium\"><a href=\"https:\/\/revistacienciaecultura.org.br\/?p=9194\"><font color=\"#000000\"><span style=\"font-size: 18px; letter-spacing: -0.225px; white-space-collapse: collapse;\">As COPs e as mudan\u00e7as clim\u00e1ticas e globais<\/span><\/font><\/a><\/h2>\t\t<\/div>\n\t\t\t\t<\/div>\n\t\t\t\t\t<\/div>\n\t\t<\/div>\n\t\t\t\t<div class=\"elementor-column elementor-col-33 elementor-top-column elementor-element elementor-element-2edaa9e\" data-id=\"2edaa9e\" data-element_type=\"column\">\n\t\t\t<div class=\"elementor-widget-wrap elementor-element-populated\">\n\t\t\t\t\t\t\t\t<div class=\"elementor-element elementor-element-8915182 elementor-widget elementor-widget-image\" data-id=\"8915182\" data-element_type=\"widget\" data-widget_type=\"image.default\">\n\t\t\t\t<div class=\"elementor-widget-container\">\n\t\t\t\t\t\t\t\t\t\t\t\t\t\t\t\t<a href=\"https:\/\/revistacienciaecultura.org.br\/?p=9417\">\n\t\t\t\t\t\t\t<img width=\"1024\" height=\"427\" src=\"https:\/\/revistacienciaecultura.org.br\/wp-content\/uploads\/2025\/12\/CC-4E25-vi\u0301deo-2-capa-site-1024x427.jpg\" class=\"attachment-large size-large\" alt=\"\" loading=\"lazy\" srcset=\"https:\/\/revistacienciaecultura.org.br\/wp-content\/uploads\/2025\/12\/CC-4E25-vi\u0301deo-2-capa-site-1024x427.jpg 1024w, https:\/\/revistacienciaecultura.org.br\/wp-content\/uploads\/2025\/12\/CC-4E25-vi\u0301deo-2-capa-site-300x125.jpg 300w, https:\/\/revistacienciaecultura.org.br\/wp-content\/uploads\/2025\/12\/CC-4E25-vi\u0301deo-2-capa-site-768x320.jpg 768w, https:\/\/revistacienciaecultura.org.br\/wp-content\/uploads\/2025\/12\/CC-4E25-vi\u0301deo-2-capa-site-18x8.jpg 18w, https:\/\/revistacienciaecultura.org.br\/wp-content\/uploads\/2025\/12\/CC-4E25-vi\u0301deo-2-capa-site-800x333.jpg 800w, https:\/\/revistacienciaecultura.org.br\/wp-content\/uploads\/2025\/12\/CC-4E25-vi\u0301deo-2-capa-site-1160x483.jpg 1160w, https:\/\/revistacienciaecultura.org.br\/wp-content\/uploads\/2025\/12\/CC-4E25-vi\u0301deo-2-capa-site.jpg 1200w\" sizes=\"(max-width: 1024px) 100vw, 1024px\" \/>\t\t\t\t\t\t\t\t<\/a>\n\t\t\t\t\t\t\t\t\t\t\t\t\t\t\t<\/div>\n\t\t\t\t<\/div>\n\t\t\t\t<div class=\"elementor-element elementor-element-8790bfb elementor-widget elementor-widget-heading\" data-id=\"8790bfb\" data-element_type=\"widget\" data-widget_type=\"heading.default\">\n\t\t\t\t<div class=\"elementor-widget-container\">\n\t\t\t<h2 id=\"culinaria-amazonica-e-soberania-alimentar\" class=\"elementor-heading-title elementor-size-medium\"><a href=\"https:\/\/revistacienciaecultura.org.br\/?p=9417\"><font color=\"#000000\"><span style=\"font-size: 18px; letter-spacing: -0.225px; white-space-collapse: collapse;\">Culin\u00e1ria amaz\u00f4nica e soberania alimentar<\/span><\/font><\/a><\/h2>\t\t<\/div>\n\t\t\t\t<\/div>\n\t\t\t\t\t<\/div>\n\t\t<\/div>\n\t\t\t\t<div class=\"elementor-column elementor-col-33 elementor-top-column elementor-element elementor-element-ad407a3\" data-id=\"ad407a3\" data-element_type=\"column\">\n\t\t\t<div class=\"elementor-widget-wrap elementor-element-populated\">\n\t\t\t\t\t\t\t\t<div class=\"elementor-element elementor-element-b54ddfc elementor-widget elementor-widget-image\" data-id=\"b54ddfc\" data-element_type=\"widget\" data-widget_type=\"image.default\">\n\t\t\t\t<div class=\"elementor-widget-container\">\n\t\t\t\t\t\t\t\t\t\t\t\t\t\t\t\t<a href=\"https:\/\/revistacienciaecultura.org.br\/?p=9488\">\n\t\t\t\t\t\t\t<img width=\"1024\" height=\"427\" src=\"https:\/\/revistacienciaecultura.org.br\/wp-content\/uploads\/2025\/12\/CC-4E25-vi\u0301deo-3-capa-site-1024x427.jpg\" class=\"attachment-large size-large\" alt=\"\" loading=\"lazy\" srcset=\"https:\/\/revistacienciaecultura.org.br\/wp-content\/uploads\/2025\/12\/CC-4E25-vi\u0301deo-3-capa-site-1024x427.jpg 1024w, https:\/\/revistacienciaecultura.org.br\/wp-content\/uploads\/2025\/12\/CC-4E25-vi\u0301deo-3-capa-site-300x125.jpg 300w, https:\/\/revistacienciaecultura.org.br\/wp-content\/uploads\/2025\/12\/CC-4E25-vi\u0301deo-3-capa-site-768x320.jpg 768w, https:\/\/revistacienciaecultura.org.br\/wp-content\/uploads\/2025\/12\/CC-4E25-vi\u0301deo-3-capa-site-18x8.jpg 18w, https:\/\/revistacienciaecultura.org.br\/wp-content\/uploads\/2025\/12\/CC-4E25-vi\u0301deo-3-capa-site-800x333.jpg 800w, https:\/\/revistacienciaecultura.org.br\/wp-content\/uploads\/2025\/12\/CC-4E25-vi\u0301deo-3-capa-site-1160x483.jpg 1160w, https:\/\/revistacienciaecultura.org.br\/wp-content\/uploads\/2025\/12\/CC-4E25-vi\u0301deo-3-capa-site.jpg 1200w\" sizes=\"(max-width: 1024px) 100vw, 1024px\" \/>\t\t\t\t\t\t\t\t<\/a>\n\t\t\t\t\t\t\t\t\t\t\t\t\t\t\t<\/div>\n\t\t\t\t<\/div>\n\t\t\t\t<div class=\"elementor-element elementor-element-91fa959 elementor-widget elementor-widget-heading\" data-id=\"91fa959\" data-element_type=\"widget\" data-widget_type=\"heading.default\">\n\t\t\t\t<div class=\"elementor-widget-container\">\n\t\t\t<h2 id=\"amazonia-em-perspectiva-global\" class=\"elementor-heading-title elementor-size-medium\"><a href=\"https:\/\/revistacienciaecultura.org.br\/?p=9488\"><font color=\"#000000\"><span style=\"font-size: 18px; letter-spacing: -0.225px; white-space-collapse: collapse;\">Amaz\u00f4nia em perspectiva global<\/span><\/font><\/a><\/h2>\t\t<\/div>\n\t\t\t\t<\/div>\n\t\t\t\t\t<\/div>\n\t\t<\/div>\n\t\t\t\t\t\t\t<\/div>\n\t\t<\/section>\n\t\t\t\t<section class=\"elementor-section elementor-top-section elementor-element elementor-element-4f82d3f elementor-section-boxed elementor-section-height-default elementor-section-height-default\" data-id=\"4f82d3f\" data-element_type=\"section\">\n\t\t\t\t\t\t<div class=\"elementor-container elementor-column-gap-default\">\n\t\t\t\t\t<div class=\"elementor-column elementor-col-100 elementor-top-column elementor-element elementor-element-be0b979\" data-id=\"be0b979\" data-element_type=\"column\">\n\t\t\t<div class=\"elementor-widget-wrap elementor-element-populated\">\n\t\t\t\t\t\t\t\t<div class=\"elementor-element elementor-element-08b8d50 elementor-widget__width-auto elementor-widget elementor-widget-heading\" data-id=\"08b8d50\" data-element_type=\"widget\" data-widget_type=\"heading.default\">\n\t\t\t\t<div class=\"elementor-widget-container\">\n\t\t\t<h6 id=\"podcasts\" class=\"elementor-heading-title elementor-size-default\">Podcasts  <\/h6>\t\t<\/div>\n\t\t\t\t<\/div>\n\t\t\t\t\t<\/div>\n\t\t<\/div>\n\t\t\t\t\t\t\t<\/div>\n\t\t<\/section>\n\t\t\t\t<section class=\"elementor-section elementor-top-section elementor-element elementor-element-471e88f elementor-section-boxed elementor-section-height-default elementor-section-height-default\" data-id=\"471e88f\" data-element_type=\"section\">\n\t\t\t\t\t\t<div class=\"elementor-container elementor-column-gap-default\">\n\t\t\t\t\t<div class=\"elementor-column elementor-col-33 elementor-top-column elementor-element elementor-element-dc96a32\" data-id=\"dc96a32\" data-element_type=\"column\">\n\t\t\t<div class=\"elementor-widget-wrap elementor-element-populated\">\n\t\t\t\t\t\t\t\t<div class=\"elementor-element elementor-element-1c2c0e5 elementor-widget elementor-widget-image\" data-id=\"1c2c0e5\" data-element_type=\"widget\" data-widget_type=\"image.default\">\n\t\t\t\t<div class=\"elementor-widget-container\">\n\t\t\t\t\t\t\t\t\t\t\t\t\t\t\t\t<a href=\"https:\/\/revistacienciaecultura.org.br\/?p=9189\">\n\t\t\t\t\t\t\t<img width=\"1024\" height=\"427\" src=\"https:\/\/revistacienciaecultura.org.br\/wp-content\/uploads\/2025\/11\/CC-4E25-podcast-1-capa-site-1024x427.jpg\" class=\"attachment-large size-large\" alt=\"\" loading=\"lazy\" srcset=\"https:\/\/revistacienciaecultura.org.br\/wp-content\/uploads\/2025\/11\/CC-4E25-podcast-1-capa-site-1024x427.jpg 1024w, https:\/\/revistacienciaecultura.org.br\/wp-content\/uploads\/2025\/11\/CC-4E25-podcast-1-capa-site-300x125.jpg 300w, https:\/\/revistacienciaecultura.org.br\/wp-content\/uploads\/2025\/11\/CC-4E25-podcast-1-capa-site-768x320.jpg 768w, https:\/\/revistacienciaecultura.org.br\/wp-content\/uploads\/2025\/11\/CC-4E25-podcast-1-capa-site-18x8.jpg 18w, https:\/\/revistacienciaecultura.org.br\/wp-content\/uploads\/2025\/11\/CC-4E25-podcast-1-capa-site-800x333.jpg 800w, https:\/\/revistacienciaecultura.org.br\/wp-content\/uploads\/2025\/11\/CC-4E25-podcast-1-capa-site-1160x483.jpg 1160w, https:\/\/revistacienciaecultura.org.br\/wp-content\/uploads\/2025\/11\/CC-4E25-podcast-1-capa-site.jpg 1200w\" sizes=\"(max-width: 1024px) 100vw, 1024px\" \/>\t\t\t\t\t\t\t\t<\/a>\n\t\t\t\t\t\t\t\t\t\t\t\t\t\t\t<\/div>\n\t\t\t\t<\/div>\n\t\t\t\t<div class=\"elementor-element elementor-element-8368f86 elementor-widget elementor-widget-heading\" data-id=\"8368f86\" data-element_type=\"widget\" data-widget_type=\"heading.default\">\n\t\t\t\t<div class=\"elementor-widget-container\">\n\t\t\t<h2 id=\"a-riqueza-das-florestas\" class=\"elementor-heading-title elementor-size-medium\"><a href=\"https:\/\/revistacienciaecultura.org.br\/?p=9189\"><font color=\"#000000\"><span style=\"font-size: 18px; letter-spacing: -0.225px; white-space-collapse: collapse;\">A riqueza das florestas<\/span><\/font><\/a><\/h2>\t\t<\/div>\n\t\t\t\t<\/div>\n\t\t\t\t\t<\/div>\n\t\t<\/div>\n\t\t\t\t<div class=\"elementor-column elementor-col-33 elementor-top-column elementor-element elementor-element-6763c5f\" data-id=\"6763c5f\" data-element_type=\"column\">\n\t\t\t<div class=\"elementor-widget-wrap elementor-element-populated\">\n\t\t\t\t\t\t\t\t<div class=\"elementor-element elementor-element-1dd9dba elementor-widget elementor-widget-image\" data-id=\"1dd9dba\" data-element_type=\"widget\" data-widget_type=\"image.default\">\n\t\t\t\t<div class=\"elementor-widget-container\">\n\t\t\t\t\t\t\t\t\t\t\t\t\t\t\t\t<a href=\"https:\/\/revistacienciaecultura.org.br\/?p=9352\">\n\t\t\t\t\t\t\t<img width=\"1024\" height=\"427\" src=\"https:\/\/revistacienciaecultura.org.br\/wp-content\/uploads\/2025\/11\/CC-4E25-podcast-2-capa-site-1024x427.jpg\" class=\"attachment-large size-large\" alt=\"\" loading=\"lazy\" srcset=\"https:\/\/revistacienciaecultura.org.br\/wp-content\/uploads\/2025\/11\/CC-4E25-podcast-2-capa-site-1024x427.jpg 1024w, https:\/\/revistacienciaecultura.org.br\/wp-content\/uploads\/2025\/11\/CC-4E25-podcast-2-capa-site-300x125.jpg 300w, https:\/\/revistacienciaecultura.org.br\/wp-content\/uploads\/2025\/11\/CC-4E25-podcast-2-capa-site-768x320.jpg 768w, https:\/\/revistacienciaecultura.org.br\/wp-content\/uploads\/2025\/11\/CC-4E25-podcast-2-capa-site-18x8.jpg 18w, https:\/\/revistacienciaecultura.org.br\/wp-content\/uploads\/2025\/11\/CC-4E25-podcast-2-capa-site-800x333.jpg 800w, https:\/\/revistacienciaecultura.org.br\/wp-content\/uploads\/2025\/11\/CC-4E25-podcast-2-capa-site-1160x483.jpg 1160w, https:\/\/revistacienciaecultura.org.br\/wp-content\/uploads\/2025\/11\/CC-4E25-podcast-2-capa-site.jpg 1200w\" sizes=\"(max-width: 1024px) 100vw, 1024px\" \/>\t\t\t\t\t\t\t\t<\/a>\n\t\t\t\t\t\t\t\t\t\t\t\t\t\t\t<\/div>\n\t\t\t\t<\/div>\n\t\t\t\t<div class=\"elementor-element elementor-element-108508d elementor-widget elementor-widget-heading\" data-id=\"108508d\" data-element_type=\"widget\" data-widget_type=\"heading.default\">\n\t\t\t\t<div class=\"elementor-widget-container\">\n\t\t\t<h2 id=\"clima-e-desigualdade-urbana\" class=\"elementor-heading-title elementor-size-medium\"><a href=\"https:\/\/revistacienciaecultura.org.br\/?p=9352\"><font color=\"#000000\"><span style=\"font-size: 18px; letter-spacing: -0.225px; white-space-collapse: collapse;\">Clima e desigualdade urbana<\/span><\/font><\/a><\/h2>\t\t<\/div>\n\t\t\t\t<\/div>\n\t\t\t\t\t<\/div>\n\t\t<\/div>\n\t\t\t\t<div class=\"elementor-column elementor-col-33 elementor-top-column elementor-element elementor-element-8750f67\" data-id=\"8750f67\" data-element_type=\"column\">\n\t\t\t<div class=\"elementor-widget-wrap elementor-element-populated\">\n\t\t\t\t\t\t\t\t<div class=\"elementor-element elementor-element-3d3dbc3 elementor-widget elementor-widget-image\" data-id=\"3d3dbc3\" data-element_type=\"widget\" data-widget_type=\"image.default\">\n\t\t\t\t<div class=\"elementor-widget-container\">\n\t\t\t\t\t\t\t\t\t\t\t\t\t\t\t\t<a href=\"https:\/\/revistacienciaecultura.org.br\/?p=9443\">\n\t\t\t\t\t\t\t<img width=\"1024\" height=\"427\" src=\"https:\/\/revistacienciaecultura.org.br\/wp-content\/uploads\/2025\/12\/CC-4E25-podcast-3-capa-site-1024x427.jpg\" class=\"attachment-large size-large\" alt=\"\" loading=\"lazy\" srcset=\"https:\/\/revistacienciaecultura.org.br\/wp-content\/uploads\/2025\/12\/CC-4E25-podcast-3-capa-site-1024x427.jpg 1024w, https:\/\/revistacienciaecultura.org.br\/wp-content\/uploads\/2025\/12\/CC-4E25-podcast-3-capa-site-300x125.jpg 300w, https:\/\/revistacienciaecultura.org.br\/wp-content\/uploads\/2025\/12\/CC-4E25-podcast-3-capa-site-768x320.jpg 768w, https:\/\/revistacienciaecultura.org.br\/wp-content\/uploads\/2025\/12\/CC-4E25-podcast-3-capa-site-18x8.jpg 18w, https:\/\/revistacienciaecultura.org.br\/wp-content\/uploads\/2025\/12\/CC-4E25-podcast-3-capa-site-800x333.jpg 800w, https:\/\/revistacienciaecultura.org.br\/wp-content\/uploads\/2025\/12\/CC-4E25-podcast-3-capa-site-1160x483.jpg 1160w, https:\/\/revistacienciaecultura.org.br\/wp-content\/uploads\/2025\/12\/CC-4E25-podcast-3-capa-site.jpg 1200w\" sizes=\"(max-width: 1024px) 100vw, 1024px\" \/>\t\t\t\t\t\t\t\t<\/a>\n\t\t\t\t\t\t\t\t\t\t\t\t\t\t\t<\/div>\n\t\t\t\t<\/div>\n\t\t\t\t<div class=\"elementor-element elementor-element-0200cd1 elementor-widget elementor-widget-heading\" data-id=\"0200cd1\" data-element_type=\"widget\" data-widget_type=\"heading.default\">\n\t\t\t\t<div class=\"elementor-widget-container\">\n\t\t\t<h2 id=\"cop-30-resultados-e-desafios\" class=\"elementor-heading-title elementor-size-medium\"><a href=\"https:\/\/revistacienciaecultura.org.br\/?p=9443\"><font color=\"#000000\"><span style=\"font-size: 18px; letter-spacing: -0.225px; white-space-collapse: collapse;\">COP 30: Resultados e desafios<\/span><\/font><\/a><\/h2>\t\t<\/div>\n\t\t\t\t<\/div>\n\t\t\t\t\t<\/div>\n\t\t<\/div>\n\t\t\t\t\t\t\t<\/div>\n\t\t<\/section>\n\t\t\t\t\t\t<\/div>\n\t\t\t\t\t<\/div>\n\t\t","protected":false},"excerpt":{"rendered":"COP30: ci\u00eancia, pol\u00edtica e a\u00e7\u00e3oQuarta edi\u00e7\u00e3o 2025 Artigos Amaz\u00f4nia socioambiental: O desafio&hellip;\n","protected":false},"author":11,"featured_media":0,"parent":0,"menu_order":0,"comment_status":"closed","ping_status":"closed","template":"","meta":[],"acf":[],"_links":{"self":[{"href":"https:\/\/revistacienciaecultura.org.br\/index.php?rest_route=\/wp\/v2\/pages\/9491"}],"collection":[{"href":"https:\/\/revistacienciaecultura.org.br\/index.php?rest_route=\/wp\/v2\/pages"}],"about":[{"href":"https:\/\/revistacienciaecultura.org.br\/index.php?rest_route=\/wp\/v2\/types\/page"}],"author":[{"embeddable":true,"href":"https:\/\/revistacienciaecultura.org.br\/index.php?rest_route=\/wp\/v2\/users\/11"}],"replies":[{"embeddable":true,"href":"https:\/\/revistacienciaecultura.org.br\/index.php?rest_route=%2Fwp%2Fv2%2Fcomments&post=9491"}],"version-history":[{"count":7,"href":"https:\/\/revistacienciaecultura.org.br\/index.php?rest_route=\/wp\/v2\/pages\/9491\/revisions"}],"predecessor-version":[{"id":9502,"href":"https:\/\/revistacienciaecultura.org.br\/index.php?rest_route=\/wp\/v2\/pages\/9491\/revisions\/9502"}],"wp:attachment":[{"href":"https:\/\/revistacienciaecultura.org.br\/index.php?rest_route=%2Fwp%2Fv2%2Fmedia&parent=9491"}],"curies":[{"name":"wp","href":"https:\/\/api.w.org\/{rel}","templated":true}]}}